{"id":13034,"date":"2017-02-06T07:27:30","date_gmt":"2017-02-06T07:27:30","guid":{"rendered":"http:\/\/villasyfincasmallorca.com\/property-carousel\/"},"modified":"2018-08-01T07:41:14","modified_gmt":"2018-08-01T07:41:14","slug":"property-carousel","status":"publish","type":"page","link":"https:\/\/villasyfincasmallorca.com\/en\/property-carousel\/","title":{"rendered":"Viviendas"},"content":{"rendered":"<p>[vc_row full_width=&#8221;stretch_row_content_no_spaces&#8221; css=&#8221;.vc_custom_1490608249548{background-image: url(https:\/\/villasyfincasmallorca.com\/wp-content\/uploads\/2016\/12\/bg-dark-small-full.jpg?id=742) !important;background-position: 0 0 !important;background-repeat: repeat !important;}&#8221;][vc_column]<div class=\"ere-property-wrap\">\n    <div class=\"ere-property-carousel ere-property property-carousel owl-nav-inline color-light \">\n        <div class=\"navigation-wrap\">\n            <div class=\"ere-heading color-light ere-heading-sub\">\r\n            <h2>FIND YOUR PLACE ON MALLORCA<\/h2>\r\n                <p>SEARCH WITH VILLAS Y FINCAS MALLORCA AND<\/p>\r\n    <\/div>\r\n        <\/div>\n        <div class=\"property-content owl-carousel ere__owl-carousel\" data-callback=\"owl_callback\" data-plugin-options=\"{&quot;dots&quot;:false,&quot;nav&quot;:true,&quot;responsive&quot;:{&quot;0&quot;:{&quot;items&quot;:1,&quot;margin&quot;:0},&quot;768&quot;:{&quot;items&quot;:2,&quot;margin&quot;:0},&quot;1200&quot;:{&quot;items&quot;:3,&quot;margin&quot;:0},&quot;1820&quot;:{&quot;items&quot;:4,&quot;margin&quot;:0}}}\">\n           <div class=\"property-item ere-property-is-featured\">\n\t<div class=\"property-inner\">\n        <div class=\"property-image\">\r\n    <img loading=\"lazy\" decoding=\"async\" width=\"330\"\r\n     height=\"180\"\r\n     src=\"https:\/\/villasyfincasmallorca.com\/wp-content\/uploads\/2026\/03\/1505-Authentic-townhome-for-complete-renovation-for-sale-in-Ses-Salines-15_resultado-330x180.jpg\"\r\n     onerror=\"this.src = 'http:\/\/villasyfincasmallorca.com\/wp-content\/uploads\/2017\/12\/1-VF-2-330x180.jpg';\"\r\n     alt=\"19th-Century Town House for Renovation with Two Accesses in Ses Salines\"\r\n     title=\"19th-Century Town House for Renovation with Two Accesses in Ses Salines\">\r\n\r\n<div class=\"ere__loop-property-action property-action\">\r\n    <a data-toggle=\"tooltip\"\r\n   title=\"(20) Photos\"\r\n   data-property-id=\"62972\"\r\n   href=\"javascript:void(0)\" class=\"property-view-gallery ere__loop-property_action-item\">\r\n    <i class=\"fa fa-camera\"><\/i>\r\n<\/a>\r\n<a href=\"javascript:void(0)\" class=\"property-favorite ere__loop-property_action-item\" data-property-id=\"62972\"\r\n   data-toggle=\"tooltip\"\r\n   title=\"Add to Favorite\"\r\n   data-title-not-favorite=\"Add to Favorite\"\r\n   data-title-favorited=\"It is my favorite\"\r\n   data-icon-not-favorite=\"fa fa-star-o\"\r\n   data-icon-favorited=\"fa fa-star\">\r\n    <i class=\"fa fa-star-o\"><\/i>\r\n<\/a>\r\n<a class=\"compare-property ere__loop-property_action-item\" href=\"javascript:void(0)\"\r\n   data-property-id=\"62972\" data-toggle=\"tooltip\"\r\n   title=\"Compare\">\r\n    <i class=\"fa fa-plus\"><\/i>\r\n<\/a>\r\n<\/div><div class=\"ere__loop-property-badge ere__lpb-featured-label\">\r\n            <span class=\"ere__loop-property-badge-item ere__featured\">\r\n    <span class=\"ere__lpbi-inner\">\r\n        Featured    <\/span>\r\n<\/span>\r\n    <\/div>\r\n<div class=\"ere__loop-property-badge ere__lpb-status\">\r\n                    <span style=\"--ere-loop-property-badge-bg-color:,\" class=\"ere__loop-property-badge-item ere__term-status for-sale\" >\r\n            <span class=\"ere__lpbi-inner\">\r\n                For sale            <\/span>\r\n        <\/span>\r\n    <\/div>\r\n<a class=\"property-link\" href=\"https:\/\/villasyfincasmallorca.com\/en\/property\/autentica-casa-de-pueblo-para-reformar-en-venta-en-ses-salines\/\" title=\"19th-Century Town House for Renovation with Two Accesses in Ses Salines\"><\/a>\r\n<\/div>\r\n\r\n\t\t<div class=\"property-item-content\">\n\t\t\t<div class=\"property-heading\">\n                <h2 class=\"property-title\">\n    <a href=\"https:\/\/villasyfincasmallorca.com\/en\/property\/autentica-casa-de-pueblo-para-reformar-en-venta-en-ses-salines\/\" title=\"19th-Century Town House for Renovation with Two Accesses in Ses Salines\">19th-Century Town House for Renovation with Two Accesses in Ses Salines<\/a>\n<\/h2>\n\t<span class=\"property-price ere__loop-property-price\">\n\t\t\t\t420.000\u20ac\t\t\t<\/span>\n\t\t\t<\/div>\n            <div class=\"property-element-inline\">\r\n    <div class=\"property-type-list\"><i class=\"fa fa-tag\"><\/i><a href=\"https:\/\/villasyfincasmallorca.com\/en\/property-type\/house\/\" rel=\"tag\">House<\/a><\/div><div class=\"property-agent\">\r\n    <a href=\"https:\/\/villasyfincasmallorca.com\/en\/agent\/villas-y-fincas-mallorca\/\" title=\"Villas y Fincas Mallorca\">\r\n        <i class=\"fa fa-user\"><\/i>\r\n        <span>Villas y Fincas Mallorca<\/span>\r\n    <\/a>\r\n<\/div>\r\n<div class=\"property-date\">\r\n    <i class=\"fa fa-calendar\"><\/i>\r\n     56 years ago<\/div>\r\n<\/div>\r\n<div class=\"property-excerpt\">\r\n    <p>[vc_row][vc_column][vc_column_text css_animation=&#8221;fadeIn&#8221;]Some houses tell a story from the moment you cross the threshold. This authentic town house for renovation for sale in Ses Salines is one of them. Built in 1810, with 160 square meters distributed across two floors and the exceptional rarity of two independent street accesses, this property is a blank canvas with [&hellip;]<\/p>\n<\/div>\r\n<div class=\"ere__loop-property-info property-info layout-1\">\r\n    <div class=\"property-info-inner\">\r\n        <div class=\"ere__loop-property-info-item property-area\" data-toggle=\"tooltip\" title=\"Size\">\r\n    <i class=\"fa fa-arrows\"><\/i>\r\n    <div class=\"ere__lpi-content\">\r\n        <span class=\"ere__lpi-value\">160 m<sup>2<\/sup><\/span>\r\n        <span class=\"ere__lpi-label\">Size<\/span>\r\n    <\/div>\r\n<\/div>\r\n\r\n<div class=\"ere__loop-property-info-item property-bedrooms\" data-toggle=\"tooltip\" title=\"4 Bedrooms\">\r\n    <i class=\"fa fa-hotel\"><\/i>\r\n    <div class=\"ere__lpi-content\">\r\n        <span class=\"ere__lpi-value\">4<\/span>\r\n        <span class=\"ere__lpi-label\">Bedrooms<\/span>\r\n    <\/div>\r\n<\/div><div class=\"ere__loop-property-info-item property-bathrooms\" data-toggle=\"tooltip\" title=\"1 Bathroom\">\r\n    <i class=\"fa fa-bath\"><\/i>\r\n    <div class=\"ere__lpi-content\">\r\n        <span class=\"ere__lpi-value\">1<\/span>\r\n        <span class=\"ere__lpi-label\">Bathroom<\/span>\r\n    <\/div>\r\n<\/div>\r\n    <\/div>\r\n<\/div>\r\n\n\t\t<\/div>\n\t<\/div>\n<\/div><div class=\"property-item ere-property-is-featured\">\n\t<div class=\"property-inner\">\n        <div class=\"property-image\">\r\n    <img loading=\"lazy\" decoding=\"async\" width=\"330\"\r\n     height=\"180\"\r\n     src=\"https:\/\/villasyfincasmallorca.com\/wp-content\/uploads\/2019\/07\/1137-Casa-de-pueblo-en-alquiler-en-Es-Llombards-21-Copiar-330x180.jpg\"\r\n     onerror=\"this.src = 'http:\/\/villasyfincasmallorca.com\/wp-content\/uploads\/2017\/12\/1-VF-2-330x180.jpg';\"\r\n     alt=\"Renovated 220 m\u00b2 Town House with Large Terrace for Rent in Es Llombards\"\r\n     title=\"Renovated 220 m\u00b2 Town House with Large Terrace for Rent in Es Llombards\">\r\n\r\n<div class=\"ere__loop-property-action property-action\">\r\n    <a data-toggle=\"tooltip\"\r\n   title=\"(33) Photos\"\r\n   data-property-id=\"24181\"\r\n   href=\"javascript:void(0)\" class=\"property-view-gallery ere__loop-property_action-item\">\r\n    <i class=\"fa fa-camera\"><\/i>\r\n<\/a>\r\n<a href=\"javascript:void(0)\" class=\"property-favorite ere__loop-property_action-item\" data-property-id=\"24181\"\r\n   data-toggle=\"tooltip\"\r\n   title=\"Add to Favorite\"\r\n   data-title-not-favorite=\"Add to Favorite\"\r\n   data-title-favorited=\"It is my favorite\"\r\n   data-icon-not-favorite=\"fa fa-star-o\"\r\n   data-icon-favorited=\"fa fa-star\">\r\n    <i class=\"fa fa-star-o\"><\/i>\r\n<\/a>\r\n<a class=\"compare-property ere__loop-property_action-item\" href=\"javascript:void(0)\"\r\n   data-property-id=\"24181\" data-toggle=\"tooltip\"\r\n   title=\"Compare\">\r\n    <i class=\"fa fa-plus\"><\/i>\r\n<\/a>\r\n<\/div><div class=\"ere__loop-property-badge ere__lpb-featured-label\">\r\n            <span class=\"ere__loop-property-badge-item ere__featured\">\r\n    <span class=\"ere__lpbi-inner\">\r\n        Featured    <\/span>\r\n<\/span>\r\n    <\/div>\r\n<div class=\"ere__loop-property-badge ere__lpb-status\">\r\n                    <span class=\"ere__loop-property-badge-item ere__term-status to-rent\" >\r\n            <span class=\"ere__lpbi-inner\">\r\n                To rent            <\/span>\r\n        <\/span>\r\n    <\/div>\r\n<a class=\"property-link\" href=\"https:\/\/villasyfincasmallorca.com\/en\/property\/beautiful-town-house-to-rent-in-es-llombards\/\" title=\"Renovated 220 m\u00b2 Town House with Large Terrace for Rent in Es Llombards\"><\/a>\r\n<\/div>\r\n\r\n\t\t<div class=\"property-item-content\">\n\t\t\t<div class=\"property-heading\">\n                <h2 class=\"property-title\">\n    <a href=\"https:\/\/villasyfincasmallorca.com\/en\/property\/beautiful-town-house-to-rent-in-es-llombards\/\" title=\"Renovated 220 m\u00b2 Town House with Large Terrace for Rent in Es Llombards\">Renovated 220 m\u00b2 Town House with Large Terrace for Rent in Es Llombards<\/a>\n<\/h2>\n\t<span class=\"property-price ere__loop-property-price\">\n\t\t\t\t1.850\u20ac\t\t\t<\/span>\n\t\t\t<\/div>\n            <div class=\"property-element-inline\">\r\n    <div class=\"property-type-list\"><i class=\"fa fa-tag\"><\/i><a href=\"https:\/\/villasyfincasmallorca.com\/en\/property-type\/house\/\" rel=\"tag\">House<\/a><\/div><div class=\"property-agent\">\r\n    <a href=\"https:\/\/villasyfincasmallorca.com\/en\/agent\/villas-y-fincas-mallorca\/\" title=\"Villas y Fincas Mallorca\">\r\n        <i class=\"fa fa-user\"><\/i>\r\n        <span>Villas y Fincas Mallorca<\/span>\r\n    <\/a>\r\n<\/div>\r\n<div class=\"property-date\">\r\n    <i class=\"fa fa-calendar\"><\/i>\r\n     56 years ago<\/div>\r\n<\/div>\r\n<div class=\"property-excerpt\">\r\n    <p>[vc_row][vc_column][vc_column_text css_animation=&#8221;fadeIn&#8221;]There are villages in Mallorca that feel like a well-kept secret. Es Llombards is one of them. Small, quiet, part of the Santany\u00ed municipality, this enclave in the southeast of the island has preserved its traditional stone architecture, its silent streets, and that village atmosphere experienced year-round, not just during high season. At the [&hellip;]<\/p>\n<\/div>\r\n<div class=\"ere__loop-property-info property-info layout-1\">\r\n    <div class=\"property-info-inner\">\r\n        <div class=\"ere__loop-property-info-item property-area\" data-toggle=\"tooltip\" title=\"Size\">\r\n    <i class=\"fa fa-arrows\"><\/i>\r\n    <div class=\"ere__lpi-content\">\r\n        <span class=\"ere__lpi-value\">220 m<sup>2<\/sup><\/span>\r\n        <span class=\"ere__lpi-label\">Size<\/span>\r\n    <\/div>\r\n<\/div>\r\n\r\n<div class=\"ere__loop-property-info-item property-bedrooms\" data-toggle=\"tooltip\" title=\"3 Bedrooms\">\r\n    <i class=\"fa fa-hotel\"><\/i>\r\n    <div class=\"ere__lpi-content\">\r\n        <span class=\"ere__lpi-value\">3<\/span>\r\n        <span class=\"ere__lpi-label\">Bedrooms<\/span>\r\n    <\/div>\r\n<\/div><div class=\"ere__loop-property-info-item property-bathrooms\" data-toggle=\"tooltip\" title=\"3 Bathrooms\">\r\n    <i class=\"fa fa-bath\"><\/i>\r\n    <div class=\"ere__lpi-content\">\r\n        <span class=\"ere__lpi-value\">3<\/span>\r\n        <span class=\"ere__lpi-label\">Bathrooms<\/span>\r\n    <\/div>\r\n<\/div>\r\n    <\/div>\r\n<\/div>\r\n\n\t\t<\/div>\n\t<\/div>\n<\/div><div class=\"property-item ere-property-is-featured\">\n\t<div class=\"property-inner\">\n        <div class=\"property-image\">\r\n    <img loading=\"lazy\" decoding=\"async\" width=\"330\"\r\n     height=\"180\"\r\n     src=\"https:\/\/villasyfincasmallorca.com\/wp-content\/uploads\/2026\/03\/1504-Exclusivo-adosado-en-venta-con-piscina-en-una-calle-tranquila-de-Ses-Salines-16_resultado-330x180.jpg\"\r\n     onerror=\"this.src = 'http:\/\/villasyfincasmallorca.com\/wp-content\/uploads\/2017\/12\/1-VF-2-330x180.jpg';\"\r\n     alt=\"Townhouse with Private Pool in Ses Salines, 146 m\u00b2\"\r\n     title=\"Townhouse with Private Pool in Ses Salines, 146 m\u00b2\">\r\n\r\n<div class=\"ere__loop-property-action property-action\">\r\n    <a data-toggle=\"tooltip\"\r\n   title=\"(21) Photos\"\r\n   data-property-id=\"62900\"\r\n   href=\"javascript:void(0)\" class=\"property-view-gallery ere__loop-property_action-item\">\r\n    <i class=\"fa fa-camera\"><\/i>\r\n<\/a>\r\n<a href=\"javascript:void(0)\" class=\"property-favorite ere__loop-property_action-item\" data-property-id=\"62900\"\r\n   data-toggle=\"tooltip\"\r\n   title=\"Add to Favorite\"\r\n   data-title-not-favorite=\"Add to Favorite\"\r\n   data-title-favorited=\"It is my favorite\"\r\n   data-icon-not-favorite=\"fa fa-star-o\"\r\n   data-icon-favorited=\"fa fa-star\">\r\n    <i class=\"fa fa-star-o\"><\/i>\r\n<\/a>\r\n<a class=\"compare-property ere__loop-property_action-item\" href=\"javascript:void(0)\"\r\n   data-property-id=\"62900\" data-toggle=\"tooltip\"\r\n   title=\"Compare\">\r\n    <i class=\"fa fa-plus\"><\/i>\r\n<\/a>\r\n<\/div><div class=\"ere__loop-property-badge ere__lpb-featured-label\">\r\n            <span class=\"ere__loop-property-badge-item ere__featured\">\r\n    <span class=\"ere__lpbi-inner\">\r\n        Featured    <\/span>\r\n<\/span>\r\n    <\/div>\r\n<div class=\"ere__loop-property-badge ere__lpb-status\">\r\n                    <span style=\"--ere-loop-property-badge-bg-color:,\" class=\"ere__loop-property-badge-item ere__term-status for-sale\" >\r\n            <span class=\"ere__lpbi-inner\">\r\n                For sale            <\/span>\r\n        <\/span>\r\n    <\/div>\r\n<a class=\"property-link\" href=\"https:\/\/villasyfincasmallorca.com\/en\/property\/exclusivo-adosado-en-venta-con-piscina-en-una-calle-tranquila-de-ses-salines\/\" title=\"Townhouse with Private Pool in Ses Salines, 146 m\u00b2\"><\/a>\r\n<\/div>\r\n\r\n\t\t<div class=\"property-item-content\">\n\t\t\t<div class=\"property-heading\">\n                <h2 class=\"property-title\">\n    <a href=\"https:\/\/villasyfincasmallorca.com\/en\/property\/exclusivo-adosado-en-venta-con-piscina-en-una-calle-tranquila-de-ses-salines\/\" title=\"Townhouse with Private Pool in Ses Salines, 146 m\u00b2\">Townhouse with Private Pool in Ses Salines, 146 m\u00b2<\/a>\n<\/h2>\n\t<span class=\"property-price ere__loop-property-price\">\n\t\t\t\t680.000\u20ac\t\t\t<\/span>\n\t\t\t<\/div>\n            <div class=\"property-element-inline\">\r\n    <div class=\"property-type-list\"><i class=\"fa fa-tag\"><\/i><a href=\"https:\/\/villasyfincasmallorca.com\/en\/property-type\/house\/\" rel=\"tag\">House<\/a><\/div><div class=\"property-agent\">\r\n    <a href=\"https:\/\/villasyfincasmallorca.com\/en\/agent\/villas-y-fincas-mallorca\/\" title=\"Villas y Fincas Mallorca\">\r\n        <i class=\"fa fa-user\"><\/i>\r\n        <span>Villas y Fincas Mallorca<\/span>\r\n    <\/a>\r\n<\/div>\r\n<div class=\"property-date\">\r\n    <i class=\"fa fa-calendar\"><\/i>\r\n     56 years ago<\/div>\r\n<\/div>\r\n<div class=\"property-excerpt\">\r\n    <p>[vc_row][vc_column][vc_column_text css_animation=&#8221;fadeIn&#8221;]Some properties make their best first impression not from the listing photos but from the moment you turn onto the street. This townhouse in Ses Salines sits on one of those quiet residential lanes in the heart of the village \u2014 the kind where traffic is almost nonexistent, neighbors exchange greetings as they pass, [&hellip;]<\/p>\n<\/div>\r\n<div class=\"ere__loop-property-info property-info layout-1\">\r\n    <div class=\"property-info-inner\">\r\n        <div class=\"ere__loop-property-info-item property-area\" data-toggle=\"tooltip\" title=\"Size\">\r\n    <i class=\"fa fa-arrows\"><\/i>\r\n    <div class=\"ere__lpi-content\">\r\n        <span class=\"ere__lpi-value\">146 m<sup>2<\/sup><\/span>\r\n        <span class=\"ere__lpi-label\">Size<\/span>\r\n    <\/div>\r\n<\/div>\r\n\r\n<div class=\"ere__loop-property-info-item property-bedrooms\" data-toggle=\"tooltip\" title=\"3 Bedrooms\">\r\n    <i class=\"fa fa-hotel\"><\/i>\r\n    <div class=\"ere__lpi-content\">\r\n        <span class=\"ere__lpi-value\">3<\/span>\r\n        <span class=\"ere__lpi-label\">Bedrooms<\/span>\r\n    <\/div>\r\n<\/div><div class=\"ere__loop-property-info-item property-bathrooms\" data-toggle=\"tooltip\" title=\"2 Bathrooms\">\r\n    <i class=\"fa fa-bath\"><\/i>\r\n    <div class=\"ere__lpi-content\">\r\n        <span class=\"ere__lpi-value\">2<\/span>\r\n        <span class=\"ere__lpi-label\">Bathrooms<\/span>\r\n    <\/div>\r\n<\/div>\r\n    <\/div>\r\n<\/div>\r\n\n\t\t<\/div>\n\t<\/div>\n<\/div><div class=\"property-item ere-property-is-featured\">\n\t<div class=\"property-inner\">\n        <div class=\"property-image\">\r\n    <img loading=\"lazy\" decoding=\"async\" width=\"330\"\r\n     height=\"180\"\r\n     src=\"https:\/\/villasyfincasmallorca.com\/wp-content\/uploads\/2026\/03\/1160-Spacious-apartment-for-sale-with-terrace-and-sea-views-in-Portopetro-07-scaled-330x180.jpg\"\r\n     onerror=\"this.src = 'http:\/\/villasyfincasmallorca.com\/wp-content\/uploads\/2017\/12\/1-VF-2-330x180.jpg';\"\r\n     alt=\"Renovated Apartment with Terrace and Sea Views in Portopetro\"\r\n     title=\"Renovated Apartment with Terrace and Sea Views in Portopetro\">\r\n\r\n<div class=\"ere__loop-property-action property-action\">\r\n    <a data-toggle=\"tooltip\"\r\n   title=\"(20) Photos\"\r\n   data-property-id=\"43208\"\r\n   href=\"javascript:void(0)\" class=\"property-view-gallery ere__loop-property_action-item\">\r\n    <i class=\"fa fa-camera\"><\/i>\r\n<\/a>\r\n<a href=\"javascript:void(0)\" class=\"property-favorite ere__loop-property_action-item\" data-property-id=\"43208\"\r\n   data-toggle=\"tooltip\"\r\n   title=\"Add to Favorite\"\r\n   data-title-not-favorite=\"Add to Favorite\"\r\n   data-title-favorited=\"It is my favorite\"\r\n   data-icon-not-favorite=\"fa fa-star-o\"\r\n   data-icon-favorited=\"fa fa-star\">\r\n    <i class=\"fa fa-star-o\"><\/i>\r\n<\/a>\r\n<a class=\"compare-property ere__loop-property_action-item\" href=\"javascript:void(0)\"\r\n   data-property-id=\"43208\" data-toggle=\"tooltip\"\r\n   title=\"Compare\">\r\n    <i class=\"fa fa-plus\"><\/i>\r\n<\/a>\r\n<\/div><div class=\"ere__loop-property-badge ere__lpb-featured-label\">\r\n            <span class=\"ere__loop-property-badge-item ere__featured\">\r\n    <span class=\"ere__lpbi-inner\">\r\n        Featured    <\/span>\r\n<\/span>\r\n    <\/div>\r\n<div class=\"ere__loop-property-badge ere__lpb-status\">\r\n                    <span style=\"--ere-loop-property-badge-bg-color:,\" class=\"ere__loop-property-badge-item ere__term-status for-sale\" >\r\n            <span class=\"ere__lpbi-inner\">\r\n                For sale            <\/span>\r\n        <\/span>\r\n    <\/div>\r\n<a class=\"property-link\" href=\"https:\/\/villasyfincasmallorca.com\/en\/property\/apartment-for-sale-with-sea-views-in-portopetro\/\" title=\"Renovated Apartment with Terrace and Sea Views in Portopetro\"><\/a>\r\n<\/div>\r\n\r\n\t\t<div class=\"property-item-content\">\n\t\t\t<div class=\"property-heading\">\n                <h2 class=\"property-title\">\n    <a href=\"https:\/\/villasyfincasmallorca.com\/en\/property\/apartment-for-sale-with-sea-views-in-portopetro\/\" title=\"Renovated Apartment with Terrace and Sea Views in Portopetro\">Renovated Apartment with Terrace and Sea Views in Portopetro<\/a>\n<\/h2>\n\t<span class=\"property-price ere__loop-property-price\">\n\t\t\t\t398.000\u20ac\t\t\t<\/span>\n\t\t\t<\/div>\n            <div class=\"property-element-inline\">\r\n    <div class=\"property-type-list\"><i class=\"fa fa-tag\"><\/i><a href=\"https:\/\/villasyfincasmallorca.com\/en\/property-type\/apartment\/\" rel=\"tag\">Apartment<\/a><\/div><div class=\"property-agent\">\r\n    <a href=\"https:\/\/villasyfincasmallorca.com\/agent\/villas-y-fincas-mallorca\/\" title=\"Villas y Fincas Mallorca\">\r\n        <i class=\"fa fa-user\"><\/i>\r\n        <span>Villas y Fincas Mallorca<\/span>\r\n    <\/a>\r\n<\/div>\r\n<div class=\"property-date\">\r\n    <i class=\"fa fa-calendar\"><\/i>\r\n     56 years ago<\/div>\r\n<\/div>\r\n<div class=\"property-excerpt\">\r\n    <p>[vc_row][vc_column][vc_column_text css_animation=&#8221;fadeIn&#8221;] There are corners of Mallorca where time seems to move at a different pace. Portopetro is one of them. This small fishing port on the southeast coast of the island, part of the Santany\u00ed municipality, has kept its original maritime character intact while the rest of the coast yielded to tourist pressure. Here, [&hellip;]<\/p>\n<\/div>\r\n<div class=\"ere__loop-property-info property-info layout-1\">\r\n    <div class=\"property-info-inner\">\r\n        <div class=\"ere__loop-property-info-item property-area\" data-toggle=\"tooltip\" title=\"Size\">\r\n    <i class=\"fa fa-arrows\"><\/i>\r\n    <div class=\"ere__lpi-content\">\r\n        <span class=\"ere__lpi-value\">83 m<sup>2<\/sup><\/span>\r\n        <span class=\"ere__lpi-label\">Size<\/span>\r\n    <\/div>\r\n<\/div>\r\n\r\n<div class=\"ere__loop-property-info-item property-bedrooms\" data-toggle=\"tooltip\" title=\"2 Bedrooms\">\r\n    <i class=\"fa fa-hotel\"><\/i>\r\n    <div class=\"ere__lpi-content\">\r\n        <span class=\"ere__lpi-value\">2<\/span>\r\n        <span class=\"ere__lpi-label\">Bedrooms<\/span>\r\n    <\/div>\r\n<\/div><div class=\"ere__loop-property-info-item property-bathrooms\" data-toggle=\"tooltip\" title=\"1 Bathroom\">\r\n    <i class=\"fa fa-bath\"><\/i>\r\n    <div class=\"ere__lpi-content\">\r\n        <span class=\"ere__lpi-value\">1<\/span>\r\n        <span class=\"ere__lpi-label\">Bathroom<\/span>\r\n    <\/div>\r\n<\/div>\r\n    <\/div>\r\n<\/div>\r\n\n\t\t<\/div>\n\t<\/div>\n<\/div><div class=\"property-item ere-property-is-featured\">\n\t<div class=\"property-inner\">\n        <div class=\"property-image\">\r\n    <img loading=\"lazy\" decoding=\"async\" width=\"330\"\r\n     height=\"180\"\r\n     src=\"https:\/\/villasyfincasmallorca.com\/wp-content\/uploads\/2026\/02\/1501-Town-house-for-sale-with-massive-outdoors-space-in-Ses-Salines-01-330x180.jpg\"\r\n     onerror=\"this.src = 'http:\/\/villasyfincasmallorca.com\/wp-content\/uploads\/2017\/12\/1-VF-2-330x180.jpg';\"\r\n     alt=\"Historic 1890 Town House with 831 m\u00b2 Plot and Double Access in Ses Salines\"\r\n     title=\"Historic 1890 Town House with 831 m\u00b2 Plot and Double Access in Ses Salines\">\r\n\r\n<div class=\"ere__loop-property-action property-action\">\r\n    <a data-toggle=\"tooltip\"\r\n   title=\"(23) Photos\"\r\n   data-property-id=\"62102\"\r\n   href=\"javascript:void(0)\" class=\"property-view-gallery ere__loop-property_action-item\">\r\n    <i class=\"fa fa-camera\"><\/i>\r\n<\/a>\r\n<a href=\"javascript:void(0)\" class=\"property-favorite ere__loop-property_action-item\" data-property-id=\"62102\"\r\n   data-toggle=\"tooltip\"\r\n   title=\"Add to Favorite\"\r\n   data-title-not-favorite=\"Add to Favorite\"\r\n   data-title-favorited=\"It is my favorite\"\r\n   data-icon-not-favorite=\"fa fa-star-o\"\r\n   data-icon-favorited=\"fa fa-star\">\r\n    <i class=\"fa fa-star-o\"><\/i>\r\n<\/a>\r\n<a class=\"compare-property ere__loop-property_action-item\" href=\"javascript:void(0)\"\r\n   data-property-id=\"62102\" data-toggle=\"tooltip\"\r\n   title=\"Compare\">\r\n    <i class=\"fa fa-plus\"><\/i>\r\n<\/a>\r\n<\/div><div class=\"ere__loop-property-badge ere__lpb-featured-label\">\r\n            <span class=\"ere__loop-property-badge-item ere__featured\">\r\n    <span class=\"ere__lpbi-inner\">\r\n        Featured    <\/span>\r\n<\/span>\r\n    <\/div>\r\n<div class=\"ere__loop-property-badge ere__lpb-status\">\r\n                    <span style=\"--ere-loop-property-badge-bg-color:,\" class=\"ere__loop-property-badge-item ere__term-status for-sale\" >\r\n            <span class=\"ere__lpbi-inner\">\r\n                For sale            <\/span>\r\n        <\/span>\r\n    <\/div>\r\n<a class=\"property-link\" href=\"https:\/\/villasyfincasmallorca.com\/en\/property\/unique-opportunity-in-ses-salines-historic-townhouse-for-renovation-with-a-massive-831-sqm-plot-and-dual-street-access\/\" title=\"Historic 1890 Town House with 831 m\u00b2 Plot and Double Access in Ses Salines\"><\/a>\r\n<\/div>\r\n\r\n\t\t<div class=\"property-item-content\">\n\t\t\t<div class=\"property-heading\">\n                <h2 class=\"property-title\">\n    <a href=\"https:\/\/villasyfincasmallorca.com\/en\/property\/unique-opportunity-in-ses-salines-historic-townhouse-for-renovation-with-a-massive-831-sqm-plot-and-dual-street-access\/\" title=\"Historic 1890 Town House with 831 m\u00b2 Plot and Double Access in Ses Salines\">Historic 1890 Town House with 831 m\u00b2 Plot and Double Access in Ses Salines<\/a>\n<\/h2>\n\t<span class=\"property-price ere__loop-property-price\">\n\t\t\t\t700.000\u20ac\t\t\t<\/span>\n\t\t\t<\/div>\n            <div class=\"property-element-inline\">\r\n    <div class=\"property-type-list\"><i class=\"fa fa-tag\"><\/i><a href=\"https:\/\/villasyfincasmallorca.com\/en\/property-type\/house\/\" rel=\"tag\">House<\/a><\/div><div class=\"property-agent\">\r\n    <a href=\"https:\/\/villasyfincasmallorca.com\/en\/agent\/villas-y-fincas-mallorca\/\" title=\"Villas y Fincas Mallorca\">\r\n        <i class=\"fa fa-user\"><\/i>\r\n        <span>Villas y Fincas Mallorca<\/span>\r\n    <\/a>\r\n<\/div>\r\n<div class=\"property-date\">\r\n    <i class=\"fa fa-calendar\"><\/i>\r\n     56 years ago<\/div>\r\n<\/div>\r\n<div class=\"property-excerpt\">\r\n    <p>[vc_row][vc_column][vc_column_text css_animation=&#8221;fadeIn&#8221;]Some properties only come on the market once in a generation. This historic town house for renovation for sale in Ses Salines is one of them. Built in 1890, with 274 square meters already constructed, an urban plot of 831 square meters \u2014 a truly exceptional surface within the historic center of any village [&hellip;]<\/p>\n<\/div>\r\n<div class=\"ere__loop-property-info property-info layout-1\">\r\n    <div class=\"property-info-inner\">\r\n        <div class=\"ere__loop-property-info-item property-area\" data-toggle=\"tooltip\" title=\"Size\">\r\n    <i class=\"fa fa-arrows\"><\/i>\r\n    <div class=\"ere__lpi-content\">\r\n        <span class=\"ere__lpi-value\">274 m<sup>2<\/sup><\/span>\r\n        <span class=\"ere__lpi-label\">Size<\/span>\r\n    <\/div>\r\n<\/div>\r\n\r\n<div class=\"ere__loop-property-info-item property-bedrooms\" data-toggle=\"tooltip\" title=\"4 Bedrooms\">\r\n    <i class=\"fa fa-hotel\"><\/i>\r\n    <div class=\"ere__lpi-content\">\r\n        <span class=\"ere__lpi-value\">4<\/span>\r\n        <span class=\"ere__lpi-label\">Bedrooms<\/span>\r\n    <\/div>\r\n<\/div><div class=\"ere__loop-property-info-item property-bathrooms\" data-toggle=\"tooltip\" title=\"1 Bathroom\">\r\n    <i class=\"fa fa-bath\"><\/i>\r\n    <div class=\"ere__lpi-content\">\r\n        <span class=\"ere__lpi-value\">1<\/span>\r\n        <span class=\"ere__lpi-label\">Bathroom<\/span>\r\n    <\/div>\r\n<\/div>\r\n    <\/div>\r\n<\/div>\r\n\n\t\t<\/div>\n\t<\/div>\n<\/div><div class=\"property-item ere-property-is-featured\">\n\t<div class=\"property-inner\">\n        <div class=\"property-image\">\r\n    <img loading=\"lazy\" decoding=\"async\" width=\"330\"\r\n     height=\"180\"\r\n     src=\"https:\/\/villasyfincasmallorca.com\/wp-content\/uploads\/2026\/02\/1500-Modern-town-house-to-rent-in-Santanyi-with-terrace-05_resultado-330x180.png\"\r\n     onerror=\"this.src = 'http:\/\/villasyfincasmallorca.com\/wp-content\/uploads\/2017\/12\/1-VF-2-330x180.jpg';\"\r\n     alt=\"Designer Town House for Rent with Garage and Elevator Near Santany\u00ed&#8217;s Plaza Mayor\"\r\n     title=\"Designer Town House for Rent with Garage and Elevator Near Santany\u00ed&#8217;s Plaza Mayor\">\r\n\r\n<div class=\"ere__loop-property-action property-action\">\r\n    <a data-toggle=\"tooltip\"\r\n   title=\"(11) Photos\"\r\n   data-property-id=\"61802\"\r\n   href=\"javascript:void(0)\" class=\"property-view-gallery ere__loop-property_action-item\">\r\n    <i class=\"fa fa-camera\"><\/i>\r\n<\/a>\r\n<a href=\"javascript:void(0)\" class=\"property-favorite ere__loop-property_action-item\" data-property-id=\"61802\"\r\n   data-toggle=\"tooltip\"\r\n   title=\"Add to Favorite\"\r\n   data-title-not-favorite=\"Add to Favorite\"\r\n   data-title-favorited=\"It is my favorite\"\r\n   data-icon-not-favorite=\"fa fa-star-o\"\r\n   data-icon-favorited=\"fa fa-star\">\r\n    <i class=\"fa fa-star-o\"><\/i>\r\n<\/a>\r\n<a class=\"compare-property ere__loop-property_action-item\" href=\"javascript:void(0)\"\r\n   data-property-id=\"61802\" data-toggle=\"tooltip\"\r\n   title=\"Compare\">\r\n    <i class=\"fa fa-plus\"><\/i>\r\n<\/a>\r\n<\/div><div class=\"ere__loop-property-badge ere__lpb-featured-label\">\r\n            <span class=\"ere__loop-property-badge-item ere__featured\">\r\n    <span class=\"ere__lpbi-inner\">\r\n        Featured    <\/span>\r\n<\/span>\r\n    <\/div>\r\n<div class=\"ere__loop-property-badge ere__lpb-status\">\r\n                    <span class=\"ere__loop-property-badge-item ere__term-status to-rent\" >\r\n            <span class=\"ere__lpbi-inner\">\r\n                To rent            <\/span>\r\n        <\/span>\r\n    <\/div>\r\n<a class=\"property-link\" href=\"https:\/\/villasyfincasmallorca.com\/en\/property\/alquiler-de-casa-de-pueblo-de-diseno-en-santanyi-renovada-con-garaje-y-ascensor-junto-a-la-plaza-mayor\/\" title=\"Designer Town House for Rent with Garage and Elevator Near Santany\u00ed&#8217;s Plaza Mayor\"><\/a>\r\n<\/div>\r\n\r\n\t\t<div class=\"property-item-content\">\n\t\t\t<div class=\"property-heading\">\n                <h2 class=\"property-title\">\n    <a href=\"https:\/\/villasyfincasmallorca.com\/en\/property\/alquiler-de-casa-de-pueblo-de-diseno-en-santanyi-renovada-con-garaje-y-ascensor-junto-a-la-plaza-mayor\/\" title=\"Designer Town House for Rent with Garage and Elevator Near Santany\u00ed&#8217;s Plaza Mayor\">Designer Town House for Rent with Garage and Elevator Near Santany\u00ed&#8217;s Plaza Mayor<\/a>\n<\/h2>\n\t<span class=\"property-price ere__loop-property-price\">\n\t\t\t\t3.500\u20ac\t\t\t<\/span>\n\t\t\t<\/div>\n            <div class=\"property-element-inline\">\r\n    <div class=\"property-type-list\"><i class=\"fa fa-tag\"><\/i><a href=\"https:\/\/villasyfincasmallorca.com\/en\/property-type\/house\/\" rel=\"tag\">House<\/a><\/div><div class=\"property-agent\">\r\n    <a href=\"https:\/\/villasyfincasmallorca.com\/en\/agent\/villas-y-fincas-mallorca\/\" title=\"Villas y Fincas Mallorca\">\r\n        <i class=\"fa fa-user\"><\/i>\r\n        <span>Villas y Fincas Mallorca<\/span>\r\n    <\/a>\r\n<\/div>\r\n<div class=\"property-date\">\r\n    <i class=\"fa fa-calendar\"><\/i>\r\n     56 years ago<\/div>\r\n<\/div>\r\n<div class=\"property-excerpt\">\r\n    <p>[vc_row][vc_column][vc_column_text css_animation=&#8221;fadeIn&#8221;]Some rentals are more than a home \u2014 they are a statement about how you want to live. This designer town house for rent in Santany\u00ed, fully renovated and brand new, undoubtedly belongs to that category. Located just steps from the Plaza Mayor, in the heart of the historic center, it offers 190 square [&hellip;]<\/p>\n<\/div>\r\n<div class=\"ere__loop-property-info property-info layout-1\">\r\n    <div class=\"property-info-inner\">\r\n        <div class=\"ere__loop-property-info-item property-area\" data-toggle=\"tooltip\" title=\"Size\">\r\n    <i class=\"fa fa-arrows\"><\/i>\r\n    <div class=\"ere__lpi-content\">\r\n        <span class=\"ere__lpi-value\">190 m<sup>2<\/sup><\/span>\r\n        <span class=\"ere__lpi-label\">Size<\/span>\r\n    <\/div>\r\n<\/div>\r\n\r\n<div class=\"ere__loop-property-info-item property-bedrooms\" data-toggle=\"tooltip\" title=\"2 Bedrooms\">\r\n    <i class=\"fa fa-hotel\"><\/i>\r\n    <div class=\"ere__lpi-content\">\r\n        <span class=\"ere__lpi-value\">2<\/span>\r\n        <span class=\"ere__lpi-label\">Bedrooms<\/span>\r\n    <\/div>\r\n<\/div><div class=\"ere__loop-property-info-item property-bathrooms\" data-toggle=\"tooltip\" title=\"2 Bathrooms\">\r\n    <i class=\"fa fa-bath\"><\/i>\r\n    <div class=\"ere__lpi-content\">\r\n        <span class=\"ere__lpi-value\">2<\/span>\r\n        <span class=\"ere__lpi-label\">Bathrooms<\/span>\r\n    <\/div>\r\n<\/div>\r\n    <\/div>\r\n<\/div>\r\n\n\t\t<\/div>\n\t<\/div>\n<\/div><div class=\"property-item ere-property-is-featured\">\n\t<div class=\"property-inner\">\n        <div class=\"property-image\">\r\n    <img loading=\"lazy\" decoding=\"async\" width=\"330\"\r\n     height=\"180\"\r\n     src=\"https:\/\/villasyfincasmallorca.com\/wp-content\/uploads\/2022\/10\/1304-Posesion-historica-en-venta-en-Mallorca-10-Copiar-330x180.jpg\"\r\n     onerror=\"this.src = 'http:\/\/villasyfincasmallorca.com\/wp-content\/uploads\/2017\/12\/1-VF-2-330x180.jpg';\"\r\n     alt=\"Historic Estate with Defense Tower and 311 Hectares with Sea Views Near Estellencs\"\r\n     title=\"Historic Estate with Defense Tower and 311 Hectares with Sea Views Near Estellencs\">\r\n\r\n<div class=\"ere__loop-property-action property-action\">\r\n    <a data-toggle=\"tooltip\"\r\n   title=\"(24) Photos\"\r\n   data-property-id=\"44441\"\r\n   href=\"javascript:void(0)\" class=\"property-view-gallery ere__loop-property_action-item\">\r\n    <i class=\"fa fa-camera\"><\/i>\r\n<\/a>\r\n<a href=\"javascript:void(0)\" class=\"property-favorite ere__loop-property_action-item\" data-property-id=\"44441\"\r\n   data-toggle=\"tooltip\"\r\n   title=\"Add to Favorite\"\r\n   data-title-not-favorite=\"Add to Favorite\"\r\n   data-title-favorited=\"It is my favorite\"\r\n   data-icon-not-favorite=\"fa fa-star-o\"\r\n   data-icon-favorited=\"fa fa-star\">\r\n    <i class=\"fa fa-star-o\"><\/i>\r\n<\/a>\r\n<a class=\"compare-property ere__loop-property_action-item\" href=\"javascript:void(0)\"\r\n   data-property-id=\"44441\" data-toggle=\"tooltip\"\r\n   title=\"Compare\">\r\n    <i class=\"fa fa-plus\"><\/i>\r\n<\/a>\r\n<\/div><div class=\"ere__loop-property-badge ere__lpb-featured-label\">\r\n            <span class=\"ere__loop-property-badge-item ere__featured\">\r\n    <span class=\"ere__lpbi-inner\">\r\n        Featured    <\/span>\r\n<\/span>\r\n    <\/div>\r\n<div class=\"ere__loop-property-badge ere__lpb-status\">\r\n                    <span style=\"--ere-loop-property-badge-bg-color:,\" class=\"ere__loop-property-badge-item ere__term-status for-sale\" >\r\n            <span class=\"ere__lpbi-inner\">\r\n                For sale            <\/span>\r\n        <\/span>\r\n    <\/div>\r\n<a class=\"property-link\" href=\"https:\/\/villasyfincasmallorca.com\/en\/property\/unique-country-estate-for-sale-with-sea-views-next-to-estellencs\/\" title=\"Historic Estate with Defense Tower and 311 Hectares with Sea Views Near Estellencs\"><\/a>\r\n<\/div>\r\n\r\n\t\t<div class=\"property-item-content\">\n\t\t\t<div class=\"property-heading\">\n                <h2 class=\"property-title\">\n    <a href=\"https:\/\/villasyfincasmallorca.com\/en\/property\/unique-country-estate-for-sale-with-sea-views-next-to-estellencs\/\" title=\"Historic Estate with Defense Tower and 311 Hectares with Sea Views Near Estellencs\">Historic Estate with Defense Tower and 311 Hectares with Sea Views Near Estellencs<\/a>\n<\/h2>\n\t<span class=\"property-price ere__loop-property-price\">\n\t\t\t\t12.640.000\u20ac\t\t\t<\/span>\n\t\t\t<\/div>\n            <div class=\"property-element-inline\">\r\n    <div class=\"property-type-list\"><i class=\"fa fa-tag\"><\/i><a href=\"https:\/\/villasyfincasmallorca.com\/en\/property-type\/country-house\/\" rel=\"tag\">Country house<\/a><\/div><div class=\"property-agent\">\r\n    <a href=\"https:\/\/villasyfincasmallorca.com\/agent\/villas-y-fincas-mallorca\/\" title=\"Villas y Fincas Mallorca\">\r\n        <i class=\"fa fa-user\"><\/i>\r\n        <span>Villas y Fincas Mallorca<\/span>\r\n    <\/a>\r\n<\/div>\r\n<div class=\"property-date\">\r\n    <i class=\"fa fa-calendar\"><\/i>\r\n     56 years ago<\/div>\r\n<\/div>\r\n<div class=\"property-excerpt\">\r\n    <p>[vc_row][vc_column][vc_video link=&#8221;https:\/\/www.youtube.com\/watch?v=meLcow7LdcU&#8221;][g5plus_space desktop=&#8221;35&#8243; tablet=&#8221;70&#8243; tablet_portrait=&#8221;60&#8243; mobile_landscape=&#8221;50&#8243; mobile=&#8221;40&#8243;][vc_column_text css_animation=&#8221;fadeIn&#8221;]There are properties, and then there are legacies. This historic estate with sea views for sale near Estellencs unquestionably belongs to the second category. It is not a house, nor a finca, nor even a large rural property: it is a Mallorcan possessi\u00f3 in the deepest sense of [&hellip;]<\/p>\n<\/div>\r\n<div class=\"ere__loop-property-info property-info layout-1\">\r\n    <div class=\"property-info-inner\">\r\n        <div class=\"ere__loop-property-info-item property-area\" data-toggle=\"tooltip\" title=\"Size\">\r\n    <i class=\"fa fa-arrows\"><\/i>\r\n    <div class=\"ere__lpi-content\">\r\n        <span class=\"ere__lpi-value\">1.800 m<sup>2<\/sup><\/span>\r\n        <span class=\"ere__lpi-label\">Size<\/span>\r\n    <\/div>\r\n<\/div>\r\n\r\n<div class=\"ere__loop-property-info-item property-bedrooms\" data-toggle=\"tooltip\" title=\"10 Bedrooms\">\r\n    <i class=\"fa fa-hotel\"><\/i>\r\n    <div class=\"ere__lpi-content\">\r\n        <span class=\"ere__lpi-value\">10<\/span>\r\n        <span class=\"ere__lpi-label\">Bedrooms<\/span>\r\n    <\/div>\r\n<\/div><div class=\"ere__loop-property-info-item property-bathrooms\" data-toggle=\"tooltip\" title=\"1 Bathroom\">\r\n    <i class=\"fa fa-bath\"><\/i>\r\n    <div class=\"ere__lpi-content\">\r\n        <span class=\"ere__lpi-value\">1<\/span>\r\n        <span class=\"ere__lpi-label\">Bathroom<\/span>\r\n    <\/div>\r\n<\/div>\r\n    <\/div>\r\n<\/div>\r\n\n\t\t<\/div>\n\t<\/div>\n<\/div><div class=\"property-item ere-property-is-featured\">\n\t<div class=\"property-inner\">\n        <div class=\"property-image\">\r\n    <img loading=\"lazy\" decoding=\"async\" width=\"330\"\r\n     height=\"180\"\r\n     src=\"https:\/\/villasyfincasmallorca.com\/wp-content\/uploads\/2020\/01\/11-1183-Villasyfincasmallorca-330x180.jpg\"\r\n     onerror=\"this.src = 'http:\/\/villasyfincasmallorca.com\/wp-content\/uploads\/2017\/12\/1-VF-2-330x180.jpg';\"\r\n     alt=\"Unfurnished 3-Bedroom Apartment for Rent with Elevator in Central Campos\"\r\n     title=\"Unfurnished 3-Bedroom Apartment for Rent with Elevator in Central Campos\">\r\n\r\n<div class=\"ere__loop-property-action property-action\">\r\n    <a data-toggle=\"tooltip\"\r\n   title=\"(24) Photos\"\r\n   data-property-id=\"61394\"\r\n   href=\"javascript:void(0)\" class=\"property-view-gallery ere__loop-property_action-item\">\r\n    <i class=\"fa fa-camera\"><\/i>\r\n<\/a>\r\n<a href=\"javascript:void(0)\" class=\"property-favorite ere__loop-property_action-item\" data-property-id=\"61394\"\r\n   data-toggle=\"tooltip\"\r\n   title=\"Add to Favorite\"\r\n   data-title-not-favorite=\"Add to Favorite\"\r\n   data-title-favorited=\"It is my favorite\"\r\n   data-icon-not-favorite=\"fa fa-star-o\"\r\n   data-icon-favorited=\"fa fa-star\">\r\n    <i class=\"fa fa-star-o\"><\/i>\r\n<\/a>\r\n<a class=\"compare-property ere__loop-property_action-item\" href=\"javascript:void(0)\"\r\n   data-property-id=\"61394\" data-toggle=\"tooltip\"\r\n   title=\"Compare\">\r\n    <i class=\"fa fa-plus\"><\/i>\r\n<\/a>\r\n<\/div><div class=\"ere__loop-property-badge ere__lpb-featured-label\">\r\n            <span class=\"ere__loop-property-badge-item ere__featured\">\r\n    <span class=\"ere__lpbi-inner\">\r\n        Featured    <\/span>\r\n<\/span>\r\n    <\/div>\r\n<div class=\"ere__loop-property-badge ere__lpb-status\">\r\n                    <span class=\"ere__loop-property-badge-item ere__term-status to-rent\" >\r\n            <span class=\"ere__lpbi-inner\">\r\n                To rent            <\/span>\r\n        <\/span>\r\n    <\/div>\r\n<a class=\"property-link\" href=\"https:\/\/villasyfincasmallorca.com\/en\/property\/amplio-piso-en-alquiler-en-campos-2\/\" title=\"Unfurnished 3-Bedroom Apartment for Rent with Elevator in Central Campos\"><\/a>\r\n<\/div>\r\n\r\n\t\t<div class=\"property-item-content\">\n\t\t\t<div class=\"property-heading\">\n                <h2 class=\"property-title\">\n    <a href=\"https:\/\/villasyfincasmallorca.com\/en\/property\/amplio-piso-en-alquiler-en-campos-2\/\" title=\"Unfurnished 3-Bedroom Apartment for Rent with Elevator in Central Campos\">Unfurnished 3-Bedroom Apartment for Rent with Elevator in Central Campos<\/a>\n<\/h2>\n\t<span class=\"property-price ere__loop-property-price\">\n\t\t\t\t1.250\u20ac\t\t\t<\/span>\n\t\t\t<\/div>\n            <div class=\"property-element-inline\">\r\n    <div class=\"property-type-list\"><i class=\"fa fa-tag\"><\/i><a href=\"https:\/\/villasyfincasmallorca.com\/en\/property-type\/apartment\/\" rel=\"tag\">Apartment<\/a><\/div><div class=\"property-agent\">\r\n    <a href=\"https:\/\/villasyfincasmallorca.com\/en\/agent\/villas-y-fincas-mallorca\/\" title=\"Villas y Fincas Mallorca\">\r\n        <i class=\"fa fa-user\"><\/i>\r\n        <span>Villas y Fincas Mallorca<\/span>\r\n    <\/a>\r\n<\/div>\r\n<div class=\"property-date\">\r\n    <i class=\"fa fa-calendar\"><\/i>\r\n     56 years ago<\/div>\r\n<\/div>\r\n<div class=\"property-excerpt\">\r\n    <p>[vc_row][vc_column][vc_column_text css_animation=&#8221;fadeIn&#8221;]Finding a three-bedroom unfurnished apartment for rent in Campos that&#8217;s in good condition and ready to move into is, in today&#8217;s southeastern Mallorca market, a real opportunity. This first-floor apartment of 100 square meters offers exactly that: three bedrooms, two full bathrooms, an independent equipped kitchen, an exterior balcony, an elevator in the building, [&hellip;]<\/p>\n<\/div>\r\n<div class=\"ere__loop-property-info property-info layout-1\">\r\n    <div class=\"property-info-inner\">\r\n        <div class=\"ere__loop-property-info-item property-area\" data-toggle=\"tooltip\" title=\"Size\">\r\n    <i class=\"fa fa-arrows\"><\/i>\r\n    <div class=\"ere__lpi-content\">\r\n        <span class=\"ere__lpi-value\">100 m<sup>2<\/sup><\/span>\r\n        <span class=\"ere__lpi-label\">Size<\/span>\r\n    <\/div>\r\n<\/div>\r\n\r\n<div class=\"ere__loop-property-info-item property-bedrooms\" data-toggle=\"tooltip\" title=\"3 Bedrooms\">\r\n    <i class=\"fa fa-hotel\"><\/i>\r\n    <div class=\"ere__lpi-content\">\r\n        <span class=\"ere__lpi-value\">3<\/span>\r\n        <span class=\"ere__lpi-label\">Bedrooms<\/span>\r\n    <\/div>\r\n<\/div><div class=\"ere__loop-property-info-item property-bathrooms\" data-toggle=\"tooltip\" title=\"2 Bathrooms\">\r\n    <i class=\"fa fa-bath\"><\/i>\r\n    <div class=\"ere__lpi-content\">\r\n        <span class=\"ere__lpi-value\">2<\/span>\r\n        <span class=\"ere__lpi-label\">Bathrooms<\/span>\r\n    <\/div>\r\n<\/div>\r\n    <\/div>\r\n<\/div>\r\n\n\t\t<\/div>\n\t<\/div>\n<\/div><div class=\"property-item ere-property-is-featured\">\n\t<div class=\"property-inner\">\n        <div class=\"property-image\">\r\n    <img loading=\"lazy\" decoding=\"async\" width=\"330\"\r\n     height=\"180\"\r\n     src=\"https:\/\/villasyfincasmallorca.com\/wp-content\/uploads\/2025\/01\/1456-Country-house-for-sale-in-Ses-Salines-11-330x180.png\"\r\n     onerror=\"this.src = 'http:\/\/villasyfincasmallorca.com\/wp-content\/uploads\/2017\/12\/1-VF-2-330x180.jpg';\"\r\n     alt=\"Unfinished Country House with 20,900 m\u00b2 Plot Near Ses Salines\"\r\n     title=\"Unfinished Country House with 20,900 m\u00b2 Plot Near Ses Salines\">\r\n\r\n<div class=\"ere__loop-property-action property-action\">\r\n    <a data-toggle=\"tooltip\"\r\n   title=\"(12) Photos\"\r\n   data-property-id=\"57348\"\r\n   href=\"javascript:void(0)\" class=\"property-view-gallery ere__loop-property_action-item\">\r\n    <i class=\"fa fa-camera\"><\/i>\r\n<\/a>\r\n<a href=\"javascript:void(0)\" class=\"property-favorite ere__loop-property_action-item\" data-property-id=\"57348\"\r\n   data-toggle=\"tooltip\"\r\n   title=\"Add to Favorite\"\r\n   data-title-not-favorite=\"Add to Favorite\"\r\n   data-title-favorited=\"It is my favorite\"\r\n   data-icon-not-favorite=\"fa fa-star-o\"\r\n   data-icon-favorited=\"fa fa-star\">\r\n    <i class=\"fa fa-star-o\"><\/i>\r\n<\/a>\r\n<a class=\"compare-property ere__loop-property_action-item\" href=\"javascript:void(0)\"\r\n   data-property-id=\"57348\" data-toggle=\"tooltip\"\r\n   title=\"Compare\">\r\n    <i class=\"fa fa-plus\"><\/i>\r\n<\/a>\r\n<\/div><div class=\"ere__loop-property-badge ere__lpb-featured-label\">\r\n            <span class=\"ere__loop-property-badge-item ere__featured\">\r\n    <span class=\"ere__lpbi-inner\">\r\n        Featured    <\/span>\r\n<\/span>\r\n    <\/div>\r\n<div class=\"ere__loop-property-badge ere__lpb-status\">\r\n                    <span style=\"--ere-loop-property-badge-bg-color:,\" class=\"ere__loop-property-badge-item ere__term-status for-sale\" >\r\n            <span class=\"ere__lpbi-inner\">\r\n                For sale            <\/span>\r\n        <\/span>\r\n    <\/div>\r\n<a class=\"property-link\" href=\"https:\/\/villasyfincasmallorca.com\/en\/property\/country-house-for-sale-next-to-ses-salines-and-santanyi\/\" title=\"Unfinished Country House with 20,900 m\u00b2 Plot Near Ses Salines\"><\/a>\r\n<\/div>\r\n\r\n\t\t<div class=\"property-item-content\">\n\t\t\t<div class=\"property-heading\">\n                <h2 class=\"property-title\">\n    <a href=\"https:\/\/villasyfincasmallorca.com\/en\/property\/country-house-for-sale-next-to-ses-salines-and-santanyi\/\" title=\"Unfinished Country House with 20,900 m\u00b2 Plot Near Ses Salines\">Unfinished Country House with 20,900 m\u00b2 Plot Near Ses Salines<\/a>\n<\/h2>\n\t<span class=\"property-price ere__loop-property-price\">\n\t\t\t\t870.000\u20ac\t\t\t<\/span>\n\t\t\t<\/div>\n            <div class=\"property-element-inline\">\r\n    <div class=\"property-type-list\"><i class=\"fa fa-tag\"><\/i><a href=\"https:\/\/villasyfincasmallorca.com\/en\/property-type\/country-house\/\" rel=\"tag\">Country house<\/a>, <a href=\"https:\/\/villasyfincasmallorca.com\/en\/property-type\/villa-en\/\" rel=\"tag\">Villa<\/a><\/div><div class=\"property-agent\">\r\n    <a href=\"https:\/\/villasyfincasmallorca.com\/agent\/villas-y-fincas-mallorca\/\" title=\"Villas y Fincas Mallorca\">\r\n        <i class=\"fa fa-user\"><\/i>\r\n        <span>Villas y Fincas Mallorca<\/span>\r\n    <\/a>\r\n<\/div>\r\n<div class=\"property-date\">\r\n    <i class=\"fa fa-calendar\"><\/i>\r\n     56 years ago<\/div>\r\n<\/div>\r\n<div class=\"property-excerpt\">\r\n    <p>[vc_row][vc_column][vc_column_text css_animation=&#8221;fadeIn&#8221;] Some properties are bought for what they are; others are bought for what they can become. This country house for sale near Ses Salines belongs firmly to the second group: an unfinished home of 180 square meters distributed over two floors, set on a rural plot of more than 20,900 square meters in [&hellip;]<\/p>\n<\/div>\r\n<div class=\"ere__loop-property-info property-info layout-1\">\r\n    <div class=\"property-info-inner\">\r\n        <div class=\"ere__loop-property-info-item property-area\" data-toggle=\"tooltip\" title=\"Size\">\r\n    <i class=\"fa fa-arrows\"><\/i>\r\n    <div class=\"ere__lpi-content\">\r\n        <span class=\"ere__lpi-value\">180 m<sup>2<\/sup><\/span>\r\n        <span class=\"ere__lpi-label\">Size<\/span>\r\n    <\/div>\r\n<\/div>\r\n\r\n<div class=\"ere__loop-property-info-item property-bedrooms\" data-toggle=\"tooltip\" title=\"3 Bedrooms\">\r\n    <i class=\"fa fa-hotel\"><\/i>\r\n    <div class=\"ere__lpi-content\">\r\n        <span class=\"ere__lpi-value\">3<\/span>\r\n        <span class=\"ere__lpi-label\">Bedrooms<\/span>\r\n    <\/div>\r\n<\/div><div class=\"ere__loop-property-info-item property-bathrooms\" data-toggle=\"tooltip\" title=\"3 Bathrooms\">\r\n    <i class=\"fa fa-bath\"><\/i>\r\n    <div class=\"ere__lpi-content\">\r\n        <span class=\"ere__lpi-value\">3<\/span>\r\n        <span class=\"ere__lpi-label\">Bathrooms<\/span>\r\n    <\/div>\r\n<\/div>\r\n    <\/div>\r\n<\/div>\r\n\n\t\t<\/div>\n\t<\/div>\n<\/div><div class=\"property-item ere-property-is-featured\">\n\t<div class=\"property-inner\">\n        <div class=\"property-image\">\r\n    <img loading=\"lazy\" decoding=\"async\" width=\"330\"\r\n     height=\"180\"\r\n     src=\"https:\/\/villasyfincasmallorca.com\/wp-content\/uploads\/2025\/12\/IMG_001_AEREA_POST_resultado-330x180.jpg\"\r\n     onerror=\"this.src = 'http:\/\/villasyfincasmallorca.com\/wp-content\/uploads\/2017\/12\/1-VF-2-330x180.jpg';\"\r\n     alt=\"14,700 m\u00b2 Rural Plot with Project and Electrical Supply Next to Ses Salines\"\r\n     title=\"14,700 m\u00b2 Rural Plot with Project and Electrical Supply Next to Ses Salines\">\r\n\r\n<div class=\"ere__loop-property-action property-action\">\r\n    <a data-toggle=\"tooltip\"\r\n   title=\"(18) Photos\"\r\n   data-property-id=\"61248\"\r\n   href=\"javascript:void(0)\" class=\"property-view-gallery ere__loop-property_action-item\">\r\n    <i class=\"fa fa-camera\"><\/i>\r\n<\/a>\r\n<a href=\"javascript:void(0)\" class=\"property-favorite ere__loop-property_action-item\" data-property-id=\"61248\"\r\n   data-toggle=\"tooltip\"\r\n   title=\"Add to Favorite\"\r\n   data-title-not-favorite=\"Add to Favorite\"\r\n   data-title-favorited=\"It is my favorite\"\r\n   data-icon-not-favorite=\"fa fa-star-o\"\r\n   data-icon-favorited=\"fa fa-star\">\r\n    <i class=\"fa fa-star-o\"><\/i>\r\n<\/a>\r\n<a class=\"compare-property ere__loop-property_action-item\" href=\"javascript:void(0)\"\r\n   data-property-id=\"61248\" data-toggle=\"tooltip\"\r\n   title=\"Compare\">\r\n    <i class=\"fa fa-plus\"><\/i>\r\n<\/a>\r\n<\/div><div class=\"ere__loop-property-badge ere__lpb-featured-label\">\r\n            <span class=\"ere__loop-property-badge-item ere__featured\">\r\n    <span class=\"ere__lpbi-inner\">\r\n        Featured    <\/span>\r\n<\/span>\r\n    <\/div>\r\n<div class=\"ere__loop-property-badge ere__lpb-status\">\r\n                    <span style=\"--ere-loop-property-badge-bg-color:,\" class=\"ere__loop-property-badge-item ere__term-status for-sale\" >\r\n            <span class=\"ere__lpbi-inner\">\r\n                For sale            <\/span>\r\n        <\/span>\r\n    <\/div>\r\n<a class=\"property-link\" href=\"https:\/\/villasyfincasmallorca.com\/en\/property\/rural-plot-for-sale-with-project-and-power-near-ses-salines-in-campos\/\" title=\"14,700 m\u00b2 Rural Plot with Project and Electrical Supply Next to Ses Salines\"><\/a>\r\n<\/div>\r\n\r\n\t\t<div class=\"property-item-content\">\n\t\t\t<div class=\"property-heading\">\n                <h2 class=\"property-title\">\n    <a href=\"https:\/\/villasyfincasmallorca.com\/en\/property\/rural-plot-for-sale-with-project-and-power-near-ses-salines-in-campos\/\" title=\"14,700 m\u00b2 Rural Plot with Project and Electrical Supply Next to Ses Salines\">14,700 m\u00b2 Rural Plot with Project and Electrical Supply Next to Ses Salines<\/a>\n<\/h2>\n\t<span class=\"property-price ere__loop-property-price\">\n\t\t\t\t650.000\u20ac\t\t\t<\/span>\n\t\t\t<\/div>\n            <div class=\"property-element-inline\">\r\n    <div class=\"property-type-list\"><i class=\"fa fa-tag\"><\/i><a href=\"https:\/\/villasyfincasmallorca.com\/en\/property-type\/land\/\" rel=\"tag\">Land<\/a><\/div><div class=\"property-agent\">\r\n    <a href=\"https:\/\/villasyfincasmallorca.com\/en\/agent\/villas-y-fincas-mallorca\/\" title=\"Villas y Fincas Mallorca\">\r\n        <i class=\"fa fa-user\"><\/i>\r\n        <span>Villas y Fincas Mallorca<\/span>\r\n    <\/a>\r\n<\/div>\r\n<div class=\"property-date\">\r\n    <i class=\"fa fa-calendar\"><\/i>\r\n     56 years ago<\/div>\r\n<\/div>\r\n<div class=\"property-excerpt\">\r\n    <p>[vc_row][vc_column][vc_column_text css_animation=&#8221;fadeIn&#8221;]Finding a rural plot for sale in southeastern Mallorca with three combined advantages \u2014 a generous surface, an already-developed architectural project, and electrical supply available \u2014 is something that doesn&#8217;t happen often in today&#8217;s market. This rural plot of approximately 14,700 square meters, located in the Campos municipality next to Ses Salines, offers exactly [&hellip;]<\/p>\n<\/div>\r\n<div class=\"ere__loop-property-info property-info layout-1\">\r\n    <div class=\"property-info-inner\">\r\n            <\/div>\r\n<\/div>\r\n\n\t\t<\/div>\n\t<\/div>\n<\/div><div class=\"property-item ere-property-is-featured\">\n\t<div class=\"property-inner\">\n        <div class=\"property-image\">\r\n    <img loading=\"lazy\" decoding=\"async\" width=\"330\"\r\n     height=\"180\"\r\n     src=\"https:\/\/villasyfincasmallorca.com\/wp-content\/uploads\/2025\/11\/01_4-330x180.jpg\"\r\n     onerror=\"this.src = 'http:\/\/villasyfincasmallorca.com\/wp-content\/uploads\/2017\/12\/1-VF-2-330x180.jpg';\"\r\n     alt=\"New-Build Town House with Pool and Rooftop in Ses Salines\"\r\n     title=\"New-Build Town House with Pool and Rooftop in Ses Salines\">\r\n\r\n<div class=\"ere__loop-property-action property-action\">\r\n    <a data-toggle=\"tooltip\"\r\n   title=\"(8) Photos\"\r\n   data-property-id=\"61150\"\r\n   href=\"javascript:void(0)\" class=\"property-view-gallery ere__loop-property_action-item\">\r\n    <i class=\"fa fa-camera\"><\/i>\r\n<\/a>\r\n<a href=\"javascript:void(0)\" class=\"property-favorite ere__loop-property_action-item\" data-property-id=\"61150\"\r\n   data-toggle=\"tooltip\"\r\n   title=\"Add to Favorite\"\r\n   data-title-not-favorite=\"Add to Favorite\"\r\n   data-title-favorited=\"It is my favorite\"\r\n   data-icon-not-favorite=\"fa fa-star-o\"\r\n   data-icon-favorited=\"fa fa-star\">\r\n    <i class=\"fa fa-star-o\"><\/i>\r\n<\/a>\r\n<a class=\"compare-property ere__loop-property_action-item\" href=\"javascript:void(0)\"\r\n   data-property-id=\"61150\" data-toggle=\"tooltip\"\r\n   title=\"Compare\">\r\n    <i class=\"fa fa-plus\"><\/i>\r\n<\/a>\r\n<\/div><div class=\"ere__loop-property-badge ere__lpb-featured-label\">\r\n            <span class=\"ere__loop-property-badge-item ere__featured\">\r\n    <span class=\"ere__lpbi-inner\">\r\n        Featured    <\/span>\r\n<\/span>\r\n    <\/div>\r\n<div class=\"ere__loop-property-badge ere__lpb-status\">\r\n                    <span style=\"--ere-loop-property-badge-bg-color:,\" class=\"ere__loop-property-badge-item ere__term-status for-sale\" >\r\n            <span class=\"ere__lpbi-inner\">\r\n                For sale            <\/span>\r\n        <\/span>\r\n    <\/div>\r\n<a class=\"property-link\" href=\"https:\/\/villasyfincasmallorca.com\/en\/property\/new-build-town-house-with-patio-pool-and-rooftop-in-ses-salines\/\" title=\"New-Build Town House with Pool and Rooftop in Ses Salines\"><\/a>\r\n<\/div>\r\n\r\n\t\t<div class=\"property-item-content\">\n\t\t\t<div class=\"property-heading\">\n                <h2 class=\"property-title\">\n    <a href=\"https:\/\/villasyfincasmallorca.com\/en\/property\/new-build-town-house-with-patio-pool-and-rooftop-in-ses-salines\/\" title=\"New-Build Town House with Pool and Rooftop in Ses Salines\">New-Build Town House with Pool and Rooftop in Ses Salines<\/a>\n<\/h2>\n\t<span class=\"property-price ere__loop-property-price\">\n\t\t\t\t1.190.000\u20ac\t\t\t<\/span>\n\t\t\t<\/div>\n            <div class=\"property-element-inline\">\r\n    <div class=\"property-type-list\"><i class=\"fa fa-tag\"><\/i><a href=\"https:\/\/villasyfincasmallorca.com\/en\/property-type\/house\/\" rel=\"tag\">House<\/a><\/div><div class=\"property-agent\">\r\n    <a href=\"https:\/\/villasyfincasmallorca.com\/en\/agent\/villas-y-fincas-mallorca\/\" title=\"Villas y Fincas Mallorca\">\r\n        <i class=\"fa fa-user\"><\/i>\r\n        <span>Villas y Fincas Mallorca<\/span>\r\n    <\/a>\r\n<\/div>\r\n<div class=\"property-date\">\r\n    <i class=\"fa fa-calendar\"><\/i>\r\n     56 years ago<\/div>\r\n<\/div>\r\n<div class=\"property-excerpt\">\r\n    <p>[vc_row][vc_column][vc_column_text css_animation=&#8221;fadeIn&#8221;]Some properties make sense the moment you cross the threshold. This new-build town house in Ses Salines is one of them. Located in the heart of the village \u2014 one of the most authentic and best-preserved towns in southeastern Mallorca \u2014 it has been designed from scratch for those who want to move into [&hellip;]<\/p>\n<\/div>\r\n<div class=\"ere__loop-property-info property-info layout-1\">\r\n    <div class=\"property-info-inner\">\r\n        <div class=\"ere__loop-property-info-item property-area\" data-toggle=\"tooltip\" title=\"Size\">\r\n    <i class=\"fa fa-arrows\"><\/i>\r\n    <div class=\"ere__lpi-content\">\r\n        <span class=\"ere__lpi-value\">134 m<sup>2<\/sup><\/span>\r\n        <span class=\"ere__lpi-label\">Size<\/span>\r\n    <\/div>\r\n<\/div>\r\n\r\n<div class=\"ere__loop-property-info-item property-bedrooms\" data-toggle=\"tooltip\" title=\"2 Bedrooms\">\r\n    <i class=\"fa fa-hotel\"><\/i>\r\n    <div class=\"ere__lpi-content\">\r\n        <span class=\"ere__lpi-value\">2<\/span>\r\n        <span class=\"ere__lpi-label\">Bedrooms<\/span>\r\n    <\/div>\r\n<\/div><div class=\"ere__loop-property-info-item property-bathrooms\" data-toggle=\"tooltip\" title=\"2 Bathrooms\">\r\n    <i class=\"fa fa-bath\"><\/i>\r\n    <div class=\"ere__lpi-content\">\r\n        <span class=\"ere__lpi-value\">2<\/span>\r\n        <span class=\"ere__lpi-label\">Bathrooms<\/span>\r\n    <\/div>\r\n<\/div>\r\n    <\/div>\r\n<\/div>\r\n\n\t\t<\/div>\n\t<\/div>\n<\/div><div class=\"property-item ere-property-is-featured\">\n\t<div class=\"property-inner\">\n        <div class=\"property-image\">\r\n    <img loading=\"lazy\" decoding=\"async\" width=\"330\"\r\n     height=\"180\"\r\n     src=\"https:\/\/villasyfincasmallorca.com\/wp-content\/uploads\/2025\/07\/01-FACHADA-scaled-330x180.jpg\"\r\n     onerror=\"this.src = 'http:\/\/villasyfincasmallorca.com\/wp-content\/uploads\/2017\/12\/1-VF-2-330x180.jpg';\"\r\n     alt=\"Newly built town house in Ses Salines with garden, pool and garage\"\r\n     title=\"Newly built town house in Ses Salines with garden, pool and garage\">\r\n\r\n<div class=\"ere__loop-property-action property-action\">\r\n    <a data-toggle=\"tooltip\"\r\n   title=\"(8) Photos\"\r\n   data-property-id=\"60213\"\r\n   href=\"javascript:void(0)\" class=\"property-view-gallery ere__loop-property_action-item\">\r\n    <i class=\"fa fa-camera\"><\/i>\r\n<\/a>\r\n<a href=\"javascript:void(0)\" class=\"property-favorite ere__loop-property_action-item\" data-property-id=\"60213\"\r\n   data-toggle=\"tooltip\"\r\n   title=\"Add to Favorite\"\r\n   data-title-not-favorite=\"Add to Favorite\"\r\n   data-title-favorited=\"It is my favorite\"\r\n   data-icon-not-favorite=\"fa fa-star-o\"\r\n   data-icon-favorited=\"fa fa-star\">\r\n    <i class=\"fa fa-star-o\"><\/i>\r\n<\/a>\r\n<a class=\"compare-property ere__loop-property_action-item\" href=\"javascript:void(0)\"\r\n   data-property-id=\"60213\" data-toggle=\"tooltip\"\r\n   title=\"Compare\">\r\n    <i class=\"fa fa-plus\"><\/i>\r\n<\/a>\r\n<\/div><div class=\"ere__loop-property-badge ere__lpb-featured-label\">\r\n            <span class=\"ere__loop-property-badge-item ere__featured\">\r\n    <span class=\"ere__lpbi-inner\">\r\n        Featured    <\/span>\r\n<\/span>\r\n    <\/div>\r\n<div class=\"ere__loop-property-badge ere__lpb-status\">\r\n                    <span style=\"--ere-loop-property-badge-bg-color:,\" class=\"ere__loop-property-badge-item ere__term-status for-sale\" >\r\n            <span class=\"ere__lpbi-inner\">\r\n                For sale            <\/span>\r\n        <\/span>\r\n    <\/div>\r\n<a class=\"property-link\" href=\"https:\/\/villasyfincasmallorca.com\/en\/property\/newly-built-town-house-in-ses-salines-with-garden-pool-and-garage\/\" title=\"Newly built town house in Ses Salines with garden, pool and garage\"><\/a>\r\n<\/div>\r\n\r\n\t\t<div class=\"property-item-content\">\n\t\t\t<div class=\"property-heading\">\n                <h2 class=\"property-title\">\n    <a href=\"https:\/\/villasyfincasmallorca.com\/en\/property\/newly-built-town-house-in-ses-salines-with-garden-pool-and-garage\/\" title=\"Newly built town house in Ses Salines with garden, pool and garage\">Newly built town house in Ses Salines with garden, pool and garage<\/a>\n<\/h2>\n\t<span class=\"property-price ere__loop-property-price\">\n\t\t\t\t725.000\u20ac\t\t\t<\/span>\n\t\t\t<\/div>\n            <div class=\"property-element-inline\">\r\n    <div class=\"property-type-list\"><i class=\"fa fa-tag\"><\/i><a href=\"https:\/\/villasyfincasmallorca.com\/en\/property-type\/house\/\" rel=\"tag\">House<\/a><\/div><div class=\"property-agent\">\r\n    <a href=\"https:\/\/villasyfincasmallorca.com\/agent\/villas-y-fincas-mallorca\/\" title=\"Villas y Fincas Mallorca\">\r\n        <i class=\"fa fa-user\"><\/i>\r\n        <span>Villas y Fincas Mallorca<\/span>\r\n    <\/a>\r\n<\/div>\r\n<div class=\"property-date\">\r\n    <i class=\"fa fa-calendar\"><\/i>\r\n     56 years ago<\/div>\r\n<\/div>\r\n<div class=\"property-excerpt\">\r\n    <p>[vc_row][vc_column][vc_column_text css_animation=&#8221;fadeIn&#8221;]Finding a newly built town house in Ses Salines with a private garden, pool, and garage, ready to move in, in the southeastern corner of Mallorca, is one of those combinations that almost never comes together at once. This home delivers all of it: 145 square meters of contemporary construction on a 170-square-meter plot, [&hellip;]<\/p>\n<\/div>\r\n<div class=\"ere__loop-property-info property-info layout-1\">\r\n    <div class=\"property-info-inner\">\r\n        <div class=\"ere__loop-property-info-item property-area\" data-toggle=\"tooltip\" title=\"Size\">\r\n    <i class=\"fa fa-arrows\"><\/i>\r\n    <div class=\"ere__lpi-content\">\r\n        <span class=\"ere__lpi-value\">145 m<sup>2<\/sup><\/span>\r\n        <span class=\"ere__lpi-label\">Size<\/span>\r\n    <\/div>\r\n<\/div>\r\n\r\n<div class=\"ere__loop-property-info-item property-bedrooms\" data-toggle=\"tooltip\" title=\"3 Bedrooms\">\r\n    <i class=\"fa fa-hotel\"><\/i>\r\n    <div class=\"ere__lpi-content\">\r\n        <span class=\"ere__lpi-value\">3<\/span>\r\n        <span class=\"ere__lpi-label\">Bedrooms<\/span>\r\n    <\/div>\r\n<\/div><div class=\"ere__loop-property-info-item property-bathrooms\" data-toggle=\"tooltip\" title=\"2 Bathrooms\">\r\n    <i class=\"fa fa-bath\"><\/i>\r\n    <div class=\"ere__lpi-content\">\r\n        <span class=\"ere__lpi-value\">2<\/span>\r\n        <span class=\"ere__lpi-label\">Bathrooms<\/span>\r\n    <\/div>\r\n<\/div>\r\n    <\/div>\r\n<\/div>\r\n\n\t\t<\/div>\n\t<\/div>\n<\/div><div class=\"property-item ere-property-is-featured\">\n\t<div class=\"property-inner\">\n        <div class=\"property-image\">\r\n    <img loading=\"lazy\" decoding=\"async\" width=\"330\"\r\n     height=\"180\"\r\n     src=\"https:\/\/villasyfincasmallorca.com\/wp-content\/uploads\/2025\/07\/Beautiful-Country-Estate-in-Cala-San-Vicenc-Pollenca-for-sale-02-330x180.jpg\"\r\n     onerror=\"this.src = 'http:\/\/villasyfincasmallorca.com\/wp-content\/uploads\/2017\/12\/1-VF-2-330x180.jpg';\"\r\n     alt=\"Ca&#8217;n Martorellet: 13th-Century Historic Possessi\u00f3 with 244 Hectares in Pollen\u00e7a\"\r\n     title=\"Ca&#8217;n Martorellet: 13th-Century Historic Possessi\u00f3 with 244 Hectares in Pollen\u00e7a\">\r\n\r\n<div class=\"ere__loop-property-action property-action\">\r\n    <a data-toggle=\"tooltip\"\r\n   title=\"(23) Photos\"\r\n   data-property-id=\"60181\"\r\n   href=\"javascript:void(0)\" class=\"property-view-gallery ere__loop-property_action-item\">\r\n    <i class=\"fa fa-camera\"><\/i>\r\n<\/a>\r\n<a href=\"javascript:void(0)\" class=\"property-favorite ere__loop-property_action-item\" data-property-id=\"60181\"\r\n   data-toggle=\"tooltip\"\r\n   title=\"Add to Favorite\"\r\n   data-title-not-favorite=\"Add to Favorite\"\r\n   data-title-favorited=\"It is my favorite\"\r\n   data-icon-not-favorite=\"fa fa-star-o\"\r\n   data-icon-favorited=\"fa fa-star\">\r\n    <i class=\"fa fa-star-o\"><\/i>\r\n<\/a>\r\n<a class=\"compare-property ere__loop-property_action-item\" href=\"javascript:void(0)\"\r\n   data-property-id=\"60181\" data-toggle=\"tooltip\"\r\n   title=\"Compare\">\r\n    <i class=\"fa fa-plus\"><\/i>\r\n<\/a>\r\n<\/div><div class=\"ere__loop-property-badge ere__lpb-featured-label\">\r\n            <span class=\"ere__loop-property-badge-item ere__featured\">\r\n    <span class=\"ere__lpbi-inner\">\r\n        Featured    <\/span>\r\n<\/span>\r\n    <\/div>\r\n<div class=\"ere__loop-property-badge ere__lpb-status\">\r\n                    <span style=\"--ere-loop-property-badge-bg-color:,\" class=\"ere__loop-property-badge-item ere__term-status for-sale\" >\r\n            <span class=\"ere__lpbi-inner\">\r\n                For sale            <\/span>\r\n        <\/span>\r\n    <\/div>\r\n<a class=\"property-link\" href=\"https:\/\/villasyfincasmallorca.com\/en\/property\/historic-estate-in-pollenca-to-renovate-with-over-8900-sq-ft-of-built-area-and-unique-potential\/\" title=\"Ca&#8217;n Martorellet: 13th-Century Historic Possessi\u00f3 with 244 Hectares in Pollen\u00e7a\"><\/a>\r\n<\/div>\r\n\r\n\t\t<div class=\"property-item-content\">\n\t\t\t<div class=\"property-heading\">\n                <h2 class=\"property-title\">\n    <a href=\"https:\/\/villasyfincasmallorca.com\/en\/property\/historic-estate-in-pollenca-to-renovate-with-over-8900-sq-ft-of-built-area-and-unique-potential\/\" title=\"Ca&#8217;n Martorellet: 13th-Century Historic Possessi\u00f3 with 244 Hectares in Pollen\u00e7a\">Ca&#8217;n Martorellet: 13th-Century Historic Possessi\u00f3 with 244 Hectares in Pollen\u00e7a<\/a>\n<\/h2>\n\t<span class=\"property-price ere__loop-property-price\">\n\t\t\t\t6.500.000\u20ac\t\t\t<\/span>\n\t\t\t<\/div>\n            <div class=\"property-element-inline\">\r\n    <div class=\"property-type-list\"><i class=\"fa fa-tag\"><\/i><a href=\"https:\/\/villasyfincasmallorca.com\/en\/property-type\/country-house\/\" rel=\"tag\">Country house<\/a><\/div><div class=\"property-agent\">\r\n    <a href=\"https:\/\/villasyfincasmallorca.com\/agent\/villas-y-fincas-mallorca\/\" title=\"Villas y Fincas Mallorca\">\r\n        <i class=\"fa fa-user\"><\/i>\r\n        <span>Villas y Fincas Mallorca<\/span>\r\n    <\/a>\r\n<\/div>\r\n<div class=\"property-date\">\r\n    <i class=\"fa fa-calendar\"><\/i>\r\n     56 years ago<\/div>\r\n<\/div>\r\n<div class=\"property-excerpt\">\r\n    <p>[vc_row][vc_column][vc_column_text css_animation=&#8221;fadeIn&#8221;]There are properties, and then there are legacies. This historic possessi\u00f3 with more than 800 years of documented history for sale in the Vall de Sant Vicen\u00e7, next to Pollen\u00e7a, undeniably belongs to the second category. It is not a house, nor an estate, nor even a great rural property: it is Ca&#8217;n Martorellet, [&hellip;]<\/p>\n<\/div>\r\n<div class=\"ere__loop-property-info property-info layout-1\">\r\n    <div class=\"property-info-inner\">\r\n        <div class=\"ere__loop-property-info-item property-area\" data-toggle=\"tooltip\" title=\"Size\">\r\n    <i class=\"fa fa-arrows\"><\/i>\r\n    <div class=\"ere__lpi-content\">\r\n        <span class=\"ere__lpi-value\">831 m<sup>2<\/sup><\/span>\r\n        <span class=\"ere__lpi-label\">Size<\/span>\r\n    <\/div>\r\n<\/div>\r\n\r\n<div class=\"ere__loop-property-info-item property-bedrooms\" data-toggle=\"tooltip\" title=\"9 Bedrooms\">\r\n    <i class=\"fa fa-hotel\"><\/i>\r\n    <div class=\"ere__lpi-content\">\r\n        <span class=\"ere__lpi-value\">9<\/span>\r\n        <span class=\"ere__lpi-label\">Bedrooms<\/span>\r\n    <\/div>\r\n<\/div><div class=\"ere__loop-property-info-item property-bathrooms\" data-toggle=\"tooltip\" title=\"6 Bathrooms\">\r\n    <i class=\"fa fa-bath\"><\/i>\r\n    <div class=\"ere__lpi-content\">\r\n        <span class=\"ere__lpi-value\">6<\/span>\r\n        <span class=\"ere__lpi-label\">Bathrooms<\/span>\r\n    <\/div>\r\n<\/div>\r\n    <\/div>\r\n<\/div>\r\n\n\t\t<\/div>\n\t<\/div>\n<\/div><div class=\"property-item ere-property-is-featured\">\n\t<div class=\"property-inner\">\n        <div class=\"property-image\">\r\n    <img loading=\"lazy\" decoding=\"async\" width=\"330\"\r\n     height=\"180\"\r\n     src=\"https:\/\/villasyfincasmallorca.com\/wp-content\/uploads\/2025\/07\/2-330x180.png\"\r\n     onerror=\"this.src = 'http:\/\/villasyfincasmallorca.com\/wp-content\/uploads\/2017\/12\/1-VF-2-330x180.jpg';\"\r\n     alt=\"215 m\u00b2 Town House with Two Registry Plots and Double Access in Ses Salines\"\r\n     title=\"215 m\u00b2 Town House with Two Registry Plots and Double Access in Ses Salines\">\r\n\r\n<div class=\"ere__loop-property-action property-action\">\r\n    <a data-toggle=\"tooltip\"\r\n   title=\"(31) Photos\"\r\n   data-property-id=\"59816\"\r\n   href=\"javascript:void(0)\" class=\"property-view-gallery ere__loop-property_action-item\">\r\n    <i class=\"fa fa-camera\"><\/i>\r\n<\/a>\r\n<a href=\"javascript:void(0)\" class=\"property-favorite ere__loop-property_action-item\" data-property-id=\"59816\"\r\n   data-toggle=\"tooltip\"\r\n   title=\"Add to Favorite\"\r\n   data-title-not-favorite=\"Add to Favorite\"\r\n   data-title-favorited=\"It is my favorite\"\r\n   data-icon-not-favorite=\"fa fa-star-o\"\r\n   data-icon-favorited=\"fa fa-star\">\r\n    <i class=\"fa fa-star-o\"><\/i>\r\n<\/a>\r\n<a class=\"compare-property ere__loop-property_action-item\" href=\"javascript:void(0)\"\r\n   data-property-id=\"59816\" data-toggle=\"tooltip\"\r\n   title=\"Compare\">\r\n    <i class=\"fa fa-plus\"><\/i>\r\n<\/a>\r\n<\/div><div class=\"ere__loop-property-badge ere__lpb-featured-label\">\r\n            <span class=\"ere__loop-property-badge-item ere__featured\">\r\n    <span class=\"ere__lpbi-inner\">\r\n        Featured    <\/span>\r\n<\/span>\r\n    <\/div>\r\n<div class=\"ere__loop-property-badge ere__lpb-status\">\r\n                    <span style=\"--ere-loop-property-badge-bg-color:,\" class=\"ere__loop-property-badge-item ere__term-status for-sale\" >\r\n            <span class=\"ere__lpbi-inner\">\r\n                For sale            <\/span>\r\n        <\/span>\r\n    <\/div>\r\n<a class=\"property-link\" href=\"https:\/\/villasyfincasmallorca.com\/en\/property\/versatile-two-story-town-house-for-sale-in-the-heart-of-ses-salines\/\" title=\"215 m\u00b2 Town House with Two Registry Plots and Double Access in Ses Salines\"><\/a>\r\n<\/div>\r\n\r\n\t\t<div class=\"property-item-content\">\n\t\t\t<div class=\"property-heading\">\n                <h2 class=\"property-title\">\n    <a href=\"https:\/\/villasyfincasmallorca.com\/en\/property\/versatile-two-story-town-house-for-sale-in-the-heart-of-ses-salines\/\" title=\"215 m\u00b2 Town House with Two Registry Plots and Double Access in Ses Salines\">215 m\u00b2 Town House with Two Registry Plots and Double Access in Ses Salines<\/a>\n<\/h2>\n\t<span class=\"property-price ere__loop-property-price\">\n\t\t\t\t475.000\u20ac\t\t\t<\/span>\n\t\t\t<\/div>\n            <div class=\"property-element-inline\">\r\n    <div class=\"property-type-list\"><i class=\"fa fa-tag\"><\/i><a href=\"https:\/\/villasyfincasmallorca.com\/en\/property-type\/house\/\" rel=\"tag\">House<\/a><\/div><div class=\"property-agent\">\r\n    <a href=\"https:\/\/villasyfincasmallorca.com\/agent\/villas-y-fincas-mallorca\/\" title=\"Villas y Fincas Mallorca\">\r\n        <i class=\"fa fa-user\"><\/i>\r\n        <span>Villas y Fincas Mallorca<\/span>\r\n    <\/a>\r\n<\/div>\r\n<div class=\"property-date\">\r\n    <i class=\"fa fa-calendar\"><\/i>\r\n     56 years ago<\/div>\r\n<\/div>\r\n<div class=\"property-excerpt\">\r\n    <p>[vc_row][vc_column][vc_column_text css_animation=&#8221;fadeIn&#8221;]There are conventional properties and there are properties with true flexibility of use. This town house for sale in Ses Salines belongs firmly to the second category: 215 square meters built distributed over two floors, three bedrooms, two bathrooms, complete climate control, heating, private rear terrace, and an exceptional architectural feature that makes the [&hellip;]<\/p>\n<\/div>\r\n<div class=\"ere__loop-property-info property-info layout-1\">\r\n    <div class=\"property-info-inner\">\r\n        <div class=\"ere__loop-property-info-item property-area\" data-toggle=\"tooltip\" title=\"Size\">\r\n    <i class=\"fa fa-arrows\"><\/i>\r\n    <div class=\"ere__lpi-content\">\r\n        <span class=\"ere__lpi-value\">215 m<sup>2<\/sup><\/span>\r\n        <span class=\"ere__lpi-label\">Size<\/span>\r\n    <\/div>\r\n<\/div>\r\n\r\n<div class=\"ere__loop-property-info-item property-bedrooms\" data-toggle=\"tooltip\" title=\"3 Bedrooms\">\r\n    <i class=\"fa fa-hotel\"><\/i>\r\n    <div class=\"ere__lpi-content\">\r\n        <span class=\"ere__lpi-value\">3<\/span>\r\n        <span class=\"ere__lpi-label\">Bedrooms<\/span>\r\n    <\/div>\r\n<\/div><div class=\"ere__loop-property-info-item property-bathrooms\" data-toggle=\"tooltip\" title=\"2 Bathrooms\">\r\n    <i class=\"fa fa-bath\"><\/i>\r\n    <div class=\"ere__lpi-content\">\r\n        <span class=\"ere__lpi-value\">2<\/span>\r\n        <span class=\"ere__lpi-label\">Bathrooms<\/span>\r\n    <\/div>\r\n<\/div>\r\n    <\/div>\r\n<\/div>\r\n\n\t\t<\/div>\n\t<\/div>\n<\/div><div class=\"property-item ere-property-is-featured\">\n\t<div class=\"property-inner\">\n        <div class=\"property-image\">\r\n    <img loading=\"lazy\" decoding=\"async\" width=\"330\"\r\n     height=\"180\"\r\n     src=\"https:\/\/villasyfincasmallorca.com\/wp-content\/uploads\/2025\/06\/New-built-villa-for-sale-with-swimming-in-Sa-Rapita-01-330x180.jpg\"\r\n     onerror=\"this.src = 'http:\/\/villasyfincasmallorca.com\/wp-content\/uploads\/2017\/12\/1-VF-2-330x180.jpg';\"\r\n     alt=\"New-Build 2025 Single-Level Villa with 3 En-Suite Bedrooms and Pool in Sa R\u00e1pita\"\r\n     title=\"New-Build 2025 Single-Level Villa with 3 En-Suite Bedrooms and Pool in Sa R\u00e1pita\">\r\n\r\n<div class=\"ere__loop-property-action property-action\">\r\n    <a data-toggle=\"tooltip\"\r\n   title=\"(35) Photos\"\r\n   data-property-id=\"59347\"\r\n   href=\"javascript:void(0)\" class=\"property-view-gallery ere__loop-property_action-item\">\r\n    <i class=\"fa fa-camera\"><\/i>\r\n<\/a>\r\n<a href=\"javascript:void(0)\" class=\"property-favorite ere__loop-property_action-item\" data-property-id=\"59347\"\r\n   data-toggle=\"tooltip\"\r\n   title=\"Add to Favorite\"\r\n   data-title-not-favorite=\"Add to Favorite\"\r\n   data-title-favorited=\"It is my favorite\"\r\n   data-icon-not-favorite=\"fa fa-star-o\"\r\n   data-icon-favorited=\"fa fa-star\">\r\n    <i class=\"fa fa-star-o\"><\/i>\r\n<\/a>\r\n<a class=\"compare-property ere__loop-property_action-item\" href=\"javascript:void(0)\"\r\n   data-property-id=\"59347\" data-toggle=\"tooltip\"\r\n   title=\"Compare\">\r\n    <i class=\"fa fa-plus\"><\/i>\r\n<\/a>\r\n<\/div><div class=\"ere__loop-property-badge ere__lpb-featured-label\">\r\n            <span class=\"ere__loop-property-badge-item ere__featured\">\r\n    <span class=\"ere__lpbi-inner\">\r\n        Featured    <\/span>\r\n<\/span>\r\n    <\/div>\r\n<div class=\"ere__loop-property-badge ere__lpb-status\">\r\n                    <span style=\"--ere-loop-property-badge-bg-color:,\" class=\"ere__loop-property-badge-item ere__term-status for-sale\" >\r\n            <span class=\"ere__lpbi-inner\">\r\n                For sale            <\/span>\r\n        <\/span>\r\n    <\/div>\r\n<a class=\"property-link\" href=\"https:\/\/villasyfincasmallorca.com\/en\/property\/newly-built-villa-with-pool-and-garden-for-sale-in-sa-rapita\/\" title=\"New-Build 2025 Single-Level Villa with 3 En-Suite Bedrooms and Pool in Sa R\u00e1pita\"><\/a>\r\n<\/div>\r\n\r\n\t\t<div class=\"property-item-content\">\n\t\t\t<div class=\"property-heading\">\n                <h2 class=\"property-title\">\n    <a href=\"https:\/\/villasyfincasmallorca.com\/en\/property\/newly-built-villa-with-pool-and-garden-for-sale-in-sa-rapita\/\" title=\"New-Build 2025 Single-Level Villa with 3 En-Suite Bedrooms and Pool in Sa R\u00e1pita\">New-Build 2025 Single-Level Villa with 3 En-Suite Bedrooms and Pool in Sa R\u00e1pita<\/a>\n<\/h2>\n\t<span class=\"property-price ere__loop-property-price\">\n\t\t\t\t1.099.000\u20ac\t\t\t<\/span>\n\t\t\t<\/div>\n            <div class=\"property-element-inline\">\r\n    <div class=\"property-type-list\"><i class=\"fa fa-tag\"><\/i><a href=\"https:\/\/villasyfincasmallorca.com\/en\/property-type\/villa-en\/\" rel=\"tag\">Villa<\/a><\/div><div class=\"property-agent\">\r\n    <a href=\"https:\/\/villasyfincasmallorca.com\/agent\/villas-y-fincas-mallorca\/\" title=\"Villas y Fincas Mallorca\">\r\n        <i class=\"fa fa-user\"><\/i>\r\n        <span>Villas y Fincas Mallorca<\/span>\r\n    <\/a>\r\n<\/div>\r\n<div class=\"property-date\">\r\n    <i class=\"fa fa-calendar\"><\/i>\r\n     56 years ago<\/div>\r\n<\/div>\r\n<div class=\"property-excerpt\">\r\n    <p>[vc_row][vc_column][vc_column_text css_animation=&#8221;fadeIn&#8221;]Some properties come to the market with a combination of factors that is hard to find: a recently completed new-build, a single-level layout with accessible distribution, three en-suite bedrooms, a private pool designed for real swimming, a low-maintenance garden, and a location right in Sa R\u00e1pita, on a quiet residential street. This villa for [&hellip;]<\/p>\n<\/div>\r\n<div class=\"ere__loop-property-info property-info layout-1\">\r\n    <div class=\"property-info-inner\">\r\n        <div class=\"ere__loop-property-info-item property-area\" data-toggle=\"tooltip\" title=\"Size\">\r\n    <i class=\"fa fa-arrows\"><\/i>\r\n    <div class=\"ere__lpi-content\">\r\n        <span class=\"ere__lpi-value\">176 m<sup>2<\/sup><\/span>\r\n        <span class=\"ere__lpi-label\">Size<\/span>\r\n    <\/div>\r\n<\/div>\r\n\r\n<div class=\"ere__loop-property-info-item property-bedrooms\" data-toggle=\"tooltip\" title=\"3 Bedrooms\">\r\n    <i class=\"fa fa-hotel\"><\/i>\r\n    <div class=\"ere__lpi-content\">\r\n        <span class=\"ere__lpi-value\">3<\/span>\r\n        <span class=\"ere__lpi-label\">Bedrooms<\/span>\r\n    <\/div>\r\n<\/div><div class=\"ere__loop-property-info-item property-bathrooms\" data-toggle=\"tooltip\" title=\"3 Bathrooms\">\r\n    <i class=\"fa fa-bath\"><\/i>\r\n    <div class=\"ere__lpi-content\">\r\n        <span class=\"ere__lpi-value\">3<\/span>\r\n        <span class=\"ere__lpi-label\">Bathrooms<\/span>\r\n    <\/div>\r\n<\/div>\r\n    <\/div>\r\n<\/div>\r\n\n\t\t<\/div>\n\t<\/div>\n<\/div><div class=\"property-item ere-property-is-featured\">\n\t<div class=\"property-inner\">\n        <div class=\"property-image\">\r\n    <img loading=\"lazy\" decoding=\"async\" width=\"330\"\r\n     height=\"180\"\r\n     src=\"https:\/\/villasyfincasmallorca.com\/wp-content\/uploads\/2025\/06\/LWP3777-330x180.jpg\"\r\n     onerror=\"this.src = 'http:\/\/villasyfincasmallorca.com\/wp-content\/uploads\/2017\/12\/1-VF-2-330x180.jpg';\"\r\n     alt=\"Single-Story Village Home in Ses Salines with Garden &amp; Patio\"\r\n     title=\"Single-Story Village Home in Ses Salines with Garden &amp; Patio\">\r\n\r\n<div class=\"ere__loop-property-action property-action\">\r\n    <a data-toggle=\"tooltip\"\r\n   title=\"(19) Photos\"\r\n   data-property-id=\"59232\"\r\n   href=\"javascript:void(0)\" class=\"property-view-gallery ere__loop-property_action-item\">\r\n    <i class=\"fa fa-camera\"><\/i>\r\n<\/a>\r\n<a href=\"javascript:void(0)\" class=\"property-favorite ere__loop-property_action-item\" data-property-id=\"59232\"\r\n   data-toggle=\"tooltip\"\r\n   title=\"Add to Favorite\"\r\n   data-title-not-favorite=\"Add to Favorite\"\r\n   data-title-favorited=\"It is my favorite\"\r\n   data-icon-not-favorite=\"fa fa-star-o\"\r\n   data-icon-favorited=\"fa fa-star\">\r\n    <i class=\"fa fa-star-o\"><\/i>\r\n<\/a>\r\n<a class=\"compare-property ere__loop-property_action-item\" href=\"javascript:void(0)\"\r\n   data-property-id=\"59232\" data-toggle=\"tooltip\"\r\n   title=\"Compare\">\r\n    <i class=\"fa fa-plus\"><\/i>\r\n<\/a>\r\n<\/div><div class=\"ere__loop-property-badge ere__lpb-featured-label\">\r\n            <span class=\"ere__loop-property-badge-item ere__featured\">\r\n    <span class=\"ere__lpbi-inner\">\r\n        Featured    <\/span>\r\n<\/span>\r\n    <\/div>\r\n<div class=\"ere__loop-property-badge ere__lpb-status\">\r\n                    <span style=\"--ere-loop-property-badge-bg-color:,\" class=\"ere__loop-property-badge-item ere__term-status for-sale\" >\r\n            <span class=\"ere__lpbi-inner\">\r\n                For sale            <\/span>\r\n        <\/span>\r\n    <\/div>\r\n<a class=\"property-link\" href=\"https:\/\/villasyfincasmallorca.com\/en\/property\/casa-de-pueblo-reformada-en-venta-en-ses-salines-con-terraza-patio-y-todo-en-una-sola-planta\/\" title=\"Single-Story Village Home in Ses Salines with Garden &amp; Patio\"><\/a>\r\n<\/div>\r\n\r\n\t\t<div class=\"property-item-content\">\n\t\t\t<div class=\"property-heading\">\n                <h2 class=\"property-title\">\n    <a href=\"https:\/\/villasyfincasmallorca.com\/en\/property\/casa-de-pueblo-reformada-en-venta-en-ses-salines-con-terraza-patio-y-todo-en-una-sola-planta\/\" title=\"Single-Story Village Home in Ses Salines with Garden &amp; Patio\">Single-Story Village Home in Ses Salines with Garden &amp; Patio<\/a>\n<\/h2>\n\t<span class=\"property-price ere__loop-property-price\">\n\t\t\t\t630.000\u20ac\t\t\t<\/span>\n\t\t\t<\/div>\n            <div class=\"property-element-inline\">\r\n    <div class=\"property-type-list\"><i class=\"fa fa-tag\"><\/i><a href=\"https:\/\/villasyfincasmallorca.com\/en\/property-type\/house\/\" rel=\"tag\">House<\/a><\/div><div class=\"property-agent\">\r\n    <a href=\"https:\/\/villasyfincasmallorca.com\/agent\/villas-y-fincas-mallorca\/\" title=\"Villas y Fincas Mallorca\">\r\n        <i class=\"fa fa-user\"><\/i>\r\n        <span>Villas y Fincas Mallorca<\/span>\r\n    <\/a>\r\n<\/div>\r\n<div class=\"property-date\">\r\n    <i class=\"fa fa-calendar\"><\/i>\r\n     56 years ago<\/div>\r\n<\/div>\r\n<div class=\"property-excerpt\">\r\n    <p>[vc_row][vc_column][vc_column_text css_animation=&#8221;fadeIn&#8221;]Some properties speak to you the moment you step inside. This renovated village house in Ses Salines does exactly that \u2014 delivering the quiet confidence of a home that has been thoughtfully updated without losing any of its Mallorcan soul. Set on a 287 m\u00b2 plot in the heart of one of southern Mallorca&#8217;s [&hellip;]<\/p>\n<\/div>\r\n<div class=\"ere__loop-property-info property-info layout-1\">\r\n    <div class=\"property-info-inner\">\r\n        <div class=\"ere__loop-property-info-item property-area\" data-toggle=\"tooltip\" title=\"Size\">\r\n    <i class=\"fa fa-arrows\"><\/i>\r\n    <div class=\"ere__lpi-content\">\r\n        <span class=\"ere__lpi-value\">105 m<sup>2<\/sup><\/span>\r\n        <span class=\"ere__lpi-label\">Size<\/span>\r\n    <\/div>\r\n<\/div>\r\n\r\n<div class=\"ere__loop-property-info-item property-bedrooms\" data-toggle=\"tooltip\" title=\"2 Bedrooms\">\r\n    <i class=\"fa fa-hotel\"><\/i>\r\n    <div class=\"ere__lpi-content\">\r\n        <span class=\"ere__lpi-value\">2<\/span>\r\n        <span class=\"ere__lpi-label\">Bedrooms<\/span>\r\n    <\/div>\r\n<\/div><div class=\"ere__loop-property-info-item property-bathrooms\" data-toggle=\"tooltip\" title=\"1 Bathroom\">\r\n    <i class=\"fa fa-bath\"><\/i>\r\n    <div class=\"ere__lpi-content\">\r\n        <span class=\"ere__lpi-value\">1<\/span>\r\n        <span class=\"ere__lpi-label\">Bathroom<\/span>\r\n    <\/div>\r\n<\/div>\r\n    <\/div>\r\n<\/div>\r\n\n\t\t<\/div>\n\t<\/div>\n<\/div><div class=\"property-item ere-property-is-featured\">\n\t<div class=\"property-inner\">\n        <div class=\"property-image\">\r\n    <img loading=\"lazy\" decoding=\"async\" width=\"330\"\r\n     height=\"180\"\r\n     src=\"https:\/\/villasyfincasmallorca.com\/wp-content\/uploads\/2025\/04\/339-Townhouse-for-sale-in-Ses-Salines-with-sea-views-27-330x180.jpg\"\r\n     onerror=\"this.src = 'http:\/\/villasyfincasmallorca.com\/wp-content\/uploads\/2017\/12\/1-VF-2-330x180.jpg';\"\r\n     alt=\"Village House in Ses Salines With Sea Views &amp; Garage\"\r\n     title=\"Village House in Ses Salines With Sea Views &amp; Garage\">\r\n\r\n<div class=\"ere__loop-property-action property-action\">\r\n    <a data-toggle=\"tooltip\"\r\n   title=\"(35) Photos\"\r\n   data-property-id=\"58646\"\r\n   href=\"javascript:void(0)\" class=\"property-view-gallery ere__loop-property_action-item\">\r\n    <i class=\"fa fa-camera\"><\/i>\r\n<\/a>\r\n<a href=\"javascript:void(0)\" class=\"property-favorite ere__loop-property_action-item\" data-property-id=\"58646\"\r\n   data-toggle=\"tooltip\"\r\n   title=\"Add to Favorite\"\r\n   data-title-not-favorite=\"Add to Favorite\"\r\n   data-title-favorited=\"It is my favorite\"\r\n   data-icon-not-favorite=\"fa fa-star-o\"\r\n   data-icon-favorited=\"fa fa-star\">\r\n    <i class=\"fa fa-star-o\"><\/i>\r\n<\/a>\r\n<a class=\"compare-property ere__loop-property_action-item\" href=\"javascript:void(0)\"\r\n   data-property-id=\"58646\" data-toggle=\"tooltip\"\r\n   title=\"Compare\">\r\n    <i class=\"fa fa-plus\"><\/i>\r\n<\/a>\r\n<\/div><div class=\"ere__loop-property-badge ere__lpb-featured-label\">\r\n            <span class=\"ere__loop-property-badge-item ere__featured\">\r\n    <span class=\"ere__lpbi-inner\">\r\n        Featured    <\/span>\r\n<\/span>\r\n    <\/div>\r\n<div class=\"ere__loop-property-badge ere__lpb-status\">\r\n                    <span style=\"--ere-loop-property-badge-bg-color:,\" class=\"ere__loop-property-badge-item ere__term-status for-sale\" >\r\n            <span class=\"ere__lpbi-inner\">\r\n                For sale            <\/span>\r\n        <\/span>\r\n    <\/div>\r\n<a class=\"property-link\" href=\"https:\/\/villasyfincasmallorca.com\/en\/property\/town-house-for-sale-in-ses-salines-with-sea-views\/\" title=\"Village House in Ses Salines With Sea Views &amp; Garage\"><\/a>\r\n<\/div>\r\n\r\n\t\t<div class=\"property-item-content\">\n\t\t\t<div class=\"property-heading\">\n                <h2 class=\"property-title\">\n    <a href=\"https:\/\/villasyfincasmallorca.com\/en\/property\/town-house-for-sale-in-ses-salines-with-sea-views\/\" title=\"Village House in Ses Salines With Sea Views &amp; Garage\">Village House in Ses Salines With Sea Views &amp; Garage<\/a>\n<\/h2>\n\t<span class=\"property-price ere__loop-property-price\">\n\t\t\t\t900.000\u20ac\t\t\t<\/span>\n\t\t\t<\/div>\n            <div class=\"property-element-inline\">\r\n    <div class=\"property-type-list\"><i class=\"fa fa-tag\"><\/i><a href=\"https:\/\/villasyfincasmallorca.com\/en\/property-type\/house\/\" rel=\"tag\">House<\/a><\/div><div class=\"property-agent\">\r\n    <a href=\"https:\/\/villasyfincasmallorca.com\/agent\/villas-y-fincas-mallorca\/\" title=\"Villas y Fincas Mallorca\">\r\n        <i class=\"fa fa-user\"><\/i>\r\n        <span>Villas y Fincas Mallorca<\/span>\r\n    <\/a>\r\n<\/div>\r\n<div class=\"property-date\">\r\n    <i class=\"fa fa-calendar\"><\/i>\r\n     56 years ago<\/div>\r\n<\/div>\r\n<div class=\"property-excerpt\">\r\n    <p>[vc_row][vc_column][vc_column_text css_animation=&#8221;fadeIn&#8221;]Some properties only come around once. This village house in Ses Salines is exactly that kind of find \u2014 a 461 m\u00b2 home sitting at the very heart of one of southern Mallorca&#8217;s most authentic and unspoiled towns, offering rooftop views stretching out over the Mediterranean to the silhouette of Cabrera island on the [&hellip;]<\/p>\n<\/div>\r\n<div class=\"ere__loop-property-info property-info layout-1\">\r\n    <div class=\"property-info-inner\">\r\n        <div class=\"ere__loop-property-info-item property-area\" data-toggle=\"tooltip\" title=\"Size\">\r\n    <i class=\"fa fa-arrows\"><\/i>\r\n    <div class=\"ere__lpi-content\">\r\n        <span class=\"ere__lpi-value\">461 m<sup>2<\/sup><\/span>\r\n        <span class=\"ere__lpi-label\">Size<\/span>\r\n    <\/div>\r\n<\/div>\r\n\r\n<div class=\"ere__loop-property-info-item property-bedrooms\" data-toggle=\"tooltip\" title=\"4 Bedrooms\">\r\n    <i class=\"fa fa-hotel\"><\/i>\r\n    <div class=\"ere__lpi-content\">\r\n        <span class=\"ere__lpi-value\">4<\/span>\r\n        <span class=\"ere__lpi-label\">Bedrooms<\/span>\r\n    <\/div>\r\n<\/div><div class=\"ere__loop-property-info-item property-bathrooms\" data-toggle=\"tooltip\" title=\"2 Bathrooms\">\r\n    <i class=\"fa fa-bath\"><\/i>\r\n    <div class=\"ere__lpi-content\">\r\n        <span class=\"ere__lpi-value\">2<\/span>\r\n        <span class=\"ere__lpi-label\">Bathrooms<\/span>\r\n    <\/div>\r\n<\/div>\r\n    <\/div>\r\n<\/div>\r\n\n\t\t<\/div>\n\t<\/div>\n<\/div><div class=\"property-item ere-property-is-featured\">\n\t<div class=\"property-inner\">\n        <div class=\"property-image\">\r\n    <img loading=\"lazy\" decoding=\"async\" width=\"330\"\r\n     height=\"180\"\r\n     src=\"https:\/\/villasyfincasmallorca.com\/wp-content\/uploads\/2025\/04\/LWP3248-Editar-330x180.jpg\"\r\n     onerror=\"this.src = 'http:\/\/villasyfincasmallorca.com\/wp-content\/uploads\/2017\/12\/1-VF-2-330x180.jpg';\"\r\n     alt=\"Townhouse for Rent in Ses Salines \u2013 4 Bedrooms, Terrace\"\r\n     title=\"Townhouse for Rent in Ses Salines \u2013 4 Bedrooms, Terrace\">\r\n\r\n<div class=\"ere__loop-property-action property-action\">\r\n    <a data-toggle=\"tooltip\"\r\n   title=\"(25) Photos\"\r\n   data-property-id=\"58525\"\r\n   href=\"javascript:void(0)\" class=\"property-view-gallery ere__loop-property_action-item\">\r\n    <i class=\"fa fa-camera\"><\/i>\r\n<\/a>\r\n<a href=\"javascript:void(0)\" class=\"property-favorite ere__loop-property_action-item\" data-property-id=\"58525\"\r\n   data-toggle=\"tooltip\"\r\n   title=\"Add to Favorite\"\r\n   data-title-not-favorite=\"Add to Favorite\"\r\n   data-title-favorited=\"It is my favorite\"\r\n   data-icon-not-favorite=\"fa fa-star-o\"\r\n   data-icon-favorited=\"fa fa-star\">\r\n    <i class=\"fa fa-star-o\"><\/i>\r\n<\/a>\r\n<a class=\"compare-property ere__loop-property_action-item\" href=\"javascript:void(0)\"\r\n   data-property-id=\"58525\" data-toggle=\"tooltip\"\r\n   title=\"Compare\">\r\n    <i class=\"fa fa-plus\"><\/i>\r\n<\/a>\r\n<\/div><div class=\"ere__loop-property-badge ere__lpb-featured-label\">\r\n            <span class=\"ere__loop-property-badge-item ere__featured\">\r\n    <span class=\"ere__lpbi-inner\">\r\n        Featured    <\/span>\r\n<\/span>\r\n    <\/div>\r\n<div class=\"ere__loop-property-badge ere__lpb-status\">\r\n                    <span class=\"ere__loop-property-badge-item ere__term-status to-rent\" >\r\n            <span class=\"ere__lpbi-inner\">\r\n                To rent            <\/span>\r\n        <\/span>\r\n    <\/div>\r\n<a class=\"property-link\" href=\"https:\/\/villasyfincasmallorca.com\/en\/property\/town-house-for-rent-in-ses-salines-spacious-and-great-location\/\" title=\"Townhouse for Rent in Ses Salines \u2013 4 Bedrooms, Terrace\"><\/a>\r\n<\/div>\r\n\r\n\t\t<div class=\"property-item-content\">\n\t\t\t<div class=\"property-heading\">\n                <h2 class=\"property-title\">\n    <a href=\"https:\/\/villasyfincasmallorca.com\/en\/property\/town-house-for-rent-in-ses-salines-spacious-and-great-location\/\" title=\"Townhouse for Rent in Ses Salines \u2013 4 Bedrooms, Terrace\">Townhouse for Rent in Ses Salines \u2013 4 Bedrooms, Terrace<\/a>\n<\/h2>\n\t<span class=\"property-price ere__loop-property-price\">\n\t\t\t\t1.300\u20ac\t\t\t<\/span>\n\t\t\t<\/div>\n            <div class=\"property-element-inline\">\r\n    <div class=\"property-type-list\"><i class=\"fa fa-tag\"><\/i><a href=\"https:\/\/villasyfincasmallorca.com\/en\/property-type\/house\/\" rel=\"tag\">House<\/a><\/div><div class=\"property-agent\">\r\n    <a href=\"https:\/\/villasyfincasmallorca.com\/en\/agent\/villas-y-fincas-mallorca\/\" title=\"Villas y Fincas Mallorca\">\r\n        <i class=\"fa fa-user\"><\/i>\r\n        <span>Villas y Fincas Mallorca<\/span>\r\n    <\/a>\r\n<\/div>\r\n<div class=\"property-date\">\r\n    <i class=\"fa fa-calendar\"><\/i>\r\n     56 years ago<\/div>\r\n<\/div>\r\n<div class=\"property-excerpt\">\r\n    <p>[vc_row][vc_column][vc_column_text css_animation=&#8221;fadeIn&#8221;]Picture yourself stepping out onto a sun-warmed terrace each morning, cup of coffee in hand, while the quiet rhythms of a traditional Mallorcan village unfold around you. This is everyday life in Ses Salines \u2014 one of the most authentic and sought-after villages in southern Mallorca \u2014 and this spacious four-bedroom townhouse puts you [&hellip;]<\/p>\n<\/div>\r\n<div class=\"ere__loop-property-info property-info layout-1\">\r\n    <div class=\"property-info-inner\">\r\n        <div class=\"ere__loop-property-info-item property-area\" data-toggle=\"tooltip\" title=\"Size\">\r\n    <i class=\"fa fa-arrows\"><\/i>\r\n    <div class=\"ere__lpi-content\">\r\n        <span class=\"ere__lpi-value\">135 m<sup>2<\/sup><\/span>\r\n        <span class=\"ere__lpi-label\">Size<\/span>\r\n    <\/div>\r\n<\/div>\r\n\r\n<div class=\"ere__loop-property-info-item property-bedrooms\" data-toggle=\"tooltip\" title=\"4 Bedrooms\">\r\n    <i class=\"fa fa-hotel\"><\/i>\r\n    <div class=\"ere__lpi-content\">\r\n        <span class=\"ere__lpi-value\">4<\/span>\r\n        <span class=\"ere__lpi-label\">Bedrooms<\/span>\r\n    <\/div>\r\n<\/div><div class=\"ere__loop-property-info-item property-bathrooms\" data-toggle=\"tooltip\" title=\"1 Bathroom\">\r\n    <i class=\"fa fa-bath\"><\/i>\r\n    <div class=\"ere__lpi-content\">\r\n        <span class=\"ere__lpi-value\">1<\/span>\r\n        <span class=\"ere__lpi-label\">Bathroom<\/span>\r\n    <\/div>\r\n<\/div>\r\n    <\/div>\r\n<\/div>\r\n\n\t\t<\/div>\n\t<\/div>\n<\/div><div class=\"property-item ere-property-is-featured\">\n\t<div class=\"property-inner\">\n        <div class=\"property-image\">\r\n    <img loading=\"lazy\" decoding=\"async\" width=\"330\"\r\n     height=\"180\"\r\n     src=\"https:\/\/villasyfincasmallorca.com\/wp-content\/uploads\/2025\/03\/1470-Villa-for-sale-in-Ses-Salines-with-sea-views-18-330x180.jpg\"\r\n     onerror=\"this.src = 'http:\/\/villasyfincasmallorca.com\/wp-content\/uploads\/2017\/12\/1-VF-2-330x180.jpg';\"\r\n     alt=\"Sea View Home in Ses Salines: 418 m\u00b2, 7 Beds &amp; Private Pool\"\r\n     title=\"Sea View Home in Ses Salines: 418 m\u00b2, 7 Beds &amp; Private Pool\">\r\n\r\n<div class=\"ere__loop-property-action property-action\">\r\n    <a data-toggle=\"tooltip\"\r\n   title=\"(56) Photos\"\r\n   data-property-id=\"58317\"\r\n   href=\"javascript:void(0)\" class=\"property-view-gallery ere__loop-property_action-item\">\r\n    <i class=\"fa fa-camera\"><\/i>\r\n<\/a>\r\n<a href=\"javascript:void(0)\" class=\"property-favorite ere__loop-property_action-item\" data-property-id=\"58317\"\r\n   data-toggle=\"tooltip\"\r\n   title=\"Add to Favorite\"\r\n   data-title-not-favorite=\"Add to Favorite\"\r\n   data-title-favorited=\"It is my favorite\"\r\n   data-icon-not-favorite=\"fa fa-star-o\"\r\n   data-icon-favorited=\"fa fa-star\">\r\n    <i class=\"fa fa-star-o\"><\/i>\r\n<\/a>\r\n<a class=\"compare-property ere__loop-property_action-item\" href=\"javascript:void(0)\"\r\n   data-property-id=\"58317\" data-toggle=\"tooltip\"\r\n   title=\"Compare\">\r\n    <i class=\"fa fa-plus\"><\/i>\r\n<\/a>\r\n<\/div><div class=\"ere__loop-property-badge ere__lpb-featured-label\">\r\n            <span class=\"ere__loop-property-badge-item ere__featured\">\r\n    <span class=\"ere__lpbi-inner\">\r\n        Featured    <\/span>\r\n<\/span>\r\n    <\/div>\r\n<div class=\"ere__loop-property-badge ere__lpb-status\">\r\n                    <span style=\"--ere-loop-property-badge-bg-color:,\" class=\"ere__loop-property-badge-item ere__term-status for-sale\" >\r\n            <span class=\"ere__lpbi-inner\">\r\n                For sale            <\/span>\r\n        <\/span>\r\n    <\/div>\r\n<a class=\"property-link\" href=\"https:\/\/villasyfincasmallorca.com\/en\/property\/house-with-sea-views-and-pool-in-ses-salines\/\" title=\"Sea View Home in Ses Salines: 418 m\u00b2, 7 Beds &amp; Private Pool\"><\/a>\r\n<\/div>\r\n\r\n\t\t<div class=\"property-item-content\">\n\t\t\t<div class=\"property-heading\">\n                <h2 class=\"property-title\">\n    <a href=\"https:\/\/villasyfincasmallorca.com\/en\/property\/house-with-sea-views-and-pool-in-ses-salines\/\" title=\"Sea View Home in Ses Salines: 418 m\u00b2, 7 Beds &amp; Private Pool\">Sea View Home in Ses Salines: 418 m\u00b2, 7 Beds &amp; Private Pool<\/a>\n<\/h2>\n\t<span class=\"property-price ere__loop-property-price\">\n\t\t\t\t2.750.000\u20ac\t\t\t<\/span>\n\t\t\t<\/div>\n            <div class=\"property-element-inline\">\r\n    <div class=\"property-type-list\"><i class=\"fa fa-tag\"><\/i><a href=\"https:\/\/villasyfincasmallorca.com\/en\/property-type\/house\/\" rel=\"tag\">House<\/a>, <a href=\"https:\/\/villasyfincasmallorca.com\/en\/property-type\/villa-en\/\" rel=\"tag\">Villa<\/a><\/div><div class=\"property-agent\">\r\n    <a href=\"https:\/\/villasyfincasmallorca.com\/agent\/villas-y-fincas-mallorca\/\" title=\"Villas y Fincas Mallorca\">\r\n        <i class=\"fa fa-user\"><\/i>\r\n        <span>Villas y Fincas Mallorca<\/span>\r\n    <\/a>\r\n<\/div>\r\n<div class=\"property-date\">\r\n    <i class=\"fa fa-calendar\"><\/i>\r\n     56 years ago<\/div>\r\n<\/div>\r\n<div class=\"property-excerpt\">\r\n    <p>[vc_row][vc_column][vc_column_text css_animation=&#8221;fadeIn&#8221;]Some properties speak for themselves the moment you arrive. This seven-bedroom home in Ses Salines is exactly that kind of place. Built in 1976 on a nearly 1,924-square-meter plot, with 418 square meters of built space, a private pool, and unobstructed sea views from multiple rooms, it offers a scale and solidity that simply [&hellip;]<\/p>\n<\/div>\r\n<div class=\"ere__loop-property-info property-info layout-1\">\r\n    <div class=\"property-info-inner\">\r\n        <div class=\"ere__loop-property-info-item property-area\" data-toggle=\"tooltip\" title=\"Size\">\r\n    <i class=\"fa fa-arrows\"><\/i>\r\n    <div class=\"ere__lpi-content\">\r\n        <span class=\"ere__lpi-value\">418 m<sup>2<\/sup><\/span>\r\n        <span class=\"ere__lpi-label\">Size<\/span>\r\n    <\/div>\r\n<\/div>\r\n\r\n<div class=\"ere__loop-property-info-item property-bedrooms\" data-toggle=\"tooltip\" title=\"7 Bedrooms\">\r\n    <i class=\"fa fa-hotel\"><\/i>\r\n    <div class=\"ere__lpi-content\">\r\n        <span class=\"ere__lpi-value\">7<\/span>\r\n        <span class=\"ere__lpi-label\">Bedrooms<\/span>\r\n    <\/div>\r\n<\/div><div class=\"ere__loop-property-info-item property-bathrooms\" data-toggle=\"tooltip\" title=\"4 Bathrooms\">\r\n    <i class=\"fa fa-bath\"><\/i>\r\n    <div class=\"ere__lpi-content\">\r\n        <span class=\"ere__lpi-value\">4<\/span>\r\n        <span class=\"ere__lpi-label\">Bathrooms<\/span>\r\n    <\/div>\r\n<\/div>\r\n    <\/div>\r\n<\/div>\r\n\n\t\t<\/div>\n\t<\/div>\n<\/div><div class=\"property-item ere-property-is-featured\">\n\t<div class=\"property-inner\">\n        <div class=\"property-image\">\r\n    <img loading=\"lazy\" decoding=\"async\" width=\"330\"\r\n     height=\"180\"\r\n     src=\"https:\/\/villasyfincasmallorca.com\/wp-content\/uploads\/2025\/03\/LWP3995-330x180.jpg\"\r\n     onerror=\"this.src = 'http:\/\/villasyfincasmallorca.com\/wp-content\/uploads\/2017\/12\/1-VF-2-330x180.jpg';\"\r\n     alt=\"New Ground-Floor Home in Colonia de Sant Jordi With Pool &amp; Garage\"\r\n     title=\"New Ground-Floor Home in Colonia de Sant Jordi With Pool &amp; Garage\">\r\n\r\n<div class=\"ere__loop-property-action property-action\">\r\n    <a data-toggle=\"tooltip\"\r\n   title=\"(23) Photos\"\r\n   data-property-id=\"58267\"\r\n   href=\"javascript:void(0)\" class=\"property-view-gallery ere__loop-property_action-item\">\r\n    <i class=\"fa fa-camera\"><\/i>\r\n<\/a>\r\n<a href=\"javascript:void(0)\" class=\"property-favorite ere__loop-property_action-item\" data-property-id=\"58267\"\r\n   data-toggle=\"tooltip\"\r\n   title=\"Add to Favorite\"\r\n   data-title-not-favorite=\"Add to Favorite\"\r\n   data-title-favorited=\"It is my favorite\"\r\n   data-icon-not-favorite=\"fa fa-star-o\"\r\n   data-icon-favorited=\"fa fa-star\">\r\n    <i class=\"fa fa-star-o\"><\/i>\r\n<\/a>\r\n<a class=\"compare-property ere__loop-property_action-item\" href=\"javascript:void(0)\"\r\n   data-property-id=\"58267\" data-toggle=\"tooltip\"\r\n   title=\"Compare\">\r\n    <i class=\"fa fa-plus\"><\/i>\r\n<\/a>\r\n<\/div><div class=\"ere__loop-property-badge ere__lpb-featured-label\">\r\n            <span class=\"ere__loop-property-badge-item ere__featured\">\r\n    <span class=\"ere__lpbi-inner\">\r\n        Featured    <\/span>\r\n<\/span>\r\n    <\/div>\r\n<div class=\"ere__loop-property-badge ere__lpb-status\">\r\n                    <span style=\"--ere-loop-property-badge-bg-color:,\" class=\"ere__loop-property-badge-item ere__term-status for-sale\" >\r\n            <span class=\"ere__lpbi-inner\">\r\n                For sale            <\/span>\r\n        <\/span>\r\n    <\/div>\r\n<a class=\"property-link\" href=\"https:\/\/villasyfincasmallorca.com\/en\/property\/ground-floor-house-for-sale-in-colonia-de-sant-jordi-with-private-garden-and-pool\/\" title=\"New Ground-Floor Home in Colonia de Sant Jordi With Pool &amp; Garage\"><\/a>\r\n<\/div>\r\n\r\n\t\t<div class=\"property-item-content\">\n\t\t\t<div class=\"property-heading\">\n                <h2 class=\"property-title\">\n    <a href=\"https:\/\/villasyfincasmallorca.com\/en\/property\/ground-floor-house-for-sale-in-colonia-de-sant-jordi-with-private-garden-and-pool\/\" title=\"New Ground-Floor Home in Colonia de Sant Jordi With Pool &amp; Garage\">New Ground-Floor Home in Colonia de Sant Jordi With Pool &amp; Garage<\/a>\n<\/h2>\n\t<span class=\"property-price ere__loop-property-price\">\n\t\t\t\t700.000\u20ac\t\t\t<\/span>\n\t\t\t<\/div>\n            <div class=\"property-element-inline\">\r\n    <div class=\"property-type-list\"><i class=\"fa fa-tag\"><\/i><a href=\"https:\/\/villasyfincasmallorca.com\/en\/property-type\/house\/\" rel=\"tag\">House<\/a><\/div><div class=\"property-agent\">\r\n    <a href=\"https:\/\/villasyfincasmallorca.com\/agent\/villas-y-fincas-mallorca\/\" title=\"Villas y Fincas Mallorca\">\r\n        <i class=\"fa fa-user\"><\/i>\r\n        <span>Villas y Fincas Mallorca<\/span>\r\n    <\/a>\r\n<\/div>\r\n<div class=\"property-date\">\r\n    <i class=\"fa fa-calendar\"><\/i>\r\n     56 years ago<\/div>\r\n<\/div>\r\n<div class=\"property-excerpt\">\r\n    <p>[vc_row][vc_column][vc_column_text css_animation=&#8221;fadeIn&#8221;]Some properties you tour. Others you feel the moment you walk in. This brand-new ground-floor home in Colonia de Sant Jordi is firmly in the second category. Completed in 2024, it offers something increasingly rare in today&#8217;s Mallorcan market: a house where everything is already done \u2014 no renovations to plan, no surprises lurking [&hellip;]<\/p>\n<\/div>\r\n<div class=\"ere__loop-property-info property-info layout-1\">\r\n    <div class=\"property-info-inner\">\r\n        <div class=\"ere__loop-property-info-item property-area\" data-toggle=\"tooltip\" title=\"Size\">\r\n    <i class=\"fa fa-arrows\"><\/i>\r\n    <div class=\"ere__lpi-content\">\r\n        <span class=\"ere__lpi-value\">175 m<sup>2<\/sup><\/span>\r\n        <span class=\"ere__lpi-label\">Size<\/span>\r\n    <\/div>\r\n<\/div>\r\n\r\n<div class=\"ere__loop-property-info-item property-bedrooms\" data-toggle=\"tooltip\" title=\"3 Bedrooms\">\r\n    <i class=\"fa fa-hotel\"><\/i>\r\n    <div class=\"ere__lpi-content\">\r\n        <span class=\"ere__lpi-value\">3<\/span>\r\n        <span class=\"ere__lpi-label\">Bedrooms<\/span>\r\n    <\/div>\r\n<\/div><div class=\"ere__loop-property-info-item property-bathrooms\" data-toggle=\"tooltip\" title=\"2 Bathrooms\">\r\n    <i class=\"fa fa-bath\"><\/i>\r\n    <div class=\"ere__lpi-content\">\r\n        <span class=\"ere__lpi-value\">2<\/span>\r\n        <span class=\"ere__lpi-label\">Bathrooms<\/span>\r\n    <\/div>\r\n<\/div>\r\n    <\/div>\r\n<\/div>\r\n\n\t\t<\/div>\n\t<\/div>\n<\/div><div class=\"property-item ere-property-is-featured\">\n\t<div class=\"property-inner\">\n        <div class=\"property-image\">\r\n    <img loading=\"lazy\" decoding=\"async\" width=\"330\"\r\n     height=\"180\"\r\n     src=\"https:\/\/villasyfincasmallorca.com\/wp-content\/uploads\/2025\/03\/LWP3142-330x180.jpg\"\r\n     onerror=\"this.src = 'http:\/\/villasyfincasmallorca.com\/wp-content\/uploads\/2017\/12\/1-VF-2-330x180.jpg';\"\r\n     alt=\"Country House in Sineu with Pool &amp; 5,400 m\u00b2 Plot\"\r\n     title=\"Country House in Sineu with Pool &amp; 5,400 m\u00b2 Plot\">\r\n\r\n<div class=\"ere__loop-property-action property-action\">\r\n    <a data-toggle=\"tooltip\"\r\n   title=\"(45) Photos\"\r\n   data-property-id=\"57974\"\r\n   href=\"javascript:void(0)\" class=\"property-view-gallery ere__loop-property_action-item\">\r\n    <i class=\"fa fa-camera\"><\/i>\r\n<\/a>\r\n<a href=\"javascript:void(0)\" class=\"property-favorite ere__loop-property_action-item\" data-property-id=\"57974\"\r\n   data-toggle=\"tooltip\"\r\n   title=\"Add to Favorite\"\r\n   data-title-not-favorite=\"Add to Favorite\"\r\n   data-title-favorited=\"It is my favorite\"\r\n   data-icon-not-favorite=\"fa fa-star-o\"\r\n   data-icon-favorited=\"fa fa-star\">\r\n    <i class=\"fa fa-star-o\"><\/i>\r\n<\/a>\r\n<a class=\"compare-property ere__loop-property_action-item\" href=\"javascript:void(0)\"\r\n   data-property-id=\"57974\" data-toggle=\"tooltip\"\r\n   title=\"Compare\">\r\n    <i class=\"fa fa-plus\"><\/i>\r\n<\/a>\r\n<\/div><div class=\"ere__loop-property-badge ere__lpb-featured-label\">\r\n            <span class=\"ere__loop-property-badge-item ere__featured\">\r\n    <span class=\"ere__lpbi-inner\">\r\n        Featured    <\/span>\r\n<\/span>\r\n    <\/div>\r\n<div class=\"ere__loop-property-badge ere__lpb-status\">\r\n                    <span style=\"--ere-loop-property-badge-bg-color:,\" class=\"ere__loop-property-badge-item ere__term-status for-sale\" >\r\n            <span class=\"ere__lpbi-inner\">\r\n                For sale            <\/span>\r\n        <\/span>\r\n    <\/div>\r\n<a class=\"property-link\" href=\"https:\/\/villasyfincasmallorca.com\/en\/property\/country-house-for-sale-in-sineu-with-pool\/\" title=\"Country House in Sineu with Pool &amp; 5,400 m\u00b2 Plot\"><\/a>\r\n<\/div>\r\n\r\n\t\t<div class=\"property-item-content\">\n\t\t\t<div class=\"property-heading\">\n                <h2 class=\"property-title\">\n    <a href=\"https:\/\/villasyfincasmallorca.com\/en\/property\/country-house-for-sale-in-sineu-with-pool\/\" title=\"Country House in Sineu with Pool &amp; 5,400 m\u00b2 Plot\">Country House in Sineu with Pool &amp; 5,400 m\u00b2 Plot<\/a>\n<\/h2>\n\t<span class=\"property-price ere__loop-property-price\">\n\t\t\t\t650.000\u20ac\t\t\t<\/span>\n\t\t\t<\/div>\n            <div class=\"property-element-inline\">\r\n    <div class=\"property-type-list\"><i class=\"fa fa-tag\"><\/i><a href=\"https:\/\/villasyfincasmallorca.com\/en\/property-type\/country-house\/\" rel=\"tag\">Country house<\/a>, <a href=\"https:\/\/villasyfincasmallorca.com\/en\/property-type\/villa-en\/\" rel=\"tag\">Villa<\/a><\/div><div class=\"property-agent\">\r\n    <a href=\"https:\/\/villasyfincasmallorca.com\/agent\/villas-y-fincas-mallorca\/\" title=\"Villas y Fincas Mallorca\">\r\n        <i class=\"fa fa-user\"><\/i>\r\n        <span>Villas y Fincas Mallorca<\/span>\r\n    <\/a>\r\n<\/div>\r\n<div class=\"property-date\">\r\n    <i class=\"fa fa-calendar\"><\/i>\r\n     56 years ago<\/div>\r\n<\/div>\r\n<div class=\"property-excerpt\">\r\n    <p>[vc_row][vc_column][vc_column_text css_animation=&#8221;fadeIn&#8221;]Some places in Mallorca feel like a well-kept secret \u2014 and Sineu is exactly that. Sitting at the precise geographic center of the island, this beautifully preserved medieval village has held on to its soul. There&#8217;s a weekly market with centuries of tradition behind it, stone-paved streets that haven&#8217;t changed in generations, and a [&hellip;]<\/p>\n<\/div>\r\n<div class=\"ere__loop-property-info property-info layout-1\">\r\n    <div class=\"property-info-inner\">\r\n        <div class=\"ere__loop-property-info-item property-area\" data-toggle=\"tooltip\" title=\"Size\">\r\n    <i class=\"fa fa-arrows\"><\/i>\r\n    <div class=\"ere__lpi-content\">\r\n        <span class=\"ere__lpi-value\">304 m<sup>2<\/sup><\/span>\r\n        <span class=\"ere__lpi-label\">Size<\/span>\r\n    <\/div>\r\n<\/div>\r\n\r\n<div class=\"ere__loop-property-info-item property-bedrooms\" data-toggle=\"tooltip\" title=\"4 Bedrooms\">\r\n    <i class=\"fa fa-hotel\"><\/i>\r\n    <div class=\"ere__lpi-content\">\r\n        <span class=\"ere__lpi-value\">4<\/span>\r\n        <span class=\"ere__lpi-label\">Bedrooms<\/span>\r\n    <\/div>\r\n<\/div><div class=\"ere__loop-property-info-item property-bathrooms\" data-toggle=\"tooltip\" title=\"2 Bathrooms\">\r\n    <i class=\"fa fa-bath\"><\/i>\r\n    <div class=\"ere__lpi-content\">\r\n        <span class=\"ere__lpi-value\">2<\/span>\r\n        <span class=\"ere__lpi-label\">Bathrooms<\/span>\r\n    <\/div>\r\n<\/div>\r\n    <\/div>\r\n<\/div>\r\n\n\t\t<\/div>\n\t<\/div>\n<\/div><div class=\"property-item ere-property-is-featured\">\n\t<div class=\"property-inner\">\n        <div class=\"property-image\">\r\n    <img loading=\"lazy\" decoding=\"async\" width=\"330\"\r\n     height=\"180\"\r\n     src=\"https:\/\/villasyfincasmallorca.com\/wp-content\/uploads\/2018\/07\/11-972-Villasyfincasmallorca-330x180.jpg\"\r\n     onerror=\"this.src = 'http:\/\/villasyfincasmallorca.com\/wp-content\/uploads\/2017\/12\/1-VF-2-330x180.jpg';\"\r\n     alt=\"Centennial Country Estate near Palma \u2014 1,144 m\u00b2, 14 ha and 6 Historic Buildings\"\r\n     title=\"Centennial Country Estate near Palma \u2014 1,144 m\u00b2, 14 ha and 6 Historic Buildings\">\r\n\r\n<div class=\"ere__loop-property-action property-action\">\r\n    <a data-toggle=\"tooltip\"\r\n   title=\"(15) Photos\"\r\n   data-property-id=\"12950\"\r\n   href=\"javascript:void(0)\" class=\"property-view-gallery ere__loop-property_action-item\">\r\n    <i class=\"fa fa-camera\"><\/i>\r\n<\/a>\r\n<a href=\"javascript:void(0)\" class=\"property-favorite ere__loop-property_action-item\" data-property-id=\"12950\"\r\n   data-toggle=\"tooltip\"\r\n   title=\"Add to Favorite\"\r\n   data-title-not-favorite=\"Add to Favorite\"\r\n   data-title-favorited=\"It is my favorite\"\r\n   data-icon-not-favorite=\"fa fa-star-o\"\r\n   data-icon-favorited=\"fa fa-star\">\r\n    <i class=\"fa fa-star-o\"><\/i>\r\n<\/a>\r\n<a class=\"compare-property ere__loop-property_action-item\" href=\"javascript:void(0)\"\r\n   data-property-id=\"12950\" data-toggle=\"tooltip\"\r\n   title=\"Compare\">\r\n    <i class=\"fa fa-plus\"><\/i>\r\n<\/a>\r\n<\/div><div class=\"ere__loop-property-badge ere__lpb-featured-label\">\r\n            <span class=\"ere__loop-property-badge-item ere__featured\">\r\n    <span class=\"ere__lpbi-inner\">\r\n        Featured    <\/span>\r\n<\/span>\r\n    <\/div>\r\n<div class=\"ere__loop-property-badge ere__lpb-status\">\r\n                    <span style=\"--ere-loop-property-badge-bg-color:,\" class=\"ere__loop-property-badge-item ere__term-status for-sale\" >\r\n            <span class=\"ere__lpbi-inner\">\r\n                For sale            <\/span>\r\n        <\/span>\r\n    <\/div>\r\n<a class=\"property-link\" href=\"https:\/\/villasyfincasmallorca.com\/en\/property\/country-estate-for-sale-next-to-palma-de-mallorca\/\" title=\"Centennial Country Estate near Palma \u2014 1,144 m\u00b2, 14 ha and 6 Historic Buildings\"><\/a>\r\n<\/div>\r\n\r\n\t\t<div class=\"property-item-content\">\n\t\t\t<div class=\"property-heading\">\n                <h2 class=\"property-title\">\n    <a href=\"https:\/\/villasyfincasmallorca.com\/en\/property\/country-estate-for-sale-next-to-palma-de-mallorca\/\" title=\"Centennial Country Estate near Palma \u2014 1,144 m\u00b2, 14 ha and 6 Historic Buildings\">Centennial Country Estate near Palma \u2014 1,144 m\u00b2, 14 ha and 6 Historic Buildings<\/a>\n<\/h2>\n\t<span class=\"property-price ere__loop-property-price\">\n\t\t\t\t2.500.000\u20ac\t\t\t<\/span>\n\t\t\t<\/div>\n            <div class=\"property-element-inline\">\r\n    <div class=\"property-type-list\"><i class=\"fa fa-tag\"><\/i><a href=\"https:\/\/villasyfincasmallorca.com\/en\/property-type\/country-house\/\" rel=\"tag\">Country house<\/a>, <a href=\"https:\/\/villasyfincasmallorca.com\/en\/property-type\/villa-en\/\" rel=\"tag\">Villa<\/a><\/div><div class=\"property-agent\">\r\n    <a href=\"https:\/\/villasyfincasmallorca.com\/agent\/villas-y-fincas-mallorca\/\" title=\"Villas y Fincas Mallorca\">\r\n        <i class=\"fa fa-user\"><\/i>\r\n        <span>Villas y Fincas Mallorca<\/span>\r\n    <\/a>\r\n<\/div>\r\n<div class=\"property-date\">\r\n    <i class=\"fa fa-calendar\"><\/i>\r\n     56 years ago<\/div>\r\n<\/div>\r\n<div class=\"property-excerpt\">\r\n    <p>[vc_row][vc_column][vc_column_text css_animation=&#8221;fadeIn&#8221;]Some properties are close to Palma, and some properties seem to belong to another world \u2014 and yet are less than ten minutes from the city center. This centennial Mallorcan country estate for sale near Palma de Mallorca falls firmly into the second category. It is not a rural house, not a conventional renovation [&hellip;]<\/p>\n<\/div>\r\n<div class=\"ere__loop-property-info property-info layout-1\">\r\n    <div class=\"property-info-inner\">\r\n        <div class=\"ere__loop-property-info-item property-area\" data-toggle=\"tooltip\" title=\"Size\">\r\n    <i class=\"fa fa-arrows\"><\/i>\r\n    <div class=\"ere__lpi-content\">\r\n        <span class=\"ere__lpi-value\">1.144 m<sup>2<\/sup><\/span>\r\n        <span class=\"ere__lpi-label\">Size<\/span>\r\n    <\/div>\r\n<\/div>\r\n\r\n<div class=\"ere__loop-property-info-item property-bedrooms\" data-toggle=\"tooltip\" title=\"8 Bedrooms\">\r\n    <i class=\"fa fa-hotel\"><\/i>\r\n    <div class=\"ere__lpi-content\">\r\n        <span class=\"ere__lpi-value\">8<\/span>\r\n        <span class=\"ere__lpi-label\">Bedrooms<\/span>\r\n    <\/div>\r\n<\/div><div class=\"ere__loop-property-info-item property-bathrooms\" data-toggle=\"tooltip\" title=\"3 Bathrooms\">\r\n    <i class=\"fa fa-bath\"><\/i>\r\n    <div class=\"ere__lpi-content\">\r\n        <span class=\"ere__lpi-value\">3<\/span>\r\n        <span class=\"ere__lpi-label\">Bathrooms<\/span>\r\n    <\/div>\r\n<\/div>\r\n    <\/div>\r\n<\/div>\r\n\n\t\t<\/div>\n\t<\/div>\n<\/div><div class=\"property-item ere-property-is-featured\">\n\t<div class=\"property-inner\">\n        <div class=\"property-image\">\r\n    <img loading=\"lazy\" decoding=\"async\" width=\"330\"\r\n     height=\"180\"\r\n     src=\"https:\/\/villasyfincasmallorca.com\/wp-content\/uploads\/2025\/02\/LWP2916-330x180.jpg\"\r\n     onerror=\"this.src = 'http:\/\/villasyfincasmallorca.com\/wp-content\/uploads\/2017\/12\/1-VF-2-330x180.jpg';\"\r\n     alt=\"Rustic Country House in Colonia de Sant Jordi \u2014 131 m\u00b2, 14,500 m\u00b2, near Es Trenc\"\r\n     title=\"Rustic Country House in Colonia de Sant Jordi \u2014 131 m\u00b2, 14,500 m\u00b2, near Es Trenc\">\r\n\r\n<div class=\"ere__loop-property-action property-action\">\r\n    <a data-toggle=\"tooltip\"\r\n   title=\"(32) Photos\"\r\n   data-property-id=\"57474\"\r\n   href=\"javascript:void(0)\" class=\"property-view-gallery ere__loop-property_action-item\">\r\n    <i class=\"fa fa-camera\"><\/i>\r\n<\/a>\r\n<a href=\"javascript:void(0)\" class=\"property-favorite ere__loop-property_action-item\" data-property-id=\"57474\"\r\n   data-toggle=\"tooltip\"\r\n   title=\"Add to Favorite\"\r\n   data-title-not-favorite=\"Add to Favorite\"\r\n   data-title-favorited=\"It is my favorite\"\r\n   data-icon-not-favorite=\"fa fa-star-o\"\r\n   data-icon-favorited=\"fa fa-star\">\r\n    <i class=\"fa fa-star-o\"><\/i>\r\n<\/a>\r\n<a class=\"compare-property ere__loop-property_action-item\" href=\"javascript:void(0)\"\r\n   data-property-id=\"57474\" data-toggle=\"tooltip\"\r\n   title=\"Compare\">\r\n    <i class=\"fa fa-plus\"><\/i>\r\n<\/a>\r\n<\/div><div class=\"ere__loop-property-badge ere__lpb-featured-label\">\r\n            <span class=\"ere__loop-property-badge-item ere__featured\">\r\n    <span class=\"ere__lpbi-inner\">\r\n        Featured    <\/span>\r\n<\/span>\r\n    <\/div>\r\n<div class=\"ere__loop-property-badge ere__lpb-status\">\r\n                    <span style=\"--ere-loop-property-badge-bg-color:,\" class=\"ere__loop-property-badge-item ere__term-status for-sale\" >\r\n            <span class=\"ere__lpbi-inner\">\r\n                For sale            <\/span>\r\n        <\/span>\r\n    <\/div>\r\n<a class=\"property-link\" href=\"https:\/\/villasyfincasmallorca.com\/en\/property\/country-estate-for-sale-in-colonia-de-sant-jordi-near-the-beach-and-ses-salines\/\" title=\"Rustic Country House in Colonia de Sant Jordi \u2014 131 m\u00b2, 14,500 m\u00b2, near Es Trenc\"><\/a>\r\n<\/div>\r\n\r\n\t\t<div class=\"property-item-content\">\n\t\t\t<div class=\"property-heading\">\n                <h2 class=\"property-title\">\n    <a href=\"https:\/\/villasyfincasmallorca.com\/en\/property\/country-estate-for-sale-in-colonia-de-sant-jordi-near-the-beach-and-ses-salines\/\" title=\"Rustic Country House in Colonia de Sant Jordi \u2014 131 m\u00b2, 14,500 m\u00b2, near Es Trenc\">Rustic Country House in Colonia de Sant Jordi \u2014 131 m\u00b2, 14,500 m\u00b2, near Es Trenc<\/a>\n<\/h2>\n\t<span class=\"property-price ere__loop-property-price\">\n\t\t\t\t790.000\u20ac\t\t\t<\/span>\n\t\t\t<\/div>\n            <div class=\"property-element-inline\">\r\n    <div class=\"property-type-list\"><i class=\"fa fa-tag\"><\/i><a href=\"https:\/\/villasyfincasmallorca.com\/en\/property-type\/country-house\/\" rel=\"tag\">Country house<\/a>, <a href=\"https:\/\/villasyfincasmallorca.com\/en\/property-type\/villa-en\/\" rel=\"tag\">Villa<\/a><\/div><div class=\"property-agent\">\r\n    <a href=\"https:\/\/villasyfincasmallorca.com\/agent\/villas-y-fincas-mallorca\/\" title=\"Villas y Fincas Mallorca\">\r\n        <i class=\"fa fa-user\"><\/i>\r\n        <span>Villas y Fincas Mallorca<\/span>\r\n    <\/a>\r\n<\/div>\r\n<div class=\"property-date\">\r\n    <i class=\"fa fa-calendar\"><\/i>\r\n     56 years ago<\/div>\r\n<\/div>\r\n<div class=\"property-excerpt\">\r\n    <p>[vc_row][vc_column][vc_column_text css_animation=&#8221;fadeIn&#8221;]Finding a rustic country house in southeastern Mallorca with 14,500 square meters of plot, five minutes from Ses Salines and less than ten from Es Trenc, under one million euros, is not common. This property offers exactly that combination: a 131-square-meter single-storey country house with a garage, storage room, an additional room on the [&hellip;]<\/p>\n<\/div>\r\n<div class=\"ere__loop-property-info property-info layout-1\">\r\n    <div class=\"property-info-inner\">\r\n        <div class=\"ere__loop-property-info-item property-area\" data-toggle=\"tooltip\" title=\"Size\">\r\n    <i class=\"fa fa-arrows\"><\/i>\r\n    <div class=\"ere__lpi-content\">\r\n        <span class=\"ere__lpi-value\">131 m<sup>2<\/sup><\/span>\r\n        <span class=\"ere__lpi-label\">Size<\/span>\r\n    <\/div>\r\n<\/div>\r\n\r\n<div class=\"ere__loop-property-info-item property-bedrooms\" data-toggle=\"tooltip\" title=\"3 Bedrooms\">\r\n    <i class=\"fa fa-hotel\"><\/i>\r\n    <div class=\"ere__lpi-content\">\r\n        <span class=\"ere__lpi-value\">3<\/span>\r\n        <span class=\"ere__lpi-label\">Bedrooms<\/span>\r\n    <\/div>\r\n<\/div><div class=\"ere__loop-property-info-item property-bathrooms\" data-toggle=\"tooltip\" title=\"1 Bathroom\">\r\n    <i class=\"fa fa-bath\"><\/i>\r\n    <div class=\"ere__lpi-content\">\r\n        <span class=\"ere__lpi-value\">1<\/span>\r\n        <span class=\"ere__lpi-label\">Bathroom<\/span>\r\n    <\/div>\r\n<\/div>\r\n    <\/div>\r\n<\/div>\r\n\n\t\t<\/div>\n\t<\/div>\n<\/div><div class=\"property-item ere-property-is-featured\">\n\t<div class=\"property-inner\">\n        <div class=\"property-image\">\r\n    <img loading=\"lazy\" decoding=\"async\" width=\"330\"\r\n     height=\"180\"\r\n     src=\"https:\/\/villasyfincasmallorca.com\/wp-content\/uploads\/2024\/11\/LWP9367-Editar-330x180.jpg\"\r\n     onerror=\"this.src = 'http:\/\/villasyfincasmallorca.com\/wp-content\/uploads\/2017\/12\/1-VF-2-330x180.jpg';\"\r\n     alt=\"Town House with Pool in Ses Salines \u2014 110 m\u00b2, single floor, move-in ready\"\r\n     title=\"Town House with Pool in Ses Salines \u2014 110 m\u00b2, single floor, move-in ready\">\r\n\r\n<div class=\"ere__loop-property-action property-action\">\r\n    <a data-toggle=\"tooltip\"\r\n   title=\"(19) Photos\"\r\n   data-property-id=\"55734\"\r\n   href=\"javascript:void(0)\" class=\"property-view-gallery ere__loop-property_action-item\">\r\n    <i class=\"fa fa-camera\"><\/i>\r\n<\/a>\r\n<a href=\"javascript:void(0)\" class=\"property-favorite ere__loop-property_action-item\" data-property-id=\"55734\"\r\n   data-toggle=\"tooltip\"\r\n   title=\"Add to Favorite\"\r\n   data-title-not-favorite=\"Add to Favorite\"\r\n   data-title-favorited=\"It is my favorite\"\r\n   data-icon-not-favorite=\"fa fa-star-o\"\r\n   data-icon-favorited=\"fa fa-star\">\r\n    <i class=\"fa fa-star-o\"><\/i>\r\n<\/a>\r\n<a class=\"compare-property ere__loop-property_action-item\" href=\"javascript:void(0)\"\r\n   data-property-id=\"55734\" data-toggle=\"tooltip\"\r\n   title=\"Compare\">\r\n    <i class=\"fa fa-plus\"><\/i>\r\n<\/a>\r\n<\/div><div class=\"ere__loop-property-badge ere__lpb-featured-label\">\r\n            <span class=\"ere__loop-property-badge-item ere__featured\">\r\n    <span class=\"ere__lpbi-inner\">\r\n        Featured    <\/span>\r\n<\/span>\r\n    <\/div>\r\n<div class=\"ere__loop-property-badge ere__lpb-status\">\r\n                    <span style=\"--ere-loop-property-badge-bg-color:,\" class=\"ere__loop-property-badge-item ere__term-status for-sale\" >\r\n            <span class=\"ere__lpbi-inner\">\r\n                For sale            <\/span>\r\n        <\/span>\r\n    <\/div>\r\n<a class=\"property-link\" href=\"https:\/\/villasyfincasmallorca.com\/en\/property\/town-house-for-sale-with-swimming-pool-in-ses-salines\/\" title=\"Town House with Pool in Ses Salines \u2014 110 m\u00b2, single floor, move-in ready\"><\/a>\r\n<\/div>\r\n\r\n\t\t<div class=\"property-item-content\">\n\t\t\t<div class=\"property-heading\">\n                <h2 class=\"property-title\">\n    <a href=\"https:\/\/villasyfincasmallorca.com\/en\/property\/town-house-for-sale-with-swimming-pool-in-ses-salines\/\" title=\"Town House with Pool in Ses Salines \u2014 110 m\u00b2, single floor, move-in ready\">Town House with Pool in Ses Salines \u2014 110 m\u00b2, single floor, move-in ready<\/a>\n<\/h2>\n\t<span class=\"property-price ere__loop-property-price\">\n\t\t\t\t490.000\u20ac\t\t\t<\/span>\n\t\t\t<\/div>\n            <div class=\"property-element-inline\">\r\n    <div class=\"property-type-list\"><i class=\"fa fa-tag\"><\/i><a href=\"https:\/\/villasyfincasmallorca.com\/en\/property-type\/house\/\" rel=\"tag\">House<\/a><\/div><div class=\"property-agent\">\r\n    <a href=\"https:\/\/villasyfincasmallorca.com\/agent\/villas-y-fincas-mallorca\/\" title=\"Villas y Fincas Mallorca\">\r\n        <i class=\"fa fa-user\"><\/i>\r\n        <span>Villas y Fincas Mallorca<\/span>\r\n    <\/a>\r\n<\/div>\r\n<div class=\"property-date\">\r\n    <i class=\"fa fa-calendar\"><\/i>\r\n     56 years ago<\/div>\r\n<\/div>\r\n<div class=\"property-excerpt\">\r\n    <p>[vc_row][vc_column][vc_column_text css_animation=&#8221;fadeIn&#8221;]A town house with a private pool in the heart of Ses Salines, move-in ready, all on a single floor. That combination does not appear often in the southeastern Mallorca market \u2014 and when it does, it does not last. This property has 110 square meters of built space on a 170-square-meter plot, two [&hellip;]<\/p>\n<\/div>\r\n<div class=\"ere__loop-property-info property-info layout-1\">\r\n    <div class=\"property-info-inner\">\r\n        <div class=\"ere__loop-property-info-item property-area\" data-toggle=\"tooltip\" title=\"Size\">\r\n    <i class=\"fa fa-arrows\"><\/i>\r\n    <div class=\"ere__lpi-content\">\r\n        <span class=\"ere__lpi-value\">110 m<sup>2<\/sup><\/span>\r\n        <span class=\"ere__lpi-label\">Size<\/span>\r\n    <\/div>\r\n<\/div>\r\n\r\n<div class=\"ere__loop-property-info-item property-bedrooms\" data-toggle=\"tooltip\" title=\"2 Bedrooms\">\r\n    <i class=\"fa fa-hotel\"><\/i>\r\n    <div class=\"ere__lpi-content\">\r\n        <span class=\"ere__lpi-value\">2<\/span>\r\n        <span class=\"ere__lpi-label\">Bedrooms<\/span>\r\n    <\/div>\r\n<\/div><div class=\"ere__loop-property-info-item property-bathrooms\" data-toggle=\"tooltip\" title=\"1 Bathroom\">\r\n    <i class=\"fa fa-bath\"><\/i>\r\n    <div class=\"ere__lpi-content\">\r\n        <span class=\"ere__lpi-value\">1<\/span>\r\n        <span class=\"ere__lpi-label\">Bathroom<\/span>\r\n    <\/div>\r\n<\/div>\r\n    <\/div>\r\n<\/div>\r\n\n\t\t<\/div>\n\t<\/div>\n<\/div>        <\/div>\n            <\/div>\n<\/div>\n\n[\/vc_column][\/vc_row][vc_row full_width=&#8221;stretch_row_content_no_spaces&#8221;][vc_column][g5plus_space desktop=&#8221;100&#8243; tablet=&#8221;80&#8243; tablet_portrait=&#8221;60&#8243; mobile_landscape=&#8221;50&#8243; mobile=&#8221;40&#8243;]<div class=\"ere-property-wrap\">\n    <div class=\"ere-property clearfix property-carousel  owl-move-nav-par-with-heading\" data-view-all-link=\"http:\/\/villasyfincasmallorca.com\/property\" >\n                <div class=\"container\">\n            <div class=\"ere-heading ere-heading-sub\">\r\n            <h2>FIND YOUR PLACE IN MALLORCA <\/h2>\r\n                <p>SEARCH FOR YOUR NEW HOMW WITH VILLAS Y FINCAS MALLORCA AND<\/p>\r\n    <\/div>\r\n        <\/div>\n                        <div class=\"property-content owl-carousel ere__owl-carousel owl-nav-top-right owl-nav-size-sm\" data-section-id=\"69f4b8d3343b9\"\n             data-callback=\"owl_callback\" data-plugin-options=\"{&quot;dots&quot;:false,&quot;nav&quot;:true,&quot;autoplay&quot;:true,&quot;autoplayTimeout&quot;:3000,&quot;responsive&quot;:{&quot;0&quot;:{&quot;items&quot;:1,&quot;margin&quot;:0},&quot;480&quot;:{&quot;items&quot;:1,&quot;margin&quot;:0},&quot;768&quot;:{&quot;items&quot;:2,&quot;margin&quot;:0},&quot;992&quot;:{&quot;items&quot;:3,&quot;margin&quot;:0},&quot;1200&quot;:{&quot;items&quot;:4,&quot;margin&quot;:0},&quot;1820&quot;:{&quot;items&quot;:6,&quot;margin&quot;:0}}}\" >\n                            <div class=\"ere-item-wrap property-item ere-property-is-featured\">\n\t<div class=\"property-inner\">\n        <div class=\"property-image\">\r\n    <img loading=\"lazy\" decoding=\"async\" width=\"330\"\r\n     height=\"180\"\r\n     src=\"https:\/\/villasyfincasmallorca.com\/wp-content\/uploads\/2026\/03\/1505-Authentic-townhome-for-complete-renovation-for-sale-in-Ses-Salines-15_resultado-330x180.jpg\"\r\n     onerror=\"this.src = 'http:\/\/villasyfincasmallorca.com\/wp-content\/uploads\/2017\/12\/1-VF-2-330x180.jpg';\"\r\n     alt=\"19th-Century Town House for Renovation with Two Accesses in Ses Salines\"\r\n     title=\"19th-Century Town House for Renovation with Two Accesses in Ses Salines\">\r\n\r\n<div class=\"ere__loop-property-action property-action\">\r\n    <a data-toggle=\"tooltip\"\r\n   title=\"(20) Photos\"\r\n   data-property-id=\"62972\"\r\n   href=\"javascript:void(0)\" class=\"property-view-gallery ere__loop-property_action-item\">\r\n    <i class=\"fa fa-camera\"><\/i>\r\n<\/a>\r\n<a href=\"javascript:void(0)\" class=\"property-favorite ere__loop-property_action-item\" data-property-id=\"62972\"\r\n   data-toggle=\"tooltip\"\r\n   title=\"Add to Favorite\"\r\n   data-title-not-favorite=\"Add to Favorite\"\r\n   data-title-favorited=\"It is my favorite\"\r\n   data-icon-not-favorite=\"fa fa-star-o\"\r\n   data-icon-favorited=\"fa fa-star\">\r\n    <i class=\"fa fa-star-o\"><\/i>\r\n<\/a>\r\n<a class=\"compare-property ere__loop-property_action-item\" href=\"javascript:void(0)\"\r\n   data-property-id=\"62972\" data-toggle=\"tooltip\"\r\n   title=\"Compare\">\r\n    <i class=\"fa fa-plus\"><\/i>\r\n<\/a>\r\n<\/div><div class=\"ere__loop-property-badge ere__lpb-featured-label\">\r\n            <span class=\"ere__loop-property-badge-item ere__featured\">\r\n    <span class=\"ere__lpbi-inner\">\r\n        Featured    <\/span>\r\n<\/span>\r\n    <\/div>\r\n<div class=\"ere__loop-property-badge ere__lpb-status\">\r\n                    <span style=\"--ere-loop-property-badge-bg-color:,\" class=\"ere__loop-property-badge-item ere__term-status for-sale\" >\r\n            <span class=\"ere__lpbi-inner\">\r\n                For sale            <\/span>\r\n        <\/span>\r\n    <\/div>\r\n<a class=\"property-link\" href=\"https:\/\/villasyfincasmallorca.com\/en\/property\/autentica-casa-de-pueblo-para-reformar-en-venta-en-ses-salines\/\" title=\"19th-Century Town House for Renovation with Two Accesses in Ses Salines\"><\/a>\r\n<\/div>\r\n\r\n\t\t<div class=\"property-item-content\">\n\t\t\t<div class=\"property-heading\">\n                <h2 class=\"property-title\">\n    <a href=\"https:\/\/villasyfincasmallorca.com\/en\/property\/autentica-casa-de-pueblo-para-reformar-en-venta-en-ses-salines\/\" title=\"19th-Century Town House for Renovation with Two Accesses in Ses Salines\">19th-Century Town House for Renovation with Two Accesses in Ses Salines<\/a>\n<\/h2>\n\t<span class=\"property-price ere__loop-property-price\">\n\t\t\t\t420.000\u20ac\t\t\t<\/span>\n\t\t\t<\/div>\n            <div class=\"property-element-inline\">\r\n    <div class=\"property-type-list\"><i class=\"fa fa-tag\"><\/i><a href=\"https:\/\/villasyfincasmallorca.com\/en\/property-type\/house\/\" rel=\"tag\">House<\/a><\/div><div class=\"property-agent\">\r\n    <a href=\"https:\/\/villasyfincasmallorca.com\/en\/agent\/villas-y-fincas-mallorca\/\" title=\"Villas y Fincas Mallorca\">\r\n        <i class=\"fa fa-user\"><\/i>\r\n        <span>Villas y Fincas Mallorca<\/span>\r\n    <\/a>\r\n<\/div>\r\n<div class=\"property-date\">\r\n    <i class=\"fa fa-calendar\"><\/i>\r\n     56 years ago<\/div>\r\n<\/div>\r\n<div class=\"property-excerpt\">\r\n    <p>[vc_row][vc_column][vc_column_text css_animation=&#8221;fadeIn&#8221;]Some houses tell a story from the moment you cross the threshold. This authentic town house for renovation for sale in Ses Salines is one of them. Built in 1810, with 160 square meters distributed across two floors and the exceptional rarity of two independent street accesses, this property is a blank canvas with [&hellip;]<\/p>\n<\/div>\r\n<div class=\"ere__loop-property-info property-info layout-1\">\r\n    <div class=\"property-info-inner\">\r\n        <div class=\"ere__loop-property-info-item property-area\" data-toggle=\"tooltip\" title=\"Size\">\r\n    <i class=\"fa fa-arrows\"><\/i>\r\n    <div class=\"ere__lpi-content\">\r\n        <span class=\"ere__lpi-value\">160 m<sup>2<\/sup><\/span>\r\n        <span class=\"ere__lpi-label\">Size<\/span>\r\n    <\/div>\r\n<\/div>\r\n\r\n<div class=\"ere__loop-property-info-item property-bedrooms\" data-toggle=\"tooltip\" title=\"4 Bedrooms\">\r\n    <i class=\"fa fa-hotel\"><\/i>\r\n    <div class=\"ere__lpi-content\">\r\n        <span class=\"ere__lpi-value\">4<\/span>\r\n        <span class=\"ere__lpi-label\">Bedrooms<\/span>\r\n    <\/div>\r\n<\/div><div class=\"ere__loop-property-info-item property-bathrooms\" data-toggle=\"tooltip\" title=\"1 Bathroom\">\r\n    <i class=\"fa fa-bath\"><\/i>\r\n    <div class=\"ere__lpi-content\">\r\n        <span class=\"ere__lpi-value\">1<\/span>\r\n        <span class=\"ere__lpi-label\">Bathroom<\/span>\r\n    <\/div>\r\n<\/div>\r\n    <\/div>\r\n<\/div>\r\n\n\t\t<\/div>\n\t<\/div>\n<\/div>                    <div class=\"ere-item-wrap property-item ere-property-is-featured\">\n\t<div class=\"property-inner\">\n        <div class=\"property-image\">\r\n    <img loading=\"lazy\" decoding=\"async\" width=\"330\"\r\n     height=\"180\"\r\n     src=\"https:\/\/villasyfincasmallorca.com\/wp-content\/uploads\/2019\/07\/1137-Casa-de-pueblo-en-alquiler-en-Es-Llombards-21-Copiar-330x180.jpg\"\r\n     onerror=\"this.src = 'http:\/\/villasyfincasmallorca.com\/wp-content\/uploads\/2017\/12\/1-VF-2-330x180.jpg';\"\r\n     alt=\"Renovated 220 m\u00b2 Town House with Large Terrace for Rent in Es Llombards\"\r\n     title=\"Renovated 220 m\u00b2 Town House with Large Terrace for Rent in Es Llombards\">\r\n\r\n<div class=\"ere__loop-property-action property-action\">\r\n    <a data-toggle=\"tooltip\"\r\n   title=\"(33) Photos\"\r\n   data-property-id=\"24181\"\r\n   href=\"javascript:void(0)\" class=\"property-view-gallery ere__loop-property_action-item\">\r\n    <i class=\"fa fa-camera\"><\/i>\r\n<\/a>\r\n<a href=\"javascript:void(0)\" class=\"property-favorite ere__loop-property_action-item\" data-property-id=\"24181\"\r\n   data-toggle=\"tooltip\"\r\n   title=\"Add to Favorite\"\r\n   data-title-not-favorite=\"Add to Favorite\"\r\n   data-title-favorited=\"It is my favorite\"\r\n   data-icon-not-favorite=\"fa fa-star-o\"\r\n   data-icon-favorited=\"fa fa-star\">\r\n    <i class=\"fa fa-star-o\"><\/i>\r\n<\/a>\r\n<a class=\"compare-property ere__loop-property_action-item\" href=\"javascript:void(0)\"\r\n   data-property-id=\"24181\" data-toggle=\"tooltip\"\r\n   title=\"Compare\">\r\n    <i class=\"fa fa-plus\"><\/i>\r\n<\/a>\r\n<\/div><div class=\"ere__loop-property-badge ere__lpb-featured-label\">\r\n            <span class=\"ere__loop-property-badge-item ere__featured\">\r\n    <span class=\"ere__lpbi-inner\">\r\n        Featured    <\/span>\r\n<\/span>\r\n    <\/div>\r\n<div class=\"ere__loop-property-badge ere__lpb-status\">\r\n                    <span class=\"ere__loop-property-badge-item ere__term-status to-rent\" >\r\n            <span class=\"ere__lpbi-inner\">\r\n                To rent            <\/span>\r\n        <\/span>\r\n    <\/div>\r\n<a class=\"property-link\" href=\"https:\/\/villasyfincasmallorca.com\/en\/property\/beautiful-town-house-to-rent-in-es-llombards\/\" title=\"Renovated 220 m\u00b2 Town House with Large Terrace for Rent in Es Llombards\"><\/a>\r\n<\/div>\r\n\r\n\t\t<div class=\"property-item-content\">\n\t\t\t<div class=\"property-heading\">\n                <h2 class=\"property-title\">\n    <a href=\"https:\/\/villasyfincasmallorca.com\/en\/property\/beautiful-town-house-to-rent-in-es-llombards\/\" title=\"Renovated 220 m\u00b2 Town House with Large Terrace for Rent in Es Llombards\">Renovated 220 m\u00b2 Town House with Large Terrace for Rent in Es Llombards<\/a>\n<\/h2>\n\t<span class=\"property-price ere__loop-property-price\">\n\t\t\t\t1.850\u20ac\t\t\t<\/span>\n\t\t\t<\/div>\n            <div class=\"property-element-inline\">\r\n    <div class=\"property-type-list\"><i class=\"fa fa-tag\"><\/i><a href=\"https:\/\/villasyfincasmallorca.com\/en\/property-type\/house\/\" rel=\"tag\">House<\/a><\/div><div class=\"property-agent\">\r\n    <a href=\"https:\/\/villasyfincasmallorca.com\/en\/agent\/villas-y-fincas-mallorca\/\" title=\"Villas y Fincas Mallorca\">\r\n        <i class=\"fa fa-user\"><\/i>\r\n        <span>Villas y Fincas Mallorca<\/span>\r\n    <\/a>\r\n<\/div>\r\n<div class=\"property-date\">\r\n    <i class=\"fa fa-calendar\"><\/i>\r\n     56 years ago<\/div>\r\n<\/div>\r\n<div class=\"property-excerpt\">\r\n    <p>[vc_row][vc_column][vc_column_text css_animation=&#8221;fadeIn&#8221;]There are villages in Mallorca that feel like a well-kept secret. Es Llombards is one of them. Small, quiet, part of the Santany\u00ed municipality, this enclave in the southeast of the island has preserved its traditional stone architecture, its silent streets, and that village atmosphere experienced year-round, not just during high season. At the [&hellip;]<\/p>\n<\/div>\r\n<div class=\"ere__loop-property-info property-info layout-1\">\r\n    <div class=\"property-info-inner\">\r\n        <div class=\"ere__loop-property-info-item property-area\" data-toggle=\"tooltip\" title=\"Size\">\r\n    <i class=\"fa fa-arrows\"><\/i>\r\n    <div class=\"ere__lpi-content\">\r\n        <span class=\"ere__lpi-value\">220 m<sup>2<\/sup><\/span>\r\n        <span class=\"ere__lpi-label\">Size<\/span>\r\n    <\/div>\r\n<\/div>\r\n\r\n<div class=\"ere__loop-property-info-item property-bedrooms\" data-toggle=\"tooltip\" title=\"3 Bedrooms\">\r\n    <i class=\"fa fa-hotel\"><\/i>\r\n    <div class=\"ere__lpi-content\">\r\n        <span class=\"ere__lpi-value\">3<\/span>\r\n        <span class=\"ere__lpi-label\">Bedrooms<\/span>\r\n    <\/div>\r\n<\/div><div class=\"ere__loop-property-info-item property-bathrooms\" data-toggle=\"tooltip\" title=\"3 Bathrooms\">\r\n    <i class=\"fa fa-bath\"><\/i>\r\n    <div class=\"ere__lpi-content\">\r\n        <span class=\"ere__lpi-value\">3<\/span>\r\n        <span class=\"ere__lpi-label\">Bathrooms<\/span>\r\n    <\/div>\r\n<\/div>\r\n    <\/div>\r\n<\/div>\r\n\n\t\t<\/div>\n\t<\/div>\n<\/div>                    <div class=\"ere-item-wrap property-item ere-property-is-featured\">\n\t<div class=\"property-inner\">\n        <div class=\"property-image\">\r\n    <img loading=\"lazy\" decoding=\"async\" width=\"330\"\r\n     height=\"180\"\r\n     src=\"https:\/\/villasyfincasmallorca.com\/wp-content\/uploads\/2026\/03\/1504-Exclusivo-adosado-en-venta-con-piscina-en-una-calle-tranquila-de-Ses-Salines-16_resultado-330x180.jpg\"\r\n     onerror=\"this.src = 'http:\/\/villasyfincasmallorca.com\/wp-content\/uploads\/2017\/12\/1-VF-2-330x180.jpg';\"\r\n     alt=\"Townhouse with Private Pool in Ses Salines, 146 m\u00b2\"\r\n     title=\"Townhouse with Private Pool in Ses Salines, 146 m\u00b2\">\r\n\r\n<div class=\"ere__loop-property-action property-action\">\r\n    <a data-toggle=\"tooltip\"\r\n   title=\"(21) Photos\"\r\n   data-property-id=\"62900\"\r\n   href=\"javascript:void(0)\" class=\"property-view-gallery ere__loop-property_action-item\">\r\n    <i class=\"fa fa-camera\"><\/i>\r\n<\/a>\r\n<a href=\"javascript:void(0)\" class=\"property-favorite ere__loop-property_action-item\" data-property-id=\"62900\"\r\n   data-toggle=\"tooltip\"\r\n   title=\"Add to Favorite\"\r\n   data-title-not-favorite=\"Add to Favorite\"\r\n   data-title-favorited=\"It is my favorite\"\r\n   data-icon-not-favorite=\"fa fa-star-o\"\r\n   data-icon-favorited=\"fa fa-star\">\r\n    <i class=\"fa fa-star-o\"><\/i>\r\n<\/a>\r\n<a class=\"compare-property ere__loop-property_action-item\" href=\"javascript:void(0)\"\r\n   data-property-id=\"62900\" data-toggle=\"tooltip\"\r\n   title=\"Compare\">\r\n    <i class=\"fa fa-plus\"><\/i>\r\n<\/a>\r\n<\/div><div class=\"ere__loop-property-badge ere__lpb-featured-label\">\r\n            <span class=\"ere__loop-property-badge-item ere__featured\">\r\n    <span class=\"ere__lpbi-inner\">\r\n        Featured    <\/span>\r\n<\/span>\r\n    <\/div>\r\n<div class=\"ere__loop-property-badge ere__lpb-status\">\r\n                    <span style=\"--ere-loop-property-badge-bg-color:,\" class=\"ere__loop-property-badge-item ere__term-status for-sale\" >\r\n            <span class=\"ere__lpbi-inner\">\r\n                For sale            <\/span>\r\n        <\/span>\r\n    <\/div>\r\n<a class=\"property-link\" href=\"https:\/\/villasyfincasmallorca.com\/en\/property\/exclusivo-adosado-en-venta-con-piscina-en-una-calle-tranquila-de-ses-salines\/\" title=\"Townhouse with Private Pool in Ses Salines, 146 m\u00b2\"><\/a>\r\n<\/div>\r\n\r\n\t\t<div class=\"property-item-content\">\n\t\t\t<div class=\"property-heading\">\n                <h2 class=\"property-title\">\n    <a href=\"https:\/\/villasyfincasmallorca.com\/en\/property\/exclusivo-adosado-en-venta-con-piscina-en-una-calle-tranquila-de-ses-salines\/\" title=\"Townhouse with Private Pool in Ses Salines, 146 m\u00b2\">Townhouse with Private Pool in Ses Salines, 146 m\u00b2<\/a>\n<\/h2>\n\t<span class=\"property-price ere__loop-property-price\">\n\t\t\t\t680.000\u20ac\t\t\t<\/span>\n\t\t\t<\/div>\n            <div class=\"property-element-inline\">\r\n    <div class=\"property-type-list\"><i class=\"fa fa-tag\"><\/i><a href=\"https:\/\/villasyfincasmallorca.com\/en\/property-type\/house\/\" rel=\"tag\">House<\/a><\/div><div class=\"property-agent\">\r\n    <a href=\"https:\/\/villasyfincasmallorca.com\/en\/agent\/villas-y-fincas-mallorca\/\" title=\"Villas y Fincas Mallorca\">\r\n        <i class=\"fa fa-user\"><\/i>\r\n        <span>Villas y Fincas Mallorca<\/span>\r\n    <\/a>\r\n<\/div>\r\n<div class=\"property-date\">\r\n    <i class=\"fa fa-calendar\"><\/i>\r\n     56 years ago<\/div>\r\n<\/div>\r\n<div class=\"property-excerpt\">\r\n    <p>[vc_row][vc_column][vc_column_text css_animation=&#8221;fadeIn&#8221;]Some properties make their best first impression not from the listing photos but from the moment you turn onto the street. This townhouse in Ses Salines sits on one of those quiet residential lanes in the heart of the village \u2014 the kind where traffic is almost nonexistent, neighbors exchange greetings as they pass, [&hellip;]<\/p>\n<\/div>\r\n<div class=\"ere__loop-property-info property-info layout-1\">\r\n    <div class=\"property-info-inner\">\r\n        <div class=\"ere__loop-property-info-item property-area\" data-toggle=\"tooltip\" title=\"Size\">\r\n    <i class=\"fa fa-arrows\"><\/i>\r\n    <div class=\"ere__lpi-content\">\r\n        <span class=\"ere__lpi-value\">146 m<sup>2<\/sup><\/span>\r\n        <span class=\"ere__lpi-label\">Size<\/span>\r\n    <\/div>\r\n<\/div>\r\n\r\n<div class=\"ere__loop-property-info-item property-bedrooms\" data-toggle=\"tooltip\" title=\"3 Bedrooms\">\r\n    <i class=\"fa fa-hotel\"><\/i>\r\n    <div class=\"ere__lpi-content\">\r\n        <span class=\"ere__lpi-value\">3<\/span>\r\n        <span class=\"ere__lpi-label\">Bedrooms<\/span>\r\n    <\/div>\r\n<\/div><div class=\"ere__loop-property-info-item property-bathrooms\" data-toggle=\"tooltip\" title=\"2 Bathrooms\">\r\n    <i class=\"fa fa-bath\"><\/i>\r\n    <div class=\"ere__lpi-content\">\r\n        <span class=\"ere__lpi-value\">2<\/span>\r\n        <span class=\"ere__lpi-label\">Bathrooms<\/span>\r\n    <\/div>\r\n<\/div>\r\n    <\/div>\r\n<\/div>\r\n\n\t\t<\/div>\n\t<\/div>\n<\/div>                    <div class=\"ere-item-wrap property-item ere-property-is-featured\">\n\t<div class=\"property-inner\">\n        <div class=\"property-image\">\r\n    <img loading=\"lazy\" decoding=\"async\" width=\"330\"\r\n     height=\"180\"\r\n     src=\"https:\/\/villasyfincasmallorca.com\/wp-content\/uploads\/2026\/03\/1160-Spacious-apartment-for-sale-with-terrace-and-sea-views-in-Portopetro-07-scaled-330x180.jpg\"\r\n     onerror=\"this.src = 'http:\/\/villasyfincasmallorca.com\/wp-content\/uploads\/2017\/12\/1-VF-2-330x180.jpg';\"\r\n     alt=\"Renovated Apartment with Terrace and Sea Views in Portopetro\"\r\n     title=\"Renovated Apartment with Terrace and Sea Views in Portopetro\">\r\n\r\n<div class=\"ere__loop-property-action property-action\">\r\n    <a data-toggle=\"tooltip\"\r\n   title=\"(20) Photos\"\r\n   data-property-id=\"43208\"\r\n   href=\"javascript:void(0)\" class=\"property-view-gallery ere__loop-property_action-item\">\r\n    <i class=\"fa fa-camera\"><\/i>\r\n<\/a>\r\n<a href=\"javascript:void(0)\" class=\"property-favorite ere__loop-property_action-item\" data-property-id=\"43208\"\r\n   data-toggle=\"tooltip\"\r\n   title=\"Add to Favorite\"\r\n   data-title-not-favorite=\"Add to Favorite\"\r\n   data-title-favorited=\"It is my favorite\"\r\n   data-icon-not-favorite=\"fa fa-star-o\"\r\n   data-icon-favorited=\"fa fa-star\">\r\n    <i class=\"fa fa-star-o\"><\/i>\r\n<\/a>\r\n<a class=\"compare-property ere__loop-property_action-item\" href=\"javascript:void(0)\"\r\n   data-property-id=\"43208\" data-toggle=\"tooltip\"\r\n   title=\"Compare\">\r\n    <i class=\"fa fa-plus\"><\/i>\r\n<\/a>\r\n<\/div><div class=\"ere__loop-property-badge ere__lpb-featured-label\">\r\n            <span class=\"ere__loop-property-badge-item ere__featured\">\r\n    <span class=\"ere__lpbi-inner\">\r\n        Featured    <\/span>\r\n<\/span>\r\n    <\/div>\r\n<div class=\"ere__loop-property-badge ere__lpb-status\">\r\n                    <span style=\"--ere-loop-property-badge-bg-color:,\" class=\"ere__loop-property-badge-item ere__term-status for-sale\" >\r\n            <span class=\"ere__lpbi-inner\">\r\n                For sale            <\/span>\r\n        <\/span>\r\n    <\/div>\r\n<a class=\"property-link\" href=\"https:\/\/villasyfincasmallorca.com\/en\/property\/apartment-for-sale-with-sea-views-in-portopetro\/\" title=\"Renovated Apartment with Terrace and Sea Views in Portopetro\"><\/a>\r\n<\/div>\r\n\r\n\t\t<div class=\"property-item-content\">\n\t\t\t<div class=\"property-heading\">\n                <h2 class=\"property-title\">\n    <a href=\"https:\/\/villasyfincasmallorca.com\/en\/property\/apartment-for-sale-with-sea-views-in-portopetro\/\" title=\"Renovated Apartment with Terrace and Sea Views in Portopetro\">Renovated Apartment with Terrace and Sea Views in Portopetro<\/a>\n<\/h2>\n\t<span class=\"property-price ere__loop-property-price\">\n\t\t\t\t398.000\u20ac\t\t\t<\/span>\n\t\t\t<\/div>\n            <div class=\"property-element-inline\">\r\n    <div class=\"property-type-list\"><i class=\"fa fa-tag\"><\/i><a href=\"https:\/\/villasyfincasmallorca.com\/en\/property-type\/apartment\/\" rel=\"tag\">Apartment<\/a><\/div><div class=\"property-agent\">\r\n    <a href=\"https:\/\/villasyfincasmallorca.com\/agent\/villas-y-fincas-mallorca\/\" title=\"Villas y Fincas Mallorca\">\r\n        <i class=\"fa fa-user\"><\/i>\r\n        <span>Villas y Fincas Mallorca<\/span>\r\n    <\/a>\r\n<\/div>\r\n<div class=\"property-date\">\r\n    <i class=\"fa fa-calendar\"><\/i>\r\n     56 years ago<\/div>\r\n<\/div>\r\n<div class=\"property-excerpt\">\r\n    <p>[vc_row][vc_column][vc_column_text css_animation=&#8221;fadeIn&#8221;] There are corners of Mallorca where time seems to move at a different pace. Portopetro is one of them. This small fishing port on the southeast coast of the island, part of the Santany\u00ed municipality, has kept its original maritime character intact while the rest of the coast yielded to tourist pressure. Here, [&hellip;]<\/p>\n<\/div>\r\n<div class=\"ere__loop-property-info property-info layout-1\">\r\n    <div class=\"property-info-inner\">\r\n        <div class=\"ere__loop-property-info-item property-area\" data-toggle=\"tooltip\" title=\"Size\">\r\n    <i class=\"fa fa-arrows\"><\/i>\r\n    <div class=\"ere__lpi-content\">\r\n        <span class=\"ere__lpi-value\">83 m<sup>2<\/sup><\/span>\r\n        <span class=\"ere__lpi-label\">Size<\/span>\r\n    <\/div>\r\n<\/div>\r\n\r\n<div class=\"ere__loop-property-info-item property-bedrooms\" data-toggle=\"tooltip\" title=\"2 Bedrooms\">\r\n    <i class=\"fa fa-hotel\"><\/i>\r\n    <div class=\"ere__lpi-content\">\r\n        <span class=\"ere__lpi-value\">2<\/span>\r\n        <span class=\"ere__lpi-label\">Bedrooms<\/span>\r\n    <\/div>\r\n<\/div><div class=\"ere__loop-property-info-item property-bathrooms\" data-toggle=\"tooltip\" title=\"1 Bathroom\">\r\n    <i class=\"fa fa-bath\"><\/i>\r\n    <div class=\"ere__lpi-content\">\r\n        <span class=\"ere__lpi-value\">1<\/span>\r\n        <span class=\"ere__lpi-label\">Bathroom<\/span>\r\n    <\/div>\r\n<\/div>\r\n    <\/div>\r\n<\/div>\r\n\n\t\t<\/div>\n\t<\/div>\n<\/div>                    <div class=\"ere-item-wrap property-item ere-property-is-featured\">\n\t<div class=\"property-inner\">\n        <div class=\"property-image\">\r\n    <img loading=\"lazy\" decoding=\"async\" width=\"330\"\r\n     height=\"180\"\r\n     src=\"https:\/\/villasyfincasmallorca.com\/wp-content\/uploads\/2026\/02\/1501-Town-house-for-sale-with-massive-outdoors-space-in-Ses-Salines-01-330x180.jpg\"\r\n     onerror=\"this.src = 'http:\/\/villasyfincasmallorca.com\/wp-content\/uploads\/2017\/12\/1-VF-2-330x180.jpg';\"\r\n     alt=\"Historic 1890 Town House with 831 m\u00b2 Plot and Double Access in Ses Salines\"\r\n     title=\"Historic 1890 Town House with 831 m\u00b2 Plot and Double Access in Ses Salines\">\r\n\r\n<div class=\"ere__loop-property-action property-action\">\r\n    <a data-toggle=\"tooltip\"\r\n   title=\"(23) Photos\"\r\n   data-property-id=\"62102\"\r\n   href=\"javascript:void(0)\" class=\"property-view-gallery ere__loop-property_action-item\">\r\n    <i class=\"fa fa-camera\"><\/i>\r\n<\/a>\r\n<a href=\"javascript:void(0)\" class=\"property-favorite ere__loop-property_action-item\" data-property-id=\"62102\"\r\n   data-toggle=\"tooltip\"\r\n   title=\"Add to Favorite\"\r\n   data-title-not-favorite=\"Add to Favorite\"\r\n   data-title-favorited=\"It is my favorite\"\r\n   data-icon-not-favorite=\"fa fa-star-o\"\r\n   data-icon-favorited=\"fa fa-star\">\r\n    <i class=\"fa fa-star-o\"><\/i>\r\n<\/a>\r\n<a class=\"compare-property ere__loop-property_action-item\" href=\"javascript:void(0)\"\r\n   data-property-id=\"62102\" data-toggle=\"tooltip\"\r\n   title=\"Compare\">\r\n    <i class=\"fa fa-plus\"><\/i>\r\n<\/a>\r\n<\/div><div class=\"ere__loop-property-badge ere__lpb-featured-label\">\r\n            <span class=\"ere__loop-property-badge-item ere__featured\">\r\n    <span class=\"ere__lpbi-inner\">\r\n        Featured    <\/span>\r\n<\/span>\r\n    <\/div>\r\n<div class=\"ere__loop-property-badge ere__lpb-status\">\r\n                    <span style=\"--ere-loop-property-badge-bg-color:,\" class=\"ere__loop-property-badge-item ere__term-status for-sale\" >\r\n            <span class=\"ere__lpbi-inner\">\r\n                For sale            <\/span>\r\n        <\/span>\r\n    <\/div>\r\n<a class=\"property-link\" href=\"https:\/\/villasyfincasmallorca.com\/en\/property\/unique-opportunity-in-ses-salines-historic-townhouse-for-renovation-with-a-massive-831-sqm-plot-and-dual-street-access\/\" title=\"Historic 1890 Town House with 831 m\u00b2 Plot and Double Access in Ses Salines\"><\/a>\r\n<\/div>\r\n\r\n\t\t<div class=\"property-item-content\">\n\t\t\t<div class=\"property-heading\">\n                <h2 class=\"property-title\">\n    <a href=\"https:\/\/villasyfincasmallorca.com\/en\/property\/unique-opportunity-in-ses-salines-historic-townhouse-for-renovation-with-a-massive-831-sqm-plot-and-dual-street-access\/\" title=\"Historic 1890 Town House with 831 m\u00b2 Plot and Double Access in Ses Salines\">Historic 1890 Town House with 831 m\u00b2 Plot and Double Access in Ses Salines<\/a>\n<\/h2>\n\t<span class=\"property-price ere__loop-property-price\">\n\t\t\t\t700.000\u20ac\t\t\t<\/span>\n\t\t\t<\/div>\n            <div class=\"property-element-inline\">\r\n    <div class=\"property-type-list\"><i class=\"fa fa-tag\"><\/i><a href=\"https:\/\/villasyfincasmallorca.com\/en\/property-type\/house\/\" rel=\"tag\">House<\/a><\/div><div class=\"property-agent\">\r\n    <a href=\"https:\/\/villasyfincasmallorca.com\/en\/agent\/villas-y-fincas-mallorca\/\" title=\"Villas y Fincas Mallorca\">\r\n        <i class=\"fa fa-user\"><\/i>\r\n        <span>Villas y Fincas Mallorca<\/span>\r\n    <\/a>\r\n<\/div>\r\n<div class=\"property-date\">\r\n    <i class=\"fa fa-calendar\"><\/i>\r\n     56 years ago<\/div>\r\n<\/div>\r\n<div class=\"property-excerpt\">\r\n    <p>[vc_row][vc_column][vc_column_text css_animation=&#8221;fadeIn&#8221;]Some properties only come on the market once in a generation. This historic town house for renovation for sale in Ses Salines is one of them. Built in 1890, with 274 square meters already constructed, an urban plot of 831 square meters \u2014 a truly exceptional surface within the historic center of any village [&hellip;]<\/p>\n<\/div>\r\n<div class=\"ere__loop-property-info property-info layout-1\">\r\n    <div class=\"property-info-inner\">\r\n        <div class=\"ere__loop-property-info-item property-area\" data-toggle=\"tooltip\" title=\"Size\">\r\n    <i class=\"fa fa-arrows\"><\/i>\r\n    <div class=\"ere__lpi-content\">\r\n        <span class=\"ere__lpi-value\">274 m<sup>2<\/sup><\/span>\r\n        <span class=\"ere__lpi-label\">Size<\/span>\r\n    <\/div>\r\n<\/div>\r\n\r\n<div class=\"ere__loop-property-info-item property-bedrooms\" data-toggle=\"tooltip\" title=\"4 Bedrooms\">\r\n    <i class=\"fa fa-hotel\"><\/i>\r\n    <div class=\"ere__lpi-content\">\r\n        <span class=\"ere__lpi-value\">4<\/span>\r\n        <span class=\"ere__lpi-label\">Bedrooms<\/span>\r\n    <\/div>\r\n<\/div><div class=\"ere__loop-property-info-item property-bathrooms\" data-toggle=\"tooltip\" title=\"1 Bathroom\">\r\n    <i class=\"fa fa-bath\"><\/i>\r\n    <div class=\"ere__lpi-content\">\r\n        <span class=\"ere__lpi-value\">1<\/span>\r\n        <span class=\"ere__lpi-label\">Bathroom<\/span>\r\n    <\/div>\r\n<\/div>\r\n    <\/div>\r\n<\/div>\r\n\n\t\t<\/div>\n\t<\/div>\n<\/div>                    <div class=\"ere-item-wrap property-item ere-property-is-featured\">\n\t<div class=\"property-inner\">\n        <div class=\"property-image\">\r\n    <img loading=\"lazy\" decoding=\"async\" width=\"330\"\r\n     height=\"180\"\r\n     src=\"https:\/\/villasyfincasmallorca.com\/wp-content\/uploads\/2026\/02\/1500-Modern-town-house-to-rent-in-Santanyi-with-terrace-05_resultado-330x180.png\"\r\n     onerror=\"this.src = 'http:\/\/villasyfincasmallorca.com\/wp-content\/uploads\/2017\/12\/1-VF-2-330x180.jpg';\"\r\n     alt=\"Designer Town House for Rent with Garage and Elevator Near Santany\u00ed&#8217;s Plaza Mayor\"\r\n     title=\"Designer Town House for Rent with Garage and Elevator Near Santany\u00ed&#8217;s Plaza Mayor\">\r\n\r\n<div class=\"ere__loop-property-action property-action\">\r\n    <a data-toggle=\"tooltip\"\r\n   title=\"(11) Photos\"\r\n   data-property-id=\"61802\"\r\n   href=\"javascript:void(0)\" class=\"property-view-gallery ere__loop-property_action-item\">\r\n    <i class=\"fa fa-camera\"><\/i>\r\n<\/a>\r\n<a href=\"javascript:void(0)\" class=\"property-favorite ere__loop-property_action-item\" data-property-id=\"61802\"\r\n   data-toggle=\"tooltip\"\r\n   title=\"Add to Favorite\"\r\n   data-title-not-favorite=\"Add to Favorite\"\r\n   data-title-favorited=\"It is my favorite\"\r\n   data-icon-not-favorite=\"fa fa-star-o\"\r\n   data-icon-favorited=\"fa fa-star\">\r\n    <i class=\"fa fa-star-o\"><\/i>\r\n<\/a>\r\n<a class=\"compare-property ere__loop-property_action-item\" href=\"javascript:void(0)\"\r\n   data-property-id=\"61802\" data-toggle=\"tooltip\"\r\n   title=\"Compare\">\r\n    <i class=\"fa fa-plus\"><\/i>\r\n<\/a>\r\n<\/div><div class=\"ere__loop-property-badge ere__lpb-featured-label\">\r\n            <span class=\"ere__loop-property-badge-item ere__featured\">\r\n    <span class=\"ere__lpbi-inner\">\r\n        Featured    <\/span>\r\n<\/span>\r\n    <\/div>\r\n<div class=\"ere__loop-property-badge ere__lpb-status\">\r\n                    <span class=\"ere__loop-property-badge-item ere__term-status to-rent\" >\r\n            <span class=\"ere__lpbi-inner\">\r\n                To rent            <\/span>\r\n        <\/span>\r\n    <\/div>\r\n<a class=\"property-link\" href=\"https:\/\/villasyfincasmallorca.com\/en\/property\/alquiler-de-casa-de-pueblo-de-diseno-en-santanyi-renovada-con-garaje-y-ascensor-junto-a-la-plaza-mayor\/\" title=\"Designer Town House for Rent with Garage and Elevator Near Santany\u00ed&#8217;s Plaza Mayor\"><\/a>\r\n<\/div>\r\n\r\n\t\t<div class=\"property-item-content\">\n\t\t\t<div class=\"property-heading\">\n                <h2 class=\"property-title\">\n    <a href=\"https:\/\/villasyfincasmallorca.com\/en\/property\/alquiler-de-casa-de-pueblo-de-diseno-en-santanyi-renovada-con-garaje-y-ascensor-junto-a-la-plaza-mayor\/\" title=\"Designer Town House for Rent with Garage and Elevator Near Santany\u00ed&#8217;s Plaza Mayor\">Designer Town House for Rent with Garage and Elevator Near Santany\u00ed&#8217;s Plaza Mayor<\/a>\n<\/h2>\n\t<span class=\"property-price ere__loop-property-price\">\n\t\t\t\t3.500\u20ac\t\t\t<\/span>\n\t\t\t<\/div>\n            <div class=\"property-element-inline\">\r\n    <div class=\"property-type-list\"><i class=\"fa fa-tag\"><\/i><a href=\"https:\/\/villasyfincasmallorca.com\/en\/property-type\/house\/\" rel=\"tag\">House<\/a><\/div><div class=\"property-agent\">\r\n    <a href=\"https:\/\/villasyfincasmallorca.com\/en\/agent\/villas-y-fincas-mallorca\/\" title=\"Villas y Fincas Mallorca\">\r\n        <i class=\"fa fa-user\"><\/i>\r\n        <span>Villas y Fincas Mallorca<\/span>\r\n    <\/a>\r\n<\/div>\r\n<div class=\"property-date\">\r\n    <i class=\"fa fa-calendar\"><\/i>\r\n     56 years ago<\/div>\r\n<\/div>\r\n<div class=\"property-excerpt\">\r\n    <p>[vc_row][vc_column][vc_column_text css_animation=&#8221;fadeIn&#8221;]Some rentals are more than a home \u2014 they are a statement about how you want to live. This designer town house for rent in Santany\u00ed, fully renovated and brand new, undoubtedly belongs to that category. Located just steps from the Plaza Mayor, in the heart of the historic center, it offers 190 square [&hellip;]<\/p>\n<\/div>\r\n<div class=\"ere__loop-property-info property-info layout-1\">\r\n    <div class=\"property-info-inner\">\r\n        <div class=\"ere__loop-property-info-item property-area\" data-toggle=\"tooltip\" title=\"Size\">\r\n    <i class=\"fa fa-arrows\"><\/i>\r\n    <div class=\"ere__lpi-content\">\r\n        <span class=\"ere__lpi-value\">190 m<sup>2<\/sup><\/span>\r\n        <span class=\"ere__lpi-label\">Size<\/span>\r\n    <\/div>\r\n<\/div>\r\n\r\n<div class=\"ere__loop-property-info-item property-bedrooms\" data-toggle=\"tooltip\" title=\"2 Bedrooms\">\r\n    <i class=\"fa fa-hotel\"><\/i>\r\n    <div class=\"ere__lpi-content\">\r\n        <span class=\"ere__lpi-value\">2<\/span>\r\n        <span class=\"ere__lpi-label\">Bedrooms<\/span>\r\n    <\/div>\r\n<\/div><div class=\"ere__loop-property-info-item property-bathrooms\" data-toggle=\"tooltip\" title=\"2 Bathrooms\">\r\n    <i class=\"fa fa-bath\"><\/i>\r\n    <div class=\"ere__lpi-content\">\r\n        <span class=\"ere__lpi-value\">2<\/span>\r\n        <span class=\"ere__lpi-label\">Bathrooms<\/span>\r\n    <\/div>\r\n<\/div>\r\n    <\/div>\r\n<\/div>\r\n\n\t\t<\/div>\n\t<\/div>\n<\/div>                    <div class=\"ere-item-wrap property-item ere-property-is-featured\">\n\t<div class=\"property-inner\">\n        <div class=\"property-image\">\r\n    <img loading=\"lazy\" decoding=\"async\" width=\"330\"\r\n     height=\"180\"\r\n     src=\"https:\/\/villasyfincasmallorca.com\/wp-content\/uploads\/2022\/10\/1304-Posesion-historica-en-venta-en-Mallorca-10-Copiar-330x180.jpg\"\r\n     onerror=\"this.src = 'http:\/\/villasyfincasmallorca.com\/wp-content\/uploads\/2017\/12\/1-VF-2-330x180.jpg';\"\r\n     alt=\"Historic Estate with Defense Tower and 311 Hectares with Sea Views Near Estellencs\"\r\n     title=\"Historic Estate with Defense Tower and 311 Hectares with Sea Views Near Estellencs\">\r\n\r\n<div class=\"ere__loop-property-action property-action\">\r\n    <a data-toggle=\"tooltip\"\r\n   title=\"(24) Photos\"\r\n   data-property-id=\"44441\"\r\n   href=\"javascript:void(0)\" class=\"property-view-gallery ere__loop-property_action-item\">\r\n    <i class=\"fa fa-camera\"><\/i>\r\n<\/a>\r\n<a href=\"javascript:void(0)\" class=\"property-favorite ere__loop-property_action-item\" data-property-id=\"44441\"\r\n   data-toggle=\"tooltip\"\r\n   title=\"Add to Favorite\"\r\n   data-title-not-favorite=\"Add to Favorite\"\r\n   data-title-favorited=\"It is my favorite\"\r\n   data-icon-not-favorite=\"fa fa-star-o\"\r\n   data-icon-favorited=\"fa fa-star\">\r\n    <i class=\"fa fa-star-o\"><\/i>\r\n<\/a>\r\n<a class=\"compare-property ere__loop-property_action-item\" href=\"javascript:void(0)\"\r\n   data-property-id=\"44441\" data-toggle=\"tooltip\"\r\n   title=\"Compare\">\r\n    <i class=\"fa fa-plus\"><\/i>\r\n<\/a>\r\n<\/div><div class=\"ere__loop-property-badge ere__lpb-featured-label\">\r\n            <span class=\"ere__loop-property-badge-item ere__featured\">\r\n    <span class=\"ere__lpbi-inner\">\r\n        Featured    <\/span>\r\n<\/span>\r\n    <\/div>\r\n<div class=\"ere__loop-property-badge ere__lpb-status\">\r\n                    <span style=\"--ere-loop-property-badge-bg-color:,\" class=\"ere__loop-property-badge-item ere__term-status for-sale\" >\r\n            <span class=\"ere__lpbi-inner\">\r\n                For sale            <\/span>\r\n        <\/span>\r\n    <\/div>\r\n<a class=\"property-link\" href=\"https:\/\/villasyfincasmallorca.com\/en\/property\/unique-country-estate-for-sale-with-sea-views-next-to-estellencs\/\" title=\"Historic Estate with Defense Tower and 311 Hectares with Sea Views Near Estellencs\"><\/a>\r\n<\/div>\r\n\r\n\t\t<div class=\"property-item-content\">\n\t\t\t<div class=\"property-heading\">\n                <h2 class=\"property-title\">\n    <a href=\"https:\/\/villasyfincasmallorca.com\/en\/property\/unique-country-estate-for-sale-with-sea-views-next-to-estellencs\/\" title=\"Historic Estate with Defense Tower and 311 Hectares with Sea Views Near Estellencs\">Historic Estate with Defense Tower and 311 Hectares with Sea Views Near Estellencs<\/a>\n<\/h2>\n\t<span class=\"property-price ere__loop-property-price\">\n\t\t\t\t12.640.000\u20ac\t\t\t<\/span>\n\t\t\t<\/div>\n            <div class=\"property-element-inline\">\r\n    <div class=\"property-type-list\"><i class=\"fa fa-tag\"><\/i><a href=\"https:\/\/villasyfincasmallorca.com\/en\/property-type\/country-house\/\" rel=\"tag\">Country house<\/a><\/div><div class=\"property-agent\">\r\n    <a href=\"https:\/\/villasyfincasmallorca.com\/agent\/villas-y-fincas-mallorca\/\" title=\"Villas y Fincas Mallorca\">\r\n        <i class=\"fa fa-user\"><\/i>\r\n        <span>Villas y Fincas Mallorca<\/span>\r\n    <\/a>\r\n<\/div>\r\n<div class=\"property-date\">\r\n    <i class=\"fa fa-calendar\"><\/i>\r\n     56 years ago<\/div>\r\n<\/div>\r\n<div class=\"property-excerpt\">\r\n    <p>[vc_row][vc_column][vc_video link=&#8221;https:\/\/www.youtube.com\/watch?v=meLcow7LdcU&#8221;][g5plus_space desktop=&#8221;35&#8243; tablet=&#8221;70&#8243; tablet_portrait=&#8221;60&#8243; mobile_landscape=&#8221;50&#8243; mobile=&#8221;40&#8243;][vc_column_text css_animation=&#8221;fadeIn&#8221;]There are properties, and then there are legacies. This historic estate with sea views for sale near Estellencs unquestionably belongs to the second category. It is not a house, nor a finca, nor even a large rural property: it is a Mallorcan possessi\u00f3 in the deepest sense of [&hellip;]<\/p>\n<\/div>\r\n<div class=\"ere__loop-property-info property-info layout-1\">\r\n    <div class=\"property-info-inner\">\r\n        <div class=\"ere__loop-property-info-item property-area\" data-toggle=\"tooltip\" title=\"Size\">\r\n    <i class=\"fa fa-arrows\"><\/i>\r\n    <div class=\"ere__lpi-content\">\r\n        <span class=\"ere__lpi-value\">1.800 m<sup>2<\/sup><\/span>\r\n        <span class=\"ere__lpi-label\">Size<\/span>\r\n    <\/div>\r\n<\/div>\r\n\r\n<div class=\"ere__loop-property-info-item property-bedrooms\" data-toggle=\"tooltip\" title=\"10 Bedrooms\">\r\n    <i class=\"fa fa-hotel\"><\/i>\r\n    <div class=\"ere__lpi-content\">\r\n        <span class=\"ere__lpi-value\">10<\/span>\r\n        <span class=\"ere__lpi-label\">Bedrooms<\/span>\r\n    <\/div>\r\n<\/div><div class=\"ere__loop-property-info-item property-bathrooms\" data-toggle=\"tooltip\" title=\"1 Bathroom\">\r\n    <i class=\"fa fa-bath\"><\/i>\r\n    <div class=\"ere__lpi-content\">\r\n        <span class=\"ere__lpi-value\">1<\/span>\r\n        <span class=\"ere__lpi-label\">Bathroom<\/span>\r\n    <\/div>\r\n<\/div>\r\n    <\/div>\r\n<\/div>\r\n\n\t\t<\/div>\n\t<\/div>\n<\/div>                    <div class=\"ere-item-wrap property-item ere-property-is-featured\">\n\t<div class=\"property-inner\">\n        <div class=\"property-image\">\r\n    <img loading=\"lazy\" decoding=\"async\" width=\"330\"\r\n     height=\"180\"\r\n     src=\"https:\/\/villasyfincasmallorca.com\/wp-content\/uploads\/2020\/01\/11-1183-Villasyfincasmallorca-330x180.jpg\"\r\n     onerror=\"this.src = 'http:\/\/villasyfincasmallorca.com\/wp-content\/uploads\/2017\/12\/1-VF-2-330x180.jpg';\"\r\n     alt=\"Unfurnished 3-Bedroom Apartment for Rent with Elevator in Central Campos\"\r\n     title=\"Unfurnished 3-Bedroom Apartment for Rent with Elevator in Central Campos\">\r\n\r\n<div class=\"ere__loop-property-action property-action\">\r\n    <a data-toggle=\"tooltip\"\r\n   title=\"(24) Photos\"\r\n   data-property-id=\"61394\"\r\n   href=\"javascript:void(0)\" class=\"property-view-gallery ere__loop-property_action-item\">\r\n    <i class=\"fa fa-camera\"><\/i>\r\n<\/a>\r\n<a href=\"javascript:void(0)\" class=\"property-favorite ere__loop-property_action-item\" data-property-id=\"61394\"\r\n   data-toggle=\"tooltip\"\r\n   title=\"Add to Favorite\"\r\n   data-title-not-favorite=\"Add to Favorite\"\r\n   data-title-favorited=\"It is my favorite\"\r\n   data-icon-not-favorite=\"fa fa-star-o\"\r\n   data-icon-favorited=\"fa fa-star\">\r\n    <i class=\"fa fa-star-o\"><\/i>\r\n<\/a>\r\n<a class=\"compare-property ere__loop-property_action-item\" href=\"javascript:void(0)\"\r\n   data-property-id=\"61394\" data-toggle=\"tooltip\"\r\n   title=\"Compare\">\r\n    <i class=\"fa fa-plus\"><\/i>\r\n<\/a>\r\n<\/div><div class=\"ere__loop-property-badge ere__lpb-featured-label\">\r\n            <span class=\"ere__loop-property-badge-item ere__featured\">\r\n    <span class=\"ere__lpbi-inner\">\r\n        Featured    <\/span>\r\n<\/span>\r\n    <\/div>\r\n<div class=\"ere__loop-property-badge ere__lpb-status\">\r\n                    <span class=\"ere__loop-property-badge-item ere__term-status to-rent\" >\r\n            <span class=\"ere__lpbi-inner\">\r\n                To rent            <\/span>\r\n        <\/span>\r\n    <\/div>\r\n<a class=\"property-link\" href=\"https:\/\/villasyfincasmallorca.com\/en\/property\/amplio-piso-en-alquiler-en-campos-2\/\" title=\"Unfurnished 3-Bedroom Apartment for Rent with Elevator in Central Campos\"><\/a>\r\n<\/div>\r\n\r\n\t\t<div class=\"property-item-content\">\n\t\t\t<div class=\"property-heading\">\n                <h2 class=\"property-title\">\n    <a href=\"https:\/\/villasyfincasmallorca.com\/en\/property\/amplio-piso-en-alquiler-en-campos-2\/\" title=\"Unfurnished 3-Bedroom Apartment for Rent with Elevator in Central Campos\">Unfurnished 3-Bedroom Apartment for Rent with Elevator in Central Campos<\/a>\n<\/h2>\n\t<span class=\"property-price ere__loop-property-price\">\n\t\t\t\t1.250\u20ac\t\t\t<\/span>\n\t\t\t<\/div>\n            <div class=\"property-element-inline\">\r\n    <div class=\"property-type-list\"><i class=\"fa fa-tag\"><\/i><a href=\"https:\/\/villasyfincasmallorca.com\/en\/property-type\/apartment\/\" rel=\"tag\">Apartment<\/a><\/div><div class=\"property-agent\">\r\n    <a href=\"https:\/\/villasyfincasmallorca.com\/en\/agent\/villas-y-fincas-mallorca\/\" title=\"Villas y Fincas Mallorca\">\r\n        <i class=\"fa fa-user\"><\/i>\r\n        <span>Villas y Fincas Mallorca<\/span>\r\n    <\/a>\r\n<\/div>\r\n<div class=\"property-date\">\r\n    <i class=\"fa fa-calendar\"><\/i>\r\n     56 years ago<\/div>\r\n<\/div>\r\n<div class=\"property-excerpt\">\r\n    <p>[vc_row][vc_column][vc_column_text css_animation=&#8221;fadeIn&#8221;]Finding a three-bedroom unfurnished apartment for rent in Campos that&#8217;s in good condition and ready to move into is, in today&#8217;s southeastern Mallorca market, a real opportunity. This first-floor apartment of 100 square meters offers exactly that: three bedrooms, two full bathrooms, an independent equipped kitchen, an exterior balcony, an elevator in the building, [&hellip;]<\/p>\n<\/div>\r\n<div class=\"ere__loop-property-info property-info layout-1\">\r\n    <div class=\"property-info-inner\">\r\n        <div class=\"ere__loop-property-info-item property-area\" data-toggle=\"tooltip\" title=\"Size\">\r\n    <i class=\"fa fa-arrows\"><\/i>\r\n    <div class=\"ere__lpi-content\">\r\n        <span class=\"ere__lpi-value\">100 m<sup>2<\/sup><\/span>\r\n        <span class=\"ere__lpi-label\">Size<\/span>\r\n    <\/div>\r\n<\/div>\r\n\r\n<div class=\"ere__loop-property-info-item property-bedrooms\" data-toggle=\"tooltip\" title=\"3 Bedrooms\">\r\n    <i class=\"fa fa-hotel\"><\/i>\r\n    <div class=\"ere__lpi-content\">\r\n        <span class=\"ere__lpi-value\">3<\/span>\r\n        <span class=\"ere__lpi-label\">Bedrooms<\/span>\r\n    <\/div>\r\n<\/div><div class=\"ere__loop-property-info-item property-bathrooms\" data-toggle=\"tooltip\" title=\"2 Bathrooms\">\r\n    <i class=\"fa fa-bath\"><\/i>\r\n    <div class=\"ere__lpi-content\">\r\n        <span class=\"ere__lpi-value\">2<\/span>\r\n        <span class=\"ere__lpi-label\">Bathrooms<\/span>\r\n    <\/div>\r\n<\/div>\r\n    <\/div>\r\n<\/div>\r\n\n\t\t<\/div>\n\t<\/div>\n<\/div>                    <div class=\"ere-item-wrap property-item ere-property-is-featured\">\n\t<div class=\"property-inner\">\n        <div class=\"property-image\">\r\n    <img loading=\"lazy\" decoding=\"async\" width=\"330\"\r\n     height=\"180\"\r\n     src=\"https:\/\/villasyfincasmallorca.com\/wp-content\/uploads\/2025\/01\/1456-Country-house-for-sale-in-Ses-Salines-11-330x180.png\"\r\n     onerror=\"this.src = 'http:\/\/villasyfincasmallorca.com\/wp-content\/uploads\/2017\/12\/1-VF-2-330x180.jpg';\"\r\n     alt=\"Unfinished Country House with 20,900 m\u00b2 Plot Near Ses Salines\"\r\n     title=\"Unfinished Country House with 20,900 m\u00b2 Plot Near Ses Salines\">\r\n\r\n<div class=\"ere__loop-property-action property-action\">\r\n    <a data-toggle=\"tooltip\"\r\n   title=\"(12) Photos\"\r\n   data-property-id=\"57348\"\r\n   href=\"javascript:void(0)\" class=\"property-view-gallery ere__loop-property_action-item\">\r\n    <i class=\"fa fa-camera\"><\/i>\r\n<\/a>\r\n<a href=\"javascript:void(0)\" class=\"property-favorite ere__loop-property_action-item\" data-property-id=\"57348\"\r\n   data-toggle=\"tooltip\"\r\n   title=\"Add to Favorite\"\r\n   data-title-not-favorite=\"Add to Favorite\"\r\n   data-title-favorited=\"It is my favorite\"\r\n   data-icon-not-favorite=\"fa fa-star-o\"\r\n   data-icon-favorited=\"fa fa-star\">\r\n    <i class=\"fa fa-star-o\"><\/i>\r\n<\/a>\r\n<a class=\"compare-property ere__loop-property_action-item\" href=\"javascript:void(0)\"\r\n   data-property-id=\"57348\" data-toggle=\"tooltip\"\r\n   title=\"Compare\">\r\n    <i class=\"fa fa-plus\"><\/i>\r\n<\/a>\r\n<\/div><div class=\"ere__loop-property-badge ere__lpb-featured-label\">\r\n            <span class=\"ere__loop-property-badge-item ere__featured\">\r\n    <span class=\"ere__lpbi-inner\">\r\n        Featured    <\/span>\r\n<\/span>\r\n    <\/div>\r\n<div class=\"ere__loop-property-badge ere__lpb-status\">\r\n                    <span style=\"--ere-loop-property-badge-bg-color:,\" class=\"ere__loop-property-badge-item ere__term-status for-sale\" >\r\n            <span class=\"ere__lpbi-inner\">\r\n                For sale            <\/span>\r\n        <\/span>\r\n    <\/div>\r\n<a class=\"property-link\" href=\"https:\/\/villasyfincasmallorca.com\/en\/property\/country-house-for-sale-next-to-ses-salines-and-santanyi\/\" title=\"Unfinished Country House with 20,900 m\u00b2 Plot Near Ses Salines\"><\/a>\r\n<\/div>\r\n\r\n\t\t<div class=\"property-item-content\">\n\t\t\t<div class=\"property-heading\">\n                <h2 class=\"property-title\">\n    <a href=\"https:\/\/villasyfincasmallorca.com\/en\/property\/country-house-for-sale-next-to-ses-salines-and-santanyi\/\" title=\"Unfinished Country House with 20,900 m\u00b2 Plot Near Ses Salines\">Unfinished Country House with 20,900 m\u00b2 Plot Near Ses Salines<\/a>\n<\/h2>\n\t<span class=\"property-price ere__loop-property-price\">\n\t\t\t\t870.000\u20ac\t\t\t<\/span>\n\t\t\t<\/div>\n            <div class=\"property-element-inline\">\r\n    <div class=\"property-type-list\"><i class=\"fa fa-tag\"><\/i><a href=\"https:\/\/villasyfincasmallorca.com\/en\/property-type\/country-house\/\" rel=\"tag\">Country house<\/a>, <a href=\"https:\/\/villasyfincasmallorca.com\/en\/property-type\/villa-en\/\" rel=\"tag\">Villa<\/a><\/div><div class=\"property-agent\">\r\n    <a href=\"https:\/\/villasyfincasmallorca.com\/agent\/villas-y-fincas-mallorca\/\" title=\"Villas y Fincas Mallorca\">\r\n        <i class=\"fa fa-user\"><\/i>\r\n        <span>Villas y Fincas Mallorca<\/span>\r\n    <\/a>\r\n<\/div>\r\n<div class=\"property-date\">\r\n    <i class=\"fa fa-calendar\"><\/i>\r\n     56 years ago<\/div>\r\n<\/div>\r\n<div class=\"property-excerpt\">\r\n    <p>[vc_row][vc_column][vc_column_text css_animation=&#8221;fadeIn&#8221;] Some properties are bought for what they are; others are bought for what they can become. This country house for sale near Ses Salines belongs firmly to the second group: an unfinished home of 180 square meters distributed over two floors, set on a rural plot of more than 20,900 square meters in [&hellip;]<\/p>\n<\/div>\r\n<div class=\"ere__loop-property-info property-info layout-1\">\r\n    <div class=\"property-info-inner\">\r\n        <div class=\"ere__loop-property-info-item property-area\" data-toggle=\"tooltip\" title=\"Size\">\r\n    <i class=\"fa fa-arrows\"><\/i>\r\n    <div class=\"ere__lpi-content\">\r\n        <span class=\"ere__lpi-value\">180 m<sup>2<\/sup><\/span>\r\n        <span class=\"ere__lpi-label\">Size<\/span>\r\n    <\/div>\r\n<\/div>\r\n\r\n<div class=\"ere__loop-property-info-item property-bedrooms\" data-toggle=\"tooltip\" title=\"3 Bedrooms\">\r\n    <i class=\"fa fa-hotel\"><\/i>\r\n    <div class=\"ere__lpi-content\">\r\n        <span class=\"ere__lpi-value\">3<\/span>\r\n        <span class=\"ere__lpi-label\">Bedrooms<\/span>\r\n    <\/div>\r\n<\/div><div class=\"ere__loop-property-info-item property-bathrooms\" data-toggle=\"tooltip\" title=\"3 Bathrooms\">\r\n    <i class=\"fa fa-bath\"><\/i>\r\n    <div class=\"ere__lpi-content\">\r\n        <span class=\"ere__lpi-value\">3<\/span>\r\n        <span class=\"ere__lpi-label\">Bathrooms<\/span>\r\n    <\/div>\r\n<\/div>\r\n    <\/div>\r\n<\/div>\r\n\n\t\t<\/div>\n\t<\/div>\n<\/div>                    <div class=\"ere-item-wrap property-item ere-property-is-featured\">\n\t<div class=\"property-inner\">\n        <div class=\"property-image\">\r\n    <img loading=\"lazy\" decoding=\"async\" width=\"330\"\r\n     height=\"180\"\r\n     src=\"https:\/\/villasyfincasmallorca.com\/wp-content\/uploads\/2025\/12\/IMG_001_AEREA_POST_resultado-330x180.jpg\"\r\n     onerror=\"this.src = 'http:\/\/villasyfincasmallorca.com\/wp-content\/uploads\/2017\/12\/1-VF-2-330x180.jpg';\"\r\n     alt=\"14,700 m\u00b2 Rural Plot with Project and Electrical Supply Next to Ses Salines\"\r\n     title=\"14,700 m\u00b2 Rural Plot with Project and Electrical Supply Next to Ses Salines\">\r\n\r\n<div class=\"ere__loop-property-action property-action\">\r\n    <a data-toggle=\"tooltip\"\r\n   title=\"(18) Photos\"\r\n   data-property-id=\"61248\"\r\n   href=\"javascript:void(0)\" class=\"property-view-gallery ere__loop-property_action-item\">\r\n    <i class=\"fa fa-camera\"><\/i>\r\n<\/a>\r\n<a href=\"javascript:void(0)\" class=\"property-favorite ere__loop-property_action-item\" data-property-id=\"61248\"\r\n   data-toggle=\"tooltip\"\r\n   title=\"Add to Favorite\"\r\n   data-title-not-favorite=\"Add to Favorite\"\r\n   data-title-favorited=\"It is my favorite\"\r\n   data-icon-not-favorite=\"fa fa-star-o\"\r\n   data-icon-favorited=\"fa fa-star\">\r\n    <i class=\"fa fa-star-o\"><\/i>\r\n<\/a>\r\n<a class=\"compare-property ere__loop-property_action-item\" href=\"javascript:void(0)\"\r\n   data-property-id=\"61248\" data-toggle=\"tooltip\"\r\n   title=\"Compare\">\r\n    <i class=\"fa fa-plus\"><\/i>\r\n<\/a>\r\n<\/div><div class=\"ere__loop-property-badge ere__lpb-featured-label\">\r\n            <span class=\"ere__loop-property-badge-item ere__featured\">\r\n    <span class=\"ere__lpbi-inner\">\r\n        Featured    <\/span>\r\n<\/span>\r\n    <\/div>\r\n<div class=\"ere__loop-property-badge ere__lpb-status\">\r\n                    <span style=\"--ere-loop-property-badge-bg-color:,\" class=\"ere__loop-property-badge-item ere__term-status for-sale\" >\r\n            <span class=\"ere__lpbi-inner\">\r\n                For sale            <\/span>\r\n        <\/span>\r\n    <\/div>\r\n<a class=\"property-link\" href=\"https:\/\/villasyfincasmallorca.com\/en\/property\/rural-plot-for-sale-with-project-and-power-near-ses-salines-in-campos\/\" title=\"14,700 m\u00b2 Rural Plot with Project and Electrical Supply Next to Ses Salines\"><\/a>\r\n<\/div>\r\n\r\n\t\t<div class=\"property-item-content\">\n\t\t\t<div class=\"property-heading\">\n                <h2 class=\"property-title\">\n    <a href=\"https:\/\/villasyfincasmallorca.com\/en\/property\/rural-plot-for-sale-with-project-and-power-near-ses-salines-in-campos\/\" title=\"14,700 m\u00b2 Rural Plot with Project and Electrical Supply Next to Ses Salines\">14,700 m\u00b2 Rural Plot with Project and Electrical Supply Next to Ses Salines<\/a>\n<\/h2>\n\t<span class=\"property-price ere__loop-property-price\">\n\t\t\t\t650.000\u20ac\t\t\t<\/span>\n\t\t\t<\/div>\n            <div class=\"property-element-inline\">\r\n    <div class=\"property-type-list\"><i class=\"fa fa-tag\"><\/i><a href=\"https:\/\/villasyfincasmallorca.com\/en\/property-type\/land\/\" rel=\"tag\">Land<\/a><\/div><div class=\"property-agent\">\r\n    <a href=\"https:\/\/villasyfincasmallorca.com\/en\/agent\/villas-y-fincas-mallorca\/\" title=\"Villas y Fincas Mallorca\">\r\n        <i class=\"fa fa-user\"><\/i>\r\n        <span>Villas y Fincas Mallorca<\/span>\r\n    <\/a>\r\n<\/div>\r\n<div class=\"property-date\">\r\n    <i class=\"fa fa-calendar\"><\/i>\r\n     56 years ago<\/div>\r\n<\/div>\r\n<div class=\"property-excerpt\">\r\n    <p>[vc_row][vc_column][vc_column_text css_animation=&#8221;fadeIn&#8221;]Finding a rural plot for sale in southeastern Mallorca with three combined advantages \u2014 a generous surface, an already-developed architectural project, and electrical supply available \u2014 is something that doesn&#8217;t happen often in today&#8217;s market. This rural plot of approximately 14,700 square meters, located in the Campos municipality next to Ses Salines, offers exactly [&hellip;]<\/p>\n<\/div>\r\n<div class=\"ere__loop-property-info property-info layout-1\">\r\n    <div class=\"property-info-inner\">\r\n            <\/div>\r\n<\/div>\r\n\n\t\t<\/div>\n\t<\/div>\n<\/div>                    <div class=\"ere-item-wrap property-item ere-property-is-featured\">\n\t<div class=\"property-inner\">\n        <div class=\"property-image\">\r\n    <img loading=\"lazy\" decoding=\"async\" width=\"330\"\r\n     height=\"180\"\r\n     src=\"https:\/\/villasyfincasmallorca.com\/wp-content\/uploads\/2025\/11\/01_4-330x180.jpg\"\r\n     onerror=\"this.src = 'http:\/\/villasyfincasmallorca.com\/wp-content\/uploads\/2017\/12\/1-VF-2-330x180.jpg';\"\r\n     alt=\"New-Build Town House with Pool and Rooftop in Ses Salines\"\r\n     title=\"New-Build Town House with Pool and Rooftop in Ses Salines\">\r\n\r\n<div class=\"ere__loop-property-action property-action\">\r\n    <a data-toggle=\"tooltip\"\r\n   title=\"(8) Photos\"\r\n   data-property-id=\"61150\"\r\n   href=\"javascript:void(0)\" class=\"property-view-gallery ere__loop-property_action-item\">\r\n    <i class=\"fa fa-camera\"><\/i>\r\n<\/a>\r\n<a href=\"javascript:void(0)\" class=\"property-favorite ere__loop-property_action-item\" data-property-id=\"61150\"\r\n   data-toggle=\"tooltip\"\r\n   title=\"Add to Favorite\"\r\n   data-title-not-favorite=\"Add to Favorite\"\r\n   data-title-favorited=\"It is my favorite\"\r\n   data-icon-not-favorite=\"fa fa-star-o\"\r\n   data-icon-favorited=\"fa fa-star\">\r\n    <i class=\"fa fa-star-o\"><\/i>\r\n<\/a>\r\n<a class=\"compare-property ere__loop-property_action-item\" href=\"javascript:void(0)\"\r\n   data-property-id=\"61150\" data-toggle=\"tooltip\"\r\n   title=\"Compare\">\r\n    <i class=\"fa fa-plus\"><\/i>\r\n<\/a>\r\n<\/div><div class=\"ere__loop-property-badge ere__lpb-featured-label\">\r\n            <span class=\"ere__loop-property-badge-item ere__featured\">\r\n    <span class=\"ere__lpbi-inner\">\r\n        Featured    <\/span>\r\n<\/span>\r\n    <\/div>\r\n<div class=\"ere__loop-property-badge ere__lpb-status\">\r\n                    <span style=\"--ere-loop-property-badge-bg-color:,\" class=\"ere__loop-property-badge-item ere__term-status for-sale\" >\r\n            <span class=\"ere__lpbi-inner\">\r\n                For sale            <\/span>\r\n        <\/span>\r\n    <\/div>\r\n<a class=\"property-link\" href=\"https:\/\/villasyfincasmallorca.com\/en\/property\/new-build-town-house-with-patio-pool-and-rooftop-in-ses-salines\/\" title=\"New-Build Town House with Pool and Rooftop in Ses Salines\"><\/a>\r\n<\/div>\r\n\r\n\t\t<div class=\"property-item-content\">\n\t\t\t<div class=\"property-heading\">\n                <h2 class=\"property-title\">\n    <a href=\"https:\/\/villasyfincasmallorca.com\/en\/property\/new-build-town-house-with-patio-pool-and-rooftop-in-ses-salines\/\" title=\"New-Build Town House with Pool and Rooftop in Ses Salines\">New-Build Town House with Pool and Rooftop in Ses Salines<\/a>\n<\/h2>\n\t<span class=\"property-price ere__loop-property-price\">\n\t\t\t\t1.190.000\u20ac\t\t\t<\/span>\n\t\t\t<\/div>\n            <div class=\"property-element-inline\">\r\n    <div class=\"property-type-list\"><i class=\"fa fa-tag\"><\/i><a href=\"https:\/\/villasyfincasmallorca.com\/en\/property-type\/house\/\" rel=\"tag\">House<\/a><\/div><div class=\"property-agent\">\r\n    <a href=\"https:\/\/villasyfincasmallorca.com\/en\/agent\/villas-y-fincas-mallorca\/\" title=\"Villas y Fincas Mallorca\">\r\n        <i class=\"fa fa-user\"><\/i>\r\n        <span>Villas y Fincas Mallorca<\/span>\r\n    <\/a>\r\n<\/div>\r\n<div class=\"property-date\">\r\n    <i class=\"fa fa-calendar\"><\/i>\r\n     56 years ago<\/div>\r\n<\/div>\r\n<div class=\"property-excerpt\">\r\n    <p>[vc_row][vc_column][vc_column_text css_animation=&#8221;fadeIn&#8221;]Some properties make sense the moment you cross the threshold. This new-build town house in Ses Salines is one of them. Located in the heart of the village \u2014 one of the most authentic and best-preserved towns in southeastern Mallorca \u2014 it has been designed from scratch for those who want to move into [&hellip;]<\/p>\n<\/div>\r\n<div class=\"ere__loop-property-info property-info layout-1\">\r\n    <div class=\"property-info-inner\">\r\n        <div class=\"ere__loop-property-info-item property-area\" data-toggle=\"tooltip\" title=\"Size\">\r\n    <i class=\"fa fa-arrows\"><\/i>\r\n    <div class=\"ere__lpi-content\">\r\n        <span class=\"ere__lpi-value\">134 m<sup>2<\/sup><\/span>\r\n        <span class=\"ere__lpi-label\">Size<\/span>\r\n    <\/div>\r\n<\/div>\r\n\r\n<div class=\"ere__loop-property-info-item property-bedrooms\" data-toggle=\"tooltip\" title=\"2 Bedrooms\">\r\n    <i class=\"fa fa-hotel\"><\/i>\r\n    <div class=\"ere__lpi-content\">\r\n        <span class=\"ere__lpi-value\">2<\/span>\r\n        <span class=\"ere__lpi-label\">Bedrooms<\/span>\r\n    <\/div>\r\n<\/div><div class=\"ere__loop-property-info-item property-bathrooms\" data-toggle=\"tooltip\" title=\"2 Bathrooms\">\r\n    <i class=\"fa fa-bath\"><\/i>\r\n    <div class=\"ere__lpi-content\">\r\n        <span class=\"ere__lpi-value\">2<\/span>\r\n        <span class=\"ere__lpi-label\">Bathrooms<\/span>\r\n    <\/div>\r\n<\/div>\r\n    <\/div>\r\n<\/div>\r\n\n\t\t<\/div>\n\t<\/div>\n<\/div>                    <div class=\"ere-item-wrap property-item ere-property-is-featured\">\n\t<div class=\"property-inner\">\n        <div class=\"property-image\">\r\n    <img loading=\"lazy\" decoding=\"async\" width=\"330\"\r\n     height=\"180\"\r\n     src=\"https:\/\/villasyfincasmallorca.com\/wp-content\/uploads\/2025\/07\/01-FACHADA-scaled-330x180.jpg\"\r\n     onerror=\"this.src = 'http:\/\/villasyfincasmallorca.com\/wp-content\/uploads\/2017\/12\/1-VF-2-330x180.jpg';\"\r\n     alt=\"Newly built town house in Ses Salines with garden, pool and garage\"\r\n     title=\"Newly built town house in Ses Salines with garden, pool and garage\">\r\n\r\n<div class=\"ere__loop-property-action property-action\">\r\n    <a data-toggle=\"tooltip\"\r\n   title=\"(8) Photos\"\r\n   data-property-id=\"60213\"\r\n   href=\"javascript:void(0)\" class=\"property-view-gallery ere__loop-property_action-item\">\r\n    <i class=\"fa fa-camera\"><\/i>\r\n<\/a>\r\n<a href=\"javascript:void(0)\" class=\"property-favorite ere__loop-property_action-item\" data-property-id=\"60213\"\r\n   data-toggle=\"tooltip\"\r\n   title=\"Add to Favorite\"\r\n   data-title-not-favorite=\"Add to Favorite\"\r\n   data-title-favorited=\"It is my favorite\"\r\n   data-icon-not-favorite=\"fa fa-star-o\"\r\n   data-icon-favorited=\"fa fa-star\">\r\n    <i class=\"fa fa-star-o\"><\/i>\r\n<\/a>\r\n<a class=\"compare-property ere__loop-property_action-item\" href=\"javascript:void(0)\"\r\n   data-property-id=\"60213\" data-toggle=\"tooltip\"\r\n   title=\"Compare\">\r\n    <i class=\"fa fa-plus\"><\/i>\r\n<\/a>\r\n<\/div><div class=\"ere__loop-property-badge ere__lpb-featured-label\">\r\n            <span class=\"ere__loop-property-badge-item ere__featured\">\r\n    <span class=\"ere__lpbi-inner\">\r\n        Featured    <\/span>\r\n<\/span>\r\n    <\/div>\r\n<div class=\"ere__loop-property-badge ere__lpb-status\">\r\n                    <span style=\"--ere-loop-property-badge-bg-color:,\" class=\"ere__loop-property-badge-item ere__term-status for-sale\" >\r\n            <span class=\"ere__lpbi-inner\">\r\n                For sale            <\/span>\r\n        <\/span>\r\n    <\/div>\r\n<a class=\"property-link\" href=\"https:\/\/villasyfincasmallorca.com\/en\/property\/newly-built-town-house-in-ses-salines-with-garden-pool-and-garage\/\" title=\"Newly built town house in Ses Salines with garden, pool and garage\"><\/a>\r\n<\/div>\r\n\r\n\t\t<div class=\"property-item-content\">\n\t\t\t<div class=\"property-heading\">\n                <h2 class=\"property-title\">\n    <a href=\"https:\/\/villasyfincasmallorca.com\/en\/property\/newly-built-town-house-in-ses-salines-with-garden-pool-and-garage\/\" title=\"Newly built town house in Ses Salines with garden, pool and garage\">Newly built town house in Ses Salines with garden, pool and garage<\/a>\n<\/h2>\n\t<span class=\"property-price ere__loop-property-price\">\n\t\t\t\t725.000\u20ac\t\t\t<\/span>\n\t\t\t<\/div>\n            <div class=\"property-element-inline\">\r\n    <div class=\"property-type-list\"><i class=\"fa fa-tag\"><\/i><a href=\"https:\/\/villasyfincasmallorca.com\/en\/property-type\/house\/\" rel=\"tag\">House<\/a><\/div><div class=\"property-agent\">\r\n    <a href=\"https:\/\/villasyfincasmallorca.com\/agent\/villas-y-fincas-mallorca\/\" title=\"Villas y Fincas Mallorca\">\r\n        <i class=\"fa fa-user\"><\/i>\r\n        <span>Villas y Fincas Mallorca<\/span>\r\n    <\/a>\r\n<\/div>\r\n<div class=\"property-date\">\r\n    <i class=\"fa fa-calendar\"><\/i>\r\n     56 years ago<\/div>\r\n<\/div>\r\n<div class=\"property-excerpt\">\r\n    <p>[vc_row][vc_column][vc_column_text css_animation=&#8221;fadeIn&#8221;]Finding a newly built town house in Ses Salines with a private garden, pool, and garage, ready to move in, in the southeastern corner of Mallorca, is one of those combinations that almost never comes together at once. This home delivers all of it: 145 square meters of contemporary construction on a 170-square-meter plot, [&hellip;]<\/p>\n<\/div>\r\n<div class=\"ere__loop-property-info property-info layout-1\">\r\n    <div class=\"property-info-inner\">\r\n        <div class=\"ere__loop-property-info-item property-area\" data-toggle=\"tooltip\" title=\"Size\">\r\n    <i class=\"fa fa-arrows\"><\/i>\r\n    <div class=\"ere__lpi-content\">\r\n        <span class=\"ere__lpi-value\">145 m<sup>2<\/sup><\/span>\r\n        <span class=\"ere__lpi-label\">Size<\/span>\r\n    <\/div>\r\n<\/div>\r\n\r\n<div class=\"ere__loop-property-info-item property-bedrooms\" data-toggle=\"tooltip\" title=\"3 Bedrooms\">\r\n    <i class=\"fa fa-hotel\"><\/i>\r\n    <div class=\"ere__lpi-content\">\r\n        <span class=\"ere__lpi-value\">3<\/span>\r\n        <span class=\"ere__lpi-label\">Bedrooms<\/span>\r\n    <\/div>\r\n<\/div><div class=\"ere__loop-property-info-item property-bathrooms\" data-toggle=\"tooltip\" title=\"2 Bathrooms\">\r\n    <i class=\"fa fa-bath\"><\/i>\r\n    <div class=\"ere__lpi-content\">\r\n        <span class=\"ere__lpi-value\">2<\/span>\r\n        <span class=\"ere__lpi-label\">Bathrooms<\/span>\r\n    <\/div>\r\n<\/div>\r\n    <\/div>\r\n<\/div>\r\n\n\t\t<\/div>\n\t<\/div>\n<\/div>                    <div class=\"ere-item-wrap property-item ere-property-is-featured\">\n\t<div class=\"property-inner\">\n        <div class=\"property-image\">\r\n    <img loading=\"lazy\" decoding=\"async\" width=\"330\"\r\n     height=\"180\"\r\n     src=\"https:\/\/villasyfincasmallorca.com\/wp-content\/uploads\/2025\/07\/Beautiful-Country-Estate-in-Cala-San-Vicenc-Pollenca-for-sale-02-330x180.jpg\"\r\n     onerror=\"this.src = 'http:\/\/villasyfincasmallorca.com\/wp-content\/uploads\/2017\/12\/1-VF-2-330x180.jpg';\"\r\n     alt=\"Ca&#8217;n Martorellet: 13th-Century Historic Possessi\u00f3 with 244 Hectares in Pollen\u00e7a\"\r\n     title=\"Ca&#8217;n Martorellet: 13th-Century Historic Possessi\u00f3 with 244 Hectares in Pollen\u00e7a\">\r\n\r\n<div class=\"ere__loop-property-action property-action\">\r\n    <a data-toggle=\"tooltip\"\r\n   title=\"(23) Photos\"\r\n   data-property-id=\"60181\"\r\n   href=\"javascript:void(0)\" class=\"property-view-gallery ere__loop-property_action-item\">\r\n    <i class=\"fa fa-camera\"><\/i>\r\n<\/a>\r\n<a href=\"javascript:void(0)\" class=\"property-favorite ere__loop-property_action-item\" data-property-id=\"60181\"\r\n   data-toggle=\"tooltip\"\r\n   title=\"Add to Favorite\"\r\n   data-title-not-favorite=\"Add to Favorite\"\r\n   data-title-favorited=\"It is my favorite\"\r\n   data-icon-not-favorite=\"fa fa-star-o\"\r\n   data-icon-favorited=\"fa fa-star\">\r\n    <i class=\"fa fa-star-o\"><\/i>\r\n<\/a>\r\n<a class=\"compare-property ere__loop-property_action-item\" href=\"javascript:void(0)\"\r\n   data-property-id=\"60181\" data-toggle=\"tooltip\"\r\n   title=\"Compare\">\r\n    <i class=\"fa fa-plus\"><\/i>\r\n<\/a>\r\n<\/div><div class=\"ere__loop-property-badge ere__lpb-featured-label\">\r\n            <span class=\"ere__loop-property-badge-item ere__featured\">\r\n    <span class=\"ere__lpbi-inner\">\r\n        Featured    <\/span>\r\n<\/span>\r\n    <\/div>\r\n<div class=\"ere__loop-property-badge ere__lpb-status\">\r\n                    <span style=\"--ere-loop-property-badge-bg-color:,\" class=\"ere__loop-property-badge-item ere__term-status for-sale\" >\r\n            <span class=\"ere__lpbi-inner\">\r\n                For sale            <\/span>\r\n        <\/span>\r\n    <\/div>\r\n<a class=\"property-link\" href=\"https:\/\/villasyfincasmallorca.com\/en\/property\/historic-estate-in-pollenca-to-renovate-with-over-8900-sq-ft-of-built-area-and-unique-potential\/\" title=\"Ca&#8217;n Martorellet: 13th-Century Historic Possessi\u00f3 with 244 Hectares in Pollen\u00e7a\"><\/a>\r\n<\/div>\r\n\r\n\t\t<div class=\"property-item-content\">\n\t\t\t<div class=\"property-heading\">\n                <h2 class=\"property-title\">\n    <a href=\"https:\/\/villasyfincasmallorca.com\/en\/property\/historic-estate-in-pollenca-to-renovate-with-over-8900-sq-ft-of-built-area-and-unique-potential\/\" title=\"Ca&#8217;n Martorellet: 13th-Century Historic Possessi\u00f3 with 244 Hectares in Pollen\u00e7a\">Ca&#8217;n Martorellet: 13th-Century Historic Possessi\u00f3 with 244 Hectares in Pollen\u00e7a<\/a>\n<\/h2>\n\t<span class=\"property-price ere__loop-property-price\">\n\t\t\t\t6.500.000\u20ac\t\t\t<\/span>\n\t\t\t<\/div>\n            <div class=\"property-element-inline\">\r\n    <div class=\"property-type-list\"><i class=\"fa fa-tag\"><\/i><a href=\"https:\/\/villasyfincasmallorca.com\/en\/property-type\/country-house\/\" rel=\"tag\">Country house<\/a><\/div><div class=\"property-agent\">\r\n    <a href=\"https:\/\/villasyfincasmallorca.com\/agent\/villas-y-fincas-mallorca\/\" title=\"Villas y Fincas Mallorca\">\r\n        <i class=\"fa fa-user\"><\/i>\r\n        <span>Villas y Fincas Mallorca<\/span>\r\n    <\/a>\r\n<\/div>\r\n<div class=\"property-date\">\r\n    <i class=\"fa fa-calendar\"><\/i>\r\n     56 years ago<\/div>\r\n<\/div>\r\n<div class=\"property-excerpt\">\r\n    <p>[vc_row][vc_column][vc_column_text css_animation=&#8221;fadeIn&#8221;]There are properties, and then there are legacies. This historic possessi\u00f3 with more than 800 years of documented history for sale in the Vall de Sant Vicen\u00e7, next to Pollen\u00e7a, undeniably belongs to the second category. It is not a house, nor an estate, nor even a great rural property: it is Ca&#8217;n Martorellet, [&hellip;]<\/p>\n<\/div>\r\n<div class=\"ere__loop-property-info property-info layout-1\">\r\n    <div class=\"property-info-inner\">\r\n        <div class=\"ere__loop-property-info-item property-area\" data-toggle=\"tooltip\" title=\"Size\">\r\n    <i class=\"fa fa-arrows\"><\/i>\r\n    <div class=\"ere__lpi-content\">\r\n        <span class=\"ere__lpi-value\">831 m<sup>2<\/sup><\/span>\r\n        <span class=\"ere__lpi-label\">Size<\/span>\r\n    <\/div>\r\n<\/div>\r\n\r\n<div class=\"ere__loop-property-info-item property-bedrooms\" data-toggle=\"tooltip\" title=\"9 Bedrooms\">\r\n    <i class=\"fa fa-hotel\"><\/i>\r\n    <div class=\"ere__lpi-content\">\r\n        <span class=\"ere__lpi-value\">9<\/span>\r\n        <span class=\"ere__lpi-label\">Bedrooms<\/span>\r\n    <\/div>\r\n<\/div><div class=\"ere__loop-property-info-item property-bathrooms\" data-toggle=\"tooltip\" title=\"6 Bathrooms\">\r\n    <i class=\"fa fa-bath\"><\/i>\r\n    <div class=\"ere__lpi-content\">\r\n        <span class=\"ere__lpi-value\">6<\/span>\r\n        <span class=\"ere__lpi-label\">Bathrooms<\/span>\r\n    <\/div>\r\n<\/div>\r\n    <\/div>\r\n<\/div>\r\n\n\t\t<\/div>\n\t<\/div>\n<\/div>                    <div class=\"ere-item-wrap property-item ere-property-is-featured\">\n\t<div class=\"property-inner\">\n        <div class=\"property-image\">\r\n    <img loading=\"lazy\" decoding=\"async\" width=\"330\"\r\n     height=\"180\"\r\n     src=\"https:\/\/villasyfincasmallorca.com\/wp-content\/uploads\/2025\/07\/2-330x180.png\"\r\n     onerror=\"this.src = 'http:\/\/villasyfincasmallorca.com\/wp-content\/uploads\/2017\/12\/1-VF-2-330x180.jpg';\"\r\n     alt=\"215 m\u00b2 Town House with Two Registry Plots and Double Access in Ses Salines\"\r\n     title=\"215 m\u00b2 Town House with Two Registry Plots and Double Access in Ses Salines\">\r\n\r\n<div class=\"ere__loop-property-action property-action\">\r\n    <a data-toggle=\"tooltip\"\r\n   title=\"(31) Photos\"\r\n   data-property-id=\"59816\"\r\n   href=\"javascript:void(0)\" class=\"property-view-gallery ere__loop-property_action-item\">\r\n    <i class=\"fa fa-camera\"><\/i>\r\n<\/a>\r\n<a href=\"javascript:void(0)\" class=\"property-favorite ere__loop-property_action-item\" data-property-id=\"59816\"\r\n   data-toggle=\"tooltip\"\r\n   title=\"Add to Favorite\"\r\n   data-title-not-favorite=\"Add to Favorite\"\r\n   data-title-favorited=\"It is my favorite\"\r\n   data-icon-not-favorite=\"fa fa-star-o\"\r\n   data-icon-favorited=\"fa fa-star\">\r\n    <i class=\"fa fa-star-o\"><\/i>\r\n<\/a>\r\n<a class=\"compare-property ere__loop-property_action-item\" href=\"javascript:void(0)\"\r\n   data-property-id=\"59816\" data-toggle=\"tooltip\"\r\n   title=\"Compare\">\r\n    <i class=\"fa fa-plus\"><\/i>\r\n<\/a>\r\n<\/div><div class=\"ere__loop-property-badge ere__lpb-featured-label\">\r\n            <span class=\"ere__loop-property-badge-item ere__featured\">\r\n    <span class=\"ere__lpbi-inner\">\r\n        Featured    <\/span>\r\n<\/span>\r\n    <\/div>\r\n<div class=\"ere__loop-property-badge ere__lpb-status\">\r\n                    <span style=\"--ere-loop-property-badge-bg-color:,\" class=\"ere__loop-property-badge-item ere__term-status for-sale\" >\r\n            <span class=\"ere__lpbi-inner\">\r\n                For sale            <\/span>\r\n        <\/span>\r\n    <\/div>\r\n<a class=\"property-link\" href=\"https:\/\/villasyfincasmallorca.com\/en\/property\/versatile-two-story-town-house-for-sale-in-the-heart-of-ses-salines\/\" title=\"215 m\u00b2 Town House with Two Registry Plots and Double Access in Ses Salines\"><\/a>\r\n<\/div>\r\n\r\n\t\t<div class=\"property-item-content\">\n\t\t\t<div class=\"property-heading\">\n                <h2 class=\"property-title\">\n    <a href=\"https:\/\/villasyfincasmallorca.com\/en\/property\/versatile-two-story-town-house-for-sale-in-the-heart-of-ses-salines\/\" title=\"215 m\u00b2 Town House with Two Registry Plots and Double Access in Ses Salines\">215 m\u00b2 Town House with Two Registry Plots and Double Access in Ses Salines<\/a>\n<\/h2>\n\t<span class=\"property-price ere__loop-property-price\">\n\t\t\t\t475.000\u20ac\t\t\t<\/span>\n\t\t\t<\/div>\n            <div class=\"property-element-inline\">\r\n    <div class=\"property-type-list\"><i class=\"fa fa-tag\"><\/i><a href=\"https:\/\/villasyfincasmallorca.com\/en\/property-type\/house\/\" rel=\"tag\">House<\/a><\/div><div class=\"property-agent\">\r\n    <a href=\"https:\/\/villasyfincasmallorca.com\/agent\/villas-y-fincas-mallorca\/\" title=\"Villas y Fincas Mallorca\">\r\n        <i class=\"fa fa-user\"><\/i>\r\n        <span>Villas y Fincas Mallorca<\/span>\r\n    <\/a>\r\n<\/div>\r\n<div class=\"property-date\">\r\n    <i class=\"fa fa-calendar\"><\/i>\r\n     56 years ago<\/div>\r\n<\/div>\r\n<div class=\"property-excerpt\">\r\n    <p>[vc_row][vc_column][vc_column_text css_animation=&#8221;fadeIn&#8221;]There are conventional properties and there are properties with true flexibility of use. This town house for sale in Ses Salines belongs firmly to the second category: 215 square meters built distributed over two floors, three bedrooms, two bathrooms, complete climate control, heating, private rear terrace, and an exceptional architectural feature that makes the [&hellip;]<\/p>\n<\/div>\r\n<div class=\"ere__loop-property-info property-info layout-1\">\r\n    <div class=\"property-info-inner\">\r\n        <div class=\"ere__loop-property-info-item property-area\" data-toggle=\"tooltip\" title=\"Size\">\r\n    <i class=\"fa fa-arrows\"><\/i>\r\n    <div class=\"ere__lpi-content\">\r\n        <span class=\"ere__lpi-value\">215 m<sup>2<\/sup><\/span>\r\n        <span class=\"ere__lpi-label\">Size<\/span>\r\n    <\/div>\r\n<\/div>\r\n\r\n<div class=\"ere__loop-property-info-item property-bedrooms\" data-toggle=\"tooltip\" title=\"3 Bedrooms\">\r\n    <i class=\"fa fa-hotel\"><\/i>\r\n    <div class=\"ere__lpi-content\">\r\n        <span class=\"ere__lpi-value\">3<\/span>\r\n        <span class=\"ere__lpi-label\">Bedrooms<\/span>\r\n    <\/div>\r\n<\/div><div class=\"ere__loop-property-info-item property-bathrooms\" data-toggle=\"tooltip\" title=\"2 Bathrooms\">\r\n    <i class=\"fa fa-bath\"><\/i>\r\n    <div class=\"ere__lpi-content\">\r\n        <span class=\"ere__lpi-value\">2<\/span>\r\n        <span class=\"ere__lpi-label\">Bathrooms<\/span>\r\n    <\/div>\r\n<\/div>\r\n    <\/div>\r\n<\/div>\r\n\n\t\t<\/div>\n\t<\/div>\n<\/div>                    <div class=\"ere-item-wrap property-item ere-property-is-featured\">\n\t<div class=\"property-inner\">\n        <div class=\"property-image\">\r\n    <img loading=\"lazy\" decoding=\"async\" width=\"330\"\r\n     height=\"180\"\r\n     src=\"https:\/\/villasyfincasmallorca.com\/wp-content\/uploads\/2025\/06\/New-built-villa-for-sale-with-swimming-in-Sa-Rapita-01-330x180.jpg\"\r\n     onerror=\"this.src = 'http:\/\/villasyfincasmallorca.com\/wp-content\/uploads\/2017\/12\/1-VF-2-330x180.jpg';\"\r\n     alt=\"New-Build 2025 Single-Level Villa with 3 En-Suite Bedrooms and Pool in Sa R\u00e1pita\"\r\n     title=\"New-Build 2025 Single-Level Villa with 3 En-Suite Bedrooms and Pool in Sa R\u00e1pita\">\r\n\r\n<div class=\"ere__loop-property-action property-action\">\r\n    <a data-toggle=\"tooltip\"\r\n   title=\"(35) Photos\"\r\n   data-property-id=\"59347\"\r\n   href=\"javascript:void(0)\" class=\"property-view-gallery ere__loop-property_action-item\">\r\n    <i class=\"fa fa-camera\"><\/i>\r\n<\/a>\r\n<a href=\"javascript:void(0)\" class=\"property-favorite ere__loop-property_action-item\" data-property-id=\"59347\"\r\n   data-toggle=\"tooltip\"\r\n   title=\"Add to Favorite\"\r\n   data-title-not-favorite=\"Add to Favorite\"\r\n   data-title-favorited=\"It is my favorite\"\r\n   data-icon-not-favorite=\"fa fa-star-o\"\r\n   data-icon-favorited=\"fa fa-star\">\r\n    <i class=\"fa fa-star-o\"><\/i>\r\n<\/a>\r\n<a class=\"compare-property ere__loop-property_action-item\" href=\"javascript:void(0)\"\r\n   data-property-id=\"59347\" data-toggle=\"tooltip\"\r\n   title=\"Compare\">\r\n    <i class=\"fa fa-plus\"><\/i>\r\n<\/a>\r\n<\/div><div class=\"ere__loop-property-badge ere__lpb-featured-label\">\r\n            <span class=\"ere__loop-property-badge-item ere__featured\">\r\n    <span class=\"ere__lpbi-inner\">\r\n        Featured    <\/span>\r\n<\/span>\r\n    <\/div>\r\n<div class=\"ere__loop-property-badge ere__lpb-status\">\r\n                    <span style=\"--ere-loop-property-badge-bg-color:,\" class=\"ere__loop-property-badge-item ere__term-status for-sale\" >\r\n            <span class=\"ere__lpbi-inner\">\r\n                For sale            <\/span>\r\n        <\/span>\r\n    <\/div>\r\n<a class=\"property-link\" href=\"https:\/\/villasyfincasmallorca.com\/en\/property\/newly-built-villa-with-pool-and-garden-for-sale-in-sa-rapita\/\" title=\"New-Build 2025 Single-Level Villa with 3 En-Suite Bedrooms and Pool in Sa R\u00e1pita\"><\/a>\r\n<\/div>\r\n\r\n\t\t<div class=\"property-item-content\">\n\t\t\t<div class=\"property-heading\">\n                <h2 class=\"property-title\">\n    <a href=\"https:\/\/villasyfincasmallorca.com\/en\/property\/newly-built-villa-with-pool-and-garden-for-sale-in-sa-rapita\/\" title=\"New-Build 2025 Single-Level Villa with 3 En-Suite Bedrooms and Pool in Sa R\u00e1pita\">New-Build 2025 Single-Level Villa with 3 En-Suite Bedrooms and Pool in Sa R\u00e1pita<\/a>\n<\/h2>\n\t<span class=\"property-price ere__loop-property-price\">\n\t\t\t\t1.099.000\u20ac\t\t\t<\/span>\n\t\t\t<\/div>\n            <div class=\"property-element-inline\">\r\n    <div class=\"property-type-list\"><i class=\"fa fa-tag\"><\/i><a href=\"https:\/\/villasyfincasmallorca.com\/en\/property-type\/villa-en\/\" rel=\"tag\">Villa<\/a><\/div><div class=\"property-agent\">\r\n    <a href=\"https:\/\/villasyfincasmallorca.com\/agent\/villas-y-fincas-mallorca\/\" title=\"Villas y Fincas Mallorca\">\r\n        <i class=\"fa fa-user\"><\/i>\r\n        <span>Villas y Fincas Mallorca<\/span>\r\n    <\/a>\r\n<\/div>\r\n<div class=\"property-date\">\r\n    <i class=\"fa fa-calendar\"><\/i>\r\n     56 years ago<\/div>\r\n<\/div>\r\n<div class=\"property-excerpt\">\r\n    <p>[vc_row][vc_column][vc_column_text css_animation=&#8221;fadeIn&#8221;]Some properties come to the market with a combination of factors that is hard to find: a recently completed new-build, a single-level layout with accessible distribution, three en-suite bedrooms, a private pool designed for real swimming, a low-maintenance garden, and a location right in Sa R\u00e1pita, on a quiet residential street. This villa for [&hellip;]<\/p>\n<\/div>\r\n<div class=\"ere__loop-property-info property-info layout-1\">\r\n    <div class=\"property-info-inner\">\r\n        <div class=\"ere__loop-property-info-item property-area\" data-toggle=\"tooltip\" title=\"Size\">\r\n    <i class=\"fa fa-arrows\"><\/i>\r\n    <div class=\"ere__lpi-content\">\r\n        <span class=\"ere__lpi-value\">176 m<sup>2<\/sup><\/span>\r\n        <span class=\"ere__lpi-label\">Size<\/span>\r\n    <\/div>\r\n<\/div>\r\n\r\n<div class=\"ere__loop-property-info-item property-bedrooms\" data-toggle=\"tooltip\" title=\"3 Bedrooms\">\r\n    <i class=\"fa fa-hotel\"><\/i>\r\n    <div class=\"ere__lpi-content\">\r\n        <span class=\"ere__lpi-value\">3<\/span>\r\n        <span class=\"ere__lpi-label\">Bedrooms<\/span>\r\n    <\/div>\r\n<\/div><div class=\"ere__loop-property-info-item property-bathrooms\" data-toggle=\"tooltip\" title=\"3 Bathrooms\">\r\n    <i class=\"fa fa-bath\"><\/i>\r\n    <div class=\"ere__lpi-content\">\r\n        <span class=\"ere__lpi-value\">3<\/span>\r\n        <span class=\"ere__lpi-label\">Bathrooms<\/span>\r\n    <\/div>\r\n<\/div>\r\n    <\/div>\r\n<\/div>\r\n\n\t\t<\/div>\n\t<\/div>\n<\/div>                    <div class=\"ere-item-wrap property-item ere-property-is-featured\">\n\t<div class=\"property-inner\">\n        <div class=\"property-image\">\r\n    <img loading=\"lazy\" decoding=\"async\" width=\"330\"\r\n     height=\"180\"\r\n     src=\"https:\/\/villasyfincasmallorca.com\/wp-content\/uploads\/2025\/06\/LWP3777-330x180.jpg\"\r\n     onerror=\"this.src = 'http:\/\/villasyfincasmallorca.com\/wp-content\/uploads\/2017\/12\/1-VF-2-330x180.jpg';\"\r\n     alt=\"Single-Story Village Home in Ses Salines with Garden &amp; Patio\"\r\n     title=\"Single-Story Village Home in Ses Salines with Garden &amp; Patio\">\r\n\r\n<div class=\"ere__loop-property-action property-action\">\r\n    <a data-toggle=\"tooltip\"\r\n   title=\"(19) Photos\"\r\n   data-property-id=\"59232\"\r\n   href=\"javascript:void(0)\" class=\"property-view-gallery ere__loop-property_action-item\">\r\n    <i class=\"fa fa-camera\"><\/i>\r\n<\/a>\r\n<a href=\"javascript:void(0)\" class=\"property-favorite ere__loop-property_action-item\" data-property-id=\"59232\"\r\n   data-toggle=\"tooltip\"\r\n   title=\"Add to Favorite\"\r\n   data-title-not-favorite=\"Add to Favorite\"\r\n   data-title-favorited=\"It is my favorite\"\r\n   data-icon-not-favorite=\"fa fa-star-o\"\r\n   data-icon-favorited=\"fa fa-star\">\r\n    <i class=\"fa fa-star-o\"><\/i>\r\n<\/a>\r\n<a class=\"compare-property ere__loop-property_action-item\" href=\"javascript:void(0)\"\r\n   data-property-id=\"59232\" data-toggle=\"tooltip\"\r\n   title=\"Compare\">\r\n    <i class=\"fa fa-plus\"><\/i>\r\n<\/a>\r\n<\/div><div class=\"ere__loop-property-badge ere__lpb-featured-label\">\r\n            <span class=\"ere__loop-property-badge-item ere__featured\">\r\n    <span class=\"ere__lpbi-inner\">\r\n        Featured    <\/span>\r\n<\/span>\r\n    <\/div>\r\n<div class=\"ere__loop-property-badge ere__lpb-status\">\r\n                    <span style=\"--ere-loop-property-badge-bg-color:,\" class=\"ere__loop-property-badge-item ere__term-status for-sale\" >\r\n            <span class=\"ere__lpbi-inner\">\r\n                For sale            <\/span>\r\n        <\/span>\r\n    <\/div>\r\n<a class=\"property-link\" href=\"https:\/\/villasyfincasmallorca.com\/en\/property\/casa-de-pueblo-reformada-en-venta-en-ses-salines-con-terraza-patio-y-todo-en-una-sola-planta\/\" title=\"Single-Story Village Home in Ses Salines with Garden &amp; Patio\"><\/a>\r\n<\/div>\r\n\r\n\t\t<div class=\"property-item-content\">\n\t\t\t<div class=\"property-heading\">\n                <h2 class=\"property-title\">\n    <a href=\"https:\/\/villasyfincasmallorca.com\/en\/property\/casa-de-pueblo-reformada-en-venta-en-ses-salines-con-terraza-patio-y-todo-en-una-sola-planta\/\" title=\"Single-Story Village Home in Ses Salines with Garden &amp; Patio\">Single-Story Village Home in Ses Salines with Garden &amp; Patio<\/a>\n<\/h2>\n\t<span class=\"property-price ere__loop-property-price\">\n\t\t\t\t630.000\u20ac\t\t\t<\/span>\n\t\t\t<\/div>\n            <div class=\"property-element-inline\">\r\n    <div class=\"property-type-list\"><i class=\"fa fa-tag\"><\/i><a href=\"https:\/\/villasyfincasmallorca.com\/en\/property-type\/house\/\" rel=\"tag\">House<\/a><\/div><div class=\"property-agent\">\r\n    <a href=\"https:\/\/villasyfincasmallorca.com\/agent\/villas-y-fincas-mallorca\/\" title=\"Villas y Fincas Mallorca\">\r\n        <i class=\"fa fa-user\"><\/i>\r\n        <span>Villas y Fincas Mallorca<\/span>\r\n    <\/a>\r\n<\/div>\r\n<div class=\"property-date\">\r\n    <i class=\"fa fa-calendar\"><\/i>\r\n     56 years ago<\/div>\r\n<\/div>\r\n<div class=\"property-excerpt\">\r\n    <p>[vc_row][vc_column][vc_column_text css_animation=&#8221;fadeIn&#8221;]Some properties speak to you the moment you step inside. This renovated village house in Ses Salines does exactly that \u2014 delivering the quiet confidence of a home that has been thoughtfully updated without losing any of its Mallorcan soul. Set on a 287 m\u00b2 plot in the heart of one of southern Mallorca&#8217;s [&hellip;]<\/p>\n<\/div>\r\n<div class=\"ere__loop-property-info property-info layout-1\">\r\n    <div class=\"property-info-inner\">\r\n        <div class=\"ere__loop-property-info-item property-area\" data-toggle=\"tooltip\" title=\"Size\">\r\n    <i class=\"fa fa-arrows\"><\/i>\r\n    <div class=\"ere__lpi-content\">\r\n        <span class=\"ere__lpi-value\">105 m<sup>2<\/sup><\/span>\r\n        <span class=\"ere__lpi-label\">Size<\/span>\r\n    <\/div>\r\n<\/div>\r\n\r\n<div class=\"ere__loop-property-info-item property-bedrooms\" data-toggle=\"tooltip\" title=\"2 Bedrooms\">\r\n    <i class=\"fa fa-hotel\"><\/i>\r\n    <div class=\"ere__lpi-content\">\r\n        <span class=\"ere__lpi-value\">2<\/span>\r\n        <span class=\"ere__lpi-label\">Bedrooms<\/span>\r\n    <\/div>\r\n<\/div><div class=\"ere__loop-property-info-item property-bathrooms\" data-toggle=\"tooltip\" title=\"1 Bathroom\">\r\n    <i class=\"fa fa-bath\"><\/i>\r\n    <div class=\"ere__lpi-content\">\r\n        <span class=\"ere__lpi-value\">1<\/span>\r\n        <span class=\"ere__lpi-label\">Bathroom<\/span>\r\n    <\/div>\r\n<\/div>\r\n    <\/div>\r\n<\/div>\r\n\n\t\t<\/div>\n\t<\/div>\n<\/div>                    <div class=\"ere-item-wrap property-item ere-property-is-featured\">\n\t<div class=\"property-inner\">\n        <div class=\"property-image\">\r\n    <img loading=\"lazy\" decoding=\"async\" width=\"330\"\r\n     height=\"180\"\r\n     src=\"https:\/\/villasyfincasmallorca.com\/wp-content\/uploads\/2025\/04\/339-Townhouse-for-sale-in-Ses-Salines-with-sea-views-27-330x180.jpg\"\r\n     onerror=\"this.src = 'http:\/\/villasyfincasmallorca.com\/wp-content\/uploads\/2017\/12\/1-VF-2-330x180.jpg';\"\r\n     alt=\"Village House in Ses Salines With Sea Views &amp; Garage\"\r\n     title=\"Village House in Ses Salines With Sea Views &amp; Garage\">\r\n\r\n<div class=\"ere__loop-property-action property-action\">\r\n    <a data-toggle=\"tooltip\"\r\n   title=\"(35) Photos\"\r\n   data-property-id=\"58646\"\r\n   href=\"javascript:void(0)\" class=\"property-view-gallery ere__loop-property_action-item\">\r\n    <i class=\"fa fa-camera\"><\/i>\r\n<\/a>\r\n<a href=\"javascript:void(0)\" class=\"property-favorite ere__loop-property_action-item\" data-property-id=\"58646\"\r\n   data-toggle=\"tooltip\"\r\n   title=\"Add to Favorite\"\r\n   data-title-not-favorite=\"Add to Favorite\"\r\n   data-title-favorited=\"It is my favorite\"\r\n   data-icon-not-favorite=\"fa fa-star-o\"\r\n   data-icon-favorited=\"fa fa-star\">\r\n    <i class=\"fa fa-star-o\"><\/i>\r\n<\/a>\r\n<a class=\"compare-property ere__loop-property_action-item\" href=\"javascript:void(0)\"\r\n   data-property-id=\"58646\" data-toggle=\"tooltip\"\r\n   title=\"Compare\">\r\n    <i class=\"fa fa-plus\"><\/i>\r\n<\/a>\r\n<\/div><div class=\"ere__loop-property-badge ere__lpb-featured-label\">\r\n            <span class=\"ere__loop-property-badge-item ere__featured\">\r\n    <span class=\"ere__lpbi-inner\">\r\n        Featured    <\/span>\r\n<\/span>\r\n    <\/div>\r\n<div class=\"ere__loop-property-badge ere__lpb-status\">\r\n                    <span style=\"--ere-loop-property-badge-bg-color:,\" class=\"ere__loop-property-badge-item ere__term-status for-sale\" >\r\n            <span class=\"ere__lpbi-inner\">\r\n                For sale            <\/span>\r\n        <\/span>\r\n    <\/div>\r\n<a class=\"property-link\" href=\"https:\/\/villasyfincasmallorca.com\/en\/property\/town-house-for-sale-in-ses-salines-with-sea-views\/\" title=\"Village House in Ses Salines With Sea Views &amp; Garage\"><\/a>\r\n<\/div>\r\n\r\n\t\t<div class=\"property-item-content\">\n\t\t\t<div class=\"property-heading\">\n                <h2 class=\"property-title\">\n    <a href=\"https:\/\/villasyfincasmallorca.com\/en\/property\/town-house-for-sale-in-ses-salines-with-sea-views\/\" title=\"Village House in Ses Salines With Sea Views &amp; Garage\">Village House in Ses Salines With Sea Views &amp; Garage<\/a>\n<\/h2>\n\t<span class=\"property-price ere__loop-property-price\">\n\t\t\t\t900.000\u20ac\t\t\t<\/span>\n\t\t\t<\/div>\n            <div class=\"property-element-inline\">\r\n    <div class=\"property-type-list\"><i class=\"fa fa-tag\"><\/i><a href=\"https:\/\/villasyfincasmallorca.com\/en\/property-type\/house\/\" rel=\"tag\">House<\/a><\/div><div class=\"property-agent\">\r\n    <a href=\"https:\/\/villasyfincasmallorca.com\/agent\/villas-y-fincas-mallorca\/\" title=\"Villas y Fincas Mallorca\">\r\n        <i class=\"fa fa-user\"><\/i>\r\n        <span>Villas y Fincas Mallorca<\/span>\r\n    <\/a>\r\n<\/div>\r\n<div class=\"property-date\">\r\n    <i class=\"fa fa-calendar\"><\/i>\r\n     56 years ago<\/div>\r\n<\/div>\r\n<div class=\"property-excerpt\">\r\n    <p>[vc_row][vc_column][vc_column_text css_animation=&#8221;fadeIn&#8221;]Some properties only come around once. This village house in Ses Salines is exactly that kind of find \u2014 a 461 m\u00b2 home sitting at the very heart of one of southern Mallorca&#8217;s most authentic and unspoiled towns, offering rooftop views stretching out over the Mediterranean to the silhouette of Cabrera island on the [&hellip;]<\/p>\n<\/div>\r\n<div class=\"ere__loop-property-info property-info layout-1\">\r\n    <div class=\"property-info-inner\">\r\n        <div class=\"ere__loop-property-info-item property-area\" data-toggle=\"tooltip\" title=\"Size\">\r\n    <i class=\"fa fa-arrows\"><\/i>\r\n    <div class=\"ere__lpi-content\">\r\n        <span class=\"ere__lpi-value\">461 m<sup>2<\/sup><\/span>\r\n        <span class=\"ere__lpi-label\">Size<\/span>\r\n    <\/div>\r\n<\/div>\r\n\r\n<div class=\"ere__loop-property-info-item property-bedrooms\" data-toggle=\"tooltip\" title=\"4 Bedrooms\">\r\n    <i class=\"fa fa-hotel\"><\/i>\r\n    <div class=\"ere__lpi-content\">\r\n        <span class=\"ere__lpi-value\">4<\/span>\r\n        <span class=\"ere__lpi-label\">Bedrooms<\/span>\r\n    <\/div>\r\n<\/div><div class=\"ere__loop-property-info-item property-bathrooms\" data-toggle=\"tooltip\" title=\"2 Bathrooms\">\r\n    <i class=\"fa fa-bath\"><\/i>\r\n    <div class=\"ere__lpi-content\">\r\n        <span class=\"ere__lpi-value\">2<\/span>\r\n        <span class=\"ere__lpi-label\">Bathrooms<\/span>\r\n    <\/div>\r\n<\/div>\r\n    <\/div>\r\n<\/div>\r\n\n\t\t<\/div>\n\t<\/div>\n<\/div>                    <div class=\"ere-item-wrap property-item ere-property-is-featured\">\n\t<div class=\"property-inner\">\n        <div class=\"property-image\">\r\n    <img loading=\"lazy\" decoding=\"async\" width=\"330\"\r\n     height=\"180\"\r\n     src=\"https:\/\/villasyfincasmallorca.com\/wp-content\/uploads\/2025\/04\/LWP3248-Editar-330x180.jpg\"\r\n     onerror=\"this.src = 'http:\/\/villasyfincasmallorca.com\/wp-content\/uploads\/2017\/12\/1-VF-2-330x180.jpg';\"\r\n     alt=\"Townhouse for Rent in Ses Salines \u2013 4 Bedrooms, Terrace\"\r\n     title=\"Townhouse for Rent in Ses Salines \u2013 4 Bedrooms, Terrace\">\r\n\r\n<div class=\"ere__loop-property-action property-action\">\r\n    <a data-toggle=\"tooltip\"\r\n   title=\"(25) Photos\"\r\n   data-property-id=\"58525\"\r\n   href=\"javascript:void(0)\" class=\"property-view-gallery ere__loop-property_action-item\">\r\n    <i class=\"fa fa-camera\"><\/i>\r\n<\/a>\r\n<a href=\"javascript:void(0)\" class=\"property-favorite ere__loop-property_action-item\" data-property-id=\"58525\"\r\n   data-toggle=\"tooltip\"\r\n   title=\"Add to Favorite\"\r\n   data-title-not-favorite=\"Add to Favorite\"\r\n   data-title-favorited=\"It is my favorite\"\r\n   data-icon-not-favorite=\"fa fa-star-o\"\r\n   data-icon-favorited=\"fa fa-star\">\r\n    <i class=\"fa fa-star-o\"><\/i>\r\n<\/a>\r\n<a class=\"compare-property ere__loop-property_action-item\" href=\"javascript:void(0)\"\r\n   data-property-id=\"58525\" data-toggle=\"tooltip\"\r\n   title=\"Compare\">\r\n    <i class=\"fa fa-plus\"><\/i>\r\n<\/a>\r\n<\/div><div class=\"ere__loop-property-badge ere__lpb-featured-label\">\r\n            <span class=\"ere__loop-property-badge-item ere__featured\">\r\n    <span class=\"ere__lpbi-inner\">\r\n        Featured    <\/span>\r\n<\/span>\r\n    <\/div>\r\n<div class=\"ere__loop-property-badge ere__lpb-status\">\r\n                    <span class=\"ere__loop-property-badge-item ere__term-status to-rent\" >\r\n            <span class=\"ere__lpbi-inner\">\r\n                To rent            <\/span>\r\n        <\/span>\r\n    <\/div>\r\n<a class=\"property-link\" href=\"https:\/\/villasyfincasmallorca.com\/en\/property\/town-house-for-rent-in-ses-salines-spacious-and-great-location\/\" title=\"Townhouse for Rent in Ses Salines \u2013 4 Bedrooms, Terrace\"><\/a>\r\n<\/div>\r\n\r\n\t\t<div class=\"property-item-content\">\n\t\t\t<div class=\"property-heading\">\n                <h2 class=\"property-title\">\n    <a href=\"https:\/\/villasyfincasmallorca.com\/en\/property\/town-house-for-rent-in-ses-salines-spacious-and-great-location\/\" title=\"Townhouse for Rent in Ses Salines \u2013 4 Bedrooms, Terrace\">Townhouse for Rent in Ses Salines \u2013 4 Bedrooms, Terrace<\/a>\n<\/h2>\n\t<span class=\"property-price ere__loop-property-price\">\n\t\t\t\t1.300\u20ac\t\t\t<\/span>\n\t\t\t<\/div>\n            <div class=\"property-element-inline\">\r\n    <div class=\"property-type-list\"><i class=\"fa fa-tag\"><\/i><a href=\"https:\/\/villasyfincasmallorca.com\/en\/property-type\/house\/\" rel=\"tag\">House<\/a><\/div><div class=\"property-agent\">\r\n    <a href=\"https:\/\/villasyfincasmallorca.com\/en\/agent\/villas-y-fincas-mallorca\/\" title=\"Villas y Fincas Mallorca\">\r\n        <i class=\"fa fa-user\"><\/i>\r\n        <span>Villas y Fincas Mallorca<\/span>\r\n    <\/a>\r\n<\/div>\r\n<div class=\"property-date\">\r\n    <i class=\"fa fa-calendar\"><\/i>\r\n     56 years ago<\/div>\r\n<\/div>\r\n<div class=\"property-excerpt\">\r\n    <p>[vc_row][vc_column][vc_column_text css_animation=&#8221;fadeIn&#8221;]Picture yourself stepping out onto a sun-warmed terrace each morning, cup of coffee in hand, while the quiet rhythms of a traditional Mallorcan village unfold around you. This is everyday life in Ses Salines \u2014 one of the most authentic and sought-after villages in southern Mallorca \u2014 and this spacious four-bedroom townhouse puts you [&hellip;]<\/p>\n<\/div>\r\n<div class=\"ere__loop-property-info property-info layout-1\">\r\n    <div class=\"property-info-inner\">\r\n        <div class=\"ere__loop-property-info-item property-area\" data-toggle=\"tooltip\" title=\"Size\">\r\n    <i class=\"fa fa-arrows\"><\/i>\r\n    <div class=\"ere__lpi-content\">\r\n        <span class=\"ere__lpi-value\">135 m<sup>2<\/sup><\/span>\r\n        <span class=\"ere__lpi-label\">Size<\/span>\r\n    <\/div>\r\n<\/div>\r\n\r\n<div class=\"ere__loop-property-info-item property-bedrooms\" data-toggle=\"tooltip\" title=\"4 Bedrooms\">\r\n    <i class=\"fa fa-hotel\"><\/i>\r\n    <div class=\"ere__lpi-content\">\r\n        <span class=\"ere__lpi-value\">4<\/span>\r\n        <span class=\"ere__lpi-label\">Bedrooms<\/span>\r\n    <\/div>\r\n<\/div><div class=\"ere__loop-property-info-item property-bathrooms\" data-toggle=\"tooltip\" title=\"1 Bathroom\">\r\n    <i class=\"fa fa-bath\"><\/i>\r\n    <div class=\"ere__lpi-content\">\r\n        <span class=\"ere__lpi-value\">1<\/span>\r\n        <span class=\"ere__lpi-label\">Bathroom<\/span>\r\n    <\/div>\r\n<\/div>\r\n    <\/div>\r\n<\/div>\r\n\n\t\t<\/div>\n\t<\/div>\n<\/div>                    <div class=\"ere-item-wrap property-item ere-property-is-featured\">\n\t<div class=\"property-inner\">\n        <div class=\"property-image\">\r\n    <img loading=\"lazy\" decoding=\"async\" width=\"330\"\r\n     height=\"180\"\r\n     src=\"https:\/\/villasyfincasmallorca.com\/wp-content\/uploads\/2025\/03\/1470-Villa-for-sale-in-Ses-Salines-with-sea-views-18-330x180.jpg\"\r\n     onerror=\"this.src = 'http:\/\/villasyfincasmallorca.com\/wp-content\/uploads\/2017\/12\/1-VF-2-330x180.jpg';\"\r\n     alt=\"Sea View Home in Ses Salines: 418 m\u00b2, 7 Beds &amp; Private Pool\"\r\n     title=\"Sea View Home in Ses Salines: 418 m\u00b2, 7 Beds &amp; Private Pool\">\r\n\r\n<div class=\"ere__loop-property-action property-action\">\r\n    <a data-toggle=\"tooltip\"\r\n   title=\"(56) Photos\"\r\n   data-property-id=\"58317\"\r\n   href=\"javascript:void(0)\" class=\"property-view-gallery ere__loop-property_action-item\">\r\n    <i class=\"fa fa-camera\"><\/i>\r\n<\/a>\r\n<a href=\"javascript:void(0)\" class=\"property-favorite ere__loop-property_action-item\" data-property-id=\"58317\"\r\n   data-toggle=\"tooltip\"\r\n   title=\"Add to Favorite\"\r\n   data-title-not-favorite=\"Add to Favorite\"\r\n   data-title-favorited=\"It is my favorite\"\r\n   data-icon-not-favorite=\"fa fa-star-o\"\r\n   data-icon-favorited=\"fa fa-star\">\r\n    <i class=\"fa fa-star-o\"><\/i>\r\n<\/a>\r\n<a class=\"compare-property ere__loop-property_action-item\" href=\"javascript:void(0)\"\r\n   data-property-id=\"58317\" data-toggle=\"tooltip\"\r\n   title=\"Compare\">\r\n    <i class=\"fa fa-plus\"><\/i>\r\n<\/a>\r\n<\/div><div class=\"ere__loop-property-badge ere__lpb-featured-label\">\r\n            <span class=\"ere__loop-property-badge-item ere__featured\">\r\n    <span class=\"ere__lpbi-inner\">\r\n        Featured    <\/span>\r\n<\/span>\r\n    <\/div>\r\n<div class=\"ere__loop-property-badge ere__lpb-status\">\r\n                    <span style=\"--ere-loop-property-badge-bg-color:,\" class=\"ere__loop-property-badge-item ere__term-status for-sale\" >\r\n            <span class=\"ere__lpbi-inner\">\r\n                For sale            <\/span>\r\n        <\/span>\r\n    <\/div>\r\n<a class=\"property-link\" href=\"https:\/\/villasyfincasmallorca.com\/en\/property\/house-with-sea-views-and-pool-in-ses-salines\/\" title=\"Sea View Home in Ses Salines: 418 m\u00b2, 7 Beds &amp; Private Pool\"><\/a>\r\n<\/div>\r\n\r\n\t\t<div class=\"property-item-content\">\n\t\t\t<div class=\"property-heading\">\n                <h2 class=\"property-title\">\n    <a href=\"https:\/\/villasyfincasmallorca.com\/en\/property\/house-with-sea-views-and-pool-in-ses-salines\/\" title=\"Sea View Home in Ses Salines: 418 m\u00b2, 7 Beds &amp; Private Pool\">Sea View Home in Ses Salines: 418 m\u00b2, 7 Beds &amp; Private Pool<\/a>\n<\/h2>\n\t<span class=\"property-price ere__loop-property-price\">\n\t\t\t\t2.750.000\u20ac\t\t\t<\/span>\n\t\t\t<\/div>\n            <div class=\"property-element-inline\">\r\n    <div class=\"property-type-list\"><i class=\"fa fa-tag\"><\/i><a href=\"https:\/\/villasyfincasmallorca.com\/en\/property-type\/house\/\" rel=\"tag\">House<\/a>, <a href=\"https:\/\/villasyfincasmallorca.com\/en\/property-type\/villa-en\/\" rel=\"tag\">Villa<\/a><\/div><div class=\"property-agent\">\r\n    <a href=\"https:\/\/villasyfincasmallorca.com\/agent\/villas-y-fincas-mallorca\/\" title=\"Villas y Fincas Mallorca\">\r\n        <i class=\"fa fa-user\"><\/i>\r\n        <span>Villas y Fincas Mallorca<\/span>\r\n    <\/a>\r\n<\/div>\r\n<div class=\"property-date\">\r\n    <i class=\"fa fa-calendar\"><\/i>\r\n     56 years ago<\/div>\r\n<\/div>\r\n<div class=\"property-excerpt\">\r\n    <p>[vc_row][vc_column][vc_column_text css_animation=&#8221;fadeIn&#8221;]Some properties speak for themselves the moment you arrive. This seven-bedroom home in Ses Salines is exactly that kind of place. Built in 1976 on a nearly 1,924-square-meter plot, with 418 square meters of built space, a private pool, and unobstructed sea views from multiple rooms, it offers a scale and solidity that simply [&hellip;]<\/p>\n<\/div>\r\n<div class=\"ere__loop-property-info property-info layout-1\">\r\n    <div class=\"property-info-inner\">\r\n        <div class=\"ere__loop-property-info-item property-area\" data-toggle=\"tooltip\" title=\"Size\">\r\n    <i class=\"fa fa-arrows\"><\/i>\r\n    <div class=\"ere__lpi-content\">\r\n        <span class=\"ere__lpi-value\">418 m<sup>2<\/sup><\/span>\r\n        <span class=\"ere__lpi-label\">Size<\/span>\r\n    <\/div>\r\n<\/div>\r\n\r\n<div class=\"ere__loop-property-info-item property-bedrooms\" data-toggle=\"tooltip\" title=\"7 Bedrooms\">\r\n    <i class=\"fa fa-hotel\"><\/i>\r\n    <div class=\"ere__lpi-content\">\r\n        <span class=\"ere__lpi-value\">7<\/span>\r\n        <span class=\"ere__lpi-label\">Bedrooms<\/span>\r\n    <\/div>\r\n<\/div><div class=\"ere__loop-property-info-item property-bathrooms\" data-toggle=\"tooltip\" title=\"4 Bathrooms\">\r\n    <i class=\"fa fa-bath\"><\/i>\r\n    <div class=\"ere__lpi-content\">\r\n        <span class=\"ere__lpi-value\">4<\/span>\r\n        <span class=\"ere__lpi-label\">Bathrooms<\/span>\r\n    <\/div>\r\n<\/div>\r\n    <\/div>\r\n<\/div>\r\n\n\t\t<\/div>\n\t<\/div>\n<\/div>                    <div class=\"ere-item-wrap property-item ere-property-is-featured\">\n\t<div class=\"property-inner\">\n        <div class=\"property-image\">\r\n    <img loading=\"lazy\" decoding=\"async\" width=\"330\"\r\n     height=\"180\"\r\n     src=\"https:\/\/villasyfincasmallorca.com\/wp-content\/uploads\/2025\/03\/LWP3995-330x180.jpg\"\r\n     onerror=\"this.src = 'http:\/\/villasyfincasmallorca.com\/wp-content\/uploads\/2017\/12\/1-VF-2-330x180.jpg';\"\r\n     alt=\"New Ground-Floor Home in Colonia de Sant Jordi With Pool &amp; Garage\"\r\n     title=\"New Ground-Floor Home in Colonia de Sant Jordi With Pool &amp; Garage\">\r\n\r\n<div class=\"ere__loop-property-action property-action\">\r\n    <a data-toggle=\"tooltip\"\r\n   title=\"(23) Photos\"\r\n   data-property-id=\"58267\"\r\n   href=\"javascript:void(0)\" class=\"property-view-gallery ere__loop-property_action-item\">\r\n    <i class=\"fa fa-camera\"><\/i>\r\n<\/a>\r\n<a href=\"javascript:void(0)\" class=\"property-favorite ere__loop-property_action-item\" data-property-id=\"58267\"\r\n   data-toggle=\"tooltip\"\r\n   title=\"Add to Favorite\"\r\n   data-title-not-favorite=\"Add to Favorite\"\r\n   data-title-favorited=\"It is my favorite\"\r\n   data-icon-not-favorite=\"fa fa-star-o\"\r\n   data-icon-favorited=\"fa fa-star\">\r\n    <i class=\"fa fa-star-o\"><\/i>\r\n<\/a>\r\n<a class=\"compare-property ere__loop-property_action-item\" href=\"javascript:void(0)\"\r\n   data-property-id=\"58267\" data-toggle=\"tooltip\"\r\n   title=\"Compare\">\r\n    <i class=\"fa fa-plus\"><\/i>\r\n<\/a>\r\n<\/div><div class=\"ere__loop-property-badge ere__lpb-featured-label\">\r\n            <span class=\"ere__loop-property-badge-item ere__featured\">\r\n    <span class=\"ere__lpbi-inner\">\r\n        Featured    <\/span>\r\n<\/span>\r\n    <\/div>\r\n<div class=\"ere__loop-property-badge ere__lpb-status\">\r\n                    <span style=\"--ere-loop-property-badge-bg-color:,\" class=\"ere__loop-property-badge-item ere__term-status for-sale\" >\r\n            <span class=\"ere__lpbi-inner\">\r\n                For sale            <\/span>\r\n        <\/span>\r\n    <\/div>\r\n<a class=\"property-link\" href=\"https:\/\/villasyfincasmallorca.com\/en\/property\/ground-floor-house-for-sale-in-colonia-de-sant-jordi-with-private-garden-and-pool\/\" title=\"New Ground-Floor Home in Colonia de Sant Jordi With Pool &amp; Garage\"><\/a>\r\n<\/div>\r\n\r\n\t\t<div class=\"property-item-content\">\n\t\t\t<div class=\"property-heading\">\n                <h2 class=\"property-title\">\n    <a href=\"https:\/\/villasyfincasmallorca.com\/en\/property\/ground-floor-house-for-sale-in-colonia-de-sant-jordi-with-private-garden-and-pool\/\" title=\"New Ground-Floor Home in Colonia de Sant Jordi With Pool &amp; Garage\">New Ground-Floor Home in Colonia de Sant Jordi With Pool &amp; Garage<\/a>\n<\/h2>\n\t<span class=\"property-price ere__loop-property-price\">\n\t\t\t\t700.000\u20ac\t\t\t<\/span>\n\t\t\t<\/div>\n            <div class=\"property-element-inline\">\r\n    <div class=\"property-type-list\"><i class=\"fa fa-tag\"><\/i><a href=\"https:\/\/villasyfincasmallorca.com\/en\/property-type\/house\/\" rel=\"tag\">House<\/a><\/div><div class=\"property-agent\">\r\n    <a href=\"https:\/\/villasyfincasmallorca.com\/agent\/villas-y-fincas-mallorca\/\" title=\"Villas y Fincas Mallorca\">\r\n        <i class=\"fa fa-user\"><\/i>\r\n        <span>Villas y Fincas Mallorca<\/span>\r\n    <\/a>\r\n<\/div>\r\n<div class=\"property-date\">\r\n    <i class=\"fa fa-calendar\"><\/i>\r\n     56 years ago<\/div>\r\n<\/div>\r\n<div class=\"property-excerpt\">\r\n    <p>[vc_row][vc_column][vc_column_text css_animation=&#8221;fadeIn&#8221;]Some properties you tour. Others you feel the moment you walk in. This brand-new ground-floor home in Colonia de Sant Jordi is firmly in the second category. Completed in 2024, it offers something increasingly rare in today&#8217;s Mallorcan market: a house where everything is already done \u2014 no renovations to plan, no surprises lurking [&hellip;]<\/p>\n<\/div>\r\n<div class=\"ere__loop-property-info property-info layout-1\">\r\n    <div class=\"property-info-inner\">\r\n        <div class=\"ere__loop-property-info-item property-area\" data-toggle=\"tooltip\" title=\"Size\">\r\n    <i class=\"fa fa-arrows\"><\/i>\r\n    <div class=\"ere__lpi-content\">\r\n        <span class=\"ere__lpi-value\">175 m<sup>2<\/sup><\/span>\r\n        <span class=\"ere__lpi-label\">Size<\/span>\r\n    <\/div>\r\n<\/div>\r\n\r\n<div class=\"ere__loop-property-info-item property-bedrooms\" data-toggle=\"tooltip\" title=\"3 Bedrooms\">\r\n    <i class=\"fa fa-hotel\"><\/i>\r\n    <div class=\"ere__lpi-content\">\r\n        <span class=\"ere__lpi-value\">3<\/span>\r\n        <span class=\"ere__lpi-label\">Bedrooms<\/span>\r\n    <\/div>\r\n<\/div><div class=\"ere__loop-property-info-item property-bathrooms\" data-toggle=\"tooltip\" title=\"2 Bathrooms\">\r\n    <i class=\"fa fa-bath\"><\/i>\r\n    <div class=\"ere__lpi-content\">\r\n        <span class=\"ere__lpi-value\">2<\/span>\r\n        <span class=\"ere__lpi-label\">Bathrooms<\/span>\r\n    <\/div>\r\n<\/div>\r\n    <\/div>\r\n<\/div>\r\n\n\t\t<\/div>\n\t<\/div>\n<\/div>                    <div class=\"ere-item-wrap property-item ere-property-is-featured\">\n\t<div class=\"property-inner\">\n        <div class=\"property-image\">\r\n    <img loading=\"lazy\" decoding=\"async\" width=\"330\"\r\n     height=\"180\"\r\n     src=\"https:\/\/villasyfincasmallorca.com\/wp-content\/uploads\/2025\/03\/LWP3142-330x180.jpg\"\r\n     onerror=\"this.src = 'http:\/\/villasyfincasmallorca.com\/wp-content\/uploads\/2017\/12\/1-VF-2-330x180.jpg';\"\r\n     alt=\"Country House in Sineu with Pool &amp; 5,400 m\u00b2 Plot\"\r\n     title=\"Country House in Sineu with Pool &amp; 5,400 m\u00b2 Plot\">\r\n\r\n<div class=\"ere__loop-property-action property-action\">\r\n    <a data-toggle=\"tooltip\"\r\n   title=\"(45) Photos\"\r\n   data-property-id=\"57974\"\r\n   href=\"javascript:void(0)\" class=\"property-view-gallery ere__loop-property_action-item\">\r\n    <i class=\"fa fa-camera\"><\/i>\r\n<\/a>\r\n<a href=\"javascript:void(0)\" class=\"property-favorite ere__loop-property_action-item\" data-property-id=\"57974\"\r\n   data-toggle=\"tooltip\"\r\n   title=\"Add to Favorite\"\r\n   data-title-not-favorite=\"Add to Favorite\"\r\n   data-title-favorited=\"It is my favorite\"\r\n   data-icon-not-favorite=\"fa fa-star-o\"\r\n   data-icon-favorited=\"fa fa-star\">\r\n    <i class=\"fa fa-star-o\"><\/i>\r\n<\/a>\r\n<a class=\"compare-property ere__loop-property_action-item\" href=\"javascript:void(0)\"\r\n   data-property-id=\"57974\" data-toggle=\"tooltip\"\r\n   title=\"Compare\">\r\n    <i class=\"fa fa-plus\"><\/i>\r\n<\/a>\r\n<\/div><div class=\"ere__loop-property-badge ere__lpb-featured-label\">\r\n            <span class=\"ere__loop-property-badge-item ere__featured\">\r\n    <span class=\"ere__lpbi-inner\">\r\n        Featured    <\/span>\r\n<\/span>\r\n    <\/div>\r\n<div class=\"ere__loop-property-badge ere__lpb-status\">\r\n                    <span style=\"--ere-loop-property-badge-bg-color:,\" class=\"ere__loop-property-badge-item ere__term-status for-sale\" >\r\n            <span class=\"ere__lpbi-inner\">\r\n                For sale            <\/span>\r\n        <\/span>\r\n    <\/div>\r\n<a class=\"property-link\" href=\"https:\/\/villasyfincasmallorca.com\/en\/property\/country-house-for-sale-in-sineu-with-pool\/\" title=\"Country House in Sineu with Pool &amp; 5,400 m\u00b2 Plot\"><\/a>\r\n<\/div>\r\n\r\n\t\t<div class=\"property-item-content\">\n\t\t\t<div class=\"property-heading\">\n                <h2 class=\"property-title\">\n    <a href=\"https:\/\/villasyfincasmallorca.com\/en\/property\/country-house-for-sale-in-sineu-with-pool\/\" title=\"Country House in Sineu with Pool &amp; 5,400 m\u00b2 Plot\">Country House in Sineu with Pool &amp; 5,400 m\u00b2 Plot<\/a>\n<\/h2>\n\t<span class=\"property-price ere__loop-property-price\">\n\t\t\t\t650.000\u20ac\t\t\t<\/span>\n\t\t\t<\/div>\n            <div class=\"property-element-inline\">\r\n    <div class=\"property-type-list\"><i class=\"fa fa-tag\"><\/i><a href=\"https:\/\/villasyfincasmallorca.com\/en\/property-type\/country-house\/\" rel=\"tag\">Country house<\/a>, <a href=\"https:\/\/villasyfincasmallorca.com\/en\/property-type\/villa-en\/\" rel=\"tag\">Villa<\/a><\/div><div class=\"property-agent\">\r\n    <a href=\"https:\/\/villasyfincasmallorca.com\/agent\/villas-y-fincas-mallorca\/\" title=\"Villas y Fincas Mallorca\">\r\n        <i class=\"fa fa-user\"><\/i>\r\n        <span>Villas y Fincas Mallorca<\/span>\r\n    <\/a>\r\n<\/div>\r\n<div class=\"property-date\">\r\n    <i class=\"fa fa-calendar\"><\/i>\r\n     56 years ago<\/div>\r\n<\/div>\r\n<div class=\"property-excerpt\">\r\n    <p>[vc_row][vc_column][vc_column_text css_animation=&#8221;fadeIn&#8221;]Some places in Mallorca feel like a well-kept secret \u2014 and Sineu is exactly that. Sitting at the precise geographic center of the island, this beautifully preserved medieval village has held on to its soul. There&#8217;s a weekly market with centuries of tradition behind it, stone-paved streets that haven&#8217;t changed in generations, and a [&hellip;]<\/p>\n<\/div>\r\n<div class=\"ere__loop-property-info property-info layout-1\">\r\n    <div class=\"property-info-inner\">\r\n        <div class=\"ere__loop-property-info-item property-area\" data-toggle=\"tooltip\" title=\"Size\">\r\n    <i class=\"fa fa-arrows\"><\/i>\r\n    <div class=\"ere__lpi-content\">\r\n        <span class=\"ere__lpi-value\">304 m<sup>2<\/sup><\/span>\r\n        <span class=\"ere__lpi-label\">Size<\/span>\r\n    <\/div>\r\n<\/div>\r\n\r\n<div class=\"ere__loop-property-info-item property-bedrooms\" data-toggle=\"tooltip\" title=\"4 Bedrooms\">\r\n    <i class=\"fa fa-hotel\"><\/i>\r\n    <div class=\"ere__lpi-content\">\r\n        <span class=\"ere__lpi-value\">4<\/span>\r\n        <span class=\"ere__lpi-label\">Bedrooms<\/span>\r\n    <\/div>\r\n<\/div><div class=\"ere__loop-property-info-item property-bathrooms\" data-toggle=\"tooltip\" title=\"2 Bathrooms\">\r\n    <i class=\"fa fa-bath\"><\/i>\r\n    <div class=\"ere__lpi-content\">\r\n        <span class=\"ere__lpi-value\">2<\/span>\r\n        <span class=\"ere__lpi-label\">Bathrooms<\/span>\r\n    <\/div>\r\n<\/div>\r\n    <\/div>\r\n<\/div>\r\n\n\t\t<\/div>\n\t<\/div>\n<\/div>                    <div class=\"ere-item-wrap property-item ere-property-is-featured\">\n\t<div class=\"property-inner\">\n        <div class=\"property-image\">\r\n    <img loading=\"lazy\" decoding=\"async\" width=\"330\"\r\n     height=\"180\"\r\n     src=\"https:\/\/villasyfincasmallorca.com\/wp-content\/uploads\/2018\/07\/11-972-Villasyfincasmallorca-330x180.jpg\"\r\n     onerror=\"this.src = 'http:\/\/villasyfincasmallorca.com\/wp-content\/uploads\/2017\/12\/1-VF-2-330x180.jpg';\"\r\n     alt=\"Centennial Country Estate near Palma \u2014 1,144 m\u00b2, 14 ha and 6 Historic Buildings\"\r\n     title=\"Centennial Country Estate near Palma \u2014 1,144 m\u00b2, 14 ha and 6 Historic Buildings\">\r\n\r\n<div class=\"ere__loop-property-action property-action\">\r\n    <a data-toggle=\"tooltip\"\r\n   title=\"(15) Photos\"\r\n   data-property-id=\"12950\"\r\n   href=\"javascript:void(0)\" class=\"property-view-gallery ere__loop-property_action-item\">\r\n    <i class=\"fa fa-camera\"><\/i>\r\n<\/a>\r\n<a href=\"javascript:void(0)\" class=\"property-favorite ere__loop-property_action-item\" data-property-id=\"12950\"\r\n   data-toggle=\"tooltip\"\r\n   title=\"Add to Favorite\"\r\n   data-title-not-favorite=\"Add to Favorite\"\r\n   data-title-favorited=\"It is my favorite\"\r\n   data-icon-not-favorite=\"fa fa-star-o\"\r\n   data-icon-favorited=\"fa fa-star\">\r\n    <i class=\"fa fa-star-o\"><\/i>\r\n<\/a>\r\n<a class=\"compare-property ere__loop-property_action-item\" href=\"javascript:void(0)\"\r\n   data-property-id=\"12950\" data-toggle=\"tooltip\"\r\n   title=\"Compare\">\r\n    <i class=\"fa fa-plus\"><\/i>\r\n<\/a>\r\n<\/div><div class=\"ere__loop-property-badge ere__lpb-featured-label\">\r\n            <span class=\"ere__loop-property-badge-item ere__featured\">\r\n    <span class=\"ere__lpbi-inner\">\r\n        Featured    <\/span>\r\n<\/span>\r\n    <\/div>\r\n<div class=\"ere__loop-property-badge ere__lpb-status\">\r\n                    <span style=\"--ere-loop-property-badge-bg-color:,\" class=\"ere__loop-property-badge-item ere__term-status for-sale\" >\r\n            <span class=\"ere__lpbi-inner\">\r\n                For sale            <\/span>\r\n        <\/span>\r\n    <\/div>\r\n<a class=\"property-link\" href=\"https:\/\/villasyfincasmallorca.com\/en\/property\/country-estate-for-sale-next-to-palma-de-mallorca\/\" title=\"Centennial Country Estate near Palma \u2014 1,144 m\u00b2, 14 ha and 6 Historic Buildings\"><\/a>\r\n<\/div>\r\n\r\n\t\t<div class=\"property-item-content\">\n\t\t\t<div class=\"property-heading\">\n                <h2 class=\"property-title\">\n    <a href=\"https:\/\/villasyfincasmallorca.com\/en\/property\/country-estate-for-sale-next-to-palma-de-mallorca\/\" title=\"Centennial Country Estate near Palma \u2014 1,144 m\u00b2, 14 ha and 6 Historic Buildings\">Centennial Country Estate near Palma \u2014 1,144 m\u00b2, 14 ha and 6 Historic Buildings<\/a>\n<\/h2>\n\t<span class=\"property-price ere__loop-property-price\">\n\t\t\t\t2.500.000\u20ac\t\t\t<\/span>\n\t\t\t<\/div>\n            <div class=\"property-element-inline\">\r\n    <div class=\"property-type-list\"><i class=\"fa fa-tag\"><\/i><a href=\"https:\/\/villasyfincasmallorca.com\/en\/property-type\/country-house\/\" rel=\"tag\">Country house<\/a>, <a href=\"https:\/\/villasyfincasmallorca.com\/en\/property-type\/villa-en\/\" rel=\"tag\">Villa<\/a><\/div><div class=\"property-agent\">\r\n    <a href=\"https:\/\/villasyfincasmallorca.com\/agent\/villas-y-fincas-mallorca\/\" title=\"Villas y Fincas Mallorca\">\r\n        <i class=\"fa fa-user\"><\/i>\r\n        <span>Villas y Fincas Mallorca<\/span>\r\n    <\/a>\r\n<\/div>\r\n<div class=\"property-date\">\r\n    <i class=\"fa fa-calendar\"><\/i>\r\n     56 years ago<\/div>\r\n<\/div>\r\n<div class=\"property-excerpt\">\r\n    <p>[vc_row][vc_column][vc_column_text css_animation=&#8221;fadeIn&#8221;]Some properties are close to Palma, and some properties seem to belong to another world \u2014 and yet are less than ten minutes from the city center. This centennial Mallorcan country estate for sale near Palma de Mallorca falls firmly into the second category. It is not a rural house, not a conventional renovation [&hellip;]<\/p>\n<\/div>\r\n<div class=\"ere__loop-property-info property-info layout-1\">\r\n    <div class=\"property-info-inner\">\r\n        <div class=\"ere__loop-property-info-item property-area\" data-toggle=\"tooltip\" title=\"Size\">\r\n    <i class=\"fa fa-arrows\"><\/i>\r\n    <div class=\"ere__lpi-content\">\r\n        <span class=\"ere__lpi-value\">1.144 m<sup>2<\/sup><\/span>\r\n        <span class=\"ere__lpi-label\">Size<\/span>\r\n    <\/div>\r\n<\/div>\r\n\r\n<div class=\"ere__loop-property-info-item property-bedrooms\" data-toggle=\"tooltip\" title=\"8 Bedrooms\">\r\n    <i class=\"fa fa-hotel\"><\/i>\r\n    <div class=\"ere__lpi-content\">\r\n        <span class=\"ere__lpi-value\">8<\/span>\r\n        <span class=\"ere__lpi-label\">Bedrooms<\/span>\r\n    <\/div>\r\n<\/div><div class=\"ere__loop-property-info-item property-bathrooms\" data-toggle=\"tooltip\" title=\"3 Bathrooms\">\r\n    <i class=\"fa fa-bath\"><\/i>\r\n    <div class=\"ere__lpi-content\">\r\n        <span class=\"ere__lpi-value\">3<\/span>\r\n        <span class=\"ere__lpi-label\">Bathrooms<\/span>\r\n    <\/div>\r\n<\/div>\r\n    <\/div>\r\n<\/div>\r\n\n\t\t<\/div>\n\t<\/div>\n<\/div>                    <div class=\"ere-item-wrap property-item ere-property-is-featured\">\n\t<div class=\"property-inner\">\n        <div class=\"property-image\">\r\n    <img loading=\"lazy\" decoding=\"async\" width=\"330\"\r\n     height=\"180\"\r\n     src=\"https:\/\/villasyfincasmallorca.com\/wp-content\/uploads\/2025\/02\/LWP2916-330x180.jpg\"\r\n     onerror=\"this.src = 'http:\/\/villasyfincasmallorca.com\/wp-content\/uploads\/2017\/12\/1-VF-2-330x180.jpg';\"\r\n     alt=\"Rustic Country House in Colonia de Sant Jordi \u2014 131 m\u00b2, 14,500 m\u00b2, near Es Trenc\"\r\n     title=\"Rustic Country House in Colonia de Sant Jordi \u2014 131 m\u00b2, 14,500 m\u00b2, near Es Trenc\">\r\n\r\n<div class=\"ere__loop-property-action property-action\">\r\n    <a data-toggle=\"tooltip\"\r\n   title=\"(32) Photos\"\r\n   data-property-id=\"57474\"\r\n   href=\"javascript:void(0)\" class=\"property-view-gallery ere__loop-property_action-item\">\r\n    <i class=\"fa fa-camera\"><\/i>\r\n<\/a>\r\n<a href=\"javascript:void(0)\" class=\"property-favorite ere__loop-property_action-item\" data-property-id=\"57474\"\r\n   data-toggle=\"tooltip\"\r\n   title=\"Add to Favorite\"\r\n   data-title-not-favorite=\"Add to Favorite\"\r\n   data-title-favorited=\"It is my favorite\"\r\n   data-icon-not-favorite=\"fa fa-star-o\"\r\n   data-icon-favorited=\"fa fa-star\">\r\n    <i class=\"fa fa-star-o\"><\/i>\r\n<\/a>\r\n<a class=\"compare-property ere__loop-property_action-item\" href=\"javascript:void(0)\"\r\n   data-property-id=\"57474\" data-toggle=\"tooltip\"\r\n   title=\"Compare\">\r\n    <i class=\"fa fa-plus\"><\/i>\r\n<\/a>\r\n<\/div><div class=\"ere__loop-property-badge ere__lpb-featured-label\">\r\n            <span class=\"ere__loop-property-badge-item ere__featured\">\r\n    <span class=\"ere__lpbi-inner\">\r\n        Featured    <\/span>\r\n<\/span>\r\n    <\/div>\r\n<div class=\"ere__loop-property-badge ere__lpb-status\">\r\n                    <span style=\"--ere-loop-property-badge-bg-color:,\" class=\"ere__loop-property-badge-item ere__term-status for-sale\" >\r\n            <span class=\"ere__lpbi-inner\">\r\n                For sale            <\/span>\r\n        <\/span>\r\n    <\/div>\r\n<a class=\"property-link\" href=\"https:\/\/villasyfincasmallorca.com\/en\/property\/country-estate-for-sale-in-colonia-de-sant-jordi-near-the-beach-and-ses-salines\/\" title=\"Rustic Country House in Colonia de Sant Jordi \u2014 131 m\u00b2, 14,500 m\u00b2, near Es Trenc\"><\/a>\r\n<\/div>\r\n\r\n\t\t<div class=\"property-item-content\">\n\t\t\t<div class=\"property-heading\">\n                <h2 class=\"property-title\">\n    <a href=\"https:\/\/villasyfincasmallorca.com\/en\/property\/country-estate-for-sale-in-colonia-de-sant-jordi-near-the-beach-and-ses-salines\/\" title=\"Rustic Country House in Colonia de Sant Jordi \u2014 131 m\u00b2, 14,500 m\u00b2, near Es Trenc\">Rustic Country House in Colonia de Sant Jordi \u2014 131 m\u00b2, 14,500 m\u00b2, near Es Trenc<\/a>\n<\/h2>\n\t<span class=\"property-price ere__loop-property-price\">\n\t\t\t\t790.000\u20ac\t\t\t<\/span>\n\t\t\t<\/div>\n            <div class=\"property-element-inline\">\r\n    <div class=\"property-type-list\"><i class=\"fa fa-tag\"><\/i><a href=\"https:\/\/villasyfincasmallorca.com\/en\/property-type\/country-house\/\" rel=\"tag\">Country house<\/a>, <a href=\"https:\/\/villasyfincasmallorca.com\/en\/property-type\/villa-en\/\" rel=\"tag\">Villa<\/a><\/div><div class=\"property-agent\">\r\n    <a href=\"https:\/\/villasyfincasmallorca.com\/agent\/villas-y-fincas-mallorca\/\" title=\"Villas y Fincas Mallorca\">\r\n        <i class=\"fa fa-user\"><\/i>\r\n        <span>Villas y Fincas Mallorca<\/span>\r\n    <\/a>\r\n<\/div>\r\n<div class=\"property-date\">\r\n    <i class=\"fa fa-calendar\"><\/i>\r\n     56 years ago<\/div>\r\n<\/div>\r\n<div class=\"property-excerpt\">\r\n    <p>[vc_row][vc_column][vc_column_text css_animation=&#8221;fadeIn&#8221;]Finding a rustic country house in southeastern Mallorca with 14,500 square meters of plot, five minutes from Ses Salines and less than ten from Es Trenc, under one million euros, is not common. This property offers exactly that combination: a 131-square-meter single-storey country house with a garage, storage room, an additional room on the [&hellip;]<\/p>\n<\/div>\r\n<div class=\"ere__loop-property-info property-info layout-1\">\r\n    <div class=\"property-info-inner\">\r\n        <div class=\"ere__loop-property-info-item property-area\" data-toggle=\"tooltip\" title=\"Size\">\r\n    <i class=\"fa fa-arrows\"><\/i>\r\n    <div class=\"ere__lpi-content\">\r\n        <span class=\"ere__lpi-value\">131 m<sup>2<\/sup><\/span>\r\n        <span class=\"ere__lpi-label\">Size<\/span>\r\n    <\/div>\r\n<\/div>\r\n\r\n<div class=\"ere__loop-property-info-item property-bedrooms\" data-toggle=\"tooltip\" title=\"3 Bedrooms\">\r\n    <i class=\"fa fa-hotel\"><\/i>\r\n    <div class=\"ere__lpi-content\">\r\n        <span class=\"ere__lpi-value\">3<\/span>\r\n        <span class=\"ere__lpi-label\">Bedrooms<\/span>\r\n    <\/div>\r\n<\/div><div class=\"ere__loop-property-info-item property-bathrooms\" data-toggle=\"tooltip\" title=\"1 Bathroom\">\r\n    <i class=\"fa fa-bath\"><\/i>\r\n    <div class=\"ere__lpi-content\">\r\n        <span class=\"ere__lpi-value\">1<\/span>\r\n        <span class=\"ere__lpi-label\">Bathroom<\/span>\r\n    <\/div>\r\n<\/div>\r\n    <\/div>\r\n<\/div>\r\n\n\t\t<\/div>\n\t<\/div>\n<\/div>                    <div class=\"ere-item-wrap property-item ere-property-is-featured\">\n\t<div class=\"property-inner\">\n        <div class=\"property-image\">\r\n    <img loading=\"lazy\" decoding=\"async\" width=\"330\"\r\n     height=\"180\"\r\n     src=\"https:\/\/villasyfincasmallorca.com\/wp-content\/uploads\/2024\/11\/LWP9367-Editar-330x180.jpg\"\r\n     onerror=\"this.src = 'http:\/\/villasyfincasmallorca.com\/wp-content\/uploads\/2017\/12\/1-VF-2-330x180.jpg';\"\r\n     alt=\"Town House with Pool in Ses Salines \u2014 110 m\u00b2, single floor, move-in ready\"\r\n     title=\"Town House with Pool in Ses Salines \u2014 110 m\u00b2, single floor, move-in ready\">\r\n\r\n<div class=\"ere__loop-property-action property-action\">\r\n    <a data-toggle=\"tooltip\"\r\n   title=\"(19) Photos\"\r\n   data-property-id=\"55734\"\r\n   href=\"javascript:void(0)\" class=\"property-view-gallery ere__loop-property_action-item\">\r\n    <i class=\"fa fa-camera\"><\/i>\r\n<\/a>\r\n<a href=\"javascript:void(0)\" class=\"property-favorite ere__loop-property_action-item\" data-property-id=\"55734\"\r\n   data-toggle=\"tooltip\"\r\n   title=\"Add to Favorite\"\r\n   data-title-not-favorite=\"Add to Favorite\"\r\n   data-title-favorited=\"It is my favorite\"\r\n   data-icon-not-favorite=\"fa fa-star-o\"\r\n   data-icon-favorited=\"fa fa-star\">\r\n    <i class=\"fa fa-star-o\"><\/i>\r\n<\/a>\r\n<a class=\"compare-property ere__loop-property_action-item\" href=\"javascript:void(0)\"\r\n   data-property-id=\"55734\" data-toggle=\"tooltip\"\r\n   title=\"Compare\">\r\n    <i class=\"fa fa-plus\"><\/i>\r\n<\/a>\r\n<\/div><div class=\"ere__loop-property-badge ere__lpb-featured-label\">\r\n            <span class=\"ere__loop-property-badge-item ere__featured\">\r\n    <span class=\"ere__lpbi-inner\">\r\n        Featured    <\/span>\r\n<\/span>\r\n    <\/div>\r\n<div class=\"ere__loop-property-badge ere__lpb-status\">\r\n                    <span style=\"--ere-loop-property-badge-bg-color:,\" class=\"ere__loop-property-badge-item ere__term-status for-sale\" >\r\n            <span class=\"ere__lpbi-inner\">\r\n                For sale            <\/span>\r\n        <\/span>\r\n    <\/div>\r\n<a class=\"property-link\" href=\"https:\/\/villasyfincasmallorca.com\/en\/property\/town-house-for-sale-with-swimming-pool-in-ses-salines\/\" title=\"Town House with Pool in Ses Salines \u2014 110 m\u00b2, single floor, move-in ready\"><\/a>\r\n<\/div>\r\n\r\n\t\t<div class=\"property-item-content\">\n\t\t\t<div class=\"property-heading\">\n                <h2 class=\"property-title\">\n    <a href=\"https:\/\/villasyfincasmallorca.com\/en\/property\/town-house-for-sale-with-swimming-pool-in-ses-salines\/\" title=\"Town House with Pool in Ses Salines \u2014 110 m\u00b2, single floor, move-in ready\">Town House with Pool in Ses Salines \u2014 110 m\u00b2, single floor, move-in ready<\/a>\n<\/h2>\n\t<span class=\"property-price ere__loop-property-price\">\n\t\t\t\t490.000\u20ac\t\t\t<\/span>\n\t\t\t<\/div>\n            <div class=\"property-element-inline\">\r\n    <div class=\"property-type-list\"><i class=\"fa fa-tag\"><\/i><a href=\"https:\/\/villasyfincasmallorca.com\/en\/property-type\/house\/\" rel=\"tag\">House<\/a><\/div><div class=\"property-agent\">\r\n    <a href=\"https:\/\/villasyfincasmallorca.com\/agent\/villas-y-fincas-mallorca\/\" title=\"Villas y Fincas Mallorca\">\r\n        <i class=\"fa fa-user\"><\/i>\r\n        <span>Villas y Fincas Mallorca<\/span>\r\n    <\/a>\r\n<\/div>\r\n<div class=\"property-date\">\r\n    <i class=\"fa fa-calendar\"><\/i>\r\n     56 years ago<\/div>\r\n<\/div>\r\n<div class=\"property-excerpt\">\r\n    <p>[vc_row][vc_column][vc_column_text css_animation=&#8221;fadeIn&#8221;]A town house with a private pool in the heart of Ses Salines, move-in ready, all on a single floor. That combination does not appear often in the southeastern Mallorca market \u2014 and when it does, it does not last. This property has 110 square meters of built space on a 170-square-meter plot, two [&hellip;]<\/p>\n<\/div>\r\n<div class=\"ere__loop-property-info property-info layout-1\">\r\n    <div class=\"property-info-inner\">\r\n        <div class=\"ere__loop-property-info-item property-area\" data-toggle=\"tooltip\" title=\"Size\">\r\n    <i class=\"fa fa-arrows\"><\/i>\r\n    <div class=\"ere__lpi-content\">\r\n        <span class=\"ere__lpi-value\">110 m<sup>2<\/sup><\/span>\r\n        <span class=\"ere__lpi-label\">Size<\/span>\r\n    <\/div>\r\n<\/div>\r\n\r\n<div class=\"ere__loop-property-info-item property-bedrooms\" data-toggle=\"tooltip\" title=\"2 Bedrooms\">\r\n    <i class=\"fa fa-hotel\"><\/i>\r\n    <div class=\"ere__lpi-content\">\r\n        <span class=\"ere__lpi-value\">2<\/span>\r\n        <span class=\"ere__lpi-label\">Bedrooms<\/span>\r\n    <\/div>\r\n<\/div><div class=\"ere__loop-property-info-item property-bathrooms\" data-toggle=\"tooltip\" title=\"1 Bathroom\">\r\n    <i class=\"fa fa-bath\"><\/i>\r\n    <div class=\"ere__lpi-content\">\r\n        <span class=\"ere__lpi-value\">1<\/span>\r\n        <span class=\"ere__lpi-label\">Bathroom<\/span>\r\n    <\/div>\r\n<\/div>\r\n    <\/div>\r\n<\/div>\r\n\n\t\t<\/div>\n\t<\/div>\n<\/div>                    <div class=\"ere-item-wrap property-item ere-property-is-featured\">\n\t<div class=\"property-inner\">\n        <div class=\"property-image\">\r\n    <img loading=\"lazy\" decoding=\"async\" width=\"330\"\r\n     height=\"180\"\r\n     src=\"https:\/\/villasyfincasmallorca.com\/wp-content\/uploads\/2025\/02\/LWP2777-330x180.jpg\"\r\n     onerror=\"this.src = 'http:\/\/villasyfincasmallorca.com\/wp-content\/uploads\/2017\/12\/1-VF-2-330x180.jpg';\"\r\n     alt=\"House for sale in Ses Salines with terrace\"\r\n     title=\"House for sale in Ses Salines with terrace\">\r\n\r\n<div class=\"ere__loop-property-action property-action\">\r\n    <a data-toggle=\"tooltip\"\r\n   title=\"(27) Photos\"\r\n   data-property-id=\"57204\"\r\n   href=\"javascript:void(0)\" class=\"property-view-gallery ere__loop-property_action-item\">\r\n    <i class=\"fa fa-camera\"><\/i>\r\n<\/a>\r\n<a href=\"javascript:void(0)\" class=\"property-favorite ere__loop-property_action-item\" data-property-id=\"57204\"\r\n   data-toggle=\"tooltip\"\r\n   title=\"Add to Favorite\"\r\n   data-title-not-favorite=\"Add to Favorite\"\r\n   data-title-favorited=\"It is my favorite\"\r\n   data-icon-not-favorite=\"fa fa-star-o\"\r\n   data-icon-favorited=\"fa fa-star\">\r\n    <i class=\"fa fa-star-o\"><\/i>\r\n<\/a>\r\n<a class=\"compare-property ere__loop-property_action-item\" href=\"javascript:void(0)\"\r\n   data-property-id=\"57204\" data-toggle=\"tooltip\"\r\n   title=\"Compare\">\r\n    <i class=\"fa fa-plus\"><\/i>\r\n<\/a>\r\n<\/div><div class=\"ere__loop-property-badge ere__lpb-featured-label\">\r\n            <span class=\"ere__loop-property-badge-item ere__featured\">\r\n    <span class=\"ere__lpbi-inner\">\r\n        Featured    <\/span>\r\n<\/span>\r\n    <\/div>\r\n<div class=\"ere__loop-property-badge ere__lpb-status\">\r\n                    <span style=\"--ere-loop-property-badge-bg-color:,\" class=\"ere__loop-property-badge-item ere__term-status for-sale\" >\r\n            <span class=\"ere__lpbi-inner\">\r\n                For sale            <\/span>\r\n        <\/span>\r\n    <\/div>\r\n<a class=\"property-link\" href=\"https:\/\/villasyfincasmallorca.com\/en\/property\/house-for-sale-in-ses-salines-with-terrace\/\" title=\"House for sale in Ses Salines with terrace\"><\/a>\r\n<\/div>\r\n\r\n\t\t<div class=\"property-item-content\">\n\t\t\t<div class=\"property-heading\">\n                <h2 class=\"property-title\">\n    <a href=\"https:\/\/villasyfincasmallorca.com\/en\/property\/house-for-sale-in-ses-salines-with-terrace\/\" title=\"House for sale in Ses Salines with terrace\">House for sale in Ses Salines with terrace<\/a>\n<\/h2>\n\t<span class=\"property-price ere__loop-property-price\">\n\t\t\t\t585.000\u20ac\t\t\t<\/span>\n\t\t\t<\/div>\n            <div class=\"property-element-inline\">\r\n    <div class=\"property-type-list\"><i class=\"fa fa-tag\"><\/i><a href=\"https:\/\/villasyfincasmallorca.com\/en\/property-type\/house\/\" rel=\"tag\">House<\/a><\/div><div class=\"property-agent\">\r\n    <a href=\"https:\/\/villasyfincasmallorca.com\/agent\/villas-y-fincas-mallorca\/\" title=\"Villas y Fincas Mallorca\">\r\n        <i class=\"fa fa-user\"><\/i>\r\n        <span>Villas y Fincas Mallorca<\/span>\r\n    <\/a>\r\n<\/div>\r\n<div class=\"property-date\">\r\n    <i class=\"fa fa-calendar\"><\/i>\r\n     56 years ago<\/div>\r\n<\/div>\r\n<div class=\"property-excerpt\">\r\n    <p>[vc_row][vc_column][vc_column_text css_animation=&#8221;fadeIn&#8221;]If you are looking for a house for sale in Ses Salines that combines modernity, comfort, and a strategic location, this property is the ideal option. It is a spacious semi-detached villa, distributed over 148 m\u00b2 and located in a quiet and exclusive area of Ses Salines, where quality of life and natural surroundings [&hellip;]<\/p>\n<\/div>\r\n<div class=\"ere__loop-property-info property-info layout-1\">\r\n    <div class=\"property-info-inner\">\r\n        <div class=\"ere__loop-property-info-item property-area\" data-toggle=\"tooltip\" title=\"Size\">\r\n    <i class=\"fa fa-arrows\"><\/i>\r\n    <div class=\"ere__lpi-content\">\r\n        <span class=\"ere__lpi-value\">148.000 m<sup>2<\/sup><\/span>\r\n        <span class=\"ere__lpi-label\">Size<\/span>\r\n    <\/div>\r\n<\/div>\r\n\r\n<div class=\"ere__loop-property-info-item property-bedrooms\" data-toggle=\"tooltip\" title=\"4 Bedrooms\">\r\n    <i class=\"fa fa-hotel\"><\/i>\r\n    <div class=\"ere__lpi-content\">\r\n        <span class=\"ere__lpi-value\">4<\/span>\r\n        <span class=\"ere__lpi-label\">Bedrooms<\/span>\r\n    <\/div>\r\n<\/div><div class=\"ere__loop-property-info-item property-bathrooms\" data-toggle=\"tooltip\" title=\"2 Bathrooms\">\r\n    <i class=\"fa fa-bath\"><\/i>\r\n    <div class=\"ere__lpi-content\">\r\n        <span class=\"ere__lpi-value\">2<\/span>\r\n        <span class=\"ere__lpi-label\">Bathrooms<\/span>\r\n    <\/div>\r\n<\/div>\r\n    <\/div>\r\n<\/div>\r\n\n\t\t<\/div>\n\t<\/div>\n<\/div>                    <div class=\"ere-item-wrap property-item ere-property-is-featured\">\n\t<div class=\"property-inner\">\n        <div class=\"property-image\">\r\n    <img loading=\"lazy\" decoding=\"async\" width=\"330\"\r\n     height=\"180\"\r\n     src=\"https:\/\/villasyfincasmallorca.com\/wp-content\/uploads\/2025\/01\/LWP2702-Editar-330x180.jpg\"\r\n     onerror=\"this.src = 'http:\/\/villasyfincasmallorca.com\/wp-content\/uploads\/2017\/12\/1-VF-2-330x180.jpg';\"\r\n     alt=\"Country House near Es Trenc \u2014 356 m\u00b2, 29,000 m\u00b2, two independent floors\"\r\n     title=\"Country House near Es Trenc \u2014 356 m\u00b2, 29,000 m\u00b2, two independent floors\">\r\n\r\n<div class=\"ere__loop-property-action property-action\">\r\n    <a data-toggle=\"tooltip\"\r\n   title=\"(34) Photos\"\r\n   data-property-id=\"56934\"\r\n   href=\"javascript:void(0)\" class=\"property-view-gallery ere__loop-property_action-item\">\r\n    <i class=\"fa fa-camera\"><\/i>\r\n<\/a>\r\n<a href=\"javascript:void(0)\" class=\"property-favorite ere__loop-property_action-item\" data-property-id=\"56934\"\r\n   data-toggle=\"tooltip\"\r\n   title=\"Add to Favorite\"\r\n   data-title-not-favorite=\"Add to Favorite\"\r\n   data-title-favorited=\"It is my favorite\"\r\n   data-icon-not-favorite=\"fa fa-star-o\"\r\n   data-icon-favorited=\"fa fa-star\">\r\n    <i class=\"fa fa-star-o\"><\/i>\r\n<\/a>\r\n<a class=\"compare-property ere__loop-property_action-item\" href=\"javascript:void(0)\"\r\n   data-property-id=\"56934\" data-toggle=\"tooltip\"\r\n   title=\"Compare\">\r\n    <i class=\"fa fa-plus\"><\/i>\r\n<\/a>\r\n<\/div><div class=\"ere__loop-property-badge ere__lpb-featured-label\">\r\n            <span class=\"ere__loop-property-badge-item ere__featured\">\r\n    <span class=\"ere__lpbi-inner\">\r\n        Featured    <\/span>\r\n<\/span>\r\n    <\/div>\r\n<div class=\"ere__loop-property-badge ere__lpb-status\">\r\n                    <span style=\"--ere-loop-property-badge-bg-color:,\" class=\"ere__loop-property-badge-item ere__term-status for-sale\" >\r\n            <span class=\"ere__lpbi-inner\">\r\n                For sale            <\/span>\r\n        <\/span>\r\n    <\/div>\r\n<a class=\"property-link\" href=\"https:\/\/villasyfincasmallorca.com\/en\/property\/country-house-for-sale-next-to-es-trenc-and-ses-covetes-3\/\" title=\"Country House near Es Trenc \u2014 356 m\u00b2, 29,000 m\u00b2, two independent floors\"><\/a>\r\n<\/div>\r\n\r\n\t\t<div class=\"property-item-content\">\n\t\t\t<div class=\"property-heading\">\n                <h2 class=\"property-title\">\n    <a href=\"https:\/\/villasyfincasmallorca.com\/en\/property\/country-house-for-sale-next-to-es-trenc-and-ses-covetes-3\/\" title=\"Country House near Es Trenc \u2014 356 m\u00b2, 29,000 m\u00b2, two independent floors\">Country House near Es Trenc \u2014 356 m\u00b2, 29,000 m\u00b2, two independent floors<\/a>\n<\/h2>\n\t<span class=\"property-price ere__loop-property-price\">\n\t\t\t\t1.300.000\u20ac\t\t\t<\/span>\n\t\t\t<\/div>\n            <div class=\"property-element-inline\">\r\n    <div class=\"property-type-list\"><i class=\"fa fa-tag\"><\/i><a href=\"https:\/\/villasyfincasmallorca.com\/en\/property-type\/country-house\/\" rel=\"tag\">Country house<\/a>, <a href=\"https:\/\/villasyfincasmallorca.com\/en\/property-type\/villa-en\/\" rel=\"tag\">Villa<\/a><\/div><div class=\"property-agent\">\r\n    <a href=\"https:\/\/villasyfincasmallorca.com\/agent\/villas-y-fincas-mallorca\/\" title=\"Villas y Fincas Mallorca\">\r\n        <i class=\"fa fa-user\"><\/i>\r\n        <span>Villas y Fincas Mallorca<\/span>\r\n    <\/a>\r\n<\/div>\r\n<div class=\"property-date\">\r\n    <i class=\"fa fa-calendar\"><\/i>\r\n     56 years ago<\/div>\r\n<\/div>\r\n<div class=\"property-excerpt\">\r\n    <p>[vc_row][vc_column][vc_column_text css_animation=&#8221;fadeIn&#8221;] A 356-square-meter country house on a 29,000-square-meter plot, eight minutes from Es Trenc and four from Sa R\u00e0pita. Two completely independent floors with a symmetrical layout on each level \u2014 making this one of the very few country houses in the area that can function as a large family home, as two independent [&hellip;]<\/p>\n<\/div>\r\n<div class=\"ere__loop-property-info property-info layout-1\">\r\n    <div class=\"property-info-inner\">\r\n        <div class=\"ere__loop-property-info-item property-area\" data-toggle=\"tooltip\" title=\"Size\">\r\n    <i class=\"fa fa-arrows\"><\/i>\r\n    <div class=\"ere__lpi-content\">\r\n        <span class=\"ere__lpi-value\">356 m<sup>2<\/sup><\/span>\r\n        <span class=\"ere__lpi-label\">Size<\/span>\r\n    <\/div>\r\n<\/div>\r\n\r\n<div class=\"ere__loop-property-info-item property-bedrooms\" data-toggle=\"tooltip\" title=\"6 Bedrooms\">\r\n    <i class=\"fa fa-hotel\"><\/i>\r\n    <div class=\"ere__lpi-content\">\r\n        <span class=\"ere__lpi-value\">6<\/span>\r\n        <span class=\"ere__lpi-label\">Bedrooms<\/span>\r\n    <\/div>\r\n<\/div><div class=\"ere__loop-property-info-item property-bathrooms\" data-toggle=\"tooltip\" title=\"3 Bathrooms\">\r\n    <i class=\"fa fa-bath\"><\/i>\r\n    <div class=\"ere__lpi-content\">\r\n        <span class=\"ere__lpi-value\">3<\/span>\r\n        <span class=\"ere__lpi-label\">Bathrooms<\/span>\r\n    <\/div>\r\n<\/div>\r\n    <\/div>\r\n<\/div>\r\n\n\t\t<\/div>\n\t<\/div>\n<\/div>                    <div class=\"ere-item-wrap property-item ere-property-is-featured\">\n\t<div class=\"property-inner\">\n        <div class=\"property-image\">\r\n    <img loading=\"lazy\" decoding=\"async\" width=\"330\"\r\n     height=\"180\"\r\n     src=\"https:\/\/villasyfincasmallorca.com\/wp-content\/uploads\/2024\/11\/1440-Beautifil-town-house-for-sale-in-Ses-Salines-_LWP2409-Editar-330x180.jpg\"\r\n     onerror=\"this.src = 'http:\/\/villasyfincasmallorca.com\/wp-content\/uploads\/2017\/12\/1-VF-2-330x180.jpg';\"\r\n     alt=\"Town House with Pool and Sea Views in Ses Salines \u2014 299 m\u00b2, 5 suites, rooftop solarium\"\r\n     title=\"Town House with Pool and Sea Views in Ses Salines \u2014 299 m\u00b2, 5 suites, rooftop solarium\">\r\n\r\n<div class=\"ere__loop-property-action property-action\">\r\n    <a data-toggle=\"tooltip\"\r\n   title=\"(41) Photos\"\r\n   data-property-id=\"56019\"\r\n   href=\"javascript:void(0)\" class=\"property-view-gallery ere__loop-property_action-item\">\r\n    <i class=\"fa fa-camera\"><\/i>\r\n<\/a>\r\n<a href=\"javascript:void(0)\" class=\"property-favorite ere__loop-property_action-item\" data-property-id=\"56019\"\r\n   data-toggle=\"tooltip\"\r\n   title=\"Add to Favorite\"\r\n   data-title-not-favorite=\"Add to Favorite\"\r\n   data-title-favorited=\"It is my favorite\"\r\n   data-icon-not-favorite=\"fa fa-star-o\"\r\n   data-icon-favorited=\"fa fa-star\">\r\n    <i class=\"fa fa-star-o\"><\/i>\r\n<\/a>\r\n<a class=\"compare-property ere__loop-property_action-item\" href=\"javascript:void(0)\"\r\n   data-property-id=\"56019\" data-toggle=\"tooltip\"\r\n   title=\"Compare\">\r\n    <i class=\"fa fa-plus\"><\/i>\r\n<\/a>\r\n<\/div><div class=\"ere__loop-property-badge ere__lpb-featured-label\">\r\n            <span class=\"ere__loop-property-badge-item ere__featured\">\r\n    <span class=\"ere__lpbi-inner\">\r\n        Featured    <\/span>\r\n<\/span>\r\n    <\/div>\r\n<div class=\"ere__loop-property-badge ere__lpb-status\">\r\n                    <span style=\"--ere-loop-property-badge-bg-color:,\" class=\"ere__loop-property-badge-item ere__term-status for-sale\" >\r\n            <span class=\"ere__lpbi-inner\">\r\n                For sale            <\/span>\r\n        <\/span>\r\n    <\/div>\r\n<a class=\"property-link\" href=\"https:\/\/villasyfincasmallorca.com\/en\/property\/town-house-for-sale-with-sea-views-and-swimming-pool-in-ses-salines\/\" title=\"Town House with Pool and Sea Views in Ses Salines \u2014 299 m\u00b2, 5 suites, rooftop solarium\"><\/a>\r\n<\/div>\r\n\r\n\t\t<div class=\"property-item-content\">\n\t\t\t<div class=\"property-heading\">\n                <h2 class=\"property-title\">\n    <a href=\"https:\/\/villasyfincasmallorca.com\/en\/property\/town-house-for-sale-with-sea-views-and-swimming-pool-in-ses-salines\/\" title=\"Town House with Pool and Sea Views in Ses Salines \u2014 299 m\u00b2, 5 suites, rooftop solarium\">Town House with Pool and Sea Views in Ses Salines \u2014 299 m\u00b2, 5 suites, rooftop solarium<\/a>\n<\/h2>\n\t<span class=\"property-price ere__loop-property-price\">\n\t\t\t\t2.500.000\u20ac\t\t\t<\/span>\n\t\t\t<\/div>\n            <div class=\"property-element-inline\">\r\n    <div class=\"property-type-list\"><i class=\"fa fa-tag\"><\/i><a href=\"https:\/\/villasyfincasmallorca.com\/en\/property-type\/house\/\" rel=\"tag\">House<\/a><\/div><div class=\"property-agent\">\r\n    <a href=\"https:\/\/villasyfincasmallorca.com\/agent\/villas-y-fincas-mallorca\/\" title=\"Villas y Fincas Mallorca\">\r\n        <i class=\"fa fa-user\"><\/i>\r\n        <span>Villas y Fincas Mallorca<\/span>\r\n    <\/a>\r\n<\/div>\r\n<div class=\"property-date\">\r\n    <i class=\"fa fa-calendar\"><\/i>\r\n     56 years ago<\/div>\r\n<\/div>\r\n<div class=\"property-excerpt\">\r\n    <p>[vc_row][vc_column][vc_column_text css_animation=&#8221;fadeIn&#8221;] Very few properties in the urban centre of Ses Salines simultaneously combine sea views, a private saltwater pool, a 104-square-meter rooftop solarium terrace, an internal lift, underfloor heating throughout, and five bedrooms all with en-suite bathrooms. This one does \u2014 in 299 square meters of usable space on a 676-square-meter plot, built in [&hellip;]<\/p>\n<\/div>\r\n<div class=\"ere__loop-property-info property-info layout-1\">\r\n    <div class=\"property-info-inner\">\r\n        <div class=\"ere__loop-property-info-item property-area\" data-toggle=\"tooltip\" title=\"Size\">\r\n    <i class=\"fa fa-arrows\"><\/i>\r\n    <div class=\"ere__lpi-content\">\r\n        <span class=\"ere__lpi-value\">299 m<sup>2<\/sup><\/span>\r\n        <span class=\"ere__lpi-label\">Size<\/span>\r\n    <\/div>\r\n<\/div>\r\n\r\n<div class=\"ere__loop-property-info-item property-bedrooms\" data-toggle=\"tooltip\" title=\"5 Bedrooms\">\r\n    <i class=\"fa fa-hotel\"><\/i>\r\n    <div class=\"ere__lpi-content\">\r\n        <span class=\"ere__lpi-value\">5<\/span>\r\n        <span class=\"ere__lpi-label\">Bedrooms<\/span>\r\n    <\/div>\r\n<\/div><div class=\"ere__loop-property-info-item property-bathrooms\" data-toggle=\"tooltip\" title=\"5 Bathrooms\">\r\n    <i class=\"fa fa-bath\"><\/i>\r\n    <div class=\"ere__lpi-content\">\r\n        <span class=\"ere__lpi-value\">5<\/span>\r\n        <span class=\"ere__lpi-label\">Bathrooms<\/span>\r\n    <\/div>\r\n<\/div>\r\n    <\/div>\r\n<\/div>\r\n\n\t\t<\/div>\n\t<\/div>\n<\/div>                    <div class=\"ere-item-wrap property-item ere-property-is-featured\">\n\t<div class=\"property-inner\">\n        <div class=\"property-image\">\r\n    <img loading=\"lazy\" decoding=\"async\" width=\"330\"\r\n     height=\"180\"\r\n     src=\"https:\/\/villasyfincasmallorca.com\/wp-content\/uploads\/2018\/09\/1-villasyfincasmallorca-1-330x180.jpg\"\r\n     onerror=\"this.src = 'http:\/\/villasyfincasmallorca.com\/wp-content\/uploads\/2017\/12\/1-VF-2-330x180.jpg';\"\r\n     alt=\"Chalet in Portocristo Novo with Pool and Guest Apartment \u2014 900 m from Cala Anguila\"\r\n     title=\"Chalet in Portocristo Novo with Pool and Guest Apartment \u2014 900 m from Cala Anguila\">\r\n\r\n<div class=\"ere__loop-property-action property-action\">\r\n    <a data-toggle=\"tooltip\"\r\n   title=\"(37) Photos\"\r\n   data-property-id=\"16343\"\r\n   href=\"javascript:void(0)\" class=\"property-view-gallery ere__loop-property_action-item\">\r\n    <i class=\"fa fa-camera\"><\/i>\r\n<\/a>\r\n<a href=\"javascript:void(0)\" class=\"property-favorite ere__loop-property_action-item\" data-property-id=\"16343\"\r\n   data-toggle=\"tooltip\"\r\n   title=\"Add to Favorite\"\r\n   data-title-not-favorite=\"Add to Favorite\"\r\n   data-title-favorited=\"It is my favorite\"\r\n   data-icon-not-favorite=\"fa fa-star-o\"\r\n   data-icon-favorited=\"fa fa-star\">\r\n    <i class=\"fa fa-star-o\"><\/i>\r\n<\/a>\r\n<a class=\"compare-property ere__loop-property_action-item\" href=\"javascript:void(0)\"\r\n   data-property-id=\"16343\" data-toggle=\"tooltip\"\r\n   title=\"Compare\">\r\n    <i class=\"fa fa-plus\"><\/i>\r\n<\/a>\r\n<\/div><div class=\"ere__loop-property-badge ere__lpb-featured-label\">\r\n            <span class=\"ere__loop-property-badge-item ere__featured\">\r\n    <span class=\"ere__lpbi-inner\">\r\n        Featured    <\/span>\r\n<\/span>\r\n                    <span class=\"ere__loop-property-badge-item ere__term-label sold-en\">\r\n        <span class=\"ere__lpbi-inner\">\r\n            Sold        <\/span>\r\n    <\/span>\r\n    <\/div>\r\n<div class=\"ere__loop-property-badge ere__lpb-status\">\r\n                    <span style=\"--ere-loop-property-badge-bg-color:,\" class=\"ere__loop-property-badge-item ere__term-status for-sale\" >\r\n            <span class=\"ere__lpbi-inner\">\r\n                For sale            <\/span>\r\n        <\/span>\r\n    <\/div>\r\n<a class=\"property-link\" href=\"https:\/\/villasyfincasmallorca.com\/en\/property\/impecable-chalet-en-venta-en-cala-anguila\/\" title=\"Chalet in Portocristo Novo with Pool and Guest Apartment \u2014 900 m from Cala Anguila\"><\/a>\r\n<\/div>\r\n\r\n\t\t<div class=\"property-item-content\">\n\t\t\t<div class=\"property-heading\">\n                <h2 class=\"property-title\">\n    <a href=\"https:\/\/villasyfincasmallorca.com\/en\/property\/impecable-chalet-en-venta-en-cala-anguila\/\" title=\"Chalet in Portocristo Novo with Pool and Guest Apartment \u2014 900 m from Cala Anguila\">Chalet in Portocristo Novo with Pool and Guest Apartment \u2014 900 m from Cala Anguila<\/a>\n<\/h2>\n    <span class=\"property-price ere__loop-property-price\">\n\t\tPrice on call\t<\/span>\n\t\t\t<\/div>\n            <div class=\"property-element-inline\">\r\n    <div class=\"property-type-list\"><i class=\"fa fa-tag\"><\/i><a href=\"https:\/\/villasyfincasmallorca.com\/en\/property-type\/house\/\" rel=\"tag\">House<\/a>, <a href=\"https:\/\/villasyfincasmallorca.com\/en\/property-type\/villa-en\/\" rel=\"tag\">Villa<\/a><\/div><div class=\"property-agent\">\r\n    <a href=\"https:\/\/villasyfincasmallorca.com\/agent\/villas-y-fincas-mallorca\/\" title=\"Villas y Fincas Mallorca\">\r\n        <i class=\"fa fa-user\"><\/i>\r\n        <span>Villas y Fincas Mallorca<\/span>\r\n    <\/a>\r\n<\/div>\r\n<div class=\"property-date\">\r\n    <i class=\"fa fa-calendar\"><\/i>\r\n     56 years ago<\/div>\r\n<\/div>\r\n<div class=\"property-excerpt\">\r\n    <p>[vc_row][vc_column][vc_column_text css_animation=&#8221;fadeIn&#8221;]A single-storey house with a private garden, pool, covered terraces, and a fully autonomous guest apartment \u2014 all 900 metres from Cala Anguila, in the quiet residential area of Portocristo Novo. A combination of features that is genuinely hard to find together in one property on the eastern coast of Mallorca. The property is [&hellip;]<\/p>\n<\/div>\r\n<div class=\"ere__loop-property-info property-info layout-1\">\r\n    <div class=\"property-info-inner\">\r\n        <div class=\"ere__loop-property-info-item property-area\" data-toggle=\"tooltip\" title=\"Size\">\r\n    <i class=\"fa fa-arrows\"><\/i>\r\n    <div class=\"ere__lpi-content\">\r\n        <span class=\"ere__lpi-value\">157 m<sup>2<\/sup><\/span>\r\n        <span class=\"ere__lpi-label\">Size<\/span>\r\n    <\/div>\r\n<\/div>\r\n\r\n<div class=\"ere__loop-property-info-item property-bedrooms\" data-toggle=\"tooltip\" title=\"4 Bedrooms\">\r\n    <i class=\"fa fa-hotel\"><\/i>\r\n    <div class=\"ere__lpi-content\">\r\n        <span class=\"ere__lpi-value\">4<\/span>\r\n        <span class=\"ere__lpi-label\">Bedrooms<\/span>\r\n    <\/div>\r\n<\/div><div class=\"ere__loop-property-info-item property-bathrooms\" data-toggle=\"tooltip\" title=\"3 Bathrooms\">\r\n    <i class=\"fa fa-bath\"><\/i>\r\n    <div class=\"ere__lpi-content\">\r\n        <span class=\"ere__lpi-value\">3<\/span>\r\n        <span class=\"ere__lpi-label\">Bathrooms<\/span>\r\n    <\/div>\r\n<\/div>\r\n    <\/div>\r\n<\/div>\r\n\n\t\t<\/div>\n\t<\/div>\n<\/div>                    <div class=\"ere-item-wrap property-item ere-property-is-featured\">\n\t<div class=\"property-inner\">\n        <div class=\"property-image\">\r\n    <img loading=\"lazy\" decoding=\"async\" width=\"330\"\r\n     height=\"180\"\r\n     src=\"https:\/\/villasyfincasmallorca.com\/wp-content\/uploads\/2021\/12\/11-1239-Villasyfincasmallorca-330x180.jpg\"\r\n     onerror=\"this.src = 'http:\/\/villasyfincasmallorca.com\/wp-content\/uploads\/2017\/12\/1-VF-2-330x180.jpg';\"\r\n     alt=\"Villa with Pool in Cala Egos \u2014 219 m\u00b2, independent guest house, steps from the beach\"\r\n     title=\"Villa with Pool in Cala Egos \u2014 219 m\u00b2, independent guest house, steps from the beach\">\r\n\r\n<div class=\"ere__loop-property-action property-action\">\r\n    <a data-toggle=\"tooltip\"\r\n   title=\"(32) Photos\"\r\n   data-property-id=\"39535\"\r\n   href=\"javascript:void(0)\" class=\"property-view-gallery ere__loop-property_action-item\">\r\n    <i class=\"fa fa-camera\"><\/i>\r\n<\/a>\r\n<a href=\"javascript:void(0)\" class=\"property-favorite ere__loop-property_action-item\" data-property-id=\"39535\"\r\n   data-toggle=\"tooltip\"\r\n   title=\"Add to Favorite\"\r\n   data-title-not-favorite=\"Add to Favorite\"\r\n   data-title-favorited=\"It is my favorite\"\r\n   data-icon-not-favorite=\"fa fa-star-o\"\r\n   data-icon-favorited=\"fa fa-star\">\r\n    <i class=\"fa fa-star-o\"><\/i>\r\n<\/a>\r\n<a class=\"compare-property ere__loop-property_action-item\" href=\"javascript:void(0)\"\r\n   data-property-id=\"39535\" data-toggle=\"tooltip\"\r\n   title=\"Compare\">\r\n    <i class=\"fa fa-plus\"><\/i>\r\n<\/a>\r\n<\/div><div class=\"ere__loop-property-badge ere__lpb-featured-label\">\r\n            <span class=\"ere__loop-property-badge-item ere__featured\">\r\n    <span class=\"ere__lpbi-inner\">\r\n        Featured    <\/span>\r\n<\/span>\r\n    <\/div>\r\n<div class=\"ere__loop-property-badge ere__lpb-status\">\r\n                    <span style=\"--ere-loop-property-badge-bg-color:,\" class=\"ere__loop-property-badge-item ere__term-status for-sale\" >\r\n            <span class=\"ere__lpbi-inner\">\r\n                For sale            <\/span>\r\n        <\/span>\r\n    <\/div>\r\n<a class=\"property-link\" href=\"https:\/\/villasyfincasmallorca.com\/en\/property\/chalet-con-piscina-junto-al-mar-en-cala-egos\/\" title=\"Villa with Pool in Cala Egos \u2014 219 m\u00b2, independent guest house, steps from the beach\"><\/a>\r\n<\/div>\r\n\r\n\t\t<div class=\"property-item-content\">\n\t\t\t<div class=\"property-heading\">\n                <h2 class=\"property-title\">\n    <a href=\"https:\/\/villasyfincasmallorca.com\/en\/property\/chalet-con-piscina-junto-al-mar-en-cala-egos\/\" title=\"Villa with Pool in Cala Egos \u2014 219 m\u00b2, independent guest house, steps from the beach\">Villa with Pool in Cala Egos \u2014 219 m\u00b2, independent guest house, steps from the beach<\/a>\n<\/h2>\n\t<span class=\"property-price ere__loop-property-price\">\n\t\t\t\t1.590.000\u20ac\t\t\t<\/span>\n\t\t\t<\/div>\n            <div class=\"property-element-inline\">\r\n    <div class=\"property-type-list\"><i class=\"fa fa-tag\"><\/i><a href=\"https:\/\/villasyfincasmallorca.com\/en\/property-type\/villa-en\/\" rel=\"tag\">Villa<\/a><\/div><div class=\"property-agent\">\r\n    <a href=\"https:\/\/villasyfincasmallorca.com\/agent\/villas-y-fincas-mallorca\/\" title=\"Villas y Fincas Mallorca\">\r\n        <i class=\"fa fa-user\"><\/i>\r\n        <span>Villas y Fincas Mallorca<\/span>\r\n    <\/a>\r\n<\/div>\r\n<div class=\"property-date\">\r\n    <i class=\"fa fa-calendar\"><\/i>\r\n     56 years ago<\/div>\r\n<\/div>\r\n<div class=\"property-excerpt\">\r\n    <p>[vc_row][vc_column][vc_column_text css_animation=&#8221;fadeIn&#8221;] Cala Egos is part of the Cala d&#8217;Or nucleus, in the municipality of Santany\u00ed \u2014 one of the most valued stretches of coastline in southeastern Mallorca for the quality of its waters, the human scale of its coves, and the services that the marina and seafront promenade generate within walking distance. This 219-square-metre [&hellip;]<\/p>\n<\/div>\r\n<div class=\"ere__loop-property-info property-info layout-1\">\r\n    <div class=\"property-info-inner\">\r\n        <div class=\"ere__loop-property-info-item property-area\" data-toggle=\"tooltip\" title=\"Size\">\r\n    <i class=\"fa fa-arrows\"><\/i>\r\n    <div class=\"ere__lpi-content\">\r\n        <span class=\"ere__lpi-value\">219 m<sup>2<\/sup><\/span>\r\n        <span class=\"ere__lpi-label\">Size<\/span>\r\n    <\/div>\r\n<\/div>\r\n\r\n<div class=\"ere__loop-property-info-item property-bedrooms\" data-toggle=\"tooltip\" title=\"3 Bedrooms\">\r\n    <i class=\"fa fa-hotel\"><\/i>\r\n    <div class=\"ere__lpi-content\">\r\n        <span class=\"ere__lpi-value\">3<\/span>\r\n        <span class=\"ere__lpi-label\">Bedrooms<\/span>\r\n    <\/div>\r\n<\/div><div class=\"ere__loop-property-info-item property-bathrooms\" data-toggle=\"tooltip\" title=\"2 Bathrooms\">\r\n    <i class=\"fa fa-bath\"><\/i>\r\n    <div class=\"ere__lpi-content\">\r\n        <span class=\"ere__lpi-value\">2<\/span>\r\n        <span class=\"ere__lpi-label\">Bathrooms<\/span>\r\n    <\/div>\r\n<\/div>\r\n    <\/div>\r\n<\/div>\r\n\n\t\t<\/div>\n\t<\/div>\n<\/div>                    <div class=\"ere-item-wrap property-item ere-property-is-featured\">\n\t<div class=\"property-inner\">\n        <div class=\"property-image\">\r\n    <img loading=\"lazy\" decoding=\"async\" width=\"330\"\r\n     height=\"180\"\r\n     src=\"https:\/\/villasyfincasmallorca.com\/wp-content\/uploads\/2022\/07\/1288-Casa-de-pueblo-en-venta-en-Campos_-7-Copiar-330x180.jpg\"\r\n     onerror=\"this.src = 'http:\/\/villasyfincasmallorca.com\/wp-content\/uploads\/2017\/12\/1-VF-2-330x180.jpg';\"\r\n     alt=\"Town House with Pool in Campos \u2014 240 m\u00b2, 5 bedrooms, two independent floors\"\r\n     title=\"Town House with Pool in Campos \u2014 240 m\u00b2, 5 bedrooms, two independent floors\">\r\n\r\n<div class=\"ere__loop-property-action property-action\">\r\n    <a data-toggle=\"tooltip\"\r\n   title=\"(39) Photos\"\r\n   data-property-id=\"43663\"\r\n   href=\"javascript:void(0)\" class=\"property-view-gallery ere__loop-property_action-item\">\r\n    <i class=\"fa fa-camera\"><\/i>\r\n<\/a>\r\n<a href=\"javascript:void(0)\" class=\"property-favorite ere__loop-property_action-item\" data-property-id=\"43663\"\r\n   data-toggle=\"tooltip\"\r\n   title=\"Add to Favorite\"\r\n   data-title-not-favorite=\"Add to Favorite\"\r\n   data-title-favorited=\"It is my favorite\"\r\n   data-icon-not-favorite=\"fa fa-star-o\"\r\n   data-icon-favorited=\"fa fa-star\">\r\n    <i class=\"fa fa-star-o\"><\/i>\r\n<\/a>\r\n<a class=\"compare-property ere__loop-property_action-item\" href=\"javascript:void(0)\"\r\n   data-property-id=\"43663\" data-toggle=\"tooltip\"\r\n   title=\"Compare\">\r\n    <i class=\"fa fa-plus\"><\/i>\r\n<\/a>\r\n<\/div><div class=\"ere__loop-property-badge ere__lpb-featured-label\">\r\n            <span class=\"ere__loop-property-badge-item ere__featured\">\r\n    <span class=\"ere__lpbi-inner\">\r\n        Featured    <\/span>\r\n<\/span>\r\n    <\/div>\r\n<div class=\"ere__loop-property-badge ere__lpb-status\">\r\n                    <span style=\"--ere-loop-property-badge-bg-color:,\" class=\"ere__loop-property-badge-item ere__term-status for-sale\" >\r\n            <span class=\"ere__lpbi-inner\">\r\n                For sale            <\/span>\r\n        <\/span>\r\n    <\/div>\r\n<a class=\"property-link\" href=\"https:\/\/villasyfincasmallorca.com\/en\/property\/house-for-sale-with-swimming-pool-in-campos\/\" title=\"Town House with Pool in Campos \u2014 240 m\u00b2, 5 bedrooms, two independent floors\"><\/a>\r\n<\/div>\r\n\r\n\t\t<div class=\"property-item-content\">\n\t\t\t<div class=\"property-heading\">\n                <h2 class=\"property-title\">\n    <a href=\"https:\/\/villasyfincasmallorca.com\/en\/property\/house-for-sale-with-swimming-pool-in-campos\/\" title=\"Town House with Pool in Campos \u2014 240 m\u00b2, 5 bedrooms, two independent floors\">Town House with Pool in Campos \u2014 240 m\u00b2, 5 bedrooms, two independent floors<\/a>\n<\/h2>\n\t<span class=\"property-price ere__loop-property-price\">\n\t\t\t\t1.200.000\u20ac\t\t\t<\/span>\n\t\t\t<\/div>\n            <div class=\"property-element-inline\">\r\n    <div class=\"property-type-list\"><i class=\"fa fa-tag\"><\/i><a href=\"https:\/\/villasyfincasmallorca.com\/en\/property-type\/house\/\" rel=\"tag\">House<\/a>, <a href=\"https:\/\/villasyfincasmallorca.com\/en\/property-type\/villa-en\/\" rel=\"tag\">Villa<\/a><\/div><div class=\"property-agent\">\r\n    <a href=\"https:\/\/villasyfincasmallorca.com\/agent\/villas-y-fincas-mallorca\/\" title=\"Villas y Fincas Mallorca\">\r\n        <i class=\"fa fa-user\"><\/i>\r\n        <span>Villas y Fincas Mallorca<\/span>\r\n    <\/a>\r\n<\/div>\r\n<div class=\"property-date\">\r\n    <i class=\"fa fa-calendar\"><\/i>\r\n     56 years ago<\/div>\r\n<\/div>\r\n<div class=\"property-excerpt\">\r\n    <p>[vc_row][vc_column][vc_column_text css_animation=&#8221;fadeIn&#8221;]Campos is one of the villages in southeastern Mallorca that benefits most from its geographical position: far enough inland to have genuine year-round village life, and close enough to the sea that Es Trenc, Sa R\u00e0pita and Colonia de Sant Jordi are fifteen minutes by car. This recently built town house, with 240 square [&hellip;]<\/p>\n<\/div>\r\n<div class=\"ere__loop-property-info property-info layout-1\">\r\n    <div class=\"property-info-inner\">\r\n        <div class=\"ere__loop-property-info-item property-area\" data-toggle=\"tooltip\" title=\"Size\">\r\n    <i class=\"fa fa-arrows\"><\/i>\r\n    <div class=\"ere__lpi-content\">\r\n        <span class=\"ere__lpi-value\">240 m<sup>2<\/sup><\/span>\r\n        <span class=\"ere__lpi-label\">Size<\/span>\r\n    <\/div>\r\n<\/div>\r\n\r\n<div class=\"ere__loop-property-info-item property-bedrooms\" data-toggle=\"tooltip\" title=\"5 Bedrooms\">\r\n    <i class=\"fa fa-hotel\"><\/i>\r\n    <div class=\"ere__lpi-content\">\r\n        <span class=\"ere__lpi-value\">5<\/span>\r\n        <span class=\"ere__lpi-label\">Bedrooms<\/span>\r\n    <\/div>\r\n<\/div><div class=\"ere__loop-property-info-item property-bathrooms\" data-toggle=\"tooltip\" title=\"2 Bathrooms\">\r\n    <i class=\"fa fa-bath\"><\/i>\r\n    <div class=\"ere__lpi-content\">\r\n        <span class=\"ere__lpi-value\">2<\/span>\r\n        <span class=\"ere__lpi-label\">Bathrooms<\/span>\r\n    <\/div>\r\n<\/div>\r\n    <\/div>\r\n<\/div>\r\n\n\t\t<\/div>\n\t<\/div>\n<\/div>                    <div class=\"ere-item-wrap property-item ere-property-is-featured\">\n\t<div class=\"property-inner\">\n        <div class=\"property-image\">\r\n    <img loading=\"lazy\" decoding=\"async\" width=\"330\"\r\n     height=\"180\"\r\n     src=\"https:\/\/villasyfincasmallorca.com\/wp-content\/uploads\/2021\/10\/5-866-Villasyfincasmallorca-330x180.jpg\"\r\n     onerror=\"this.src = 'http:\/\/villasyfincasmallorca.com\/wp-content\/uploads\/2017\/12\/1-VF-2-330x180.jpg';\"\r\n     alt=\"Rural Land near Cala Pi \u2014 136,400 m\u00b2, Llucmajor municipality, 10 min from the coast\"\r\n     title=\"Rural Land near Cala Pi \u2014 136,400 m\u00b2, Llucmajor municipality, 10 min from the coast\">\r\n\r\n<div class=\"ere__loop-property-action property-action\">\r\n    <a data-toggle=\"tooltip\"\r\n   title=\"(28) Photos\"\r\n   data-property-id=\"39313\"\r\n   href=\"javascript:void(0)\" class=\"property-view-gallery ere__loop-property_action-item\">\r\n    <i class=\"fa fa-camera\"><\/i>\r\n<\/a>\r\n<a href=\"javascript:void(0)\" class=\"property-favorite ere__loop-property_action-item\" data-property-id=\"39313\"\r\n   data-toggle=\"tooltip\"\r\n   title=\"Add to Favorite\"\r\n   data-title-not-favorite=\"Add to Favorite\"\r\n   data-title-favorited=\"It is my favorite\"\r\n   data-icon-not-favorite=\"fa fa-star-o\"\r\n   data-icon-favorited=\"fa fa-star\">\r\n    <i class=\"fa fa-star-o\"><\/i>\r\n<\/a>\r\n<a class=\"compare-property ere__loop-property_action-item\" href=\"javascript:void(0)\"\r\n   data-property-id=\"39313\" data-toggle=\"tooltip\"\r\n   title=\"Compare\">\r\n    <i class=\"fa fa-plus\"><\/i>\r\n<\/a>\r\n<\/div><div class=\"ere__loop-property-badge ere__lpb-featured-label\">\r\n            <span class=\"ere__loop-property-badge-item ere__featured\">\r\n    <span class=\"ere__lpbi-inner\">\r\n        Featured    <\/span>\r\n<\/span>\r\n    <\/div>\r\n<div class=\"ere__loop-property-badge ere__lpb-status\">\r\n                    <span style=\"--ere-loop-property-badge-bg-color:,\" class=\"ere__loop-property-badge-item ere__term-status for-sale\" >\r\n            <span class=\"ere__lpbi-inner\">\r\n                For sale            <\/span>\r\n        <\/span>\r\n    <\/div>\r\n<a class=\"property-link\" href=\"https:\/\/villasyfincasmallorca.com\/en\/property\/terreno-edificable-junto-a-cala-pi\/\" title=\"Rural Land near Cala Pi \u2014 136,400 m\u00b2, Llucmajor municipality, 10 min from the coast\"><\/a>\r\n<\/div>\r\n\r\n\t\t<div class=\"property-item-content\">\n\t\t\t<div class=\"property-heading\">\n                <h2 class=\"property-title\">\n    <a href=\"https:\/\/villasyfincasmallorca.com\/en\/property\/terreno-edificable-junto-a-cala-pi\/\" title=\"Rural Land near Cala Pi \u2014 136,400 m\u00b2, Llucmajor municipality, 10 min from the coast\">Rural Land near Cala Pi \u2014 136,400 m\u00b2, Llucmajor municipality, 10 min from the coast<\/a>\n<\/h2>\n\t<span class=\"property-price ere__loop-property-price\">\n\t\t\t\t1.100.000\u20ac\t\t\t<\/span>\n\t\t\t<\/div>\n            <div class=\"property-element-inline\">\r\n    <div class=\"property-type-list\"><i class=\"fa fa-tag\"><\/i><a href=\"https:\/\/villasyfincasmallorca.com\/en\/property-type\/land\/\" rel=\"tag\">Land<\/a><\/div><div class=\"property-agent\">\r\n    <a href=\"https:\/\/villasyfincasmallorca.com\/agent\/villas-y-fincas-mallorca\/\" title=\"Villas y Fincas Mallorca\">\r\n        <i class=\"fa fa-user\"><\/i>\r\n        <span>Villas y Fincas Mallorca<\/span>\r\n    <\/a>\r\n<\/div>\r\n<div class=\"property-date\">\r\n    <i class=\"fa fa-calendar\"><\/i>\r\n     56 years ago<\/div>\r\n<\/div>\r\n<div class=\"property-excerpt\">\r\n    <p>[vc_row parallax=&#8221;content-moving&#8221; overlay_mode=&#8221;color&#8221; overlay_color=&#8221;rgba(0,0,0,0.6)&#8221; css=&#8221;.vc_custom_1648454479621{background-image: url(https:\/\/villasyfincasmallorca.com\/wp-content\/uploads\/2021\/12\/14-866-Villasyfincasmallorca.jpg?id=39284) !important;background-position: center;background-repeat: no-repeat !important;background-size: cover !important;}&#8221;][vc_column][g5plus_space desktop=&#8221;100&#8243; tablet=&#8221;80&#8243; tablet_portrait=&#8221;60&#8243; mobile_landscape=&#8221;50&#8243; mobile=&#8221;50&#8243;][g5plus_video link=&#8221;https:\/\/www.youtube.com\/watch?v=WkKPCL8X_-0&#8243; css=&#8221;.vc_custom_1648454378881{margin-bottom: 52px !important;}&#8221;][vc_column_text el_class=&#8221;text-center&#8221;] Video [\/vc_column_text][g5plus_space desktop=&#8221;90&#8243; tablet=&#8221;70&#8243; tablet_portrait=&#8221;50&#8243; mobile_landscape=&#8221;50&#8243; mobile=&#8221;50&#8243;][\/vc_column][\/vc_row][vc_row][vc_column][vc_column_text css_animation=&#8221;fadeIn&#8221;]Over 136,000 square meters of rural land in the municipality of Llucmajor, between Cala P\u00ed and Vallgornera, less than ten minutes from some of the most [&hellip;]<\/p>\n<\/div>\r\n<div class=\"ere__loop-property-info property-info layout-1\">\r\n    <div class=\"property-info-inner\">\r\n            <\/div>\r\n<\/div>\r\n\n\t\t<\/div>\n\t<\/div>\n<\/div>                    <div class=\"ere-item-wrap property-item ere-property-is-featured\">\n\t<div class=\"property-inner\">\n        <div class=\"property-image\">\r\n    <img loading=\"lazy\" decoding=\"async\" width=\"330\"\r\n     height=\"180\"\r\n     src=\"https:\/\/villasyfincasmallorca.com\/wp-content\/uploads\/2024\/11\/LWP2135-330x180.jpg\"\r\n     onerror=\"this.src = 'http:\/\/villasyfincasmallorca.com\/wp-content\/uploads\/2017\/12\/1-VF-2-330x180.jpg';\"\r\n     alt=\"Unique Town House in Porreres \u2014 restored historic mill, 369 m\u00b2, Gothic arches, lift\"\r\n     title=\"Unique Town House in Porreres \u2014 restored historic mill, 369 m\u00b2, Gothic arches, lift\">\r\n\r\n<div class=\"ere__loop-property-action property-action\">\r\n    <a data-toggle=\"tooltip\"\r\n   title=\"(37) Photos\"\r\n   data-property-id=\"56238\"\r\n   href=\"javascript:void(0)\" class=\"property-view-gallery ere__loop-property_action-item\">\r\n    <i class=\"fa fa-camera\"><\/i>\r\n<\/a>\r\n<a href=\"javascript:void(0)\" class=\"property-favorite ere__loop-property_action-item\" data-property-id=\"56238\"\r\n   data-toggle=\"tooltip\"\r\n   title=\"Add to Favorite\"\r\n   data-title-not-favorite=\"Add to Favorite\"\r\n   data-title-favorited=\"It is my favorite\"\r\n   data-icon-not-favorite=\"fa fa-star-o\"\r\n   data-icon-favorited=\"fa fa-star\">\r\n    <i class=\"fa fa-star-o\"><\/i>\r\n<\/a>\r\n<a class=\"compare-property ere__loop-property_action-item\" href=\"javascript:void(0)\"\r\n   data-property-id=\"56238\" data-toggle=\"tooltip\"\r\n   title=\"Compare\">\r\n    <i class=\"fa fa-plus\"><\/i>\r\n<\/a>\r\n<\/div><div class=\"ere__loop-property-badge ere__lpb-featured-label\">\r\n            <span class=\"ere__loop-property-badge-item ere__featured\">\r\n    <span class=\"ere__lpbi-inner\">\r\n        Featured    <\/span>\r\n<\/span>\r\n    <\/div>\r\n<div class=\"ere__loop-property-badge ere__lpb-status\">\r\n                    <span style=\"--ere-loop-property-badge-bg-color:,\" class=\"ere__loop-property-badge-item ere__term-status for-sale\" >\r\n            <span class=\"ere__lpbi-inner\">\r\n                For sale            <\/span>\r\n        <\/span>\r\n    <\/div>\r\n<a class=\"property-link\" href=\"https:\/\/villasyfincasmallorca.com\/en\/property\/amazing-windmill-for-sale-in-porreres-turned-into-a-beautiful-town-house\/\" title=\"Unique Town House in Porreres \u2014 restored historic mill, 369 m\u00b2, Gothic arches, lift\"><\/a>\r\n<\/div>\r\n\r\n\t\t<div class=\"property-item-content\">\n\t\t\t<div class=\"property-heading\">\n                <h2 class=\"property-title\">\n    <a href=\"https:\/\/villasyfincasmallorca.com\/en\/property\/amazing-windmill-for-sale-in-porreres-turned-into-a-beautiful-town-house\/\" title=\"Unique Town House in Porreres \u2014 restored historic mill, 369 m\u00b2, Gothic arches, lift\">Unique Town House in Porreres \u2014 restored historic mill, 369 m\u00b2, Gothic arches, lift<\/a>\n<\/h2>\n\t<span class=\"property-price ere__loop-property-price\">\n\t\t\t\t747.000\u20ac\t\t\t<\/span>\n\t\t\t<\/div>\n            <div class=\"property-element-inline\">\r\n    <div class=\"property-type-list\"><i class=\"fa fa-tag\"><\/i><a href=\"https:\/\/villasyfincasmallorca.com\/en\/property-type\/house\/\" rel=\"tag\">House<\/a><\/div><div class=\"property-agent\">\r\n    <a href=\"https:\/\/villasyfincasmallorca.com\/agent\/villas-y-fincas-mallorca\/\" title=\"Villas y Fincas Mallorca\">\r\n        <i class=\"fa fa-user\"><\/i>\r\n        <span>Villas y Fincas Mallorca<\/span>\r\n    <\/a>\r\n<\/div>\r\n<div class=\"property-date\">\r\n    <i class=\"fa fa-calendar\"><\/i>\r\n     56 years ago<\/div>\r\n<\/div>\r\n<div class=\"property-excerpt\">\r\n    <p>[vc_row][vc_column][vc_column_text css_animation=&#8221;fadeIn&#8221;] Very few properties in Mallorca are genuinely one of a kind. This one is. A historic mill in the heart of Porreres, meticulously rehabilitated with a level of care and detail that is visible on every floor, in every arch, across every square metre. The result is a town house of 369 usable [&hellip;]<\/p>\n<\/div>\r\n<div class=\"ere__loop-property-info property-info layout-1\">\r\n    <div class=\"property-info-inner\">\r\n        <div class=\"ere__loop-property-info-item property-area\" data-toggle=\"tooltip\" title=\"Size\">\r\n    <i class=\"fa fa-arrows\"><\/i>\r\n    <div class=\"ere__lpi-content\">\r\n        <span class=\"ere__lpi-value\">369 m<sup>2<\/sup><\/span>\r\n        <span class=\"ere__lpi-label\">Size<\/span>\r\n    <\/div>\r\n<\/div>\r\n\r\n<div class=\"ere__loop-property-info-item property-bedrooms\" data-toggle=\"tooltip\" title=\"3 Bedrooms\">\r\n    <i class=\"fa fa-hotel\"><\/i>\r\n    <div class=\"ere__lpi-content\">\r\n        <span class=\"ere__lpi-value\">3<\/span>\r\n        <span class=\"ere__lpi-label\">Bedrooms<\/span>\r\n    <\/div>\r\n<\/div><div class=\"ere__loop-property-info-item property-bathrooms\" data-toggle=\"tooltip\" title=\"2 Bathrooms\">\r\n    <i class=\"fa fa-bath\"><\/i>\r\n    <div class=\"ere__lpi-content\">\r\n        <span class=\"ere__lpi-value\">2<\/span>\r\n        <span class=\"ere__lpi-label\">Bathrooms<\/span>\r\n    <\/div>\r\n<\/div>\r\n    <\/div>\r\n<\/div>\r\n\n\t\t<\/div>\n\t<\/div>\n<\/div>                    <div class=\"ere-item-wrap property-item ere-property-is-featured\">\n\t<div class=\"property-inner\">\n        <div class=\"property-image\">\r\n    <img loading=\"lazy\" decoding=\"async\" width=\"330\"\r\n     height=\"180\"\r\n     src=\"https:\/\/villasyfincasmallorca.com\/wp-content\/uploads\/2024\/11\/1436-Country-house-for-sale-in-Ses-Salines-_LWP2006-330x180.jpg\"\r\n     onerror=\"this.src = 'http:\/\/villasyfincasmallorca.com\/wp-content\/uploads\/2017\/12\/1-VF-2-330x180.jpg';\"\r\n     alt=\"Estate with Windmill Pool near Ses Salines \u2014 331 m\u00b2, 15,100 m\u00b2, built 2017\"\r\n     title=\"Estate with Windmill Pool near Ses Salines \u2014 331 m\u00b2, 15,100 m\u00b2, built 2017\">\r\n\r\n<div class=\"ere__loop-property-action property-action\">\r\n    <a data-toggle=\"tooltip\"\r\n   title=\"(29) Photos\"\r\n   data-property-id=\"55563\"\r\n   href=\"javascript:void(0)\" class=\"property-view-gallery ere__loop-property_action-item\">\r\n    <i class=\"fa fa-camera\"><\/i>\r\n<\/a>\r\n<a href=\"javascript:void(0)\" class=\"property-favorite ere__loop-property_action-item\" data-property-id=\"55563\"\r\n   data-toggle=\"tooltip\"\r\n   title=\"Add to Favorite\"\r\n   data-title-not-favorite=\"Add to Favorite\"\r\n   data-title-favorited=\"It is my favorite\"\r\n   data-icon-not-favorite=\"fa fa-star-o\"\r\n   data-icon-favorited=\"fa fa-star\">\r\n    <i class=\"fa fa-star-o\"><\/i>\r\n<\/a>\r\n<a class=\"compare-property ere__loop-property_action-item\" href=\"javascript:void(0)\"\r\n   data-property-id=\"55563\" data-toggle=\"tooltip\"\r\n   title=\"Compare\">\r\n    <i class=\"fa fa-plus\"><\/i>\r\n<\/a>\r\n<\/div><div class=\"ere__loop-property-badge ere__lpb-featured-label\">\r\n            <span class=\"ere__loop-property-badge-item ere__featured\">\r\n    <span class=\"ere__lpbi-inner\">\r\n        Featured    <\/span>\r\n<\/span>\r\n    <\/div>\r\n<div class=\"ere__loop-property-badge ere__lpb-status\">\r\n                    <span style=\"--ere-loop-property-badge-bg-color:,\" class=\"ere__loop-property-badge-item ere__term-status for-sale\" >\r\n            <span class=\"ere__lpbi-inner\">\r\n                For sale            <\/span>\r\n        <\/span>\r\n    <\/div>\r\n<a class=\"property-link\" href=\"https:\/\/villasyfincasmallorca.com\/en\/property\/country-house-with-swimming-pool-for-sale-in-ses-salines\/\" title=\"Estate with Windmill Pool near Ses Salines \u2014 331 m\u00b2, 15,100 m\u00b2, built 2017\"><\/a>\r\n<\/div>\r\n\r\n\t\t<div class=\"property-item-content\">\n\t\t\t<div class=\"property-heading\">\n                <h2 class=\"property-title\">\n    <a href=\"https:\/\/villasyfincasmallorca.com\/en\/property\/country-house-with-swimming-pool-for-sale-in-ses-salines\/\" title=\"Estate with Windmill Pool near Ses Salines \u2014 331 m\u00b2, 15,100 m\u00b2, built 2017\">Estate with Windmill Pool near Ses Salines \u2014 331 m\u00b2, 15,100 m\u00b2, built 2017<\/a>\n<\/h2>\n\t<span class=\"property-price ere__loop-property-price\">\n\t\t\t\t1.450.000\u20ac\t\t\t<\/span>\n\t\t\t<\/div>\n            <div class=\"property-element-inline\">\r\n    <div class=\"property-type-list\"><i class=\"fa fa-tag\"><\/i><a href=\"https:\/\/villasyfincasmallorca.com\/en\/property-type\/country-house\/\" rel=\"tag\">Country house<\/a>, <a href=\"https:\/\/villasyfincasmallorca.com\/en\/property-type\/villa-en\/\" rel=\"tag\">Villa<\/a><\/div><div class=\"property-agent\">\r\n    <a href=\"https:\/\/villasyfincasmallorca.com\/agent\/villas-y-fincas-mallorca\/\" title=\"Villas y Fincas Mallorca\">\r\n        <i class=\"fa fa-user\"><\/i>\r\n        <span>Villas y Fincas Mallorca<\/span>\r\n    <\/a>\r\n<\/div>\r\n<div class=\"property-date\">\r\n    <i class=\"fa fa-calendar\"><\/i>\r\n     56 years ago<\/div>\r\n<\/div>\r\n<div class=\"property-excerpt\">\r\n    <p>[vc_row][vc_column][vc_column_text css_animation=&#8221;fadeIn&#8221;]The defining feature of this property is one that does not exist in any other estate in southeastern Mallorca: a swimming pool built inside the tower of a restored historic Mallorcan windmill. This is not a decorative detail or a catalogue feature \u2014 it is the architectural centrepiece of a 331-square-metre country house, built [&hellip;]<\/p>\n<\/div>\r\n<div class=\"ere__loop-property-info property-info layout-1\">\r\n    <div class=\"property-info-inner\">\r\n        <div class=\"ere__loop-property-info-item property-area\" data-toggle=\"tooltip\" title=\"Size\">\r\n    <i class=\"fa fa-arrows\"><\/i>\r\n    <div class=\"ere__lpi-content\">\r\n        <span class=\"ere__lpi-value\">331 m<sup>2<\/sup><\/span>\r\n        <span class=\"ere__lpi-label\">Size<\/span>\r\n    <\/div>\r\n<\/div>\r\n\r\n<div class=\"ere__loop-property-info-item property-bedrooms\" data-toggle=\"tooltip\" title=\"3 Bedrooms\">\r\n    <i class=\"fa fa-hotel\"><\/i>\r\n    <div class=\"ere__lpi-content\">\r\n        <span class=\"ere__lpi-value\">3<\/span>\r\n        <span class=\"ere__lpi-label\">Bedrooms<\/span>\r\n    <\/div>\r\n<\/div><div class=\"ere__loop-property-info-item property-bathrooms\" data-toggle=\"tooltip\" title=\"2 Bathrooms\">\r\n    <i class=\"fa fa-bath\"><\/i>\r\n    <div class=\"ere__lpi-content\">\r\n        <span class=\"ere__lpi-value\">2<\/span>\r\n        <span class=\"ere__lpi-label\">Bathrooms<\/span>\r\n    <\/div>\r\n<\/div>\r\n    <\/div>\r\n<\/div>\r\n\n\t\t<\/div>\n\t<\/div>\n<\/div>                    <div class=\"ere-item-wrap property-item ere-property-is-featured\">\n\t<div class=\"property-inner\">\n        <div class=\"property-image\">\r\n    <img loading=\"lazy\" decoding=\"async\" width=\"330\"\r\n     height=\"180\"\r\n     src=\"https:\/\/villasyfincasmallorca.com\/wp-content\/uploads\/2024\/11\/1434-Country-house-with-swimming-pool-in-Colonia-Sant-Jordi-07-330x180.jpg\"\r\n     onerror=\"this.src = 'http:\/\/villasyfincasmallorca.com\/wp-content\/uploads\/2017\/12\/1-VF-2-330x180.jpg';\"\r\n     alt=\"Country House with Sea Views in Colonia de Sant Jordi \u2014 307 m\u00b2, 5 bed., 52 m\u00b2 saltwater pool\"\r\n     title=\"Country House with Sea Views in Colonia de Sant Jordi \u2014 307 m\u00b2, 5 bed., 52 m\u00b2 saltwater pool\">\r\n\r\n<div class=\"ere__loop-property-action property-action\">\r\n    <a data-toggle=\"tooltip\"\r\n   title=\"(41) Photos\"\r\n   data-property-id=\"55515\"\r\n   href=\"javascript:void(0)\" class=\"property-view-gallery ere__loop-property_action-item\">\r\n    <i class=\"fa fa-camera\"><\/i>\r\n<\/a>\r\n<a href=\"javascript:void(0)\" class=\"property-favorite ere__loop-property_action-item\" data-property-id=\"55515\"\r\n   data-toggle=\"tooltip\"\r\n   title=\"Add to Favorite\"\r\n   data-title-not-favorite=\"Add to Favorite\"\r\n   data-title-favorited=\"It is my favorite\"\r\n   data-icon-not-favorite=\"fa fa-star-o\"\r\n   data-icon-favorited=\"fa fa-star\">\r\n    <i class=\"fa fa-star-o\"><\/i>\r\n<\/a>\r\n<a class=\"compare-property ere__loop-property_action-item\" href=\"javascript:void(0)\"\r\n   data-property-id=\"55515\" data-toggle=\"tooltip\"\r\n   title=\"Compare\">\r\n    <i class=\"fa fa-plus\"><\/i>\r\n<\/a>\r\n<\/div><div class=\"ere__loop-property-badge ere__lpb-featured-label\">\r\n            <span class=\"ere__loop-property-badge-item ere__featured\">\r\n    <span class=\"ere__lpbi-inner\">\r\n        Featured    <\/span>\r\n<\/span>\r\n    <\/div>\r\n<div class=\"ere__loop-property-badge ere__lpb-status\">\r\n                    <span style=\"--ere-loop-property-badge-bg-color:,\" class=\"ere__loop-property-badge-item ere__term-status for-sale\" >\r\n            <span class=\"ere__lpbi-inner\">\r\n                For sale            <\/span>\r\n        <\/span>\r\n    <\/div>\r\n<a class=\"property-link\" href=\"https:\/\/villasyfincasmallorca.com\/en\/property\/country-house-with-sea-views-and-swimming-por-for-sale-in-colonia-de-sant-jordi\/\" title=\"Country House with Sea Views in Colonia de Sant Jordi \u2014 307 m\u00b2, 5 bed., 52 m\u00b2 saltwater pool\"><\/a>\r\n<\/div>\r\n\r\n\t\t<div class=\"property-item-content\">\n\t\t\t<div class=\"property-heading\">\n                <h2 class=\"property-title\">\n    <a href=\"https:\/\/villasyfincasmallorca.com\/en\/property\/country-house-with-sea-views-and-swimming-por-for-sale-in-colonia-de-sant-jordi\/\" title=\"Country House with Sea Views in Colonia de Sant Jordi \u2014 307 m\u00b2, 5 bed., 52 m\u00b2 saltwater pool\">Country House with Sea Views in Colonia de Sant Jordi \u2014 307 m\u00b2, 5 bed., 52 m\u00b2 saltwater pool<\/a>\n<\/h2>\n\t<span class=\"property-price ere__loop-property-price\">\n\t\t\t\t1.400.000\u20ac\t\t\t<\/span>\n\t\t\t<\/div>\n            <div class=\"property-element-inline\">\r\n    <div class=\"property-type-list\"><i class=\"fa fa-tag\"><\/i><a href=\"https:\/\/villasyfincasmallorca.com\/en\/property-type\/country-house\/\" rel=\"tag\">Country house<\/a><\/div><div class=\"property-agent\">\r\n    <a href=\"https:\/\/villasyfincasmallorca.com\/agent\/villas-y-fincas-mallorca\/\" title=\"Villas y Fincas Mallorca\">\r\n        <i class=\"fa fa-user\"><\/i>\r\n        <span>Villas y Fincas Mallorca<\/span>\r\n    <\/a>\r\n<\/div>\r\n<div class=\"property-date\">\r\n    <i class=\"fa fa-calendar\"><\/i>\r\n     56 years ago<\/div>\r\n<\/div>\r\n<div class=\"property-excerpt\">\r\n    <p>[vc_row][vc_column][vc_column_text css_animation=&#8221;fadeIn&#8221;]The sea views from this country house in Colonia de Sant Jordi are not a catalogue promise \u2014 they are real views of the Mediterranean and the Cabrera archipelago from the panoramic terrace on the upper floor. A 307-square-metre property on a 7,120-square-metre plot, with five bedrooms, three full bathrooms plus two guest toilets, [&hellip;]<\/p>\n<\/div>\r\n<div class=\"ere__loop-property-info property-info layout-1\">\r\n    <div class=\"property-info-inner\">\r\n        <div class=\"ere__loop-property-info-item property-area\" data-toggle=\"tooltip\" title=\"Size\">\r\n    <i class=\"fa fa-arrows\"><\/i>\r\n    <div class=\"ere__lpi-content\">\r\n        <span class=\"ere__lpi-value\">307 m<sup>2<\/sup><\/span>\r\n        <span class=\"ere__lpi-label\">Size<\/span>\r\n    <\/div>\r\n<\/div>\r\n\r\n<div class=\"ere__loop-property-info-item property-bedrooms\" data-toggle=\"tooltip\" title=\"5 Bedrooms\">\r\n    <i class=\"fa fa-hotel\"><\/i>\r\n    <div class=\"ere__lpi-content\">\r\n        <span class=\"ere__lpi-value\">5<\/span>\r\n        <span class=\"ere__lpi-label\">Bedrooms<\/span>\r\n    <\/div>\r\n<\/div><div class=\"ere__loop-property-info-item property-bathrooms\" data-toggle=\"tooltip\" title=\"3 Bathrooms\">\r\n    <i class=\"fa fa-bath\"><\/i>\r\n    <div class=\"ere__lpi-content\">\r\n        <span class=\"ere__lpi-value\">3<\/span>\r\n        <span class=\"ere__lpi-label\">Bathrooms<\/span>\r\n    <\/div>\r\n<\/div>\r\n    <\/div>\r\n<\/div>\r\n\n\t\t<\/div>\n\t<\/div>\n<\/div>                    <div class=\"ere-item-wrap property-item ere-property-is-featured\">\n\t<div class=\"property-inner\">\n        <div class=\"property-image\">\r\n    <img loading=\"lazy\" decoding=\"async\" width=\"330\"\r\n     height=\"180\"\r\n     src=\"https:\/\/villasyfincasmallorca.com\/wp-content\/uploads\/2024\/10\/LWP1827-330x180.jpg\"\r\n     onerror=\"this.src = 'http:\/\/villasyfincasmallorca.com\/wp-content\/uploads\/2017\/12\/1-VF-2-330x180.jpg';\"\r\n     alt=\"Country House with Pool near Ses Salines \u2014 226 m\u00b2, solar, private well, garage +40 m\u00b2\"\r\n     title=\"Country House with Pool near Ses Salines \u2014 226 m\u00b2, solar, private well, garage +40 m\u00b2\">\r\n\r\n<div class=\"ere__loop-property-action property-action\">\r\n    <a data-toggle=\"tooltip\"\r\n   title=\"(45) Photos\"\r\n   data-property-id=\"55159\"\r\n   href=\"javascript:void(0)\" class=\"property-view-gallery ere__loop-property_action-item\">\r\n    <i class=\"fa fa-camera\"><\/i>\r\n<\/a>\r\n<a href=\"javascript:void(0)\" class=\"property-favorite ere__loop-property_action-item\" data-property-id=\"55159\"\r\n   data-toggle=\"tooltip\"\r\n   title=\"Add to Favorite\"\r\n   data-title-not-favorite=\"Add to Favorite\"\r\n   data-title-favorited=\"It is my favorite\"\r\n   data-icon-not-favorite=\"fa fa-star-o\"\r\n   data-icon-favorited=\"fa fa-star\">\r\n    <i class=\"fa fa-star-o\"><\/i>\r\n<\/a>\r\n<a class=\"compare-property ere__loop-property_action-item\" href=\"javascript:void(0)\"\r\n   data-property-id=\"55159\" data-toggle=\"tooltip\"\r\n   title=\"Compare\">\r\n    <i class=\"fa fa-plus\"><\/i>\r\n<\/a>\r\n<\/div><div class=\"ere__loop-property-badge ere__lpb-featured-label\">\r\n            <span class=\"ere__loop-property-badge-item ere__featured\">\r\n    <span class=\"ere__lpbi-inner\">\r\n        Featured    <\/span>\r\n<\/span>\r\n    <\/div>\r\n<div class=\"ere__loop-property-badge ere__lpb-status\">\r\n                    <span style=\"--ere-loop-property-badge-bg-color:,\" class=\"ere__loop-property-badge-item ere__term-status for-sale\" >\r\n            <span class=\"ere__lpbi-inner\">\r\n                For sale            <\/span>\r\n        <\/span>\r\n    <\/div>\r\n<a class=\"property-link\" href=\"https:\/\/villasyfincasmallorca.com\/en\/property\/country-house-for-sale-with-swimming-pool-in-ses-salines\/\" title=\"Country House with Pool near Ses Salines \u2014 226 m\u00b2, solar, private well, garage +40 m\u00b2\"><\/a>\r\n<\/div>\r\n\r\n\t\t<div class=\"property-item-content\">\n\t\t\t<div class=\"property-heading\">\n                <h2 class=\"property-title\">\n    <a href=\"https:\/\/villasyfincasmallorca.com\/en\/property\/country-house-for-sale-with-swimming-pool-in-ses-salines\/\" title=\"Country House with Pool near Ses Salines \u2014 226 m\u00b2, solar, private well, garage +40 m\u00b2\">Country House with Pool near Ses Salines \u2014 226 m\u00b2, solar, private well, garage +40 m\u00b2<\/a>\n<\/h2>\n\t<span class=\"property-price ere__loop-property-price\">\n\t\t\t\t1.200.000\u20ac\t\t\t<\/span>\n\t\t\t<\/div>\n            <div class=\"property-element-inline\">\r\n    <div class=\"property-type-list\"><i class=\"fa fa-tag\"><\/i><a href=\"https:\/\/villasyfincasmallorca.com\/en\/property-type\/country-house\/\" rel=\"tag\">Country house<\/a>, <a href=\"https:\/\/villasyfincasmallorca.com\/en\/property-type\/villa-en\/\" rel=\"tag\">Villa<\/a><\/div><div class=\"property-agent\">\r\n    <a href=\"https:\/\/villasyfincasmallorca.com\/agent\/villas-y-fincas-mallorca\/\" title=\"Villas y Fincas Mallorca\">\r\n        <i class=\"fa fa-user\"><\/i>\r\n        <span>Villas y Fincas Mallorca<\/span>\r\n    <\/a>\r\n<\/div>\r\n<div class=\"property-date\">\r\n    <i class=\"fa fa-calendar\"><\/i>\r\n     56 years ago<\/div>\r\n<\/div>\r\n<div class=\"property-excerpt\">\r\n    <p>[vc_row][vc_column][vc_column_text css_animation=&#8221;fadeIn&#8221;]A two-storey country house less than five minutes from Ses Salines, with a private pool, a closed garage of over 40 square metres, solar panels, a private water well and a barbecue area. 226 square metres built in 2007, with two double bedrooms on the upper floor opening onto a terrace with views of [&hellip;]<\/p>\n<\/div>\r\n<div class=\"ere__loop-property-info property-info layout-1\">\r\n    <div class=\"property-info-inner\">\r\n        <div class=\"ere__loop-property-info-item property-area\" data-toggle=\"tooltip\" title=\"Size\">\r\n    <i class=\"fa fa-arrows\"><\/i>\r\n    <div class=\"ere__lpi-content\">\r\n        <span class=\"ere__lpi-value\">226 m<sup>2<\/sup><\/span>\r\n        <span class=\"ere__lpi-label\">Size<\/span>\r\n    <\/div>\r\n<\/div>\r\n\r\n<div class=\"ere__loop-property-info-item property-bedrooms\" data-toggle=\"tooltip\" title=\"2 Bedrooms\">\r\n    <i class=\"fa fa-hotel\"><\/i>\r\n    <div class=\"ere__lpi-content\">\r\n        <span class=\"ere__lpi-value\">2<\/span>\r\n        <span class=\"ere__lpi-label\">Bedrooms<\/span>\r\n    <\/div>\r\n<\/div><div class=\"ere__loop-property-info-item property-bathrooms\" data-toggle=\"tooltip\" title=\"2 Bathrooms\">\r\n    <i class=\"fa fa-bath\"><\/i>\r\n    <div class=\"ere__lpi-content\">\r\n        <span class=\"ere__lpi-value\">2<\/span>\r\n        <span class=\"ere__lpi-label\">Bathrooms<\/span>\r\n    <\/div>\r\n<\/div>\r\n    <\/div>\r\n<\/div>\r\n\n\t\t<\/div>\n\t<\/div>\n<\/div>                    <div class=\"ere-item-wrap property-item ere-property-is-featured\">\n\t<div class=\"property-inner\">\n        <div class=\"property-image\">\r\n    <img loading=\"lazy\" decoding=\"async\" width=\"330\"\r\n     height=\"180\"\r\n     src=\"https:\/\/villasyfincasmallorca.com\/wp-content\/uploads\/2024\/10\/DJI_0845-330x180.jpg\"\r\n     onerror=\"this.src = 'http:\/\/villasyfincasmallorca.com\/wp-content\/uploads\/2017\/12\/1-VF-2-330x180.jpg';\"\r\n     alt=\"Rural Plot near Ses Salines \u2014 14,200 m\u00b2, paved access, mains water\"\r\n     title=\"Rural Plot near Ses Salines \u2014 14,200 m\u00b2, paved access, mains water\">\r\n\r\n<div class=\"ere__loop-property-action property-action\">\r\n    <a data-toggle=\"tooltip\"\r\n   title=\"(9) Photos\"\r\n   data-property-id=\"54945\"\r\n   href=\"javascript:void(0)\" class=\"property-view-gallery ere__loop-property_action-item\">\r\n    <i class=\"fa fa-camera\"><\/i>\r\n<\/a>\r\n<a href=\"javascript:void(0)\" class=\"property-favorite ere__loop-property_action-item\" data-property-id=\"54945\"\r\n   data-toggle=\"tooltip\"\r\n   title=\"Add to Favorite\"\r\n   data-title-not-favorite=\"Add to Favorite\"\r\n   data-title-favorited=\"It is my favorite\"\r\n   data-icon-not-favorite=\"fa fa-star-o\"\r\n   data-icon-favorited=\"fa fa-star\">\r\n    <i class=\"fa fa-star-o\"><\/i>\r\n<\/a>\r\n<a class=\"compare-property ere__loop-property_action-item\" href=\"javascript:void(0)\"\r\n   data-property-id=\"54945\" data-toggle=\"tooltip\"\r\n   title=\"Compare\">\r\n    <i class=\"fa fa-plus\"><\/i>\r\n<\/a>\r\n<\/div><div class=\"ere__loop-property-badge ere__lpb-featured-label\">\r\n            <span class=\"ere__loop-property-badge-item ere__featured\">\r\n    <span class=\"ere__lpbi-inner\">\r\n        Featured    <\/span>\r\n<\/span>\r\n                    <span class=\"ere__loop-property-badge-item ere__term-label sold-en\">\r\n        <span class=\"ere__lpbi-inner\">\r\n            Sold        <\/span>\r\n    <\/span>\r\n    <\/div>\r\n<div class=\"ere__loop-property-badge ere__lpb-status\">\r\n                    <span style=\"--ere-loop-property-badge-bg-color:,\" class=\"ere__loop-property-badge-item ere__term-status for-sale\" >\r\n            <span class=\"ere__lpbi-inner\">\r\n                For sale            <\/span>\r\n        <\/span>\r\n    <\/div>\r\n<a class=\"property-link\" href=\"https:\/\/villasyfincasmallorca.com\/en\/property\/buildable-plot-for-sale-with-a-prime-location-and-views-in-ses-salines\/\" title=\"Rural Plot near Ses Salines \u2014 14,200 m\u00b2, paved access, mains water\"><\/a>\r\n<\/div>\r\n\r\n\t\t<div class=\"property-item-content\">\n\t\t\t<div class=\"property-heading\">\n                <h2 class=\"property-title\">\n    <a href=\"https:\/\/villasyfincasmallorca.com\/en\/property\/buildable-plot-for-sale-with-a-prime-location-and-views-in-ses-salines\/\" title=\"Rural Plot near Ses Salines \u2014 14,200 m\u00b2, paved access, mains water\">Rural Plot near Ses Salines \u2014 14,200 m\u00b2, paved access, mains water<\/a>\n<\/h2>\n    <span class=\"property-price ere__loop-property-price\">\n\t\tPrice on call\t<\/span>\n\t\t\t<\/div>\n            <div class=\"property-element-inline\">\r\n    <div class=\"property-type-list\"><i class=\"fa fa-tag\"><\/i><a href=\"https:\/\/villasyfincasmallorca.com\/en\/property-type\/land\/\" rel=\"tag\">Land<\/a><\/div><div class=\"property-agent\">\r\n    <a href=\"https:\/\/villasyfincasmallorca.com\/agent\/villas-y-fincas-mallorca\/\" title=\"Villas y Fincas Mallorca\">\r\n        <i class=\"fa fa-user\"><\/i>\r\n        <span>Villas y Fincas Mallorca<\/span>\r\n    <\/a>\r\n<\/div>\r\n<div class=\"property-date\">\r\n    <i class=\"fa fa-calendar\"><\/i>\r\n     56 years ago<\/div>\r\n<\/div>\r\n<div class=\"property-excerpt\">\r\n    <p>[vc_row][vc_column][vc_column_text css_animation=&#8221;fadeIn&#8221;] A rural plot of 14,200 square metres less than three minutes from the centre of Ses Salines, with paved access and a mains water connection. A piece of rural land with open views over the southeastern Mallorcan landscape \u2014 the flat countryside, the ochre and green tones of carob and pine trees, the [&hellip;]<\/p>\n<\/div>\r\n<div class=\"ere__loop-property-info property-info layout-1\">\r\n    <div class=\"property-info-inner\">\r\n            <\/div>\r\n<\/div>\r\n\n\t\t<\/div>\n\t<\/div>\n<\/div>                                                <\/div>\n                                <div class=\"view-all-link\">\n                <a href=\"http:\/\/villasyfincasmallorca.com\/property\"\n                   class=\"btn btn-xs btn-dark btn-classic\">View All<\/a>\n            <\/div>\n                    <\/div>\n<\/div>\n\n[\/vc_column][\/vc_row]<\/p>\n","protected":false},"excerpt":{"rendered":"<p>[vc_row full_width=&#8221;stretch_row_content_no_spaces&#8221; css=&#8221;.vc_custom_1490608249548{background-image: url(https:\/\/villasyfincasmallorca.com\/wp-content\/uploads\/2016\/12\/bg-dark-small-full.jpg?id=742) !important;background-position: 0 0 !important;background-repeat: repeat !important;}&#8221;][vc_column][\/vc_column][\/vc_row][vc_row full_width=&#8221;stretch_row_content_no_spaces&#8221;][vc_column][g5plus_space desktop=&#8221;100&#8243; tablet=&#8221;80&#8243; tablet_portrait=&#8221;60&#8243; mobile_landscape=&#8221;50&#8243; mobile=&#8221;40&#8243;][\/vc_column][\/vc_row]<\/p>\n","protected":false},"author":1,"featured_media":0,"parent":0,"menu_order":0,"comment_status":"closed","ping_status":"closed","template":"","meta":{"_themeisle_gutenberg_block_has_review":false,"footnotes":""},"class_list":["post-13034","page","type-page","status-publish","hentry"],"_links":{"self":[{"href":"https:\/\/villasyfincasmallorca.com\/en\/wp-json\/wp\/v2\/pages\/13034","targetHints":{"allow":["GET"]}}],"collection":[{"href":"https:\/\/villasyfincasmallorca.com\/en\/wp-json\/wp\/v2\/pages"}],"about":[{"href":"https:\/\/villasyfincasmallorca.com\/en\/wp-json\/wp\/v2\/types\/page"}],"author":[{"embeddable":true,"href":"https:\/\/villasyfincasmallorca.com\/en\/wp-json\/wp\/v2\/users\/1"}],"replies":[{"embeddable":true,"href":"https:\/\/villasyfincasmallorca.com\/en\/wp-json\/wp\/v2\/comments?post=13034"}],"version-history":[{"count":9,"href":"https:\/\/villasyfincasmallorca.com\/en\/wp-json\/wp\/v2\/pages\/13034\/revisions"}],"predecessor-version":[{"id":13056,"href":"https:\/\/villasyfincasmallorca.com\/en\/wp-json\/wp\/v2\/pages\/13034\/revisions\/13056"}],"wp:attachment":[{"href":"https:\/\/villasyfincasmallorca.com\/en\/wp-json\/wp\/v2\/media?parent=13034"}],"curies":[{"name":"wp","href":"https:\/\/api.w.org\/{rel}","templated":true}]}}