{"id":13052,"date":"2017-02-06T07:27:30","date_gmt":"2017-02-06T07:27:30","guid":{"rendered":"http:\/\/villasyfincasmallorca.com\/property-carousel\/"},"modified":"2018-08-01T07:39:28","modified_gmt":"2018-08-01T07:39:28","slug":"property-carousel","status":"publish","type":"page","link":"https:\/\/villasyfincasmallorca.com\/de\/property-carousel\/","title":{"rendered":"Immobilien"},"content":{"rendered":"<p>[vc_row full_width=&#8220;stretch_row_content_no_spaces&#8220; css=&#8220;.vc_custom_1490608249548{background-image: url(https:\/\/villasyfincasmallorca.com\/wp-content\/uploads\/2016\/12\/bg-dark-small-full.jpg?id=742) !important;background-position: 0 0 !important;background-repeat: repeat !important;}&#8220;][vc_column]<div class=\"ere-property-wrap\">\n    <div class=\"ere-property-carousel ere-property property-carousel owl-nav-inline color-light \">\n        <div class=\"navigation-wrap\">\n            <div class=\"ere-heading color-light ere-heading-sub\">\r\n            <h2> FINDEN SIE IHR NEUES HAUS IN MALLORCA <\/h2>\r\n                <p>SUCHE MIT VILLAS Y FINCAS MALLORCA<\/p>\r\n    <\/div>\r\n        <\/div>\n        <div class=\"property-content owl-carousel ere__owl-carousel\" data-callback=\"owl_callback\" data-plugin-options=\"{&quot;dots&quot;:false,&quot;nav&quot;:true,&quot;responsive&quot;:{&quot;0&quot;:{&quot;items&quot;:1,&quot;margin&quot;:0},&quot;768&quot;:{&quot;items&quot;:2,&quot;margin&quot;:0},&quot;1200&quot;:{&quot;items&quot;:3,&quot;margin&quot;:0},&quot;1820&quot;:{&quot;items&quot;:4,&quot;margin&quot;:0}}}\">\n           <div class=\"property-item ere-property-is-featured\">\n\t<div class=\"property-inner\">\n        <div class=\"property-image\">\r\n    <img loading=\"lazy\" decoding=\"async\" width=\"330\"\r\n     height=\"180\"\r\n     src=\"https:\/\/villasyfincasmallorca.com\/wp-content\/uploads\/2026\/03\/1505-Authentic-townhome-for-complete-renovation-for-sale-in-Ses-Salines-15_resultado-330x180.jpg\"\r\n     onerror=\"this.src = 'http:\/\/villasyfincasmallorca.com\/wp-content\/uploads\/2017\/12\/1-VF-2-330x180.jpg';\"\r\n     alt=\"Stadthaus aus dem 19. Jahrhundert zur Renovierung mit zwei Zug\u00e4ngen in Ses Salines\"\r\n     title=\"Stadthaus aus dem 19. Jahrhundert zur Renovierung mit zwei Zug\u00e4ngen in Ses Salines\">\r\n\r\n<div class=\"ere__loop-property-action property-action\">\r\n    <a data-toggle=\"tooltip\"\r\n   title=\"(20) Fotos\"\r\n   data-property-id=\"62975\"\r\n   href=\"javascript:void(0)\" class=\"property-view-gallery ere__loop-property_action-item\">\r\n    <i class=\"fa fa-camera\"><\/i>\r\n<\/a>\r\n<a href=\"javascript:void(0)\" class=\"property-favorite ere__loop-property_action-item\" data-property-id=\"62975\"\r\n   data-toggle=\"tooltip\"\r\n   title=\"Zu den Favoriten hinzuf\u00fcgen\"\r\n   data-title-not-favorite=\"Zu den Favoriten hinzuf\u00fcgen\"\r\n   data-title-favorited=\"It is my favorite\"\r\n   data-icon-not-favorite=\"fa fa-star-o\"\r\n   data-icon-favorited=\"fa fa-star\">\r\n    <i class=\"fa fa-star-o\"><\/i>\r\n<\/a>\r\n<a class=\"compare-property ere__loop-property_action-item\" href=\"javascript:void(0)\"\r\n   data-property-id=\"62975\" data-toggle=\"tooltip\"\r\n   title=\"Vergleichen\">\r\n    <i class=\"fa fa-plus\"><\/i>\r\n<\/a>\r\n<\/div><div class=\"ere__loop-property-badge ere__lpb-featured-label\">\r\n            <span class=\"ere__loop-property-badge-item ere__featured\">\r\n    <span class=\"ere__lpbi-inner\">\r\n        Top    <\/span>\r\n<\/span>\r\n    <\/div>\r\n<div class=\"ere__loop-property-badge ere__lpb-status\">\r\n                    <span style=\"--ere-loop-property-badge-bg-color:,\" class=\"ere__loop-property-badge-item ere__term-status kaufen\" >\r\n            <span class=\"ere__lpbi-inner\">\r\n                Kaufen            <\/span>\r\n        <\/span>\r\n    <\/div>\r\n<a class=\"property-link\" href=\"https:\/\/villasyfincasmallorca.com\/de\/property\/autentica-casa-de-pueblo-para-reformar-en-venta-en-ses-salines\/\" title=\"Stadthaus aus dem 19. Jahrhundert zur Renovierung mit zwei Zug\u00e4ngen in Ses Salines\"><\/a>\r\n<\/div>\r\n\r\n\t\t<div class=\"property-item-content\">\n\t\t\t<div class=\"property-heading\">\n                <h2 class=\"property-title\">\n    <a href=\"https:\/\/villasyfincasmallorca.com\/de\/property\/autentica-casa-de-pueblo-para-reformar-en-venta-en-ses-salines\/\" title=\"Stadthaus aus dem 19. Jahrhundert zur Renovierung mit zwei Zug\u00e4ngen in Ses Salines\">Stadthaus aus dem 19. Jahrhundert zur Renovierung mit zwei Zug\u00e4ngen in Ses Salines<\/a>\n<\/h2>\n\t<span class=\"property-price ere__loop-property-price\">\n\t\t\t\t420.000\u20ac\t\t\t<\/span>\n\t\t\t<\/div>\n            <div class=\"property-element-inline\">\r\n    <div class=\"property-type-list\"><i class=\"fa fa-tag\"><\/i><a href=\"https:\/\/villasyfincasmallorca.com\/de\/property-type\/stadthaus\/\" rel=\"tag\">Stadthaus<\/a><\/div><div class=\"property-agent\">\r\n    <a href=\"https:\/\/villasyfincasmallorca.com\/en\/agent\/villas-y-fincas-mallorca\/\" title=\"Villas y Fincas Mallorca\">\r\n        <i class=\"fa fa-user\"><\/i>\r\n        <span>Villas y Fincas Mallorca<\/span>\r\n    <\/a>\r\n<\/div>\r\n<div class=\"property-date\">\r\n    <i class=\"fa fa-calendar\"><\/i>\r\n     56\u00a0Jahren .<\/div>\r\n<\/div>\r\n<div class=\"property-excerpt\">\r\n    <p>[vc_row][vc_column][vc_column_text css_animation=&#8220;fadeIn&#8220;]Es gibt H\u00e4user, die schon beim \u00dcberschreiten der Schwelle eine Geschichte erz\u00e4hlen. Dieses authentische Stadthaus zur Renovierung in Ses Salines geh\u00f6rt dazu. Im Jahr 1810 erbaut, mit 160 Quadratmetern auf zwei Etagen und der au\u00dfergew\u00f6hnlichen Besonderheit von zwei unabh\u00e4ngigen Stra\u00dfenzug\u00e4ngen, ist diese Immobilie eine leere Leinwand mit \u00fcber zwei Jahrhunderten Geschichte. Eine ungew\u00f6hnliche Gelegenheit [&hellip;]<\/p>\n<\/div>\r\n<div class=\"ere__loop-property-info property-info layout-1\">\r\n    <div class=\"property-info-inner\">\r\n        <div class=\"ere__loop-property-info-item property-area\" data-toggle=\"tooltip\" title=\"Bebaute Fl\u00e4che ca.\">\r\n    <i class=\"fa fa-arrows\"><\/i>\r\n    <div class=\"ere__lpi-content\">\r\n        <span class=\"ere__lpi-value\">160 m<sup>2<\/sup><\/span>\r\n        <span class=\"ere__lpi-label\">Bebaute Fl\u00e4che ca.<\/span>\r\n    <\/div>\r\n<\/div>\r\n\r\n<div class=\"ere__loop-property-info-item property-bedrooms\" data-toggle=\"tooltip\" title=\"4 Zimmer\">\r\n    <i class=\"fa fa-hotel\"><\/i>\r\n    <div class=\"ere__lpi-content\">\r\n        <span class=\"ere__lpi-value\">4<\/span>\r\n        <span class=\"ere__lpi-label\">Schlafzimmer<\/span>\r\n    <\/div>\r\n<\/div><div class=\"ere__loop-property-info-item property-bathrooms\" data-toggle=\"tooltip\" title=\"1 Bathrooms\">\r\n    <i class=\"fa fa-bath\"><\/i>\r\n    <div class=\"ere__lpi-content\">\r\n        <span class=\"ere__lpi-value\">1<\/span>\r\n        <span class=\"ere__lpi-label\">Badezimmer<\/span>\r\n    <\/div>\r\n<\/div>\r\n    <\/div>\r\n<\/div>\r\n\n\t\t<\/div>\n\t<\/div>\n<\/div><div class=\"property-item ere-property-is-featured\">\n\t<div class=\"property-inner\">\n        <div class=\"property-image\">\r\n    <img loading=\"lazy\" decoding=\"async\" width=\"330\"\r\n     height=\"180\"\r\n     src=\"https:\/\/villasyfincasmallorca.com\/wp-content\/uploads\/2019\/07\/1137-Casa-de-pueblo-en-alquiler-en-Es-Llombards-21-Copiar-330x180.jpg\"\r\n     onerror=\"this.src = 'http:\/\/villasyfincasmallorca.com\/wp-content\/uploads\/2017\/12\/1-VF-2-330x180.jpg';\"\r\n     alt=\"Renoviertes Stadthaus mit 220 m\u00b2 und gro\u00dfer Terrasse zur Miete in Es Llombards\"\r\n     title=\"Renoviertes Stadthaus mit 220 m\u00b2 und gro\u00dfer Terrasse zur Miete in Es Llombards\">\r\n\r\n<div class=\"ere__loop-property-action property-action\">\r\n    <a data-toggle=\"tooltip\"\r\n   title=\"(33) Fotos\"\r\n   data-property-id=\"24182\"\r\n   href=\"javascript:void(0)\" class=\"property-view-gallery ere__loop-property_action-item\">\r\n    <i class=\"fa fa-camera\"><\/i>\r\n<\/a>\r\n<a href=\"javascript:void(0)\" class=\"property-favorite ere__loop-property_action-item\" data-property-id=\"24182\"\r\n   data-toggle=\"tooltip\"\r\n   title=\"Zu den Favoriten hinzuf\u00fcgen\"\r\n   data-title-not-favorite=\"Zu den Favoriten hinzuf\u00fcgen\"\r\n   data-title-favorited=\"It is my favorite\"\r\n   data-icon-not-favorite=\"fa fa-star-o\"\r\n   data-icon-favorited=\"fa fa-star\">\r\n    <i class=\"fa fa-star-o\"><\/i>\r\n<\/a>\r\n<a class=\"compare-property ere__loop-property_action-item\" href=\"javascript:void(0)\"\r\n   data-property-id=\"24182\" data-toggle=\"tooltip\"\r\n   title=\"Vergleichen\">\r\n    <i class=\"fa fa-plus\"><\/i>\r\n<\/a>\r\n<\/div><div class=\"ere__loop-property-badge ere__lpb-featured-label\">\r\n            <span class=\"ere__loop-property-badge-item ere__featured\">\r\n    <span class=\"ere__lpbi-inner\">\r\n        Top    <\/span>\r\n<\/span>\r\n    <\/div>\r\n<div class=\"ere__loop-property-badge ere__lpb-status\">\r\n                    <span style=\"--ere-loop-property-badge-bg-color:,\" class=\"ere__loop-property-badge-item ere__term-status mieten\" >\r\n            <span class=\"ere__lpbi-inner\">\r\n                Mieten            <\/span>\r\n        <\/span>\r\n    <\/div>\r\n<a class=\"property-link\" href=\"https:\/\/villasyfincasmallorca.com\/de\/property\/stadthaus-zu-vermieten-in-es-llombards\/\" title=\"Renoviertes Stadthaus mit 220 m\u00b2 und gro\u00dfer Terrasse zur Miete in Es Llombards\"><\/a>\r\n<\/div>\r\n\r\n\t\t<div class=\"property-item-content\">\n\t\t\t<div class=\"property-heading\">\n                <h2 class=\"property-title\">\n    <a href=\"https:\/\/villasyfincasmallorca.com\/de\/property\/stadthaus-zu-vermieten-in-es-llombards\/\" title=\"Renoviertes Stadthaus mit 220 m\u00b2 und gro\u00dfer Terrasse zur Miete in Es Llombards\">Renoviertes Stadthaus mit 220 m\u00b2 und gro\u00dfer Terrasse zur Miete in Es Llombards<\/a>\n<\/h2>\n\t<span class=\"property-price ere__loop-property-price\">\n\t\t\t\t1.850\u20ac\t\t\t<\/span>\n\t\t\t<\/div>\n            <div class=\"property-element-inline\">\r\n    <div class=\"property-type-list\"><i class=\"fa fa-tag\"><\/i><a href=\"https:\/\/villasyfincasmallorca.com\/de\/property-type\/stadthaus\/\" rel=\"tag\">Stadthaus<\/a><\/div><div class=\"property-agent\">\r\n    <a href=\"https:\/\/villasyfincasmallorca.com\/en\/agent\/villas-y-fincas-mallorca\/\" title=\"Villas y Fincas Mallorca\">\r\n        <i class=\"fa fa-user\"><\/i>\r\n        <span>Villas y Fincas Mallorca<\/span>\r\n    <\/a>\r\n<\/div>\r\n<div class=\"property-date\">\r\n    <i class=\"fa fa-calendar\"><\/i>\r\n     56\u00a0Jahren .<\/div>\r\n<\/div>\r\n<div class=\"property-excerpt\">\r\n    <p>[vc_row][vc_column][vc_column_text css_animation=&#8220;fadeIn&#8220;]Es gibt D\u00f6rfer auf Mallorca, die wie ein gut geh\u00fctetes Geheimnis wirken. Es Llombards ist eines davon. Klein, ruhig, Teil der Gemeinde Santany\u00ed, hat dieser Ort im S\u00fcdosten der Insel seine traditionelle Steinarchitektur, seine stillen Stra\u00dfen und jene Dorfatmosph\u00e4re bewahrt, die das ganze Jahr \u00fcber erlebbar ist \u2014 nicht nur in der Hochsaison. Im [&hellip;]<\/p>\n<\/div>\r\n<div class=\"ere__loop-property-info property-info layout-1\">\r\n    <div class=\"property-info-inner\">\r\n        <div class=\"ere__loop-property-info-item property-area\" data-toggle=\"tooltip\" title=\"Bebaute Fl\u00e4che ca.\">\r\n    <i class=\"fa fa-arrows\"><\/i>\r\n    <div class=\"ere__lpi-content\">\r\n        <span class=\"ere__lpi-value\">220 m<sup>2<\/sup><\/span>\r\n        <span class=\"ere__lpi-label\">Bebaute Fl\u00e4che ca.<\/span>\r\n    <\/div>\r\n<\/div>\r\n\r\n<div class=\"ere__loop-property-info-item property-bedrooms\" data-toggle=\"tooltip\" title=\"3 Zimmer\">\r\n    <i class=\"fa fa-hotel\"><\/i>\r\n    <div class=\"ere__lpi-content\">\r\n        <span class=\"ere__lpi-value\">3<\/span>\r\n        <span class=\"ere__lpi-label\">Schlafzimmer<\/span>\r\n    <\/div>\r\n<\/div><div class=\"ere__loop-property-info-item property-bathrooms\" data-toggle=\"tooltip\" title=\"3 Badezimmer\">\r\n    <i class=\"fa fa-bath\"><\/i>\r\n    <div class=\"ere__lpi-content\">\r\n        <span class=\"ere__lpi-value\">3<\/span>\r\n        <span class=\"ere__lpi-label\">Badezimmer<\/span>\r\n    <\/div>\r\n<\/div>\r\n    <\/div>\r\n<\/div>\r\n\n\t\t<\/div>\n\t<\/div>\n<\/div><div class=\"property-item ere-property-is-featured\">\n\t<div class=\"property-inner\">\n        <div class=\"property-image\">\r\n    <img loading=\"lazy\" decoding=\"async\" width=\"330\"\r\n     height=\"180\"\r\n     src=\"https:\/\/villasyfincasmallorca.com\/wp-content\/uploads\/2026\/03\/1504-Exclusivo-adosado-en-venta-con-piscina-en-una-calle-tranquila-de-Ses-Salines-16_resultado-330x180.jpg\"\r\n     onerror=\"this.src = 'http:\/\/villasyfincasmallorca.com\/wp-content\/uploads\/2017\/12\/1-VF-2-330x180.jpg';\"\r\n     alt=\"Reihenhaus mit Privatpool in Ses Salines, 146 m\u00b2\"\r\n     title=\"Reihenhaus mit Privatpool in Ses Salines, 146 m\u00b2\">\r\n\r\n<div class=\"ere__loop-property-action property-action\">\r\n    <a data-toggle=\"tooltip\"\r\n   title=\"(21) Fotos\"\r\n   data-property-id=\"62903\"\r\n   href=\"javascript:void(0)\" class=\"property-view-gallery ere__loop-property_action-item\">\r\n    <i class=\"fa fa-camera\"><\/i>\r\n<\/a>\r\n<a href=\"javascript:void(0)\" class=\"property-favorite ere__loop-property_action-item\" data-property-id=\"62903\"\r\n   data-toggle=\"tooltip\"\r\n   title=\"Zu den Favoriten hinzuf\u00fcgen\"\r\n   data-title-not-favorite=\"Zu den Favoriten hinzuf\u00fcgen\"\r\n   data-title-favorited=\"It is my favorite\"\r\n   data-icon-not-favorite=\"fa fa-star-o\"\r\n   data-icon-favorited=\"fa fa-star\">\r\n    <i class=\"fa fa-star-o\"><\/i>\r\n<\/a>\r\n<a class=\"compare-property ere__loop-property_action-item\" href=\"javascript:void(0)\"\r\n   data-property-id=\"62903\" data-toggle=\"tooltip\"\r\n   title=\"Vergleichen\">\r\n    <i class=\"fa fa-plus\"><\/i>\r\n<\/a>\r\n<\/div><div class=\"ere__loop-property-badge ere__lpb-featured-label\">\r\n            <span class=\"ere__loop-property-badge-item ere__featured\">\r\n    <span class=\"ere__lpbi-inner\">\r\n        Top    <\/span>\r\n<\/span>\r\n    <\/div>\r\n<div class=\"ere__loop-property-badge ere__lpb-status\">\r\n                    <span style=\"--ere-loop-property-badge-bg-color:,\" class=\"ere__loop-property-badge-item ere__term-status kaufen\" >\r\n            <span class=\"ere__lpbi-inner\">\r\n                Kaufen            <\/span>\r\n        <\/span>\r\n    <\/div>\r\n<a class=\"property-link\" href=\"https:\/\/villasyfincasmallorca.com\/de\/property\/exclusivo-adosado-en-venta-con-piscina-en-una-calle-tranquila-de-ses-salines\/\" title=\"Reihenhaus mit Privatpool in Ses Salines, 146 m\u00b2\"><\/a>\r\n<\/div>\r\n\r\n\t\t<div class=\"property-item-content\">\n\t\t\t<div class=\"property-heading\">\n                <h2 class=\"property-title\">\n    <a href=\"https:\/\/villasyfincasmallorca.com\/de\/property\/exclusivo-adosado-en-venta-con-piscina-en-una-calle-tranquila-de-ses-salines\/\" title=\"Reihenhaus mit Privatpool in Ses Salines, 146 m\u00b2\">Reihenhaus mit Privatpool in Ses Salines, 146 m\u00b2<\/a>\n<\/h2>\n\t<span class=\"property-price ere__loop-property-price\">\n\t\t\t\t680.000\u20ac\t\t\t<\/span>\n\t\t\t<\/div>\n            <div class=\"property-element-inline\">\r\n    <div class=\"property-type-list\"><i class=\"fa fa-tag\"><\/i><a href=\"https:\/\/villasyfincasmallorca.com\/de\/property-type\/stadthaus\/\" rel=\"tag\">Stadthaus<\/a><\/div><div class=\"property-agent\">\r\n    <a href=\"https:\/\/villasyfincasmallorca.com\/en\/agent\/villas-y-fincas-mallorca\/\" title=\"Villas y Fincas Mallorca\">\r\n        <i class=\"fa fa-user\"><\/i>\r\n        <span>Villas y Fincas Mallorca<\/span>\r\n    <\/a>\r\n<\/div>\r\n<div class=\"property-date\">\r\n    <i class=\"fa fa-calendar\"><\/i>\r\n     56\u00a0Jahren .<\/div>\r\n<\/div>\r\n<div class=\"property-excerpt\">\r\n    <p>[vc_row][vc_column][vc_column_text css_animation=&#8220;fadeIn&#8220;]Ses Salines geh\u00f6rt zu jenen Gemeinden im S\u00fcdosten Mallorcas, die ihren urspr\u00fcnglichen Charakter bewahrt haben. Kein Massentourismus, keine \u00fcberlaufenen Strandpromenaden \u2014 stattdessen traditionelle Steinarchitektur, ruhige Gassen und ein Dorfleben, das noch immer von Authentizit\u00e4t gepr\u00e4gt ist. In diesem Umfeld befindet sich ein Reihenhaus aus dem Jahr 2007 mit 146 m\u00b2 Wohnfl\u00e4che, drei Schlafzimmern, zwei [&hellip;]<\/p>\n<\/div>\r\n<div class=\"ere__loop-property-info property-info layout-1\">\r\n    <div class=\"property-info-inner\">\r\n        <div class=\"ere__loop-property-info-item property-area\" data-toggle=\"tooltip\" title=\"Bebaute Fl\u00e4che ca.\">\r\n    <i class=\"fa fa-arrows\"><\/i>\r\n    <div class=\"ere__lpi-content\">\r\n        <span class=\"ere__lpi-value\">146 m<sup>2<\/sup><\/span>\r\n        <span class=\"ere__lpi-label\">Bebaute Fl\u00e4che ca.<\/span>\r\n    <\/div>\r\n<\/div>\r\n\r\n<div class=\"ere__loop-property-info-item property-bedrooms\" data-toggle=\"tooltip\" title=\"3 Zimmer\">\r\n    <i class=\"fa fa-hotel\"><\/i>\r\n    <div class=\"ere__lpi-content\">\r\n        <span class=\"ere__lpi-value\">3<\/span>\r\n        <span class=\"ere__lpi-label\">Schlafzimmer<\/span>\r\n    <\/div>\r\n<\/div><div class=\"ere__loop-property-info-item property-bathrooms\" data-toggle=\"tooltip\" title=\"2 Badezimmer\">\r\n    <i class=\"fa fa-bath\"><\/i>\r\n    <div class=\"ere__lpi-content\">\r\n        <span class=\"ere__lpi-value\">2<\/span>\r\n        <span class=\"ere__lpi-label\">Badezimmer<\/span>\r\n    <\/div>\r\n<\/div>\r\n    <\/div>\r\n<\/div>\r\n\n\t\t<\/div>\n\t<\/div>\n<\/div><div class=\"property-item ere-property-is-featured\">\n\t<div class=\"property-inner\">\n        <div class=\"property-image\">\r\n    <img loading=\"lazy\" decoding=\"async\" width=\"330\"\r\n     height=\"180\"\r\n     src=\"https:\/\/villasyfincasmallorca.com\/wp-content\/uploads\/2026\/03\/1160-Spacious-apartment-for-sale-with-terrace-and-sea-views-in-Portopetro-07-scaled-330x180.jpg\"\r\n     onerror=\"this.src = 'http:\/\/villasyfincasmallorca.com\/wp-content\/uploads\/2017\/12\/1-VF-2-330x180.jpg';\"\r\n     alt=\"Renovierte Wohnung mit Terrasse und Meerblick in Portopetro\"\r\n     title=\"Renovierte Wohnung mit Terrasse und Meerblick in Portopetro\">\r\n\r\n<div class=\"ere__loop-property-action property-action\">\r\n    <a data-toggle=\"tooltip\"\r\n   title=\"(20) Fotos\"\r\n   data-property-id=\"43209\"\r\n   href=\"javascript:void(0)\" class=\"property-view-gallery ere__loop-property_action-item\">\r\n    <i class=\"fa fa-camera\"><\/i>\r\n<\/a>\r\n<a href=\"javascript:void(0)\" class=\"property-favorite ere__loop-property_action-item\" data-property-id=\"43209\"\r\n   data-toggle=\"tooltip\"\r\n   title=\"Zu den Favoriten hinzuf\u00fcgen\"\r\n   data-title-not-favorite=\"Zu den Favoriten hinzuf\u00fcgen\"\r\n   data-title-favorited=\"It is my favorite\"\r\n   data-icon-not-favorite=\"fa fa-star-o\"\r\n   data-icon-favorited=\"fa fa-star\">\r\n    <i class=\"fa fa-star-o\"><\/i>\r\n<\/a>\r\n<a class=\"compare-property ere__loop-property_action-item\" href=\"javascript:void(0)\"\r\n   data-property-id=\"43209\" data-toggle=\"tooltip\"\r\n   title=\"Vergleichen\">\r\n    <i class=\"fa fa-plus\"><\/i>\r\n<\/a>\r\n<\/div><div class=\"ere__loop-property-badge ere__lpb-featured-label\">\r\n            <span class=\"ere__loop-property-badge-item ere__featured\">\r\n    <span class=\"ere__lpbi-inner\">\r\n        Top    <\/span>\r\n<\/span>\r\n    <\/div>\r\n<div class=\"ere__loop-property-badge ere__lpb-status\">\r\n                    <span style=\"--ere-loop-property-badge-bg-color:,\" class=\"ere__loop-property-badge-item ere__term-status kaufen\" >\r\n            <span class=\"ere__lpbi-inner\">\r\n                Kaufen            <\/span>\r\n        <\/span>\r\n    <\/div>\r\n<a class=\"property-link\" href=\"https:\/\/villasyfincasmallorca.com\/de\/property\/wohnung-zu-verkaufen-mit-meerblick-in-portopetro\/\" title=\"Renovierte Wohnung mit Terrasse und Meerblick in Portopetro\"><\/a>\r\n<\/div>\r\n\r\n\t\t<div class=\"property-item-content\">\n\t\t\t<div class=\"property-heading\">\n                <h2 class=\"property-title\">\n    <a href=\"https:\/\/villasyfincasmallorca.com\/de\/property\/wohnung-zu-verkaufen-mit-meerblick-in-portopetro\/\" title=\"Renovierte Wohnung mit Terrasse und Meerblick in Portopetro\">Renovierte Wohnung mit Terrasse und Meerblick in Portopetro<\/a>\n<\/h2>\n\t<span class=\"property-price ere__loop-property-price\">\n\t\t\t\t398.000\u20ac\t\t\t<\/span>\n\t\t\t<\/div>\n            <div class=\"property-element-inline\">\r\n    <div class=\"property-type-list\"><i class=\"fa fa-tag\"><\/i><a href=\"https:\/\/villasyfincasmallorca.com\/de\/property-type\/wohnung\/\" rel=\"tag\">Wohnung<\/a><\/div><div class=\"property-agent\">\r\n    <a href=\"https:\/\/villasyfincasmallorca.com\/agent\/villas-y-fincas-mallorca\/\" title=\"Villas y Fincas Mallorca\">\r\n        <i class=\"fa fa-user\"><\/i>\r\n        <span>Villas y Fincas Mallorca<\/span>\r\n    <\/a>\r\n<\/div>\r\n<div class=\"property-date\">\r\n    <i class=\"fa fa-calendar\"><\/i>\r\n     56\u00a0Jahren .<\/div>\r\n<\/div>\r\n<div class=\"property-excerpt\">\r\n    <p>[vc_row][vc_column][vc_column_text css_animation=&#8220;fadeIn&#8220;] Es gibt Ecken auf Mallorca, an denen die Zeit in einem anderen Rhythmus zu vergehen scheint. Portopetro ist eine davon. Dieser kleine Fischerhafen an der S\u00fcdostk\u00fcste der Insel, Teil der Gemeinde Santany\u00ed, hat seinen urspr\u00fcnglichen maritimen Charakter bewahrt, w\u00e4hrend der Rest der K\u00fcste dem touristischen Druck nachgab. Hier teilen sich die traditionellen Lla\u00fcts [&hellip;]<\/p>\n<\/div>\r\n<div class=\"ere__loop-property-info property-info layout-1\">\r\n    <div class=\"property-info-inner\">\r\n        <div class=\"ere__loop-property-info-item property-area\" data-toggle=\"tooltip\" title=\"Bebaute Fl\u00e4che ca.\">\r\n    <i class=\"fa fa-arrows\"><\/i>\r\n    <div class=\"ere__lpi-content\">\r\n        <span class=\"ere__lpi-value\">83 m<sup>2<\/sup><\/span>\r\n        <span class=\"ere__lpi-label\">Bebaute Fl\u00e4che ca.<\/span>\r\n    <\/div>\r\n<\/div>\r\n\r\n<div class=\"ere__loop-property-info-item property-bedrooms\" data-toggle=\"tooltip\" title=\"2 Zimmer\">\r\n    <i class=\"fa fa-hotel\"><\/i>\r\n    <div class=\"ere__lpi-content\">\r\n        <span class=\"ere__lpi-value\">2<\/span>\r\n        <span class=\"ere__lpi-label\">Schlafzimmer<\/span>\r\n    <\/div>\r\n<\/div><div class=\"ere__loop-property-info-item property-bathrooms\" data-toggle=\"tooltip\" title=\"1 Bathrooms\">\r\n    <i class=\"fa fa-bath\"><\/i>\r\n    <div class=\"ere__lpi-content\">\r\n        <span class=\"ere__lpi-value\">1<\/span>\r\n        <span class=\"ere__lpi-label\">Badezimmer<\/span>\r\n    <\/div>\r\n<\/div>\r\n    <\/div>\r\n<\/div>\r\n\n\t\t<\/div>\n\t<\/div>\n<\/div><div class=\"property-item ere-property-is-featured\">\n\t<div class=\"property-inner\">\n        <div class=\"property-image\">\r\n    <img loading=\"lazy\" decoding=\"async\" width=\"330\"\r\n     height=\"180\"\r\n     src=\"https:\/\/villasyfincasmallorca.com\/wp-content\/uploads\/2026\/02\/1501-Town-house-for-sale-with-massive-outdoors-space-in-Ses-Salines-01-330x180.jpg\"\r\n     onerror=\"this.src = 'http:\/\/villasyfincasmallorca.com\/wp-content\/uploads\/2017\/12\/1-VF-2-330x180.jpg';\"\r\n     alt=\"Historisches Stadthaus von 1890 mit 831 m\u00b2 Grundst\u00fcck und doppeltem Zugang in Ses Salines\"\r\n     title=\"Historisches Stadthaus von 1890 mit 831 m\u00b2 Grundst\u00fcck und doppeltem Zugang in Ses Salines\">\r\n\r\n<div class=\"ere__loop-property-action property-action\">\r\n    <a data-toggle=\"tooltip\"\r\n   title=\"(23) Fotos\"\r\n   data-property-id=\"62104\"\r\n   href=\"javascript:void(0)\" class=\"property-view-gallery ere__loop-property_action-item\">\r\n    <i class=\"fa fa-camera\"><\/i>\r\n<\/a>\r\n<a href=\"javascript:void(0)\" class=\"property-favorite ere__loop-property_action-item\" data-property-id=\"62104\"\r\n   data-toggle=\"tooltip\"\r\n   title=\"Zu den Favoriten hinzuf\u00fcgen\"\r\n   data-title-not-favorite=\"Zu den Favoriten hinzuf\u00fcgen\"\r\n   data-title-favorited=\"It is my favorite\"\r\n   data-icon-not-favorite=\"fa fa-star-o\"\r\n   data-icon-favorited=\"fa fa-star\">\r\n    <i class=\"fa fa-star-o\"><\/i>\r\n<\/a>\r\n<a class=\"compare-property ere__loop-property_action-item\" href=\"javascript:void(0)\"\r\n   data-property-id=\"62104\" data-toggle=\"tooltip\"\r\n   title=\"Vergleichen\">\r\n    <i class=\"fa fa-plus\"><\/i>\r\n<\/a>\r\n<\/div><div class=\"ere__loop-property-badge ere__lpb-featured-label\">\r\n            <span class=\"ere__loop-property-badge-item ere__featured\">\r\n    <span class=\"ere__lpbi-inner\">\r\n        Top    <\/span>\r\n<\/span>\r\n    <\/div>\r\n<div class=\"ere__loop-property-badge ere__lpb-status\">\r\n                    <span style=\"--ere-loop-property-badge-bg-color:,\" class=\"ere__loop-property-badge-item ere__term-status kaufen\" >\r\n            <span class=\"ere__lpbi-inner\">\r\n                Kaufen            <\/span>\r\n        <\/span>\r\n    <\/div>\r\n<a class=\"property-link\" href=\"https:\/\/villasyfincasmallorca.com\/de\/property\/einzigartige-gelegenheit-in-ses-salines-historisches-dorfhaus-zur-renovierung-mit-riesigem-831-m%c2%b2-grundstueck-und-zugang-von-zwei-strassen\/\" title=\"Historisches Stadthaus von 1890 mit 831 m\u00b2 Grundst\u00fcck und doppeltem Zugang in Ses Salines\"><\/a>\r\n<\/div>\r\n\r\n\t\t<div class=\"property-item-content\">\n\t\t\t<div class=\"property-heading\">\n                <h2 class=\"property-title\">\n    <a href=\"https:\/\/villasyfincasmallorca.com\/de\/property\/einzigartige-gelegenheit-in-ses-salines-historisches-dorfhaus-zur-renovierung-mit-riesigem-831-m%c2%b2-grundstueck-und-zugang-von-zwei-strassen\/\" title=\"Historisches Stadthaus von 1890 mit 831 m\u00b2 Grundst\u00fcck und doppeltem Zugang in Ses Salines\">Historisches Stadthaus von 1890 mit 831 m\u00b2 Grundst\u00fcck und doppeltem Zugang in Ses Salines<\/a>\n<\/h2>\n\t<span class=\"property-price ere__loop-property-price\">\n\t\t\t\t700.000\u20ac\t\t\t<\/span>\n\t\t\t<\/div>\n            <div class=\"property-element-inline\">\r\n    <div class=\"property-type-list\"><i class=\"fa fa-tag\"><\/i><a href=\"https:\/\/villasyfincasmallorca.com\/de\/property-type\/stadthaus\/\" rel=\"tag\">Stadthaus<\/a><\/div><div class=\"property-agent\">\r\n    <a href=\"https:\/\/villasyfincasmallorca.com\/en\/agent\/villas-y-fincas-mallorca\/\" title=\"Villas y Fincas Mallorca\">\r\n        <i class=\"fa fa-user\"><\/i>\r\n        <span>Villas y Fincas Mallorca<\/span>\r\n    <\/a>\r\n<\/div>\r\n<div class=\"property-date\">\r\n    <i class=\"fa fa-calendar\"><\/i>\r\n     56\u00a0Jahren .<\/div>\r\n<\/div>\r\n<div class=\"property-excerpt\">\r\n    <p>[vc_row][vc_column][vc_column_text css_animation=&#8220;fadeIn&#8220;]Es gibt Immobilien, die nur einmal pro Generation auf den Markt kommen. Dieses historische Stadthaus zur Renovierung in Ses Salines geh\u00f6rt dazu. Im Jahr 1890 erbaut, mit 274 bereits errichteten Quadratmetern, einem st\u00e4dtischen Grundst\u00fcck von 831 Quadratmetern \u2014 eine wirklich au\u00dfergew\u00f6hnliche Fl\u00e4che im historischen Zentrum eines Dorfes im S\u00fcdosten Mallorcas \u2014 und der architektonischen [&hellip;]<\/p>\n<\/div>\r\n<div class=\"ere__loop-property-info property-info layout-1\">\r\n    <div class=\"property-info-inner\">\r\n        <div class=\"ere__loop-property-info-item property-area\" data-toggle=\"tooltip\" title=\"Bebaute Fl\u00e4che ca.\">\r\n    <i class=\"fa fa-arrows\"><\/i>\r\n    <div class=\"ere__lpi-content\">\r\n        <span class=\"ere__lpi-value\">274 m<sup>2<\/sup><\/span>\r\n        <span class=\"ere__lpi-label\">Bebaute Fl\u00e4che ca.<\/span>\r\n    <\/div>\r\n<\/div>\r\n\r\n<div class=\"ere__loop-property-info-item property-bedrooms\" data-toggle=\"tooltip\" title=\"4 Zimmer\">\r\n    <i class=\"fa fa-hotel\"><\/i>\r\n    <div class=\"ere__lpi-content\">\r\n        <span class=\"ere__lpi-value\">4<\/span>\r\n        <span class=\"ere__lpi-label\">Schlafzimmer<\/span>\r\n    <\/div>\r\n<\/div><div class=\"ere__loop-property-info-item property-bathrooms\" data-toggle=\"tooltip\" title=\"1 Bathrooms\">\r\n    <i class=\"fa fa-bath\"><\/i>\r\n    <div class=\"ere__lpi-content\">\r\n        <span class=\"ere__lpi-value\">1<\/span>\r\n        <span class=\"ere__lpi-label\">Badezimmer<\/span>\r\n    <\/div>\r\n<\/div>\r\n    <\/div>\r\n<\/div>\r\n\n\t\t<\/div>\n\t<\/div>\n<\/div><div class=\"property-item ere-property-is-featured\">\n\t<div class=\"property-inner\">\n        <div class=\"property-image\">\r\n    <img loading=\"lazy\" decoding=\"async\" width=\"330\"\r\n     height=\"180\"\r\n     src=\"https:\/\/villasyfincasmallorca.com\/wp-content\/uploads\/2026\/02\/1500-Modern-town-house-to-rent-in-Santanyi-with-terrace-05_resultado-330x180.png\"\r\n     onerror=\"this.src = 'http:\/\/villasyfincasmallorca.com\/wp-content\/uploads\/2017\/12\/1-VF-2-330x180.jpg';\"\r\n     alt=\"Designer-Stadthaus zur Miete mit Garage und Aufzug nahe der Plaza Mayor von Santany\u00ed\"\r\n     title=\"Designer-Stadthaus zur Miete mit Garage und Aufzug nahe der Plaza Mayor von Santany\u00ed\">\r\n\r\n<div class=\"ere__loop-property-action property-action\">\r\n    <a data-toggle=\"tooltip\"\r\n   title=\"(11) Fotos\"\r\n   data-property-id=\"61805\"\r\n   href=\"javascript:void(0)\" class=\"property-view-gallery ere__loop-property_action-item\">\r\n    <i class=\"fa fa-camera\"><\/i>\r\n<\/a>\r\n<a href=\"javascript:void(0)\" class=\"property-favorite ere__loop-property_action-item\" data-property-id=\"61805\"\r\n   data-toggle=\"tooltip\"\r\n   title=\"Zu den Favoriten hinzuf\u00fcgen\"\r\n   data-title-not-favorite=\"Zu den Favoriten hinzuf\u00fcgen\"\r\n   data-title-favorited=\"It is my favorite\"\r\n   data-icon-not-favorite=\"fa fa-star-o\"\r\n   data-icon-favorited=\"fa fa-star\">\r\n    <i class=\"fa fa-star-o\"><\/i>\r\n<\/a>\r\n<a class=\"compare-property ere__loop-property_action-item\" href=\"javascript:void(0)\"\r\n   data-property-id=\"61805\" data-toggle=\"tooltip\"\r\n   title=\"Vergleichen\">\r\n    <i class=\"fa fa-plus\"><\/i>\r\n<\/a>\r\n<\/div><div class=\"ere__loop-property-badge ere__lpb-featured-label\">\r\n            <span class=\"ere__loop-property-badge-item ere__featured\">\r\n    <span class=\"ere__lpbi-inner\">\r\n        Top    <\/span>\r\n<\/span>\r\n    <\/div>\r\n<div class=\"ere__loop-property-badge ere__lpb-status\">\r\n                    <span style=\"--ere-loop-property-badge-bg-color:,\" class=\"ere__loop-property-badge-item ere__term-status mieten\" >\r\n            <span class=\"ere__lpbi-inner\">\r\n                Mieten            <\/span>\r\n        <\/span>\r\n    <\/div>\r\n<a class=\"property-link\" href=\"https:\/\/villasyfincasmallorca.com\/de\/property\/alquiler-de-casa-de-pueblo-de-diseno-en-santanyi-renovada-con-garaje-y-ascensor-junto-a-la-plaza-mayor\/\" title=\"Designer-Stadthaus zur Miete mit Garage und Aufzug nahe der Plaza Mayor von Santany\u00ed\"><\/a>\r\n<\/div>\r\n\r\n\t\t<div class=\"property-item-content\">\n\t\t\t<div class=\"property-heading\">\n                <h2 class=\"property-title\">\n    <a href=\"https:\/\/villasyfincasmallorca.com\/de\/property\/alquiler-de-casa-de-pueblo-de-diseno-en-santanyi-renovada-con-garaje-y-ascensor-junto-a-la-plaza-mayor\/\" title=\"Designer-Stadthaus zur Miete mit Garage und Aufzug nahe der Plaza Mayor von Santany\u00ed\">Designer-Stadthaus zur Miete mit Garage und Aufzug nahe der Plaza Mayor von Santany\u00ed<\/a>\n<\/h2>\n\t<span class=\"property-price ere__loop-property-price\">\n\t\t\t\t3.500\u20ac\t\t\t<\/span>\n\t\t\t<\/div>\n            <div class=\"property-element-inline\">\r\n    <div class=\"property-type-list\"><i class=\"fa fa-tag\"><\/i><a href=\"https:\/\/villasyfincasmallorca.com\/de\/property-type\/stadthaus\/\" rel=\"tag\">Stadthaus<\/a><\/div><div class=\"property-agent\">\r\n    <a href=\"https:\/\/villasyfincasmallorca.com\/en\/agent\/villas-y-fincas-mallorca\/\" title=\"Villas y Fincas Mallorca\">\r\n        <i class=\"fa fa-user\"><\/i>\r\n        <span>Villas y Fincas Mallorca<\/span>\r\n    <\/a>\r\n<\/div>\r\n<div class=\"property-date\">\r\n    <i class=\"fa fa-calendar\"><\/i>\r\n     56\u00a0Jahren .<\/div>\r\n<\/div>\r\n<div class=\"property-excerpt\">\r\n    <p>[vc_row][vc_column][vc_column_text css_animation=&#8220;fadeIn&#8220;]Es gibt Mietobjekte, die mehr sind als ein Zuhause \u2014 sie sind eine Aussage dar\u00fcber, wie man leben m\u00f6chte. Dieses Designer-Stadthaus zur Miete in Santany\u00ed, vollst\u00e4ndig renoviert und brandneu, geh\u00f6rt zweifellos zu dieser Kategorie. Wenige Schritte von der Plaza Mayor entfernt, im Herzen des historischen Zentrums gelegen, bietet es 190 Quadratmeter, die sich \u00fcber [&hellip;]<\/p>\n<\/div>\r\n<div class=\"ere__loop-property-info property-info layout-1\">\r\n    <div class=\"property-info-inner\">\r\n        <div class=\"ere__loop-property-info-item property-area\" data-toggle=\"tooltip\" title=\"Bebaute Fl\u00e4che ca.\">\r\n    <i class=\"fa fa-arrows\"><\/i>\r\n    <div class=\"ere__lpi-content\">\r\n        <span class=\"ere__lpi-value\">190 m<sup>2<\/sup><\/span>\r\n        <span class=\"ere__lpi-label\">Bebaute Fl\u00e4che ca.<\/span>\r\n    <\/div>\r\n<\/div>\r\n\r\n<div class=\"ere__loop-property-info-item property-bedrooms\" data-toggle=\"tooltip\" title=\"2 Zimmer\">\r\n    <i class=\"fa fa-hotel\"><\/i>\r\n    <div class=\"ere__lpi-content\">\r\n        <span class=\"ere__lpi-value\">2<\/span>\r\n        <span class=\"ere__lpi-label\">Schlafzimmer<\/span>\r\n    <\/div>\r\n<\/div><div class=\"ere__loop-property-info-item property-bathrooms\" data-toggle=\"tooltip\" title=\"2 Badezimmer\">\r\n    <i class=\"fa fa-bath\"><\/i>\r\n    <div class=\"ere__lpi-content\">\r\n        <span class=\"ere__lpi-value\">2<\/span>\r\n        <span class=\"ere__lpi-label\">Badezimmer<\/span>\r\n    <\/div>\r\n<\/div>\r\n    <\/div>\r\n<\/div>\r\n\n\t\t<\/div>\n\t<\/div>\n<\/div><div class=\"property-item ere-property-is-featured\">\n\t<div class=\"property-inner\">\n        <div class=\"property-image\">\r\n    <img loading=\"lazy\" decoding=\"async\" width=\"330\"\r\n     height=\"180\"\r\n     src=\"https:\/\/villasyfincasmallorca.com\/wp-content\/uploads\/2022\/10\/1304-Posesion-historica-en-venta-en-Mallorca-10-Copiar-330x180.jpg\"\r\n     onerror=\"this.src = 'http:\/\/villasyfincasmallorca.com\/wp-content\/uploads\/2017\/12\/1-VF-2-330x180.jpg';\"\r\n     alt=\"Historisches Landgut mit Verteidigungsturm und 311 Hektar mit Meerblick bei Estellencs\"\r\n     title=\"Historisches Landgut mit Verteidigungsturm und 311 Hektar mit Meerblick bei Estellencs\">\r\n\r\n<div class=\"ere__loop-property-action property-action\">\r\n    <a data-toggle=\"tooltip\"\r\n   title=\"(24) Fotos\"\r\n   data-property-id=\"44442\"\r\n   href=\"javascript:void(0)\" class=\"property-view-gallery ere__loop-property_action-item\">\r\n    <i class=\"fa fa-camera\"><\/i>\r\n<\/a>\r\n<a href=\"javascript:void(0)\" class=\"property-favorite ere__loop-property_action-item\" data-property-id=\"44442\"\r\n   data-toggle=\"tooltip\"\r\n   title=\"Zu den Favoriten hinzuf\u00fcgen\"\r\n   data-title-not-favorite=\"Zu den Favoriten hinzuf\u00fcgen\"\r\n   data-title-favorited=\"It is my favorite\"\r\n   data-icon-not-favorite=\"fa fa-star-o\"\r\n   data-icon-favorited=\"fa fa-star\">\r\n    <i class=\"fa fa-star-o\"><\/i>\r\n<\/a>\r\n<a class=\"compare-property ere__loop-property_action-item\" href=\"javascript:void(0)\"\r\n   data-property-id=\"44442\" data-toggle=\"tooltip\"\r\n   title=\"Vergleichen\">\r\n    <i class=\"fa fa-plus\"><\/i>\r\n<\/a>\r\n<\/div><div class=\"ere__loop-property-badge ere__lpb-featured-label\">\r\n            <span class=\"ere__loop-property-badge-item ere__featured\">\r\n    <span class=\"ere__lpbi-inner\">\r\n        Top    <\/span>\r\n<\/span>\r\n    <\/div>\r\n<div class=\"ere__loop-property-badge ere__lpb-status\">\r\n                    <span style=\"--ere-loop-property-badge-bg-color:,\" class=\"ere__loop-property-badge-item ere__term-status kaufen\" >\r\n            <span class=\"ere__lpbi-inner\">\r\n                Kaufen            <\/span>\r\n        <\/span>\r\n    <\/div>\r\n<a class=\"property-link\" href=\"https:\/\/villasyfincasmallorca.com\/de\/property\/einzigartiges-finca-mit-meerblick-zu-verkaufen-in-estellencs\/\" title=\"Historisches Landgut mit Verteidigungsturm und 311 Hektar mit Meerblick bei Estellencs\"><\/a>\r\n<\/div>\r\n\r\n\t\t<div class=\"property-item-content\">\n\t\t\t<div class=\"property-heading\">\n                <h2 class=\"property-title\">\n    <a href=\"https:\/\/villasyfincasmallorca.com\/de\/property\/einzigartiges-finca-mit-meerblick-zu-verkaufen-in-estellencs\/\" title=\"Historisches Landgut mit Verteidigungsturm und 311 Hektar mit Meerblick bei Estellencs\">Historisches Landgut mit Verteidigungsturm und 311 Hektar mit Meerblick bei Estellencs<\/a>\n<\/h2>\n\t<span class=\"property-price ere__loop-property-price\">\n\t\t\t\t12.640.000\u20ac\t\t\t<\/span>\n\t\t\t<\/div>\n            <div class=\"property-element-inline\">\r\n    <div class=\"property-type-list\"><i class=\"fa fa-tag\"><\/i><a href=\"https:\/\/villasyfincasmallorca.com\/de\/property-type\/finca\/\" rel=\"tag\">Finca<\/a><\/div><div class=\"property-agent\">\r\n    <a href=\"https:\/\/villasyfincasmallorca.com\/agent\/villas-y-fincas-mallorca\/\" title=\"Villas y Fincas Mallorca\">\r\n        <i class=\"fa fa-user\"><\/i>\r\n        <span>Villas y Fincas Mallorca<\/span>\r\n    <\/a>\r\n<\/div>\r\n<div class=\"property-date\">\r\n    <i class=\"fa fa-calendar\"><\/i>\r\n     56\u00a0Jahren .<\/div>\r\n<\/div>\r\n<div class=\"property-excerpt\">\r\n    <p>[vc_row][vc_column][vc_video link=&#8220;https:\/\/www.youtube.com\/watch?v=meLcow7LdcU&#8220;][g5plus_space desktop=&#8220;35&#8243; tablet=&#8220;70&#8243; tablet_portrait=&#8220;60&#8243; mobile_landscape=&#8220;50&#8243; mobile=&#8220;40&#8243;][vc_column_text css_animation=&#8220;fadeIn&#8220;]Es gibt Immobilien \u2014 und es gibt Verm\u00e4chtnisse. Dieses historische Landgut mit Meerblick zum Verkauf in der N\u00e4he von Estellencs geh\u00f6rt unzweifelhaft zur zweiten Kategorie. Es ist kein Haus, keine Finca, nicht einmal ein gro\u00dfes l\u00e4ndliches Anwesen: Es ist eine mallorquinische Possessi\u00f3 im tiefsten Sinne des Begriffs \u2014 [&hellip;]<\/p>\n<\/div>\r\n<div class=\"ere__loop-property-info property-info layout-1\">\r\n    <div class=\"property-info-inner\">\r\n        <div class=\"ere__loop-property-info-item property-area\" data-toggle=\"tooltip\" title=\"Bebaute Fl\u00e4che ca.\">\r\n    <i class=\"fa fa-arrows\"><\/i>\r\n    <div class=\"ere__lpi-content\">\r\n        <span class=\"ere__lpi-value\">1.800 m<sup>2<\/sup><\/span>\r\n        <span class=\"ere__lpi-label\">Bebaute Fl\u00e4che ca.<\/span>\r\n    <\/div>\r\n<\/div>\r\n\r\n<div class=\"ere__loop-property-info-item property-bedrooms\" data-toggle=\"tooltip\" title=\"10 Zimmer\">\r\n    <i class=\"fa fa-hotel\"><\/i>\r\n    <div class=\"ere__lpi-content\">\r\n        <span class=\"ere__lpi-value\">10<\/span>\r\n        <span class=\"ere__lpi-label\">Schlafzimmer<\/span>\r\n    <\/div>\r\n<\/div><div class=\"ere__loop-property-info-item property-bathrooms\" data-toggle=\"tooltip\" title=\"1 Bathrooms\">\r\n    <i class=\"fa fa-bath\"><\/i>\r\n    <div class=\"ere__lpi-content\">\r\n        <span class=\"ere__lpi-value\">1<\/span>\r\n        <span class=\"ere__lpi-label\">Badezimmer<\/span>\r\n    <\/div>\r\n<\/div>\r\n    <\/div>\r\n<\/div>\r\n\n\t\t<\/div>\n\t<\/div>\n<\/div><div class=\"property-item ere-property-is-featured\">\n\t<div class=\"property-inner\">\n        <div class=\"property-image\">\r\n    <img loading=\"lazy\" decoding=\"async\" width=\"330\"\r\n     height=\"180\"\r\n     src=\"https:\/\/villasyfincasmallorca.com\/wp-content\/uploads\/2020\/01\/11-1183-Villasyfincasmallorca-330x180.jpg\"\r\n     onerror=\"this.src = 'http:\/\/villasyfincasmallorca.com\/wp-content\/uploads\/2017\/12\/1-VF-2-330x180.jpg';\"\r\n     alt=\"Unm\u00f6blierte 3-Zimmer-Wohnung zur Miete mit Aufzug im Zentrum von Campos\"\r\n     title=\"Unm\u00f6blierte 3-Zimmer-Wohnung zur Miete mit Aufzug im Zentrum von Campos\">\r\n\r\n<div class=\"ere__loop-property-action property-action\">\r\n    <a data-toggle=\"tooltip\"\r\n   title=\"(24) Fotos\"\r\n   data-property-id=\"61395\"\r\n   href=\"javascript:void(0)\" class=\"property-view-gallery ere__loop-property_action-item\">\r\n    <i class=\"fa fa-camera\"><\/i>\r\n<\/a>\r\n<a href=\"javascript:void(0)\" class=\"property-favorite ere__loop-property_action-item\" data-property-id=\"61395\"\r\n   data-toggle=\"tooltip\"\r\n   title=\"Zu den Favoriten hinzuf\u00fcgen\"\r\n   data-title-not-favorite=\"Zu den Favoriten hinzuf\u00fcgen\"\r\n   data-title-favorited=\"It is my favorite\"\r\n   data-icon-not-favorite=\"fa fa-star-o\"\r\n   data-icon-favorited=\"fa fa-star\">\r\n    <i class=\"fa fa-star-o\"><\/i>\r\n<\/a>\r\n<a class=\"compare-property ere__loop-property_action-item\" href=\"javascript:void(0)\"\r\n   data-property-id=\"61395\" data-toggle=\"tooltip\"\r\n   title=\"Vergleichen\">\r\n    <i class=\"fa fa-plus\"><\/i>\r\n<\/a>\r\n<\/div><div class=\"ere__loop-property-badge ere__lpb-featured-label\">\r\n            <span class=\"ere__loop-property-badge-item ere__featured\">\r\n    <span class=\"ere__lpbi-inner\">\r\n        Top    <\/span>\r\n<\/span>\r\n    <\/div>\r\n<div class=\"ere__loop-property-badge ere__lpb-status\">\r\n                    <span style=\"--ere-loop-property-badge-bg-color:,\" class=\"ere__loop-property-badge-item ere__term-status mieten\" >\r\n            <span class=\"ere__lpbi-inner\">\r\n                Mieten            <\/span>\r\n        <\/span>\r\n    <\/div>\r\n<a class=\"property-link\" href=\"https:\/\/villasyfincasmallorca.com\/de\/property\/amplio-piso-en-alquiler-en-campos-2\/\" title=\"Unm\u00f6blierte 3-Zimmer-Wohnung zur Miete mit Aufzug im Zentrum von Campos\"><\/a>\r\n<\/div>\r\n\r\n\t\t<div class=\"property-item-content\">\n\t\t\t<div class=\"property-heading\">\n                <h2 class=\"property-title\">\n    <a href=\"https:\/\/villasyfincasmallorca.com\/de\/property\/amplio-piso-en-alquiler-en-campos-2\/\" title=\"Unm\u00f6blierte 3-Zimmer-Wohnung zur Miete mit Aufzug im Zentrum von Campos\">Unm\u00f6blierte 3-Zimmer-Wohnung zur Miete mit Aufzug im Zentrum von Campos<\/a>\n<\/h2>\n\t<span class=\"property-price ere__loop-property-price\">\n\t\t\t\t1.250\u20ac\t\t\t<\/span>\n\t\t\t<\/div>\n            <div class=\"property-element-inline\">\r\n    <div class=\"property-type-list\"><i class=\"fa fa-tag\"><\/i><a href=\"https:\/\/villasyfincasmallorca.com\/de\/property-type\/wohnung\/\" rel=\"tag\">Wohnung<\/a><\/div><div class=\"property-agent\">\r\n    <a href=\"https:\/\/villasyfincasmallorca.com\/en\/agent\/villas-y-fincas-mallorca\/\" title=\"Villas y Fincas Mallorca\">\r\n        <i class=\"fa fa-user\"><\/i>\r\n        <span>Villas y Fincas Mallorca<\/span>\r\n    <\/a>\r\n<\/div>\r\n<div class=\"property-date\">\r\n    <i class=\"fa fa-calendar\"><\/i>\r\n     56\u00a0Jahren .<\/div>\r\n<\/div>\r\n<div class=\"property-excerpt\">\r\n    <p>[vc_row][vc_column][vc_column_text css_animation=&#8220;fadeIn&#8220;]Eine unm\u00f6blierte Drei-Zimmer-Wohnung zur Miete in Campos zu finden, die in gutem Zustand und bezugsfertig ist, ist auf dem aktuellen Markt im S\u00fcdosten Mallorcas eine echte Gelegenheit. Diese Wohnung im ersten Stock von 100 Quadratmetern bietet genau das: drei Schlafzimmer, zwei vollst\u00e4ndige Badezimmer, eine separate ausgestattete K\u00fcche, einen Au\u00dfenbalkon, einen Aufzug im Geb\u00e4ude, Parkettb\u00f6den, [&hellip;]<\/p>\n<\/div>\r\n<div class=\"ere__loop-property-info property-info layout-1\">\r\n    <div class=\"property-info-inner\">\r\n        <div class=\"ere__loop-property-info-item property-area\" data-toggle=\"tooltip\" title=\"Bebaute Fl\u00e4che ca.\">\r\n    <i class=\"fa fa-arrows\"><\/i>\r\n    <div class=\"ere__lpi-content\">\r\n        <span class=\"ere__lpi-value\">100 m<sup>2<\/sup><\/span>\r\n        <span class=\"ere__lpi-label\">Bebaute Fl\u00e4che ca.<\/span>\r\n    <\/div>\r\n<\/div>\r\n\r\n<div class=\"ere__loop-property-info-item property-bedrooms\" data-toggle=\"tooltip\" title=\"3 Zimmer\">\r\n    <i class=\"fa fa-hotel\"><\/i>\r\n    <div class=\"ere__lpi-content\">\r\n        <span class=\"ere__lpi-value\">3<\/span>\r\n        <span class=\"ere__lpi-label\">Schlafzimmer<\/span>\r\n    <\/div>\r\n<\/div><div class=\"ere__loop-property-info-item property-bathrooms\" data-toggle=\"tooltip\" title=\"2 Badezimmer\">\r\n    <i class=\"fa fa-bath\"><\/i>\r\n    <div class=\"ere__lpi-content\">\r\n        <span class=\"ere__lpi-value\">2<\/span>\r\n        <span class=\"ere__lpi-label\">Badezimmer<\/span>\r\n    <\/div>\r\n<\/div>\r\n    <\/div>\r\n<\/div>\r\n\n\t\t<\/div>\n\t<\/div>\n<\/div><div class=\"property-item ere-property-is-featured\">\n\t<div class=\"property-inner\">\n        <div class=\"property-image\">\r\n    <img loading=\"lazy\" decoding=\"async\" width=\"330\"\r\n     height=\"180\"\r\n     src=\"https:\/\/villasyfincasmallorca.com\/wp-content\/uploads\/2025\/01\/1456-Country-house-for-sale-in-Ses-Salines-11-330x180.png\"\r\n     onerror=\"this.src = 'http:\/\/villasyfincasmallorca.com\/wp-content\/uploads\/2017\/12\/1-VF-2-330x180.jpg';\"\r\n     alt=\"Unfertiges Landhaus mit 20.900 m\u00b2 Grundst\u00fcck nahe Ses Salines\"\r\n     title=\"Unfertiges Landhaus mit 20.900 m\u00b2 Grundst\u00fcck nahe Ses Salines\">\r\n\r\n<div class=\"ere__loop-property-action property-action\">\r\n    <a data-toggle=\"tooltip\"\r\n   title=\"(12) Fotos\"\r\n   data-property-id=\"57349\"\r\n   href=\"javascript:void(0)\" class=\"property-view-gallery ere__loop-property_action-item\">\r\n    <i class=\"fa fa-camera\"><\/i>\r\n<\/a>\r\n<a href=\"javascript:void(0)\" class=\"property-favorite ere__loop-property_action-item\" data-property-id=\"57349\"\r\n   data-toggle=\"tooltip\"\r\n   title=\"Zu den Favoriten hinzuf\u00fcgen\"\r\n   data-title-not-favorite=\"Zu den Favoriten hinzuf\u00fcgen\"\r\n   data-title-favorited=\"It is my favorite\"\r\n   data-icon-not-favorite=\"fa fa-star-o\"\r\n   data-icon-favorited=\"fa fa-star\">\r\n    <i class=\"fa fa-star-o\"><\/i>\r\n<\/a>\r\n<a class=\"compare-property ere__loop-property_action-item\" href=\"javascript:void(0)\"\r\n   data-property-id=\"57349\" data-toggle=\"tooltip\"\r\n   title=\"Vergleichen\">\r\n    <i class=\"fa fa-plus\"><\/i>\r\n<\/a>\r\n<\/div><div class=\"ere__loop-property-badge ere__lpb-featured-label\">\r\n            <span class=\"ere__loop-property-badge-item ere__featured\">\r\n    <span class=\"ere__lpbi-inner\">\r\n        Top    <\/span>\r\n<\/span>\r\n    <\/div>\r\n<div class=\"ere__loop-property-badge ere__lpb-status\">\r\n                    <span style=\"--ere-loop-property-badge-bg-color:,\" class=\"ere__loop-property-badge-item ere__term-status kaufen\" >\r\n            <span class=\"ere__lpbi-inner\">\r\n                Kaufen            <\/span>\r\n        <\/span>\r\n    <\/div>\r\n<a class=\"property-link\" href=\"https:\/\/villasyfincasmallorca.com\/de\/property\/finca-zu-verkaufen-in-der-naehe-von-santanyi-und-ses-salines\/\" title=\"Unfertiges Landhaus mit 20.900 m\u00b2 Grundst\u00fcck nahe Ses Salines\"><\/a>\r\n<\/div>\r\n\r\n\t\t<div class=\"property-item-content\">\n\t\t\t<div class=\"property-heading\">\n                <h2 class=\"property-title\">\n    <a href=\"https:\/\/villasyfincasmallorca.com\/de\/property\/finca-zu-verkaufen-in-der-naehe-von-santanyi-und-ses-salines\/\" title=\"Unfertiges Landhaus mit 20.900 m\u00b2 Grundst\u00fcck nahe Ses Salines\">Unfertiges Landhaus mit 20.900 m\u00b2 Grundst\u00fcck nahe Ses Salines<\/a>\n<\/h2>\n\t<span class=\"property-price ere__loop-property-price\">\n\t\t\t\t870.000\u20ac\t\t\t<\/span>\n\t\t\t<\/div>\n            <div class=\"property-element-inline\">\r\n    <div class=\"property-type-list\"><i class=\"fa fa-tag\"><\/i><a href=\"https:\/\/villasyfincasmallorca.com\/de\/property-type\/finca\/\" rel=\"tag\">Finca<\/a>, <a href=\"https:\/\/villasyfincasmallorca.com\/de\/property-type\/villa-de\/\" rel=\"tag\">Villa<\/a><\/div><div class=\"property-agent\">\r\n    <a href=\"https:\/\/villasyfincasmallorca.com\/agent\/villas-y-fincas-mallorca\/\" title=\"Villas y Fincas Mallorca\">\r\n        <i class=\"fa fa-user\"><\/i>\r\n        <span>Villas y Fincas Mallorca<\/span>\r\n    <\/a>\r\n<\/div>\r\n<div class=\"property-date\">\r\n    <i class=\"fa fa-calendar\"><\/i>\r\n     56\u00a0Jahren .<\/div>\r\n<\/div>\r\n<div class=\"property-excerpt\">\r\n    <p>[vc_row][vc_column][vc_column_text css_animation=&#8220;fadeIn&#8220;] Manche Immobilien kauft man f\u00fcr das, was sie sind; andere f\u00fcr das, was sie werden k\u00f6nnen. Dieses Landhaus zum Verkauf nahe Ses Salines geh\u00f6rt eindeutig zur zweiten Gruppe: ein unfertiges Haus mit 180 Quadratmetern auf zwei Etagen, gelegen auf einem l\u00e4ndlichen Grundst\u00fcck von mehr als 20.900 Quadratmetern in einer der begehrtesten Lagen im [&hellip;]<\/p>\n<\/div>\r\n<div class=\"ere__loop-property-info property-info layout-1\">\r\n    <div class=\"property-info-inner\">\r\n        <div class=\"ere__loop-property-info-item property-area\" data-toggle=\"tooltip\" title=\"Bebaute Fl\u00e4che ca.\">\r\n    <i class=\"fa fa-arrows\"><\/i>\r\n    <div class=\"ere__lpi-content\">\r\n        <span class=\"ere__lpi-value\">180 m<sup>2<\/sup><\/span>\r\n        <span class=\"ere__lpi-label\">Bebaute Fl\u00e4che ca.<\/span>\r\n    <\/div>\r\n<\/div>\r\n\r\n<div class=\"ere__loop-property-info-item property-bedrooms\" data-toggle=\"tooltip\" title=\"3 Zimmer\">\r\n    <i class=\"fa fa-hotel\"><\/i>\r\n    <div class=\"ere__lpi-content\">\r\n        <span class=\"ere__lpi-value\">3<\/span>\r\n        <span class=\"ere__lpi-label\">Schlafzimmer<\/span>\r\n    <\/div>\r\n<\/div><div class=\"ere__loop-property-info-item property-bathrooms\" data-toggle=\"tooltip\" title=\"3 Badezimmer\">\r\n    <i class=\"fa fa-bath\"><\/i>\r\n    <div class=\"ere__lpi-content\">\r\n        <span class=\"ere__lpi-value\">3<\/span>\r\n        <span class=\"ere__lpi-label\">Badezimmer<\/span>\r\n    <\/div>\r\n<\/div>\r\n    <\/div>\r\n<\/div>\r\n\n\t\t<\/div>\n\t<\/div>\n<\/div><div class=\"property-item ere-property-is-featured\">\n\t<div class=\"property-inner\">\n        <div class=\"property-image\">\r\n    <img loading=\"lazy\" decoding=\"async\" width=\"330\"\r\n     height=\"180\"\r\n     src=\"https:\/\/villasyfincasmallorca.com\/wp-content\/uploads\/2025\/12\/IMG_001_AEREA_POST_resultado-330x180.jpg\"\r\n     onerror=\"this.src = 'http:\/\/villasyfincasmallorca.com\/wp-content\/uploads\/2017\/12\/1-VF-2-330x180.jpg';\"\r\n     alt=\"L\u00e4ndliches Grundst\u00fcck 14.700 m\u00b2 mit Projekt und Stromversorgung neben Ses Salines\"\r\n     title=\"L\u00e4ndliches Grundst\u00fcck 14.700 m\u00b2 mit Projekt und Stromversorgung neben Ses Salines\">\r\n\r\n<div class=\"ere__loop-property-action property-action\">\r\n    <a data-toggle=\"tooltip\"\r\n   title=\"(18) Fotos\"\r\n   data-property-id=\"61249\"\r\n   href=\"javascript:void(0)\" class=\"property-view-gallery ere__loop-property_action-item\">\r\n    <i class=\"fa fa-camera\"><\/i>\r\n<\/a>\r\n<a href=\"javascript:void(0)\" class=\"property-favorite ere__loop-property_action-item\" data-property-id=\"61249\"\r\n   data-toggle=\"tooltip\"\r\n   title=\"Zu den Favoriten hinzuf\u00fcgen\"\r\n   data-title-not-favorite=\"Zu den Favoriten hinzuf\u00fcgen\"\r\n   data-title-favorited=\"It is my favorite\"\r\n   data-icon-not-favorite=\"fa fa-star-o\"\r\n   data-icon-favorited=\"fa fa-star\">\r\n    <i class=\"fa fa-star-o\"><\/i>\r\n<\/a>\r\n<a class=\"compare-property ere__loop-property_action-item\" href=\"javascript:void(0)\"\r\n   data-property-id=\"61249\" data-toggle=\"tooltip\"\r\n   title=\"Vergleichen\">\r\n    <i class=\"fa fa-plus\"><\/i>\r\n<\/a>\r\n<\/div><div class=\"ere__loop-property-badge ere__lpb-featured-label\">\r\n            <span class=\"ere__loop-property-badge-item ere__featured\">\r\n    <span class=\"ere__lpbi-inner\">\r\n        Top    <\/span>\r\n<\/span>\r\n    <\/div>\r\n<div class=\"ere__loop-property-badge ere__lpb-status\">\r\n                    <span style=\"--ere-loop-property-badge-bg-color:,\" class=\"ere__loop-property-badge-item ere__term-status kaufen\" >\r\n            <span class=\"ere__lpbi-inner\">\r\n                Kaufen            <\/span>\r\n        <\/span>\r\n    <\/div>\r\n<a class=\"property-link\" href=\"https:\/\/villasyfincasmallorca.com\/de\/property\/rustikales-grundstueck-zum-verkauf-mit-projekt-und-strom-nahe-ses-salines-in-campos\/\" title=\"L\u00e4ndliches Grundst\u00fcck 14.700 m\u00b2 mit Projekt und Stromversorgung neben Ses Salines\"><\/a>\r\n<\/div>\r\n\r\n\t\t<div class=\"property-item-content\">\n\t\t\t<div class=\"property-heading\">\n                <h2 class=\"property-title\">\n    <a href=\"https:\/\/villasyfincasmallorca.com\/de\/property\/rustikales-grundstueck-zum-verkauf-mit-projekt-und-strom-nahe-ses-salines-in-campos\/\" title=\"L\u00e4ndliches Grundst\u00fcck 14.700 m\u00b2 mit Projekt und Stromversorgung neben Ses Salines\">L\u00e4ndliches Grundst\u00fcck 14.700 m\u00b2 mit Projekt und Stromversorgung neben Ses Salines<\/a>\n<\/h2>\n\t<span class=\"property-price ere__loop-property-price\">\n\t\t\t\t650.000\u20ac\t\t\t<\/span>\n\t\t\t<\/div>\n            <div class=\"property-element-inline\">\r\n    <div class=\"property-type-list\"><i class=\"fa fa-tag\"><\/i><a href=\"https:\/\/villasyfincasmallorca.com\/de\/property-type\/grundstucke\/\" rel=\"tag\">Grundst\u00fccke<\/a><\/div><div class=\"property-agent\">\r\n    <a href=\"https:\/\/villasyfincasmallorca.com\/en\/agent\/villas-y-fincas-mallorca\/\" title=\"Villas y Fincas Mallorca\">\r\n        <i class=\"fa fa-user\"><\/i>\r\n        <span>Villas y Fincas Mallorca<\/span>\r\n    <\/a>\r\n<\/div>\r\n<div class=\"property-date\">\r\n    <i class=\"fa fa-calendar\"><\/i>\r\n     56\u00a0Jahren .<\/div>\r\n<\/div>\r\n<div class=\"property-excerpt\">\r\n    <p>[vc_row][vc_column][vc_column_text css_animation=&#8220;fadeIn&#8220;]Ein l\u00e4ndliches Grundst\u00fcck zum Verkauf im S\u00fcdosten Mallorcas mit drei kombinierten Vorteilen zu finden \u2014 eine gro\u00dfz\u00fcgige Fl\u00e4che, ein bereits entwickeltes Architekturprojekt und verf\u00fcgbare Stromversorgung \u2014 ist auf dem heutigen Markt nicht allt\u00e4glich. Dieses l\u00e4ndliche Grundst\u00fcck von etwa 14.700 Quadratmetern, gelegen in der Gemeinde Campos, direkt neben Ses Salines, bietet genau diese Kombination. Eine [&hellip;]<\/p>\n<\/div>\r\n<div class=\"ere__loop-property-info property-info layout-1\">\r\n    <div class=\"property-info-inner\">\r\n            <\/div>\r\n<\/div>\r\n\n\t\t<\/div>\n\t<\/div>\n<\/div><div class=\"property-item ere-property-is-featured\">\n\t<div class=\"property-inner\">\n        <div class=\"property-image\">\r\n    <img loading=\"lazy\" decoding=\"async\" width=\"330\"\r\n     height=\"180\"\r\n     src=\"https:\/\/villasyfincasmallorca.com\/wp-content\/uploads\/2025\/11\/01_4-330x180.jpg\"\r\n     onerror=\"this.src = 'http:\/\/villasyfincasmallorca.com\/wp-content\/uploads\/2017\/12\/1-VF-2-330x180.jpg';\"\r\n     alt=\"Neugebautes Stadthaus mit Pool und Dachterrasse in Ses Salines\"\r\n     title=\"Neugebautes Stadthaus mit Pool und Dachterrasse in Ses Salines\">\r\n\r\n<div class=\"ere__loop-property-action property-action\">\r\n    <a data-toggle=\"tooltip\"\r\n   title=\"(8) Fotos\"\r\n   data-property-id=\"61151\"\r\n   href=\"javascript:void(0)\" class=\"property-view-gallery ere__loop-property_action-item\">\r\n    <i class=\"fa fa-camera\"><\/i>\r\n<\/a>\r\n<a href=\"javascript:void(0)\" class=\"property-favorite ere__loop-property_action-item\" data-property-id=\"61151\"\r\n   data-toggle=\"tooltip\"\r\n   title=\"Zu den Favoriten hinzuf\u00fcgen\"\r\n   data-title-not-favorite=\"Zu den Favoriten hinzuf\u00fcgen\"\r\n   data-title-favorited=\"It is my favorite\"\r\n   data-icon-not-favorite=\"fa fa-star-o\"\r\n   data-icon-favorited=\"fa fa-star\">\r\n    <i class=\"fa fa-star-o\"><\/i>\r\n<\/a>\r\n<a class=\"compare-property ere__loop-property_action-item\" href=\"javascript:void(0)\"\r\n   data-property-id=\"61151\" data-toggle=\"tooltip\"\r\n   title=\"Vergleichen\">\r\n    <i class=\"fa fa-plus\"><\/i>\r\n<\/a>\r\n<\/div><div class=\"ere__loop-property-badge ere__lpb-featured-label\">\r\n            <span class=\"ere__loop-property-badge-item ere__featured\">\r\n    <span class=\"ere__lpbi-inner\">\r\n        Top    <\/span>\r\n<\/span>\r\n    <\/div>\r\n<div class=\"ere__loop-property-badge ere__lpb-status\">\r\n                    <span style=\"--ere-loop-property-badge-bg-color:,\" class=\"ere__loop-property-badge-item ere__term-status kaufen\" >\r\n            <span class=\"ere__lpbi-inner\">\r\n                Kaufen            <\/span>\r\n        <\/span>\r\n    <\/div>\r\n<a class=\"property-link\" href=\"https:\/\/villasyfincasmallorca.com\/de\/property\/neubau-stadthaus-mit-patio-pool-und-dachterrasse-in-ses-salines\/\" title=\"Neugebautes Stadthaus mit Pool und Dachterrasse in Ses Salines\"><\/a>\r\n<\/div>\r\n\r\n\t\t<div class=\"property-item-content\">\n\t\t\t<div class=\"property-heading\">\n                <h2 class=\"property-title\">\n    <a href=\"https:\/\/villasyfincasmallorca.com\/de\/property\/neubau-stadthaus-mit-patio-pool-und-dachterrasse-in-ses-salines\/\" title=\"Neugebautes Stadthaus mit Pool und Dachterrasse in Ses Salines\">Neugebautes Stadthaus mit Pool und Dachterrasse in Ses Salines<\/a>\n<\/h2>\n\t<span class=\"property-price ere__loop-property-price\">\n\t\t\t\t1.190.000\u20ac\t\t\t<\/span>\n\t\t\t<\/div>\n            <div class=\"property-element-inline\">\r\n    <div class=\"property-type-list\"><i class=\"fa fa-tag\"><\/i><a href=\"https:\/\/villasyfincasmallorca.com\/de\/property-type\/stadthaus\/\" rel=\"tag\">Stadthaus<\/a><\/div><div class=\"property-agent\">\r\n    <a href=\"https:\/\/villasyfincasmallorca.com\/en\/agent\/villas-y-fincas-mallorca\/\" title=\"Villas y Fincas Mallorca\">\r\n        <i class=\"fa fa-user\"><\/i>\r\n        <span>Villas y Fincas Mallorca<\/span>\r\n    <\/a>\r\n<\/div>\r\n<div class=\"property-date\">\r\n    <i class=\"fa fa-calendar\"><\/i>\r\n     56\u00a0Jahren .<\/div>\r\n<\/div>\r\n<div class=\"property-excerpt\">\r\n    <p>[vc_row][vc_column][vc_column_text css_animation=&#8220;fadeIn&#8220;]Manche Immobilien versteht man bereits beim \u00dcberschreiten der Schwelle. Dieses neugebaute Stadthaus in Ses Salines geh\u00f6rt dazu. Im Herzen des Dorfes gelegen \u2014 in einem der authentischsten und besterhaltenen Orte im S\u00fcdosten Mallorcas \u2014 wurde es von Grund auf f\u00fcr all jene konzipiert, die ein nagelneues Zuhause ohne Kompromisse beziehen m\u00f6chten: zeitgen\u00f6ssische Architektur, hochwertige [&hellip;]<\/p>\n<\/div>\r\n<div class=\"ere__loop-property-info property-info layout-1\">\r\n    <div class=\"property-info-inner\">\r\n        <div class=\"ere__loop-property-info-item property-area\" data-toggle=\"tooltip\" title=\"Bebaute Fl\u00e4che ca.\">\r\n    <i class=\"fa fa-arrows\"><\/i>\r\n    <div class=\"ere__lpi-content\">\r\n        <span class=\"ere__lpi-value\">134 m<sup>2<\/sup><\/span>\r\n        <span class=\"ere__lpi-label\">Bebaute Fl\u00e4che ca.<\/span>\r\n    <\/div>\r\n<\/div>\r\n\r\n<div class=\"ere__loop-property-info-item property-bedrooms\" data-toggle=\"tooltip\" title=\"2 Zimmer\">\r\n    <i class=\"fa fa-hotel\"><\/i>\r\n    <div class=\"ere__lpi-content\">\r\n        <span class=\"ere__lpi-value\">2<\/span>\r\n        <span class=\"ere__lpi-label\">Schlafzimmer<\/span>\r\n    <\/div>\r\n<\/div><div class=\"ere__loop-property-info-item property-bathrooms\" data-toggle=\"tooltip\" title=\"2 Badezimmer\">\r\n    <i class=\"fa fa-bath\"><\/i>\r\n    <div class=\"ere__lpi-content\">\r\n        <span class=\"ere__lpi-value\">2<\/span>\r\n        <span class=\"ere__lpi-label\">Badezimmer<\/span>\r\n    <\/div>\r\n<\/div>\r\n    <\/div>\r\n<\/div>\r\n\n\t\t<\/div>\n\t<\/div>\n<\/div><div class=\"property-item ere-property-is-featured\">\n\t<div class=\"property-inner\">\n        <div class=\"property-image\">\r\n    <img loading=\"lazy\" decoding=\"async\" width=\"330\"\r\n     height=\"180\"\r\n     src=\"https:\/\/villasyfincasmallorca.com\/wp-content\/uploads\/2025\/07\/01-FACHADA-scaled-330x180.jpg\"\r\n     onerror=\"this.src = 'http:\/\/villasyfincasmallorca.com\/wp-content\/uploads\/2017\/12\/1-VF-2-330x180.jpg';\"\r\n     alt=\"Neubau-Stadthaus in Ses Salines mit Garten, Pool und Garage\"\r\n     title=\"Neubau-Stadthaus in Ses Salines mit Garten, Pool und Garage\">\r\n\r\n<div class=\"ere__loop-property-action property-action\">\r\n    <a data-toggle=\"tooltip\"\r\n   title=\"(8) Fotos\"\r\n   data-property-id=\"60214\"\r\n   href=\"javascript:void(0)\" class=\"property-view-gallery ere__loop-property_action-item\">\r\n    <i class=\"fa fa-camera\"><\/i>\r\n<\/a>\r\n<a href=\"javascript:void(0)\" class=\"property-favorite ere__loop-property_action-item\" data-property-id=\"60214\"\r\n   data-toggle=\"tooltip\"\r\n   title=\"Zu den Favoriten hinzuf\u00fcgen\"\r\n   data-title-not-favorite=\"Zu den Favoriten hinzuf\u00fcgen\"\r\n   data-title-favorited=\"It is my favorite\"\r\n   data-icon-not-favorite=\"fa fa-star-o\"\r\n   data-icon-favorited=\"fa fa-star\">\r\n    <i class=\"fa fa-star-o\"><\/i>\r\n<\/a>\r\n<a class=\"compare-property ere__loop-property_action-item\" href=\"javascript:void(0)\"\r\n   data-property-id=\"60214\" data-toggle=\"tooltip\"\r\n   title=\"Vergleichen\">\r\n    <i class=\"fa fa-plus\"><\/i>\r\n<\/a>\r\n<\/div><div class=\"ere__loop-property-badge ere__lpb-featured-label\">\r\n            <span class=\"ere__loop-property-badge-item ere__featured\">\r\n    <span class=\"ere__lpbi-inner\">\r\n        Top    <\/span>\r\n<\/span>\r\n    <\/div>\r\n<div class=\"ere__loop-property-badge ere__lpb-status\">\r\n                    <span style=\"--ere-loop-property-badge-bg-color:,\" class=\"ere__loop-property-badge-item ere__term-status kaufen\" >\r\n            <span class=\"ere__lpbi-inner\">\r\n                Kaufen            <\/span>\r\n        <\/span>\r\n    <\/div>\r\n<a class=\"property-link\" href=\"https:\/\/villasyfincasmallorca.com\/de\/property\/neubau-stadthaus-in-ses-salines-mit-garten-pool-und-garage\/\" title=\"Neubau-Stadthaus in Ses Salines mit Garten, Pool und Garage\"><\/a>\r\n<\/div>\r\n\r\n\t\t<div class=\"property-item-content\">\n\t\t\t<div class=\"property-heading\">\n                <h2 class=\"property-title\">\n    <a href=\"https:\/\/villasyfincasmallorca.com\/de\/property\/neubau-stadthaus-in-ses-salines-mit-garten-pool-und-garage\/\" title=\"Neubau-Stadthaus in Ses Salines mit Garten, Pool und Garage\">Neubau-Stadthaus in Ses Salines mit Garten, Pool und Garage<\/a>\n<\/h2>\n\t<span class=\"property-price ere__loop-property-price\">\n\t\t\t\t725.000\u20ac\t\t\t<\/span>\n\t\t\t<\/div>\n            <div class=\"property-element-inline\">\r\n    <div class=\"property-type-list\"><i class=\"fa fa-tag\"><\/i><a href=\"https:\/\/villasyfincasmallorca.com\/de\/property-type\/stadthaus\/\" rel=\"tag\">Stadthaus<\/a><\/div><div class=\"property-agent\">\r\n    <a href=\"https:\/\/villasyfincasmallorca.com\/agent\/villas-y-fincas-mallorca\/\" title=\"Villas y Fincas Mallorca\">\r\n        <i class=\"fa fa-user\"><\/i>\r\n        <span>Villas y Fincas Mallorca<\/span>\r\n    <\/a>\r\n<\/div>\r\n<div class=\"property-date\">\r\n    <i class=\"fa fa-calendar\"><\/i>\r\n     56\u00a0Jahren .<\/div>\r\n<\/div>\r\n<div class=\"property-excerpt\">\r\n    <p>[vc_row][vc_column][vc_column_text css_animation=&#8220;fadeIn&#8220;]Ein neu gebautes Stadthaus in Ses Salines zu finden, das privaten Garten, Pool und Garage in sich vereint, bezugsfertig ist und dabei im S\u00fcdosten Mallorcas liegt \u2014 das ist eine Kombination, die sich selten gleichzeitig ergibt. Dieses Haus bietet genau das: 145 Quadratmeter zeitgen\u00f6ssischer Bauweise auf einem 170-Quadratmeter-Grundst\u00fcck, drei Doppelschlafzimmer, zwei vollst\u00e4ndige B\u00e4der und [&hellip;]<\/p>\n<\/div>\r\n<div class=\"ere__loop-property-info property-info layout-1\">\r\n    <div class=\"property-info-inner\">\r\n        <div class=\"ere__loop-property-info-item property-area\" data-toggle=\"tooltip\" title=\"Bebaute Fl\u00e4che ca.\">\r\n    <i class=\"fa fa-arrows\"><\/i>\r\n    <div class=\"ere__lpi-content\">\r\n        <span class=\"ere__lpi-value\">145 m<sup>2<\/sup><\/span>\r\n        <span class=\"ere__lpi-label\">Bebaute Fl\u00e4che ca.<\/span>\r\n    <\/div>\r\n<\/div>\r\n\r\n<div class=\"ere__loop-property-info-item property-bedrooms\" data-toggle=\"tooltip\" title=\"3 Zimmer\">\r\n    <i class=\"fa fa-hotel\"><\/i>\r\n    <div class=\"ere__lpi-content\">\r\n        <span class=\"ere__lpi-value\">3<\/span>\r\n        <span class=\"ere__lpi-label\">Schlafzimmer<\/span>\r\n    <\/div>\r\n<\/div><div class=\"ere__loop-property-info-item property-bathrooms\" data-toggle=\"tooltip\" title=\"2 Badezimmer\">\r\n    <i class=\"fa fa-bath\"><\/i>\r\n    <div class=\"ere__lpi-content\">\r\n        <span class=\"ere__lpi-value\">2<\/span>\r\n        <span class=\"ere__lpi-label\">Badezimmer<\/span>\r\n    <\/div>\r\n<\/div>\r\n    <\/div>\r\n<\/div>\r\n\n\t\t<\/div>\n\t<\/div>\n<\/div><div class=\"property-item ere-property-is-featured\">\n\t<div class=\"property-inner\">\n        <div class=\"property-image\">\r\n    <img loading=\"lazy\" decoding=\"async\" width=\"330\"\r\n     height=\"180\"\r\n     src=\"https:\/\/villasyfincasmallorca.com\/wp-content\/uploads\/2025\/07\/Beautiful-Country-Estate-in-Cala-San-Vicenc-Pollenca-for-sale-02-330x180.jpg\"\r\n     onerror=\"this.src = 'http:\/\/villasyfincasmallorca.com\/wp-content\/uploads\/2017\/12\/1-VF-2-330x180.jpg';\"\r\n     alt=\"Ca&#8217;n Martorellet: historische Possessi\u00f3 aus dem 13. Jh. mit 244 Hektar in Pollen\u00e7a\"\r\n     title=\"Ca&#8217;n Martorellet: historische Possessi\u00f3 aus dem 13. Jh. mit 244 Hektar in Pollen\u00e7a\">\r\n\r\n<div class=\"ere__loop-property-action property-action\">\r\n    <a data-toggle=\"tooltip\"\r\n   title=\"(23) Fotos\"\r\n   data-property-id=\"60182\"\r\n   href=\"javascript:void(0)\" class=\"property-view-gallery ere__loop-property_action-item\">\r\n    <i class=\"fa fa-camera\"><\/i>\r\n<\/a>\r\n<a href=\"javascript:void(0)\" class=\"property-favorite ere__loop-property_action-item\" data-property-id=\"60182\"\r\n   data-toggle=\"tooltip\"\r\n   title=\"Zu den Favoriten hinzuf\u00fcgen\"\r\n   data-title-not-favorite=\"Zu den Favoriten hinzuf\u00fcgen\"\r\n   data-title-favorited=\"It is my favorite\"\r\n   data-icon-not-favorite=\"fa fa-star-o\"\r\n   data-icon-favorited=\"fa fa-star\">\r\n    <i class=\"fa fa-star-o\"><\/i>\r\n<\/a>\r\n<a class=\"compare-property ere__loop-property_action-item\" href=\"javascript:void(0)\"\r\n   data-property-id=\"60182\" data-toggle=\"tooltip\"\r\n   title=\"Vergleichen\">\r\n    <i class=\"fa fa-plus\"><\/i>\r\n<\/a>\r\n<\/div><div class=\"ere__loop-property-badge ere__lpb-featured-label\">\r\n            <span class=\"ere__loop-property-badge-item ere__featured\">\r\n    <span class=\"ere__lpbi-inner\">\r\n        Top    <\/span>\r\n<\/span>\r\n    <\/div>\r\n<div class=\"ere__loop-property-badge ere__lpb-status\">\r\n                    <span style=\"--ere-loop-property-badge-bg-color:,\" class=\"ere__loop-property-badge-item ere__term-status kaufen\" >\r\n            <span class=\"ere__lpbi-inner\">\r\n                Kaufen            <\/span>\r\n        <\/span>\r\n    <\/div>\r\n<a class=\"property-link\" href=\"https:\/\/villasyfincasmallorca.com\/de\/property\/historisches-anwesen-in-pollenca-zur-renovierung-mit-ueber-830-m%c2%b2-bebauter-flaeche-und-einzigartigem-potenzial\/\" title=\"Ca&#8217;n Martorellet: historische Possessi\u00f3 aus dem 13. Jh. mit 244 Hektar in Pollen\u00e7a\"><\/a>\r\n<\/div>\r\n\r\n\t\t<div class=\"property-item-content\">\n\t\t\t<div class=\"property-heading\">\n                <h2 class=\"property-title\">\n    <a href=\"https:\/\/villasyfincasmallorca.com\/de\/property\/historisches-anwesen-in-pollenca-zur-renovierung-mit-ueber-830-m%c2%b2-bebauter-flaeche-und-einzigartigem-potenzial\/\" title=\"Ca&#8217;n Martorellet: historische Possessi\u00f3 aus dem 13. Jh. mit 244 Hektar in Pollen\u00e7a\">Ca&#8217;n Martorellet: historische Possessi\u00f3 aus dem 13. Jh. mit 244 Hektar in Pollen\u00e7a<\/a>\n<\/h2>\n\t<span class=\"property-price ere__loop-property-price\">\n\t\t\t\t6.500.000\u20ac\t\t\t<\/span>\n\t\t\t<\/div>\n            <div class=\"property-element-inline\">\r\n    <div class=\"property-type-list\"><i class=\"fa fa-tag\"><\/i><a href=\"https:\/\/villasyfincasmallorca.com\/de\/property-type\/finca\/\" rel=\"tag\">Finca<\/a><\/div><div class=\"property-agent\">\r\n    <a href=\"https:\/\/villasyfincasmallorca.com\/agent\/villas-y-fincas-mallorca\/\" title=\"Villas y Fincas Mallorca\">\r\n        <i class=\"fa fa-user\"><\/i>\r\n        <span>Villas y Fincas Mallorca<\/span>\r\n    <\/a>\r\n<\/div>\r\n<div class=\"property-date\">\r\n    <i class=\"fa fa-calendar\"><\/i>\r\n     56\u00a0Jahren .<\/div>\r\n<\/div>\r\n<div class=\"property-excerpt\">\r\n    <p>[vc_row][vc_column][vc_column_text css_animation=&#8220;fadeIn&#8220;]Es gibt Immobilien, und es gibt Verm\u00e4chtnisse. Diese historische Possessi\u00f3 mit mehr als 800 Jahren dokumentierter Geschichte zum Verkauf im Vall de Sant Vicen\u00e7, neben Pollen\u00e7a, geh\u00f6rt zweifelsohne zur zweiten Kategorie. Es ist kein Haus, kein Landgut, nicht einmal eine gro\u00dfe l\u00e4ndliche Immobilie: Es ist Ca&#8217;n Martorellet, ein mallorquinisches herrschaftliches Landgut im tiefsten Sinne [&hellip;]<\/p>\n<\/div>\r\n<div class=\"ere__loop-property-info property-info layout-1\">\r\n    <div class=\"property-info-inner\">\r\n        <div class=\"ere__loop-property-info-item property-area\" data-toggle=\"tooltip\" title=\"Bebaute Fl\u00e4che ca.\">\r\n    <i class=\"fa fa-arrows\"><\/i>\r\n    <div class=\"ere__lpi-content\">\r\n        <span class=\"ere__lpi-value\">831 m<sup>2<\/sup><\/span>\r\n        <span class=\"ere__lpi-label\">Bebaute Fl\u00e4che ca.<\/span>\r\n    <\/div>\r\n<\/div>\r\n\r\n<div class=\"ere__loop-property-info-item property-bedrooms\" data-toggle=\"tooltip\" title=\"9 Zimmer\">\r\n    <i class=\"fa fa-hotel\"><\/i>\r\n    <div class=\"ere__lpi-content\">\r\n        <span class=\"ere__lpi-value\">9<\/span>\r\n        <span class=\"ere__lpi-label\">Schlafzimmer<\/span>\r\n    <\/div>\r\n<\/div><div class=\"ere__loop-property-info-item property-bathrooms\" data-toggle=\"tooltip\" title=\"6 Badezimmer\">\r\n    <i class=\"fa fa-bath\"><\/i>\r\n    <div class=\"ere__lpi-content\">\r\n        <span class=\"ere__lpi-value\">6<\/span>\r\n        <span class=\"ere__lpi-label\">Badezimmer<\/span>\r\n    <\/div>\r\n<\/div>\r\n    <\/div>\r\n<\/div>\r\n\n\t\t<\/div>\n\t<\/div>\n<\/div><div class=\"property-item ere-property-is-featured\">\n\t<div class=\"property-inner\">\n        <div class=\"property-image\">\r\n    <img loading=\"lazy\" decoding=\"async\" width=\"330\"\r\n     height=\"180\"\r\n     src=\"https:\/\/villasyfincasmallorca.com\/wp-content\/uploads\/2025\/07\/2-330x180.png\"\r\n     onerror=\"this.src = 'http:\/\/villasyfincasmallorca.com\/wp-content\/uploads\/2017\/12\/1-VF-2-330x180.jpg';\"\r\n     alt=\"Stadthaus mit 215 m\u00b2, zwei Grundbucheintr\u00e4gen und doppeltem Zugang in Ses Salines\"\r\n     title=\"Stadthaus mit 215 m\u00b2, zwei Grundbucheintr\u00e4gen und doppeltem Zugang in Ses Salines\">\r\n\r\n<div class=\"ere__loop-property-action property-action\">\r\n    <a data-toggle=\"tooltip\"\r\n   title=\"(31) Fotos\"\r\n   data-property-id=\"59817\"\r\n   href=\"javascript:void(0)\" class=\"property-view-gallery ere__loop-property_action-item\">\r\n    <i class=\"fa fa-camera\"><\/i>\r\n<\/a>\r\n<a href=\"javascript:void(0)\" class=\"property-favorite ere__loop-property_action-item\" data-property-id=\"59817\"\r\n   data-toggle=\"tooltip\"\r\n   title=\"Zu den Favoriten hinzuf\u00fcgen\"\r\n   data-title-not-favorite=\"Zu den Favoriten hinzuf\u00fcgen\"\r\n   data-title-favorited=\"It is my favorite\"\r\n   data-icon-not-favorite=\"fa fa-star-o\"\r\n   data-icon-favorited=\"fa fa-star\">\r\n    <i class=\"fa fa-star-o\"><\/i>\r\n<\/a>\r\n<a class=\"compare-property ere__loop-property_action-item\" href=\"javascript:void(0)\"\r\n   data-property-id=\"59817\" data-toggle=\"tooltip\"\r\n   title=\"Vergleichen\">\r\n    <i class=\"fa fa-plus\"><\/i>\r\n<\/a>\r\n<\/div><div class=\"ere__loop-property-badge ere__lpb-featured-label\">\r\n            <span class=\"ere__loop-property-badge-item ere__featured\">\r\n    <span class=\"ere__lpbi-inner\">\r\n        Top    <\/span>\r\n<\/span>\r\n    <\/div>\r\n<div class=\"ere__loop-property-badge ere__lpb-status\">\r\n                    <span style=\"--ere-loop-property-badge-bg-color:,\" class=\"ere__loop-property-badge-item ere__term-status kaufen\" >\r\n            <span class=\"ere__lpbi-inner\">\r\n                Kaufen            <\/span>\r\n        <\/span>\r\n    <\/div>\r\n<a class=\"property-link\" href=\"https:\/\/villasyfincasmallorca.com\/de\/property\/vielseitiges-dorfhaus-mit-zwei-etagen-und-terrasse-im-zentrum-von-ses-salines-zu-verkaufen\/\" title=\"Stadthaus mit 215 m\u00b2, zwei Grundbucheintr\u00e4gen und doppeltem Zugang in Ses Salines\"><\/a>\r\n<\/div>\r\n\r\n\t\t<div class=\"property-item-content\">\n\t\t\t<div class=\"property-heading\">\n                <h2 class=\"property-title\">\n    <a href=\"https:\/\/villasyfincasmallorca.com\/de\/property\/vielseitiges-dorfhaus-mit-zwei-etagen-und-terrasse-im-zentrum-von-ses-salines-zu-verkaufen\/\" title=\"Stadthaus mit 215 m\u00b2, zwei Grundbucheintr\u00e4gen und doppeltem Zugang in Ses Salines\">Stadthaus mit 215 m\u00b2, zwei Grundbucheintr\u00e4gen und doppeltem Zugang in Ses Salines<\/a>\n<\/h2>\n\t<span class=\"property-price ere__loop-property-price\">\n\t\t\t\t475.000\u20ac\t\t\t<\/span>\n\t\t\t<\/div>\n            <div class=\"property-element-inline\">\r\n    <div class=\"property-type-list\"><i class=\"fa fa-tag\"><\/i><a href=\"https:\/\/villasyfincasmallorca.com\/de\/property-type\/stadthaus\/\" rel=\"tag\">Stadthaus<\/a><\/div><div class=\"property-agent\">\r\n    <a href=\"https:\/\/villasyfincasmallorca.com\/agent\/villas-y-fincas-mallorca\/\" title=\"Villas y Fincas Mallorca\">\r\n        <i class=\"fa fa-user\"><\/i>\r\n        <span>Villas y Fincas Mallorca<\/span>\r\n    <\/a>\r\n<\/div>\r\n<div class=\"property-date\">\r\n    <i class=\"fa fa-calendar\"><\/i>\r\n     56\u00a0Jahren .<\/div>\r\n<\/div>\r\n<div class=\"property-excerpt\">\r\n    <p>[vc_row][vc_column][vc_column_text css_animation=&#8220;fadeIn&#8220;]Es gibt konventionelle Immobilien und es gibt Immobilien mit echter Nutzungsflexibilit\u00e4t. Dieses Stadthaus zum Verkauf in Ses Salines geh\u00f6rt eindeutig zur zweiten Kategorie: 215 Quadratmeter Wohnfl\u00e4che verteilt auf zwei Etagen, drei Schlafzimmer, zwei Badezimmer, Klimaanlage, Heizung, private hintere Terrasse und ein au\u00dfergew\u00f6hnliches architektonisches Merkmal, das den Unterschied ausmacht \u2014 die Immobilie besteht aus **zwei [&hellip;]<\/p>\n<\/div>\r\n<div class=\"ere__loop-property-info property-info layout-1\">\r\n    <div class=\"property-info-inner\">\r\n        <div class=\"ere__loop-property-info-item property-area\" data-toggle=\"tooltip\" title=\"Bebaute Fl\u00e4che ca.\">\r\n    <i class=\"fa fa-arrows\"><\/i>\r\n    <div class=\"ere__lpi-content\">\r\n        <span class=\"ere__lpi-value\">215 m<sup>2<\/sup><\/span>\r\n        <span class=\"ere__lpi-label\">Bebaute Fl\u00e4che ca.<\/span>\r\n    <\/div>\r\n<\/div>\r\n\r\n<div class=\"ere__loop-property-info-item property-bedrooms\" data-toggle=\"tooltip\" title=\"3 Zimmer\">\r\n    <i class=\"fa fa-hotel\"><\/i>\r\n    <div class=\"ere__lpi-content\">\r\n        <span class=\"ere__lpi-value\">3<\/span>\r\n        <span class=\"ere__lpi-label\">Schlafzimmer<\/span>\r\n    <\/div>\r\n<\/div><div class=\"ere__loop-property-info-item property-bathrooms\" data-toggle=\"tooltip\" title=\"2 Badezimmer\">\r\n    <i class=\"fa fa-bath\"><\/i>\r\n    <div class=\"ere__lpi-content\">\r\n        <span class=\"ere__lpi-value\">2<\/span>\r\n        <span class=\"ere__lpi-label\">Badezimmer<\/span>\r\n    <\/div>\r\n<\/div>\r\n    <\/div>\r\n<\/div>\r\n\n\t\t<\/div>\n\t<\/div>\n<\/div><div class=\"property-item ere-property-is-featured\">\n\t<div class=\"property-inner\">\n        <div class=\"property-image\">\r\n    <img loading=\"lazy\" decoding=\"async\" width=\"330\"\r\n     height=\"180\"\r\n     src=\"https:\/\/villasyfincasmallorca.com\/wp-content\/uploads\/2025\/06\/New-built-villa-for-sale-with-swimming-in-Sa-Rapita-01-330x180.jpg\"\r\n     onerror=\"this.src = 'http:\/\/villasyfincasmallorca.com\/wp-content\/uploads\/2017\/12\/1-VF-2-330x180.jpg';\"\r\n     alt=\"Neubau-Chalet 2025 in Sa R\u00e1pita \u2013 ebenerdige Villa mit 3 Suiten, Pool und Garten\"\r\n     title=\"Neubau-Chalet 2025 in Sa R\u00e1pita \u2013 ebenerdige Villa mit 3 Suiten, Pool und Garten\">\r\n\r\n<div class=\"ere__loop-property-action property-action\">\r\n    <a data-toggle=\"tooltip\"\r\n   title=\"(35) Fotos\"\r\n   data-property-id=\"59348\"\r\n   href=\"javascript:void(0)\" class=\"property-view-gallery ere__loop-property_action-item\">\r\n    <i class=\"fa fa-camera\"><\/i>\r\n<\/a>\r\n<a href=\"javascript:void(0)\" class=\"property-favorite ere__loop-property_action-item\" data-property-id=\"59348\"\r\n   data-toggle=\"tooltip\"\r\n   title=\"Zu den Favoriten hinzuf\u00fcgen\"\r\n   data-title-not-favorite=\"Zu den Favoriten hinzuf\u00fcgen\"\r\n   data-title-favorited=\"It is my favorite\"\r\n   data-icon-not-favorite=\"fa fa-star-o\"\r\n   data-icon-favorited=\"fa fa-star\">\r\n    <i class=\"fa fa-star-o\"><\/i>\r\n<\/a>\r\n<a class=\"compare-property ere__loop-property_action-item\" href=\"javascript:void(0)\"\r\n   data-property-id=\"59348\" data-toggle=\"tooltip\"\r\n   title=\"Vergleichen\">\r\n    <i class=\"fa fa-plus\"><\/i>\r\n<\/a>\r\n<\/div><div class=\"ere__loop-property-badge ere__lpb-featured-label\">\r\n            <span class=\"ere__loop-property-badge-item ere__featured\">\r\n    <span class=\"ere__lpbi-inner\">\r\n        Top    <\/span>\r\n<\/span>\r\n    <\/div>\r\n<div class=\"ere__loop-property-badge ere__lpb-status\">\r\n                    <span style=\"--ere-loop-property-badge-bg-color:,\" class=\"ere__loop-property-badge-item ere__term-status kaufen\" >\r\n            <span class=\"ere__lpbi-inner\">\r\n                Kaufen            <\/span>\r\n        <\/span>\r\n    <\/div>\r\n<a class=\"property-link\" href=\"https:\/\/villasyfincasmallorca.com\/de\/property\/neubauvilla-mit-pool-und-garten-in-sa-rapita-zu-verkaufen\/\" title=\"Neubau-Chalet 2025 in Sa R\u00e1pita \u2013 ebenerdige Villa mit 3 Suiten, Pool und Garten\"><\/a>\r\n<\/div>\r\n\r\n\t\t<div class=\"property-item-content\">\n\t\t\t<div class=\"property-heading\">\n                <h2 class=\"property-title\">\n    <a href=\"https:\/\/villasyfincasmallorca.com\/de\/property\/neubauvilla-mit-pool-und-garten-in-sa-rapita-zu-verkaufen\/\" title=\"Neubau-Chalet 2025 in Sa R\u00e1pita \u2013 ebenerdige Villa mit 3 Suiten, Pool und Garten\">Neubau-Chalet 2025 in Sa R\u00e1pita \u2013 ebenerdige Villa mit 3 Suiten, Pool und Garten<\/a>\n<\/h2>\n\t<span class=\"property-price ere__loop-property-price\">\n\t\t\t\t1.099.000\u20ac\t\t\t<\/span>\n\t\t\t<\/div>\n            <div class=\"property-element-inline\">\r\n    <div class=\"property-type-list\"><i class=\"fa fa-tag\"><\/i><a href=\"https:\/\/villasyfincasmallorca.com\/de\/property-type\/villa-de\/\" rel=\"tag\">Villa<\/a><\/div><div class=\"property-agent\">\r\n    <a href=\"https:\/\/villasyfincasmallorca.com\/agent\/villas-y-fincas-mallorca\/\" title=\"Villas y Fincas Mallorca\">\r\n        <i class=\"fa fa-user\"><\/i>\r\n        <span>Villas y Fincas Mallorca<\/span>\r\n    <\/a>\r\n<\/div>\r\n<div class=\"property-date\">\r\n    <i class=\"fa fa-calendar\"><\/i>\r\n     56\u00a0Jahren .<\/div>\r\n<\/div>\r\n<div class=\"property-excerpt\">\r\n    <p>[vc_row][vc_column][vc_column_text css_animation=&#8220;fadeIn&#8220;] Es gibt Immobilien, die mit einer Kombination von Faktoren auf den Markt kommen, die man selten findet: frisch fertiggestellter Neubau, ebenerdige Raumaufteilung ohne Treppen, drei Schlafzimmer als vollst\u00e4ndige Suiten, ein Pool der wirklich zum Schwimmen gebaut wurde, pflegeleichter Garten und eine ruhige Lage mitten in Sa R\u00e1pita. Diese Villa zum Verkauf in Sa [&hellip;]<\/p>\n<\/div>\r\n<div class=\"ere__loop-property-info property-info layout-1\">\r\n    <div class=\"property-info-inner\">\r\n        <div class=\"ere__loop-property-info-item property-area\" data-toggle=\"tooltip\" title=\"Bebaute Fl\u00e4che ca.\">\r\n    <i class=\"fa fa-arrows\"><\/i>\r\n    <div class=\"ere__lpi-content\">\r\n        <span class=\"ere__lpi-value\">176 m<sup>2<\/sup><\/span>\r\n        <span class=\"ere__lpi-label\">Bebaute Fl\u00e4che ca.<\/span>\r\n    <\/div>\r\n<\/div>\r\n\r\n<div class=\"ere__loop-property-info-item property-bedrooms\" data-toggle=\"tooltip\" title=\"3 Zimmer\">\r\n    <i class=\"fa fa-hotel\"><\/i>\r\n    <div class=\"ere__lpi-content\">\r\n        <span class=\"ere__lpi-value\">3<\/span>\r\n        <span class=\"ere__lpi-label\">Schlafzimmer<\/span>\r\n    <\/div>\r\n<\/div><div class=\"ere__loop-property-info-item property-bathrooms\" data-toggle=\"tooltip\" title=\"3 Badezimmer\">\r\n    <i class=\"fa fa-bath\"><\/i>\r\n    <div class=\"ere__lpi-content\">\r\n        <span class=\"ere__lpi-value\">3<\/span>\r\n        <span class=\"ere__lpi-label\">Badezimmer<\/span>\r\n    <\/div>\r\n<\/div>\r\n    <\/div>\r\n<\/div>\r\n\n\t\t<\/div>\n\t<\/div>\n<\/div><div class=\"property-item ere-property-is-featured\">\n\t<div class=\"property-inner\">\n        <div class=\"property-image\">\r\n    <img loading=\"lazy\" decoding=\"async\" width=\"330\"\r\n     height=\"180\"\r\n     src=\"https:\/\/villasyfincasmallorca.com\/wp-content\/uploads\/2025\/06\/LWP3777-330x180.jpg\"\r\n     onerror=\"this.src = 'http:\/\/villasyfincasmallorca.com\/wp-content\/uploads\/2017\/12\/1-VF-2-330x180.jpg';\"\r\n     alt=\"Ebenerdiges Dorfhaus in Ses Salines mit Garten und Terrasse\"\r\n     title=\"Ebenerdiges Dorfhaus in Ses Salines mit Garten und Terrasse\">\r\n\r\n<div class=\"ere__loop-property-action property-action\">\r\n    <a data-toggle=\"tooltip\"\r\n   title=\"(19) Fotos\"\r\n   data-property-id=\"59233\"\r\n   href=\"javascript:void(0)\" class=\"property-view-gallery ere__loop-property_action-item\">\r\n    <i class=\"fa fa-camera\"><\/i>\r\n<\/a>\r\n<a href=\"javascript:void(0)\" class=\"property-favorite ere__loop-property_action-item\" data-property-id=\"59233\"\r\n   data-toggle=\"tooltip\"\r\n   title=\"Zu den Favoriten hinzuf\u00fcgen\"\r\n   data-title-not-favorite=\"Zu den Favoriten hinzuf\u00fcgen\"\r\n   data-title-favorited=\"It is my favorite\"\r\n   data-icon-not-favorite=\"fa fa-star-o\"\r\n   data-icon-favorited=\"fa fa-star\">\r\n    <i class=\"fa fa-star-o\"><\/i>\r\n<\/a>\r\n<a class=\"compare-property ere__loop-property_action-item\" href=\"javascript:void(0)\"\r\n   data-property-id=\"59233\" data-toggle=\"tooltip\"\r\n   title=\"Vergleichen\">\r\n    <i class=\"fa fa-plus\"><\/i>\r\n<\/a>\r\n<\/div><div class=\"ere__loop-property-badge ere__lpb-featured-label\">\r\n            <span class=\"ere__loop-property-badge-item ere__featured\">\r\n    <span class=\"ere__lpbi-inner\">\r\n        Top    <\/span>\r\n<\/span>\r\n    <\/div>\r\n<div class=\"ere__loop-property-badge ere__lpb-status\">\r\n                    <span style=\"--ere-loop-property-badge-bg-color:,\" class=\"ere__loop-property-badge-item ere__term-status kaufen\" >\r\n            <span class=\"ere__lpbi-inner\">\r\n                Kaufen            <\/span>\r\n        <\/span>\r\n    <\/div>\r\n<a class=\"property-link\" href=\"https:\/\/villasyfincasmallorca.com\/de\/property\/casa-de-pueblo-reformada-en-venta-en-ses-salines-con-terraza-patio-y-todo-en-una-sola-planta\/\" title=\"Ebenerdiges Dorfhaus in Ses Salines mit Garten und Terrasse\"><\/a>\r\n<\/div>\r\n\r\n\t\t<div class=\"property-item-content\">\n\t\t\t<div class=\"property-heading\">\n                <h2 class=\"property-title\">\n    <a href=\"https:\/\/villasyfincasmallorca.com\/de\/property\/casa-de-pueblo-reformada-en-venta-en-ses-salines-con-terraza-patio-y-todo-en-una-sola-planta\/\" title=\"Ebenerdiges Dorfhaus in Ses Salines mit Garten und Terrasse\">Ebenerdiges Dorfhaus in Ses Salines mit Garten und Terrasse<\/a>\n<\/h2>\n\t<span class=\"property-price ere__loop-property-price\">\n\t\t\t\t630.000\u20ac\t\t\t<\/span>\n\t\t\t<\/div>\n            <div class=\"property-element-inline\">\r\n    <div class=\"property-type-list\"><i class=\"fa fa-tag\"><\/i><a href=\"https:\/\/villasyfincasmallorca.com\/de\/property-type\/stadthaus\/\" rel=\"tag\">Stadthaus<\/a><\/div><div class=\"property-agent\">\r\n    <a href=\"https:\/\/villasyfincasmallorca.com\/agent\/villas-y-fincas-mallorca\/\" title=\"Villas y Fincas Mallorca\">\r\n        <i class=\"fa fa-user\"><\/i>\r\n        <span>Villas y Fincas Mallorca<\/span>\r\n    <\/a>\r\n<\/div>\r\n<div class=\"property-date\">\r\n    <i class=\"fa fa-calendar\"><\/i>\r\n     56\u00a0Jahren .<\/div>\r\n<\/div>\r\n<div class=\"property-excerpt\">\r\n    <p>[vc_row][vc_column][vc_column_text css_animation=&#8220;fadeIn&#8220;]Ses Salines geh\u00f6rt zu den begehrtesten D\u00f6rfern im S\u00fcden Mallorcas \u2014 und Immobilien wie diese zeigen schnell, warum. Dieses vollst\u00e4ndig renovierte, ebenerdige Dorfhaus liegt im Herzen des Ortes, auf einem 287 m\u00b2 gro\u00dfen Grundst\u00fcck, und verbindet traditionellen mallorquinischen Charakter mit zeitgem\u00e4\u00dfem Wohnkomfort auf einer einzigen Ebene. 105 m\u00b2 Wohnfl\u00e4che, zwei Schlafzimmer, ein Badezimmer, ein [&hellip;]<\/p>\n<\/div>\r\n<div class=\"ere__loop-property-info property-info layout-1\">\r\n    <div class=\"property-info-inner\">\r\n        <div class=\"ere__loop-property-info-item property-area\" data-toggle=\"tooltip\" title=\"Bebaute Fl\u00e4che ca.\">\r\n    <i class=\"fa fa-arrows\"><\/i>\r\n    <div class=\"ere__lpi-content\">\r\n        <span class=\"ere__lpi-value\">105 m<sup>2<\/sup><\/span>\r\n        <span class=\"ere__lpi-label\">Bebaute Fl\u00e4che ca.<\/span>\r\n    <\/div>\r\n<\/div>\r\n\r\n<div class=\"ere__loop-property-info-item property-bedrooms\" data-toggle=\"tooltip\" title=\"2 Zimmer\">\r\n    <i class=\"fa fa-hotel\"><\/i>\r\n    <div class=\"ere__lpi-content\">\r\n        <span class=\"ere__lpi-value\">2<\/span>\r\n        <span class=\"ere__lpi-label\">Schlafzimmer<\/span>\r\n    <\/div>\r\n<\/div><div class=\"ere__loop-property-info-item property-bathrooms\" data-toggle=\"tooltip\" title=\"1 Bathrooms\">\r\n    <i class=\"fa fa-bath\"><\/i>\r\n    <div class=\"ere__lpi-content\">\r\n        <span class=\"ere__lpi-value\">1<\/span>\r\n        <span class=\"ere__lpi-label\">Badezimmer<\/span>\r\n    <\/div>\r\n<\/div>\r\n    <\/div>\r\n<\/div>\r\n\n\t\t<\/div>\n\t<\/div>\n<\/div><div class=\"property-item ere-property-is-featured\">\n\t<div class=\"property-inner\">\n        <div class=\"property-image\">\r\n    <img loading=\"lazy\" decoding=\"async\" width=\"330\"\r\n     height=\"180\"\r\n     src=\"https:\/\/villasyfincasmallorca.com\/wp-content\/uploads\/2025\/04\/LWP3248-Editar-330x180.jpg\"\r\n     onerror=\"this.src = 'http:\/\/villasyfincasmallorca.com\/wp-content\/uploads\/2017\/12\/1-VF-2-330x180.jpg';\"\r\n     alt=\"Stadthaus zur Miete in Ses Salines \u2013 4 Schlafzimmer, Terrasse\"\r\n     title=\"Stadthaus zur Miete in Ses Salines \u2013 4 Schlafzimmer, Terrasse\">\r\n\r\n<div class=\"ere__loop-property-action property-action\">\r\n    <a data-toggle=\"tooltip\"\r\n   title=\"(25) Fotos\"\r\n   data-property-id=\"58526\"\r\n   href=\"javascript:void(0)\" class=\"property-view-gallery ere__loop-property_action-item\">\r\n    <i class=\"fa fa-camera\"><\/i>\r\n<\/a>\r\n<a href=\"javascript:void(0)\" class=\"property-favorite ere__loop-property_action-item\" data-property-id=\"58526\"\r\n   data-toggle=\"tooltip\"\r\n   title=\"Zu den Favoriten hinzuf\u00fcgen\"\r\n   data-title-not-favorite=\"Zu den Favoriten hinzuf\u00fcgen\"\r\n   data-title-favorited=\"It is my favorite\"\r\n   data-icon-not-favorite=\"fa fa-star-o\"\r\n   data-icon-favorited=\"fa fa-star\">\r\n    <i class=\"fa fa-star-o\"><\/i>\r\n<\/a>\r\n<a class=\"compare-property ere__loop-property_action-item\" href=\"javascript:void(0)\"\r\n   data-property-id=\"58526\" data-toggle=\"tooltip\"\r\n   title=\"Vergleichen\">\r\n    <i class=\"fa fa-plus\"><\/i>\r\n<\/a>\r\n<\/div><div class=\"ere__loop-property-badge ere__lpb-featured-label\">\r\n            <span class=\"ere__loop-property-badge-item ere__featured\">\r\n    <span class=\"ere__lpbi-inner\">\r\n        Top    <\/span>\r\n<\/span>\r\n    <\/div>\r\n<div class=\"ere__loop-property-badge ere__lpb-status\">\r\n                    <span style=\"--ere-loop-property-badge-bg-color:,\" class=\"ere__loop-property-badge-item ere__term-status mieten\" >\r\n            <span class=\"ere__lpbi-inner\">\r\n                Mieten            <\/span>\r\n        <\/span>\r\n    <\/div>\r\n<a class=\"property-link\" href=\"https:\/\/villasyfincasmallorca.com\/de\/property\/stadthaus-zur-miete-in-ses-salines-grosszuegige-raeume-und-privilegierte-lage\/\" title=\"Stadthaus zur Miete in Ses Salines \u2013 4 Schlafzimmer, Terrasse\"><\/a>\r\n<\/div>\r\n\r\n\t\t<div class=\"property-item-content\">\n\t\t\t<div class=\"property-heading\">\n                <h2 class=\"property-title\">\n    <a href=\"https:\/\/villasyfincasmallorca.com\/de\/property\/stadthaus-zur-miete-in-ses-salines-grosszuegige-raeume-und-privilegierte-lage\/\" title=\"Stadthaus zur Miete in Ses Salines \u2013 4 Schlafzimmer, Terrasse\">Stadthaus zur Miete in Ses Salines \u2013 4 Schlafzimmer, Terrasse<\/a>\n<\/h2>\n\t<span class=\"property-price ere__loop-property-price\">\n\t\t\t\t1.300\u20ac\t\t\t<\/span>\n\t\t\t<\/div>\n            <div class=\"property-element-inline\">\r\n    <div class=\"property-type-list\"><i class=\"fa fa-tag\"><\/i><a href=\"https:\/\/villasyfincasmallorca.com\/de\/property-type\/stadthaus\/\" rel=\"tag\">Stadthaus<\/a><\/div><div class=\"property-agent\">\r\n    <a href=\"https:\/\/villasyfincasmallorca.com\/en\/agent\/villas-y-fincas-mallorca\/\" title=\"Villas y Fincas Mallorca\">\r\n        <i class=\"fa fa-user\"><\/i>\r\n        <span>Villas y Fincas Mallorca<\/span>\r\n    <\/a>\r\n<\/div>\r\n<div class=\"property-date\">\r\n    <i class=\"fa fa-calendar\"><\/i>\r\n     56\u00a0Jahren .<\/div>\r\n<\/div>\r\n<div class=\"property-excerpt\">\r\n    <p>[vc_row][vc_column][vc_column_text css_animation=&#8220;fadeIn&#8220;]Im Herzen eines der charmantesten D\u00f6rfer S\u00fcdmallorkas liegt dieses gro\u00dfz\u00fcgige Stadthaus, das authentisches mallorquinisches Wohnen mit moderner Funktionalit\u00e4t verbindet. Ses Salines, bekannt f\u00fcr seine historischen Salinen, seinen gesch\u00fctzten Naturraum und seine N\u00e4he zu einigen der sch\u00f6nsten Str\u00e4nde der Insel, bietet eine Lebensqualit\u00e4t, die in dieser Kombination auf Mallorca nur selten zu finden ist. Mit [&hellip;]<\/p>\n<\/div>\r\n<div class=\"ere__loop-property-info property-info layout-1\">\r\n    <div class=\"property-info-inner\">\r\n        <div class=\"ere__loop-property-info-item property-area\" data-toggle=\"tooltip\" title=\"Bebaute Fl\u00e4che ca.\">\r\n    <i class=\"fa fa-arrows\"><\/i>\r\n    <div class=\"ere__lpi-content\">\r\n        <span class=\"ere__lpi-value\">135 m<sup>2<\/sup><\/span>\r\n        <span class=\"ere__lpi-label\">Bebaute Fl\u00e4che ca.<\/span>\r\n    <\/div>\r\n<\/div>\r\n\r\n<div class=\"ere__loop-property-info-item property-bedrooms\" data-toggle=\"tooltip\" title=\"4 Zimmer\">\r\n    <i class=\"fa fa-hotel\"><\/i>\r\n    <div class=\"ere__lpi-content\">\r\n        <span class=\"ere__lpi-value\">4<\/span>\r\n        <span class=\"ere__lpi-label\">Schlafzimmer<\/span>\r\n    <\/div>\r\n<\/div><div class=\"ere__loop-property-info-item property-bathrooms\" data-toggle=\"tooltip\" title=\"1 Bathrooms\">\r\n    <i class=\"fa fa-bath\"><\/i>\r\n    <div class=\"ere__lpi-content\">\r\n        <span class=\"ere__lpi-value\">1<\/span>\r\n        <span class=\"ere__lpi-label\">Badezimmer<\/span>\r\n    <\/div>\r\n<\/div>\r\n    <\/div>\r\n<\/div>\r\n\n\t\t<\/div>\n\t<\/div>\n<\/div><div class=\"property-item ere-property-is-featured\">\n\t<div class=\"property-inner\">\n        <div class=\"property-image\">\r\n    <img loading=\"lazy\" decoding=\"async\" width=\"330\"\r\n     height=\"180\"\r\n     src=\"https:\/\/villasyfincasmallorca.com\/wp-content\/uploads\/2025\/03\/1470-Villa-for-sale-in-Ses-Salines-with-sea-views-18-330x180.jpg\"\r\n     onerror=\"this.src = 'http:\/\/villasyfincasmallorca.com\/wp-content\/uploads\/2017\/12\/1-VF-2-330x180.jpg';\"\r\n     alt=\"Haus mit Meerblick in Ses Salines: 418 m\u00b2, 7 Schlafzimmer, Pool\"\r\n     title=\"Haus mit Meerblick in Ses Salines: 418 m\u00b2, 7 Schlafzimmer, Pool\">\r\n\r\n<div class=\"ere__loop-property-action property-action\">\r\n    <a data-toggle=\"tooltip\"\r\n   title=\"(56) Fotos\"\r\n   data-property-id=\"58318\"\r\n   href=\"javascript:void(0)\" class=\"property-view-gallery ere__loop-property_action-item\">\r\n    <i class=\"fa fa-camera\"><\/i>\r\n<\/a>\r\n<a href=\"javascript:void(0)\" class=\"property-favorite ere__loop-property_action-item\" data-property-id=\"58318\"\r\n   data-toggle=\"tooltip\"\r\n   title=\"Zu den Favoriten hinzuf\u00fcgen\"\r\n   data-title-not-favorite=\"Zu den Favoriten hinzuf\u00fcgen\"\r\n   data-title-favorited=\"It is my favorite\"\r\n   data-icon-not-favorite=\"fa fa-star-o\"\r\n   data-icon-favorited=\"fa fa-star\">\r\n    <i class=\"fa fa-star-o\"><\/i>\r\n<\/a>\r\n<a class=\"compare-property ere__loop-property_action-item\" href=\"javascript:void(0)\"\r\n   data-property-id=\"58318\" data-toggle=\"tooltip\"\r\n   title=\"Vergleichen\">\r\n    <i class=\"fa fa-plus\"><\/i>\r\n<\/a>\r\n<\/div><div class=\"ere__loop-property-badge ere__lpb-featured-label\">\r\n            <span class=\"ere__loop-property-badge-item ere__featured\">\r\n    <span class=\"ere__lpbi-inner\">\r\n        Top    <\/span>\r\n<\/span>\r\n    <\/div>\r\n<div class=\"ere__loop-property-badge ere__lpb-status\">\r\n                    <span style=\"--ere-loop-property-badge-bg-color:,\" class=\"ere__loop-property-badge-item ere__term-status kaufen\" >\r\n            <span class=\"ere__lpbi-inner\">\r\n                Kaufen            <\/span>\r\n        <\/span>\r\n    <\/div>\r\n<a class=\"property-link\" href=\"https:\/\/villasyfincasmallorca.com\/de\/property\/villa-mit-pool-und-meerblick-in-ses-salines-zu-verkaufen\/\" title=\"Haus mit Meerblick in Ses Salines: 418 m\u00b2, 7 Schlafzimmer, Pool\"><\/a>\r\n<\/div>\r\n\r\n\t\t<div class=\"property-item-content\">\n\t\t\t<div class=\"property-heading\">\n                <h2 class=\"property-title\">\n    <a href=\"https:\/\/villasyfincasmallorca.com\/de\/property\/villa-mit-pool-und-meerblick-in-ses-salines-zu-verkaufen\/\" title=\"Haus mit Meerblick in Ses Salines: 418 m\u00b2, 7 Schlafzimmer, Pool\">Haus mit Meerblick in Ses Salines: 418 m\u00b2, 7 Schlafzimmer, Pool<\/a>\n<\/h2>\n\t<span class=\"property-price ere__loop-property-price\">\n\t\t\t\t2.750.000\u20ac\t\t\t<\/span>\n\t\t\t<\/div>\n            <div class=\"property-element-inline\">\r\n    <div class=\"property-type-list\"><i class=\"fa fa-tag\"><\/i><a href=\"https:\/\/villasyfincasmallorca.com\/de\/property-type\/stadthaus\/\" rel=\"tag\">Stadthaus<\/a>, <a href=\"https:\/\/villasyfincasmallorca.com\/de\/property-type\/villa-de\/\" rel=\"tag\">Villa<\/a><\/div><div class=\"property-agent\">\r\n    <a href=\"https:\/\/villasyfincasmallorca.com\/agent\/villas-y-fincas-mallorca\/\" title=\"Villas y Fincas Mallorca\">\r\n        <i class=\"fa fa-user\"><\/i>\r\n        <span>Villas y Fincas Mallorca<\/span>\r\n    <\/a>\r\n<\/div>\r\n<div class=\"property-date\">\r\n    <i class=\"fa fa-calendar\"><\/i>\r\n     56\u00a0Jahren .<\/div>\r\n<\/div>\r\n<div class=\"property-excerpt\">\r\n    <p>[vc_row][vc_column][vc_column_text css_animation=&#8220;fadeIn&#8220;]Manche Immobilien brauchen keine gro\u00dfen Worte \u2014 sie sprechen f\u00fcr sich. Dieses Haus in Ses Salines geh\u00f6rt dazu. Erbaut im Jahr 1976 auf einem Grundst\u00fcck von 1.924 Quadratmetern, mit einer Wohnfl\u00e4che von 418 Quadratmetern, sieben Schlafzimmern, vier B\u00e4dern, privatem Pool und unverstelltem Meerblick aus mehreren R\u00e4umen, verk\u00f6rpert es eine Solidit\u00e4t und Gro\u00dfz\u00fcgigkeit, die im [&hellip;]<\/p>\n<\/div>\r\n<div class=\"ere__loop-property-info property-info layout-1\">\r\n    <div class=\"property-info-inner\">\r\n        <div class=\"ere__loop-property-info-item property-area\" data-toggle=\"tooltip\" title=\"Bebaute Fl\u00e4che ca.\">\r\n    <i class=\"fa fa-arrows\"><\/i>\r\n    <div class=\"ere__lpi-content\">\r\n        <span class=\"ere__lpi-value\">418 m<sup>2<\/sup><\/span>\r\n        <span class=\"ere__lpi-label\">Bebaute Fl\u00e4che ca.<\/span>\r\n    <\/div>\r\n<\/div>\r\n\r\n<div class=\"ere__loop-property-info-item property-bedrooms\" data-toggle=\"tooltip\" title=\"7 Zimmer\">\r\n    <i class=\"fa fa-hotel\"><\/i>\r\n    <div class=\"ere__lpi-content\">\r\n        <span class=\"ere__lpi-value\">7<\/span>\r\n        <span class=\"ere__lpi-label\">Schlafzimmer<\/span>\r\n    <\/div>\r\n<\/div><div class=\"ere__loop-property-info-item property-bathrooms\" data-toggle=\"tooltip\" title=\"4 Badezimmer\">\r\n    <i class=\"fa fa-bath\"><\/i>\r\n    <div class=\"ere__lpi-content\">\r\n        <span class=\"ere__lpi-value\">4<\/span>\r\n        <span class=\"ere__lpi-label\">Badezimmer<\/span>\r\n    <\/div>\r\n<\/div>\r\n    <\/div>\r\n<\/div>\r\n\n\t\t<\/div>\n\t<\/div>\n<\/div><div class=\"property-item ere-property-is-featured\">\n\t<div class=\"property-inner\">\n        <div class=\"property-image\">\r\n    <img loading=\"lazy\" decoding=\"async\" width=\"330\"\r\n     height=\"180\"\r\n     src=\"https:\/\/villasyfincasmallorca.com\/wp-content\/uploads\/2025\/03\/LWP3995-330x180.jpg\"\r\n     onerror=\"this.src = 'http:\/\/villasyfincasmallorca.com\/wp-content\/uploads\/2017\/12\/1-VF-2-330x180.jpg';\"\r\n     alt=\"Neubau-Erdgeschoss in Colonia de Sant Jordi mit Pool und Garage\"\r\n     title=\"Neubau-Erdgeschoss in Colonia de Sant Jordi mit Pool und Garage\">\r\n\r\n<div class=\"ere__loop-property-action property-action\">\r\n    <a data-toggle=\"tooltip\"\r\n   title=\"(23) Fotos\"\r\n   data-property-id=\"58268\"\r\n   href=\"javascript:void(0)\" class=\"property-view-gallery ere__loop-property_action-item\">\r\n    <i class=\"fa fa-camera\"><\/i>\r\n<\/a>\r\n<a href=\"javascript:void(0)\" class=\"property-favorite ere__loop-property_action-item\" data-property-id=\"58268\"\r\n   data-toggle=\"tooltip\"\r\n   title=\"Zu den Favoriten hinzuf\u00fcgen\"\r\n   data-title-not-favorite=\"Zu den Favoriten hinzuf\u00fcgen\"\r\n   data-title-favorited=\"It is my favorite\"\r\n   data-icon-not-favorite=\"fa fa-star-o\"\r\n   data-icon-favorited=\"fa fa-star\">\r\n    <i class=\"fa fa-star-o\"><\/i>\r\n<\/a>\r\n<a class=\"compare-property ere__loop-property_action-item\" href=\"javascript:void(0)\"\r\n   data-property-id=\"58268\" data-toggle=\"tooltip\"\r\n   title=\"Vergleichen\">\r\n    <i class=\"fa fa-plus\"><\/i>\r\n<\/a>\r\n<\/div><div class=\"ere__loop-property-badge ere__lpb-featured-label\">\r\n            <span class=\"ere__loop-property-badge-item ere__featured\">\r\n    <span class=\"ere__lpbi-inner\">\r\n        Top    <\/span>\r\n<\/span>\r\n    <\/div>\r\n<div class=\"ere__loop-property-badge ere__lpb-status\">\r\n                    <span style=\"--ere-loop-property-badge-bg-color:,\" class=\"ere__loop-property-badge-item ere__term-status kaufen\" >\r\n            <span class=\"ere__lpbi-inner\">\r\n                Kaufen            <\/span>\r\n        <\/span>\r\n    <\/div>\r\n<a class=\"property-link\" href=\"https:\/\/villasyfincasmallorca.com\/de\/property\/erdgeschoss-haus-zum-verkauf-in-colonia-de-sant-jordi-mit-privatem-garten-und-pool\/\" title=\"Neubau-Erdgeschoss in Colonia de Sant Jordi mit Pool und Garage\"><\/a>\r\n<\/div>\r\n\r\n\t\t<div class=\"property-item-content\">\n\t\t\t<div class=\"property-heading\">\n                <h2 class=\"property-title\">\n    <a href=\"https:\/\/villasyfincasmallorca.com\/de\/property\/erdgeschoss-haus-zum-verkauf-in-colonia-de-sant-jordi-mit-privatem-garten-und-pool\/\" title=\"Neubau-Erdgeschoss in Colonia de Sant Jordi mit Pool und Garage\">Neubau-Erdgeschoss in Colonia de Sant Jordi mit Pool und Garage<\/a>\n<\/h2>\n\t<span class=\"property-price ere__loop-property-price\">\n\t\t\t\t700.000\u20ac\t\t\t<\/span>\n\t\t\t<\/div>\n            <div class=\"property-element-inline\">\r\n    <div class=\"property-type-list\"><i class=\"fa fa-tag\"><\/i><a href=\"https:\/\/villasyfincasmallorca.com\/de\/property-type\/stadthaus\/\" rel=\"tag\">Stadthaus<\/a><\/div><div class=\"property-agent\">\r\n    <a href=\"https:\/\/villasyfincasmallorca.com\/agent\/villas-y-fincas-mallorca\/\" title=\"Villas y Fincas Mallorca\">\r\n        <i class=\"fa fa-user\"><\/i>\r\n        <span>Villas y Fincas Mallorca<\/span>\r\n    <\/a>\r\n<\/div>\r\n<div class=\"property-date\">\r\n    <i class=\"fa fa-calendar\"><\/i>\r\n     56\u00a0Jahren .<\/div>\r\n<\/div>\r\n<div class=\"property-excerpt\">\r\n    <p>[vc_row][vc_column][vc_column_text css_animation=&#8220;fadeIn&#8220;]Im S\u00fcden Mallorcas, in einer der authentischsten K\u00fcstengemeinden der Insel, befindet sich diese 2024 fertiggestellte Erdgeschosswohnung in Colonia de Sant Jordi \u2014 ein Objekt, das keine Kompromisse macht. Wer heute auf dem mallorquinischen Immobilienmarkt einen bezugsfertigen Neubau mit privatem Pool, Garage und vollst\u00e4ndiger Ausstattung sucht, wird nur selten f\u00fcndig. Diese Immobilie bietet genau das: [&hellip;]<\/p>\n<\/div>\r\n<div class=\"ere__loop-property-info property-info layout-1\">\r\n    <div class=\"property-info-inner\">\r\n        <div class=\"ere__loop-property-info-item property-area\" data-toggle=\"tooltip\" title=\"Bebaute Fl\u00e4che ca.\">\r\n    <i class=\"fa fa-arrows\"><\/i>\r\n    <div class=\"ere__lpi-content\">\r\n        <span class=\"ere__lpi-value\">175 m<sup>2<\/sup><\/span>\r\n        <span class=\"ere__lpi-label\">Bebaute Fl\u00e4che ca.<\/span>\r\n    <\/div>\r\n<\/div>\r\n\r\n<div class=\"ere__loop-property-info-item property-bedrooms\" data-toggle=\"tooltip\" title=\"3 Zimmer\">\r\n    <i class=\"fa fa-hotel\"><\/i>\r\n    <div class=\"ere__lpi-content\">\r\n        <span class=\"ere__lpi-value\">3<\/span>\r\n        <span class=\"ere__lpi-label\">Schlafzimmer<\/span>\r\n    <\/div>\r\n<\/div><div class=\"ere__loop-property-info-item property-bathrooms\" data-toggle=\"tooltip\" title=\"2 Badezimmer\">\r\n    <i class=\"fa fa-bath\"><\/i>\r\n    <div class=\"ere__lpi-content\">\r\n        <span class=\"ere__lpi-value\">2<\/span>\r\n        <span class=\"ere__lpi-label\">Badezimmer<\/span>\r\n    <\/div>\r\n<\/div>\r\n    <\/div>\r\n<\/div>\r\n\n\t\t<\/div>\n\t<\/div>\n<\/div><div class=\"property-item ere-property-is-featured\">\n\t<div class=\"property-inner\">\n        <div class=\"property-image\">\r\n    <img loading=\"lazy\" decoding=\"async\" width=\"330\"\r\n     height=\"180\"\r\n     src=\"https:\/\/villasyfincasmallorca.com\/wp-content\/uploads\/2025\/03\/LWP3142-330x180.jpg\"\r\n     onerror=\"this.src = 'http:\/\/villasyfincasmallorca.com\/wp-content\/uploads\/2017\/12\/1-VF-2-330x180.jpg';\"\r\n     alt=\"Landhaus in Sineu mit Pool und 5.400 m\u00b2 Grundst\u00fcck\"\r\n     title=\"Landhaus in Sineu mit Pool und 5.400 m\u00b2 Grundst\u00fcck\">\r\n\r\n<div class=\"ere__loop-property-action property-action\">\r\n    <a data-toggle=\"tooltip\"\r\n   title=\"(45) Fotos\"\r\n   data-property-id=\"57976\"\r\n   href=\"javascript:void(0)\" class=\"property-view-gallery ere__loop-property_action-item\">\r\n    <i class=\"fa fa-camera\"><\/i>\r\n<\/a>\r\n<a href=\"javascript:void(0)\" class=\"property-favorite ere__loop-property_action-item\" data-property-id=\"57976\"\r\n   data-toggle=\"tooltip\"\r\n   title=\"Zu den Favoriten hinzuf\u00fcgen\"\r\n   data-title-not-favorite=\"Zu den Favoriten hinzuf\u00fcgen\"\r\n   data-title-favorited=\"It is my favorite\"\r\n   data-icon-not-favorite=\"fa fa-star-o\"\r\n   data-icon-favorited=\"fa fa-star\">\r\n    <i class=\"fa fa-star-o\"><\/i>\r\n<\/a>\r\n<a class=\"compare-property ere__loop-property_action-item\" href=\"javascript:void(0)\"\r\n   data-property-id=\"57976\" data-toggle=\"tooltip\"\r\n   title=\"Vergleichen\">\r\n    <i class=\"fa fa-plus\"><\/i>\r\n<\/a>\r\n<\/div><div class=\"ere__loop-property-badge ere__lpb-featured-label\">\r\n            <span class=\"ere__loop-property-badge-item ere__featured\">\r\n    <span class=\"ere__lpbi-inner\">\r\n        Top    <\/span>\r\n<\/span>\r\n    <\/div>\r\n<div class=\"ere__loop-property-badge ere__lpb-status\">\r\n                    <span style=\"--ere-loop-property-badge-bg-color:,\" class=\"ere__loop-property-badge-item ere__term-status kaufen\" >\r\n            <span class=\"ere__lpbi-inner\">\r\n                Kaufen            <\/span>\r\n        <\/span>\r\n    <\/div>\r\n<a class=\"property-link\" href=\"https:\/\/villasyfincasmallorca.com\/de\/property\/finca-zum-verkauf-in-sineu-mit-pool\/\" title=\"Landhaus in Sineu mit Pool und 5.400 m\u00b2 Grundst\u00fcck\"><\/a>\r\n<\/div>\r\n\r\n\t\t<div class=\"property-item-content\">\n\t\t\t<div class=\"property-heading\">\n                <h2 class=\"property-title\">\n    <a href=\"https:\/\/villasyfincasmallorca.com\/de\/property\/finca-zum-verkauf-in-sineu-mit-pool\/\" title=\"Landhaus in Sineu mit Pool und 5.400 m\u00b2 Grundst\u00fcck\">Landhaus in Sineu mit Pool und 5.400 m\u00b2 Grundst\u00fcck<\/a>\n<\/h2>\n\t<span class=\"property-price ere__loop-property-price\">\n\t\t\t\t650.000\u20ac\t\t\t<\/span>\n\t\t\t<\/div>\n            <div class=\"property-element-inline\">\r\n    <div class=\"property-type-list\"><i class=\"fa fa-tag\"><\/i><a href=\"https:\/\/villasyfincasmallorca.com\/de\/property-type\/finca\/\" rel=\"tag\">Finca<\/a>, <a href=\"https:\/\/villasyfincasmallorca.com\/de\/property-type\/villa-de\/\" rel=\"tag\">Villa<\/a><\/div><div class=\"property-agent\">\r\n    <a href=\"https:\/\/villasyfincasmallorca.com\/agent\/villas-y-fincas-mallorca\/\" title=\"Villas y Fincas Mallorca\">\r\n        <i class=\"fa fa-user\"><\/i>\r\n        <span>Villas y Fincas Mallorca<\/span>\r\n    <\/a>\r\n<\/div>\r\n<div class=\"property-date\">\r\n    <i class=\"fa fa-calendar\"><\/i>\r\n     56\u00a0Jahren .<\/div>\r\n<\/div>\r\n<div class=\"property-excerpt\">\r\n    <p>[vc_row][vc_column][vc_column_text css_animation=&#8220;fadeIn&#8220;]Sineu geh\u00f6rt zu jenen Orten auf Mallorca, die Kenner der Insel kaum verraten m\u00f6chten. Das mittelalterliche Dorf liegt im exakten geografischen Mittelpunkt Mallorcas und hat seinen urspr\u00fcnglichen Charakter bis heute bewahrt: gepflasterte Gassen aus Naturstein, die m\u00e4chtige Kirche Nuestra Se\u00f1ora de los \u00c1ngeles \u00fcber dem Dorfplatz, ein w\u00f6chentlicher Markt von ethnologisch anerkannter Bedeutung und [&hellip;]<\/p>\n<\/div>\r\n<div class=\"ere__loop-property-info property-info layout-1\">\r\n    <div class=\"property-info-inner\">\r\n        <div class=\"ere__loop-property-info-item property-area\" data-toggle=\"tooltip\" title=\"Bebaute Fl\u00e4che ca.\">\r\n    <i class=\"fa fa-arrows\"><\/i>\r\n    <div class=\"ere__lpi-content\">\r\n        <span class=\"ere__lpi-value\">304 m<sup>2<\/sup><\/span>\r\n        <span class=\"ere__lpi-label\">Bebaute Fl\u00e4che ca.<\/span>\r\n    <\/div>\r\n<\/div>\r\n\r\n<div class=\"ere__loop-property-info-item property-bedrooms\" data-toggle=\"tooltip\" title=\"4 Zimmer\">\r\n    <i class=\"fa fa-hotel\"><\/i>\r\n    <div class=\"ere__lpi-content\">\r\n        <span class=\"ere__lpi-value\">4<\/span>\r\n        <span class=\"ere__lpi-label\">Schlafzimmer<\/span>\r\n    <\/div>\r\n<\/div><div class=\"ere__loop-property-info-item property-bathrooms\" data-toggle=\"tooltip\" title=\"2 Badezimmer\">\r\n    <i class=\"fa fa-bath\"><\/i>\r\n    <div class=\"ere__lpi-content\">\r\n        <span class=\"ere__lpi-value\">2<\/span>\r\n        <span class=\"ere__lpi-label\">Badezimmer<\/span>\r\n    <\/div>\r\n<\/div>\r\n    <\/div>\r\n<\/div>\r\n\n\t\t<\/div>\n\t<\/div>\n<\/div><div class=\"property-item ere-property-is-featured\">\n\t<div class=\"property-inner\">\n        <div class=\"property-image\">\r\n    <img loading=\"lazy\" decoding=\"async\" width=\"330\"\r\n     height=\"180\"\r\n     src=\"https:\/\/villasyfincasmallorca.com\/wp-content\/uploads\/2018\/07\/11-972-Villasyfincasmallorca-330x180.jpg\"\r\n     onerror=\"this.src = 'http:\/\/villasyfincasmallorca.com\/wp-content\/uploads\/2017\/12\/1-VF-2-330x180.jpg';\"\r\n     alt=\"Jahrhundertealtes Landgut bei Palma \u2014 1.144 m\u00b2, 14 ha und 6 historische Geb\u00e4ude\"\r\n     title=\"Jahrhundertealtes Landgut bei Palma \u2014 1.144 m\u00b2, 14 ha und 6 historische Geb\u00e4ude\">\r\n\r\n<div class=\"ere__loop-property-action property-action\">\r\n    <a data-toggle=\"tooltip\"\r\n   title=\"(15) Fotos\"\r\n   data-property-id=\"12951\"\r\n   href=\"javascript:void(0)\" class=\"property-view-gallery ere__loop-property_action-item\">\r\n    <i class=\"fa fa-camera\"><\/i>\r\n<\/a>\r\n<a href=\"javascript:void(0)\" class=\"property-favorite ere__loop-property_action-item\" data-property-id=\"12951\"\r\n   data-toggle=\"tooltip\"\r\n   title=\"Zu den Favoriten hinzuf\u00fcgen\"\r\n   data-title-not-favorite=\"Zu den Favoriten hinzuf\u00fcgen\"\r\n   data-title-favorited=\"It is my favorite\"\r\n   data-icon-not-favorite=\"fa fa-star-o\"\r\n   data-icon-favorited=\"fa fa-star\">\r\n    <i class=\"fa fa-star-o\"><\/i>\r\n<\/a>\r\n<a class=\"compare-property ere__loop-property_action-item\" href=\"javascript:void(0)\"\r\n   data-property-id=\"12951\" data-toggle=\"tooltip\"\r\n   title=\"Vergleichen\">\r\n    <i class=\"fa fa-plus\"><\/i>\r\n<\/a>\r\n<\/div><div class=\"ere__loop-property-badge ere__lpb-featured-label\">\r\n            <span class=\"ere__loop-property-badge-item ere__featured\">\r\n    <span class=\"ere__lpbi-inner\">\r\n        Top    <\/span>\r\n<\/span>\r\n    <\/div>\r\n<div class=\"ere__loop-property-badge ere__lpb-status\">\r\n                    <span style=\"--ere-loop-property-badge-bg-color:,\" class=\"ere__loop-property-badge-item ere__term-status kaufen\" >\r\n            <span class=\"ere__lpbi-inner\">\r\n                Kaufen            <\/span>\r\n        <\/span>\r\n    <\/div>\r\n<a class=\"property-link\" href=\"https:\/\/villasyfincasmallorca.com\/de\/property\/finca-zu-verkaufen-in-der-naehe-von-palma-de-mallorca\/\" title=\"Jahrhundertealtes Landgut bei Palma \u2014 1.144 m\u00b2, 14 ha und 6 historische Geb\u00e4ude\"><\/a>\r\n<\/div>\r\n\r\n\t\t<div class=\"property-item-content\">\n\t\t\t<div class=\"property-heading\">\n                <h2 class=\"property-title\">\n    <a href=\"https:\/\/villasyfincasmallorca.com\/de\/property\/finca-zu-verkaufen-in-der-naehe-von-palma-de-mallorca\/\" title=\"Jahrhundertealtes Landgut bei Palma \u2014 1.144 m\u00b2, 14 ha und 6 historische Geb\u00e4ude\">Jahrhundertealtes Landgut bei Palma \u2014 1.144 m\u00b2, 14 ha und 6 historische Geb\u00e4ude<\/a>\n<\/h2>\n\t<span class=\"property-price ere__loop-property-price\">\n\t\t\t\t2.500.000\u20ac\t\t\t<\/span>\n\t\t\t<\/div>\n            <div class=\"property-element-inline\">\r\n    <div class=\"property-type-list\"><i class=\"fa fa-tag\"><\/i><a href=\"https:\/\/villasyfincasmallorca.com\/de\/property-type\/finca\/\" rel=\"tag\">Finca<\/a>, <a href=\"https:\/\/villasyfincasmallorca.com\/de\/property-type\/villa-de\/\" rel=\"tag\">Villa<\/a><\/div><div class=\"property-agent\">\r\n    <a href=\"https:\/\/villasyfincasmallorca.com\/agent\/villas-y-fincas-mallorca\/\" title=\"Villas y Fincas Mallorca\">\r\n        <i class=\"fa fa-user\"><\/i>\r\n        <span>Villas y Fincas Mallorca<\/span>\r\n    <\/a>\r\n<\/div>\r\n<div class=\"property-date\">\r\n    <i class=\"fa fa-calendar\"><\/i>\r\n     56\u00a0Jahren .<\/div>\r\n<\/div>\r\n<div class=\"property-excerpt\">\r\n    <p>[vc_row][vc_column][vc_column_text css_animation=&#8220;fadeIn&#8220;]Manche Immobilien liegen in der N\u00e4he von Palma \u2014 und manche scheinen einer anderen Welt anzugeh\u00f6ren, und sind dennoch weniger als zehn Minuten vom Stadtzentrum entfernt. Dieses jahrhundertealte mallorquinische Landgut zum Verkauf bei Palma de Mallorca geh\u00f6rt eindeutig zur zweiten Kategorie. Es ist kein gew\u00f6hnliches Landhaus, kein konventionelles Renovierungsprojekt: Es ist ein lebendiges historisches [&hellip;]<\/p>\n<\/div>\r\n<div class=\"ere__loop-property-info property-info layout-1\">\r\n    <div class=\"property-info-inner\">\r\n        <div class=\"ere__loop-property-info-item property-area\" data-toggle=\"tooltip\" title=\"Bebaute Fl\u00e4che ca.\">\r\n    <i class=\"fa fa-arrows\"><\/i>\r\n    <div class=\"ere__lpi-content\">\r\n        <span class=\"ere__lpi-value\">1.144 m<sup>2<\/sup><\/span>\r\n        <span class=\"ere__lpi-label\">Bebaute Fl\u00e4che ca.<\/span>\r\n    <\/div>\r\n<\/div>\r\n\r\n<div class=\"ere__loop-property-info-item property-bedrooms\" data-toggle=\"tooltip\" title=\"8 Zimmer\">\r\n    <i class=\"fa fa-hotel\"><\/i>\r\n    <div class=\"ere__lpi-content\">\r\n        <span class=\"ere__lpi-value\">8<\/span>\r\n        <span class=\"ere__lpi-label\">Schlafzimmer<\/span>\r\n    <\/div>\r\n<\/div><div class=\"ere__loop-property-info-item property-bathrooms\" data-toggle=\"tooltip\" title=\"3 Badezimmer\">\r\n    <i class=\"fa fa-bath\"><\/i>\r\n    <div class=\"ere__lpi-content\">\r\n        <span class=\"ere__lpi-value\">3<\/span>\r\n        <span class=\"ere__lpi-label\">Badezimmer<\/span>\r\n    <\/div>\r\n<\/div>\r\n    <\/div>\r\n<\/div>\r\n\n\t\t<\/div>\n\t<\/div>\n<\/div><div class=\"property-item ere-property-is-featured\">\n\t<div class=\"property-inner\">\n        <div class=\"property-image\">\r\n    <img loading=\"lazy\" decoding=\"async\" width=\"330\"\r\n     height=\"180\"\r\n     src=\"https:\/\/villasyfincasmallorca.com\/wp-content\/uploads\/2025\/02\/LWP2916-330x180.jpg\"\r\n     onerror=\"this.src = 'http:\/\/villasyfincasmallorca.com\/wp-content\/uploads\/2017\/12\/1-VF-2-330x180.jpg';\"\r\n     alt=\"Rustikale Finca in Colonia de Sant Jordi \u2014 131 m\u00b2, 14.500 m\u00b2, nahe Es Trenc\"\r\n     title=\"Rustikale Finca in Colonia de Sant Jordi \u2014 131 m\u00b2, 14.500 m\u00b2, nahe Es Trenc\">\r\n\r\n<div class=\"ere__loop-property-action property-action\">\r\n    <a data-toggle=\"tooltip\"\r\n   title=\"(32) Fotos\"\r\n   data-property-id=\"57476\"\r\n   href=\"javascript:void(0)\" class=\"property-view-gallery ere__loop-property_action-item\">\r\n    <i class=\"fa fa-camera\"><\/i>\r\n<\/a>\r\n<a href=\"javascript:void(0)\" class=\"property-favorite ere__loop-property_action-item\" data-property-id=\"57476\"\r\n   data-toggle=\"tooltip\"\r\n   title=\"Zu den Favoriten hinzuf\u00fcgen\"\r\n   data-title-not-favorite=\"Zu den Favoriten hinzuf\u00fcgen\"\r\n   data-title-favorited=\"It is my favorite\"\r\n   data-icon-not-favorite=\"fa fa-star-o\"\r\n   data-icon-favorited=\"fa fa-star\">\r\n    <i class=\"fa fa-star-o\"><\/i>\r\n<\/a>\r\n<a class=\"compare-property ere__loop-property_action-item\" href=\"javascript:void(0)\"\r\n   data-property-id=\"57476\" data-toggle=\"tooltip\"\r\n   title=\"Vergleichen\">\r\n    <i class=\"fa fa-plus\"><\/i>\r\n<\/a>\r\n<\/div><div class=\"ere__loop-property-badge ere__lpb-featured-label\">\r\n            <span class=\"ere__loop-property-badge-item ere__featured\">\r\n    <span class=\"ere__lpbi-inner\">\r\n        Top    <\/span>\r\n<\/span>\r\n    <\/div>\r\n<div class=\"ere__loop-property-badge ere__lpb-status\">\r\n                    <span style=\"--ere-loop-property-badge-bg-color:,\" class=\"ere__loop-property-badge-item ere__term-status kaufen\" >\r\n            <span class=\"ere__lpbi-inner\">\r\n                Kaufen            <\/span>\r\n        <\/span>\r\n    <\/div>\r\n<a class=\"property-link\" href=\"https:\/\/villasyfincasmallorca.com\/de\/property\/rustikale-finca-zum-verkauf-in-colonia-de-sant-jordi-nahe-dem-strand-und-ses-salines\/\" title=\"Rustikale Finca in Colonia de Sant Jordi \u2014 131 m\u00b2, 14.500 m\u00b2, nahe Es Trenc\"><\/a>\r\n<\/div>\r\n\r\n\t\t<div class=\"property-item-content\">\n\t\t\t<div class=\"property-heading\">\n                <h2 class=\"property-title\">\n    <a href=\"https:\/\/villasyfincasmallorca.com\/de\/property\/rustikale-finca-zum-verkauf-in-colonia-de-sant-jordi-nahe-dem-strand-und-ses-salines\/\" title=\"Rustikale Finca in Colonia de Sant Jordi \u2014 131 m\u00b2, 14.500 m\u00b2, nahe Es Trenc\">Rustikale Finca in Colonia de Sant Jordi \u2014 131 m\u00b2, 14.500 m\u00b2, nahe Es Trenc<\/a>\n<\/h2>\n\t<span class=\"property-price ere__loop-property-price\">\n\t\t\t\t790.000\u20ac\t\t\t<\/span>\n\t\t\t<\/div>\n            <div class=\"property-element-inline\">\r\n    <div class=\"property-type-list\"><i class=\"fa fa-tag\"><\/i><a href=\"https:\/\/villasyfincasmallorca.com\/de\/property-type\/finca\/\" rel=\"tag\">Finca<\/a>, <a href=\"https:\/\/villasyfincasmallorca.com\/de\/property-type\/villa-de\/\" rel=\"tag\">Villa<\/a><\/div><div class=\"property-agent\">\r\n    <a href=\"https:\/\/villasyfincasmallorca.com\/agent\/villas-y-fincas-mallorca\/\" title=\"Villas y Fincas Mallorca\">\r\n        <i class=\"fa fa-user\"><\/i>\r\n        <span>Villas y Fincas Mallorca<\/span>\r\n    <\/a>\r\n<\/div>\r\n<div class=\"property-date\">\r\n    <i class=\"fa fa-calendar\"><\/i>\r\n     56\u00a0Jahren .<\/div>\r\n<\/div>\r\n<div class=\"property-excerpt\">\r\n    <p>[vc_row][vc_column][vc_column_text css_animation=&#8220;fadeIn&#8220;]Eine rustikale Finca im S\u00fcdosten Mallorcas mit 14.500 Quadratmetern Grundst\u00fcck, f\u00fcnf Minuten von Ses Salines und weniger als zehn von Es Trenc entfernt, unter einer Million Euro zu finden, ist keine Selbstverst\u00e4ndlichkeit. Dieses Anwesen bietet genau diese Kombination: ein 131 Quadratmeter gro\u00dfes, ebenerdiges Landhaus mit Garage, Abstellraum, einem zus\u00e4tzlichen Raum im Obergeschoss mit Dachterrasse [&hellip;]<\/p>\n<\/div>\r\n<div class=\"ere__loop-property-info property-info layout-1\">\r\n    <div class=\"property-info-inner\">\r\n        <div class=\"ere__loop-property-info-item property-area\" data-toggle=\"tooltip\" title=\"Bebaute Fl\u00e4che ca.\">\r\n    <i class=\"fa fa-arrows\"><\/i>\r\n    <div class=\"ere__lpi-content\">\r\n        <span class=\"ere__lpi-value\">131 m<sup>2<\/sup><\/span>\r\n        <span class=\"ere__lpi-label\">Bebaute Fl\u00e4che ca.<\/span>\r\n    <\/div>\r\n<\/div>\r\n\r\n<div class=\"ere__loop-property-info-item property-bedrooms\" data-toggle=\"tooltip\" title=\"3 Zimmer\">\r\n    <i class=\"fa fa-hotel\"><\/i>\r\n    <div class=\"ere__lpi-content\">\r\n        <span class=\"ere__lpi-value\">3<\/span>\r\n        <span class=\"ere__lpi-label\">Schlafzimmer<\/span>\r\n    <\/div>\r\n<\/div><div class=\"ere__loop-property-info-item property-bathrooms\" data-toggle=\"tooltip\" title=\"1 Bathrooms\">\r\n    <i class=\"fa fa-bath\"><\/i>\r\n    <div class=\"ere__lpi-content\">\r\n        <span class=\"ere__lpi-value\">1<\/span>\r\n        <span class=\"ere__lpi-label\">Badezimmer<\/span>\r\n    <\/div>\r\n<\/div>\r\n    <\/div>\r\n<\/div>\r\n\n\t\t<\/div>\n\t<\/div>\n<\/div><div class=\"property-item ere-property-is-featured\">\n\t<div class=\"property-inner\">\n        <div class=\"property-image\">\r\n    <img loading=\"lazy\" decoding=\"async\" width=\"330\"\r\n     height=\"180\"\r\n     src=\"https:\/\/villasyfincasmallorca.com\/wp-content\/uploads\/2024\/11\/LWP9367-Editar-330x180.jpg\"\r\n     onerror=\"this.src = 'http:\/\/villasyfincasmallorca.com\/wp-content\/uploads\/2017\/12\/1-VF-2-330x180.jpg';\"\r\n     alt=\"Stadthaus mit Pool in Ses Salines \u2014 110 m\u00b2, eine Etage, bezugsfertig\"\r\n     title=\"Stadthaus mit Pool in Ses Salines \u2014 110 m\u00b2, eine Etage, bezugsfertig\">\r\n\r\n<div class=\"ere__loop-property-action property-action\">\r\n    <a data-toggle=\"tooltip\"\r\n   title=\"(19) Fotos\"\r\n   data-property-id=\"55735\"\r\n   href=\"javascript:void(0)\" class=\"property-view-gallery ere__loop-property_action-item\">\r\n    <i class=\"fa fa-camera\"><\/i>\r\n<\/a>\r\n<a href=\"javascript:void(0)\" class=\"property-favorite ere__loop-property_action-item\" data-property-id=\"55735\"\r\n   data-toggle=\"tooltip\"\r\n   title=\"Zu den Favoriten hinzuf\u00fcgen\"\r\n   data-title-not-favorite=\"Zu den Favoriten hinzuf\u00fcgen\"\r\n   data-title-favorited=\"It is my favorite\"\r\n   data-icon-not-favorite=\"fa fa-star-o\"\r\n   data-icon-favorited=\"fa fa-star\">\r\n    <i class=\"fa fa-star-o\"><\/i>\r\n<\/a>\r\n<a class=\"compare-property ere__loop-property_action-item\" href=\"javascript:void(0)\"\r\n   data-property-id=\"55735\" data-toggle=\"tooltip\"\r\n   title=\"Vergleichen\">\r\n    <i class=\"fa fa-plus\"><\/i>\r\n<\/a>\r\n<\/div><div class=\"ere__loop-property-badge ere__lpb-featured-label\">\r\n            <span class=\"ere__loop-property-badge-item ere__featured\">\r\n    <span class=\"ere__lpbi-inner\">\r\n        Top    <\/span>\r\n<\/span>\r\n    <\/div>\r\n<div class=\"ere__loop-property-badge ere__lpb-status\">\r\n                    <span style=\"--ere-loop-property-badge-bg-color:,\" class=\"ere__loop-property-badge-item ere__term-status kaufen\" >\r\n            <span class=\"ere__lpbi-inner\">\r\n                Kaufen            <\/span>\r\n        <\/span>\r\n    <\/div>\r\n<a class=\"property-link\" href=\"https:\/\/villasyfincasmallorca.com\/de\/property\/stadthaus-zu-verkaufen-mit-pool-in-ses-salines\/\" title=\"Stadthaus mit Pool in Ses Salines \u2014 110 m\u00b2, eine Etage, bezugsfertig\"><\/a>\r\n<\/div>\r\n\r\n\t\t<div class=\"property-item-content\">\n\t\t\t<div class=\"property-heading\">\n                <h2 class=\"property-title\">\n    <a href=\"https:\/\/villasyfincasmallorca.com\/de\/property\/stadthaus-zu-verkaufen-mit-pool-in-ses-salines\/\" title=\"Stadthaus mit Pool in Ses Salines \u2014 110 m\u00b2, eine Etage, bezugsfertig\">Stadthaus mit Pool in Ses Salines \u2014 110 m\u00b2, eine Etage, bezugsfertig<\/a>\n<\/h2>\n\t<span class=\"property-price ere__loop-property-price\">\n\t\t\t\t490.000\u20ac\t\t\t<\/span>\n\t\t\t<\/div>\n            <div class=\"property-element-inline\">\r\n    <div class=\"property-type-list\"><i class=\"fa fa-tag\"><\/i><a href=\"https:\/\/villasyfincasmallorca.com\/de\/property-type\/stadthaus\/\" rel=\"tag\">Stadthaus<\/a><\/div><div class=\"property-agent\">\r\n    <a href=\"https:\/\/villasyfincasmallorca.com\/agent\/villas-y-fincas-mallorca\/\" title=\"Villas y Fincas Mallorca\">\r\n        <i class=\"fa fa-user\"><\/i>\r\n        <span>Villas y Fincas Mallorca<\/span>\r\n    <\/a>\r\n<\/div>\r\n<div class=\"property-date\">\r\n    <i class=\"fa fa-calendar\"><\/i>\r\n     56\u00a0Jahren .<\/div>\r\n<\/div>\r\n<div class=\"property-excerpt\">\r\n    <p>[vc_row][vc_column][vc_column_text css_animation=&#8220;fadeIn&#8220;]Ein Stadthaus mit privatem Pool im Herzen von Ses Salines, bezugsfertig, alles auf einer einzigen Etage. Diese Kombination erscheint selten auf dem Markt im S\u00fcdosten Mallorcas \u2014 und wenn sie erscheint, bleibt sie nicht lange. Diese Immobilie hat 110 Quadratmeter Wohnfl\u00e4che auf einem 170-Quadratmeter-Grundst\u00fcck, zwei Au\u00dfenschlafzimmer, einen offenen Wohn-Essbereich mit K\u00fcche, ein vollst\u00e4ndiges Bad, [&hellip;]<\/p>\n<\/div>\r\n<div class=\"ere__loop-property-info property-info layout-1\">\r\n    <div class=\"property-info-inner\">\r\n        <div class=\"ere__loop-property-info-item property-area\" data-toggle=\"tooltip\" title=\"Bebaute Fl\u00e4che ca.\">\r\n    <i class=\"fa fa-arrows\"><\/i>\r\n    <div class=\"ere__lpi-content\">\r\n        <span class=\"ere__lpi-value\">110 m<sup>2<\/sup><\/span>\r\n        <span class=\"ere__lpi-label\">Bebaute Fl\u00e4che ca.<\/span>\r\n    <\/div>\r\n<\/div>\r\n\r\n<div class=\"ere__loop-property-info-item property-bedrooms\" data-toggle=\"tooltip\" title=\"2 Zimmer\">\r\n    <i class=\"fa fa-hotel\"><\/i>\r\n    <div class=\"ere__lpi-content\">\r\n        <span class=\"ere__lpi-value\">2<\/span>\r\n        <span class=\"ere__lpi-label\">Schlafzimmer<\/span>\r\n    <\/div>\r\n<\/div><div class=\"ere__loop-property-info-item property-bathrooms\" data-toggle=\"tooltip\" title=\"1 Bathrooms\">\r\n    <i class=\"fa fa-bath\"><\/i>\r\n    <div class=\"ere__lpi-content\">\r\n        <span class=\"ere__lpi-value\">1<\/span>\r\n        <span class=\"ere__lpi-label\">Badezimmer<\/span>\r\n    <\/div>\r\n<\/div>\r\n    <\/div>\r\n<\/div>\r\n\n\t\t<\/div>\n\t<\/div>\n<\/div><div class=\"property-item ere-property-is-featured\">\n\t<div class=\"property-inner\">\n        <div class=\"property-image\">\r\n    <img loading=\"lazy\" decoding=\"async\" width=\"330\"\r\n     height=\"180\"\r\n     src=\"https:\/\/villasyfincasmallorca.com\/wp-content\/uploads\/2025\/02\/LWP2777-330x180.jpg\"\r\n     onerror=\"this.src = 'http:\/\/villasyfincasmallorca.com\/wp-content\/uploads\/2017\/12\/1-VF-2-330x180.jpg';\"\r\n     alt=\"Haus zu verkaufen in Ses Salines\"\r\n     title=\"Haus zu verkaufen in Ses Salines\">\r\n\r\n<div class=\"ere__loop-property-action property-action\">\r\n    <a data-toggle=\"tooltip\"\r\n   title=\"(27) Fotos\"\r\n   data-property-id=\"57205\"\r\n   href=\"javascript:void(0)\" class=\"property-view-gallery ere__loop-property_action-item\">\r\n    <i class=\"fa fa-camera\"><\/i>\r\n<\/a>\r\n<a href=\"javascript:void(0)\" class=\"property-favorite ere__loop-property_action-item\" data-property-id=\"57205\"\r\n   data-toggle=\"tooltip\"\r\n   title=\"Zu den Favoriten hinzuf\u00fcgen\"\r\n   data-title-not-favorite=\"Zu den Favoriten hinzuf\u00fcgen\"\r\n   data-title-favorited=\"It is my favorite\"\r\n   data-icon-not-favorite=\"fa fa-star-o\"\r\n   data-icon-favorited=\"fa fa-star\">\r\n    <i class=\"fa fa-star-o\"><\/i>\r\n<\/a>\r\n<a class=\"compare-property ere__loop-property_action-item\" href=\"javascript:void(0)\"\r\n   data-property-id=\"57205\" data-toggle=\"tooltip\"\r\n   title=\"Vergleichen\">\r\n    <i class=\"fa fa-plus\"><\/i>\r\n<\/a>\r\n<\/div><div class=\"ere__loop-property-badge ere__lpb-featured-label\">\r\n            <span class=\"ere__loop-property-badge-item ere__featured\">\r\n    <span class=\"ere__lpbi-inner\">\r\n        Top    <\/span>\r\n<\/span>\r\n    <\/div>\r\n<div class=\"ere__loop-property-badge ere__lpb-status\">\r\n                    <span style=\"--ere-loop-property-badge-bg-color:,\" class=\"ere__loop-property-badge-item ere__term-status kaufen\" >\r\n            <span class=\"ere__lpbi-inner\">\r\n                Kaufen            <\/span>\r\n        <\/span>\r\n    <\/div>\r\n<a class=\"property-link\" href=\"https:\/\/villasyfincasmallorca.com\/de\/property\/haus-zu-verkaufen-in-ses-salines-4\/\" title=\"Haus zu verkaufen in Ses Salines\"><\/a>\r\n<\/div>\r\n\r\n\t\t<div class=\"property-item-content\">\n\t\t\t<div class=\"property-heading\">\n                <h2 class=\"property-title\">\n    <a href=\"https:\/\/villasyfincasmallorca.com\/de\/property\/haus-zu-verkaufen-in-ses-salines-4\/\" title=\"Haus zu verkaufen in Ses Salines\">Haus zu verkaufen in Ses Salines<\/a>\n<\/h2>\n\t<span class=\"property-price ere__loop-property-price\">\n\t\t\t\t585.000\u20ac\t\t\t<\/span>\n\t\t\t<\/div>\n            <div class=\"property-element-inline\">\r\n    <div class=\"property-type-list\"><i class=\"fa fa-tag\"><\/i><a href=\"https:\/\/villasyfincasmallorca.com\/de\/property-type\/stadthaus\/\" rel=\"tag\">Stadthaus<\/a><\/div><div class=\"property-agent\">\r\n    <a href=\"https:\/\/villasyfincasmallorca.com\/agent\/villas-y-fincas-mallorca\/\" title=\"Villas y Fincas Mallorca\">\r\n        <i class=\"fa fa-user\"><\/i>\r\n        <span>Villas y Fincas Mallorca<\/span>\r\n    <\/a>\r\n<\/div>\r\n<div class=\"property-date\">\r\n    <i class=\"fa fa-calendar\"><\/i>\r\n     56\u00a0Jahren .<\/div>\r\n<\/div>\r\n<div class=\"property-excerpt\">\r\n    <p>[vc_row][vc_column][vc_column_text css_animation=&#8220;fadeIn&#8220;]Ger\u00e4umige Doppelhaush\u00e4lfte zum Verkauf in Ses Salines &#8211; Traumhaftes Haus in Ses Salines Wenn Sie ein Haus zum Verkauf in Ses Salines suchen, das Modernit\u00e4t, Komfort und eine strategische Lage kombiniert, ist dieses Anwesen die ideale Wahl. Es handelt sich um eine ger\u00e4umige Doppelhaush\u00e4lfte mit einer Fl\u00e4che von 148 m\u00b2 in einer ruhigen und [&hellip;]<\/p>\n<\/div>\r\n<div class=\"ere__loop-property-info property-info layout-1\">\r\n    <div class=\"property-info-inner\">\r\n        <div class=\"ere__loop-property-info-item property-area\" data-toggle=\"tooltip\" title=\"Bebaute Fl\u00e4che ca.\">\r\n    <i class=\"fa fa-arrows\"><\/i>\r\n    <div class=\"ere__lpi-content\">\r\n        <span class=\"ere__lpi-value\">148 m<sup>2<\/sup><\/span>\r\n        <span class=\"ere__lpi-label\">Bebaute Fl\u00e4che ca.<\/span>\r\n    <\/div>\r\n<\/div>\r\n\r\n<div class=\"ere__loop-property-info-item property-bedrooms\" data-toggle=\"tooltip\" title=\"4 Zimmer\">\r\n    <i class=\"fa fa-hotel\"><\/i>\r\n    <div class=\"ere__lpi-content\">\r\n        <span class=\"ere__lpi-value\">4<\/span>\r\n        <span class=\"ere__lpi-label\">Schlafzimmer<\/span>\r\n    <\/div>\r\n<\/div><div class=\"ere__loop-property-info-item property-bathrooms\" data-toggle=\"tooltip\" title=\"2 Badezimmer\">\r\n    <i class=\"fa fa-bath\"><\/i>\r\n    <div class=\"ere__lpi-content\">\r\n        <span class=\"ere__lpi-value\">2<\/span>\r\n        <span class=\"ere__lpi-label\">Badezimmer<\/span>\r\n    <\/div>\r\n<\/div>\r\n    <\/div>\r\n<\/div>\r\n\n\t\t<\/div>\n\t<\/div>\n<\/div>        <\/div>\n            <\/div>\n<\/div>\n\n[\/vc_column][\/vc_row][vc_row full_width=&#8220;stretch_row_content_no_spaces&#8220;][vc_column][g5plus_space desktop=&#8220;100&#8243; tablet=&#8220;80&#8243; tablet_portrait=&#8220;60&#8243; mobile_landscape=&#8220;50&#8243; mobile=&#8220;40&#8243;]<div class=\"ere-property-wrap\">\n    <div class=\"ere-property clearfix property-carousel  owl-move-nav-par-with-heading\" data-view-all-link=\"http:\/\/villasyfincasmallorca.com\/property\" >\n                <div class=\"container\">\n            <div class=\"ere-heading ere-heading-sub\">\r\n            <h2> FINDEN SIE IHR NEUES HAUS IN MALLORCA <\/h2>\r\n                <p>SUCHE MIT VILLAS Y FINCAS MALLORCA <\/p>\r\n    <\/div>\r\n        <\/div>\n                        <div class=\"property-content owl-carousel ere__owl-carousel owl-nav-top-right owl-nav-size-sm\" data-section-id=\"69f4b65a0ea87\"\n             data-callback=\"owl_callback\" data-plugin-options=\"{&quot;dots&quot;:false,&quot;nav&quot;:true,&quot;autoplay&quot;:true,&quot;autoplayTimeout&quot;:3000,&quot;responsive&quot;:{&quot;0&quot;:{&quot;items&quot;:1,&quot;margin&quot;:0},&quot;480&quot;:{&quot;items&quot;:1,&quot;margin&quot;:0},&quot;768&quot;:{&quot;items&quot;:2,&quot;margin&quot;:0},&quot;992&quot;:{&quot;items&quot;:3,&quot;margin&quot;:0},&quot;1200&quot;:{&quot;items&quot;:4,&quot;margin&quot;:0},&quot;1820&quot;:{&quot;items&quot;:6,&quot;margin&quot;:0}}}\" >\n                            <div class=\"ere-item-wrap property-item ere-property-is-featured\">\n\t<div class=\"property-inner\">\n        <div class=\"property-image\">\r\n    <img loading=\"lazy\" decoding=\"async\" width=\"330\"\r\n     height=\"180\"\r\n     src=\"https:\/\/villasyfincasmallorca.com\/wp-content\/uploads\/2026\/03\/1505-Authentic-townhome-for-complete-renovation-for-sale-in-Ses-Salines-15_resultado-330x180.jpg\"\r\n     onerror=\"this.src = 'http:\/\/villasyfincasmallorca.com\/wp-content\/uploads\/2017\/12\/1-VF-2-330x180.jpg';\"\r\n     alt=\"Stadthaus aus dem 19. Jahrhundert zur Renovierung mit zwei Zug\u00e4ngen in Ses Salines\"\r\n     title=\"Stadthaus aus dem 19. Jahrhundert zur Renovierung mit zwei Zug\u00e4ngen in Ses Salines\">\r\n\r\n<div class=\"ere__loop-property-action property-action\">\r\n    <a data-toggle=\"tooltip\"\r\n   title=\"(20) Fotos\"\r\n   data-property-id=\"62975\"\r\n   href=\"javascript:void(0)\" class=\"property-view-gallery ere__loop-property_action-item\">\r\n    <i class=\"fa fa-camera\"><\/i>\r\n<\/a>\r\n<a href=\"javascript:void(0)\" class=\"property-favorite ere__loop-property_action-item\" data-property-id=\"62975\"\r\n   data-toggle=\"tooltip\"\r\n   title=\"Zu den Favoriten hinzuf\u00fcgen\"\r\n   data-title-not-favorite=\"Zu den Favoriten hinzuf\u00fcgen\"\r\n   data-title-favorited=\"It is my favorite\"\r\n   data-icon-not-favorite=\"fa fa-star-o\"\r\n   data-icon-favorited=\"fa fa-star\">\r\n    <i class=\"fa fa-star-o\"><\/i>\r\n<\/a>\r\n<a class=\"compare-property ere__loop-property_action-item\" href=\"javascript:void(0)\"\r\n   data-property-id=\"62975\" data-toggle=\"tooltip\"\r\n   title=\"Vergleichen\">\r\n    <i class=\"fa fa-plus\"><\/i>\r\n<\/a>\r\n<\/div><div class=\"ere__loop-property-badge ere__lpb-featured-label\">\r\n            <span class=\"ere__loop-property-badge-item ere__featured\">\r\n    <span class=\"ere__lpbi-inner\">\r\n        Top    <\/span>\r\n<\/span>\r\n    <\/div>\r\n<div class=\"ere__loop-property-badge ere__lpb-status\">\r\n                    <span style=\"--ere-loop-property-badge-bg-color:,\" class=\"ere__loop-property-badge-item ere__term-status kaufen\" >\r\n            <span class=\"ere__lpbi-inner\">\r\n                Kaufen            <\/span>\r\n        <\/span>\r\n    <\/div>\r\n<a class=\"property-link\" href=\"https:\/\/villasyfincasmallorca.com\/de\/property\/autentica-casa-de-pueblo-para-reformar-en-venta-en-ses-salines\/\" title=\"Stadthaus aus dem 19. Jahrhundert zur Renovierung mit zwei Zug\u00e4ngen in Ses Salines\"><\/a>\r\n<\/div>\r\n\r\n\t\t<div class=\"property-item-content\">\n\t\t\t<div class=\"property-heading\">\n                <h2 class=\"property-title\">\n    <a href=\"https:\/\/villasyfincasmallorca.com\/de\/property\/autentica-casa-de-pueblo-para-reformar-en-venta-en-ses-salines\/\" title=\"Stadthaus aus dem 19. Jahrhundert zur Renovierung mit zwei Zug\u00e4ngen in Ses Salines\">Stadthaus aus dem 19. Jahrhundert zur Renovierung mit zwei Zug\u00e4ngen in Ses Salines<\/a>\n<\/h2>\n\t<span class=\"property-price ere__loop-property-price\">\n\t\t\t\t420.000\u20ac\t\t\t<\/span>\n\t\t\t<\/div>\n            <div class=\"property-element-inline\">\r\n    <div class=\"property-type-list\"><i class=\"fa fa-tag\"><\/i><a href=\"https:\/\/villasyfincasmallorca.com\/de\/property-type\/stadthaus\/\" rel=\"tag\">Stadthaus<\/a><\/div><div class=\"property-agent\">\r\n    <a href=\"https:\/\/villasyfincasmallorca.com\/en\/agent\/villas-y-fincas-mallorca\/\" title=\"Villas y Fincas Mallorca\">\r\n        <i class=\"fa fa-user\"><\/i>\r\n        <span>Villas y Fincas Mallorca<\/span>\r\n    <\/a>\r\n<\/div>\r\n<div class=\"property-date\">\r\n    <i class=\"fa fa-calendar\"><\/i>\r\n     56\u00a0Jahren .<\/div>\r\n<\/div>\r\n<div class=\"property-excerpt\">\r\n    <p>[vc_row][vc_column][vc_column_text css_animation=&#8220;fadeIn&#8220;]Es gibt H\u00e4user, die schon beim \u00dcberschreiten der Schwelle eine Geschichte erz\u00e4hlen. Dieses authentische Stadthaus zur Renovierung in Ses Salines geh\u00f6rt dazu. Im Jahr 1810 erbaut, mit 160 Quadratmetern auf zwei Etagen und der au\u00dfergew\u00f6hnlichen Besonderheit von zwei unabh\u00e4ngigen Stra\u00dfenzug\u00e4ngen, ist diese Immobilie eine leere Leinwand mit \u00fcber zwei Jahrhunderten Geschichte. Eine ungew\u00f6hnliche Gelegenheit [&hellip;]<\/p>\n<\/div>\r\n<div class=\"ere__loop-property-info property-info layout-1\">\r\n    <div class=\"property-info-inner\">\r\n        <div class=\"ere__loop-property-info-item property-area\" data-toggle=\"tooltip\" title=\"Bebaute Fl\u00e4che ca.\">\r\n    <i class=\"fa fa-arrows\"><\/i>\r\n    <div class=\"ere__lpi-content\">\r\n        <span class=\"ere__lpi-value\">160 m<sup>2<\/sup><\/span>\r\n        <span class=\"ere__lpi-label\">Bebaute Fl\u00e4che ca.<\/span>\r\n    <\/div>\r\n<\/div>\r\n\r\n<div class=\"ere__loop-property-info-item property-bedrooms\" data-toggle=\"tooltip\" title=\"4 Zimmer\">\r\n    <i class=\"fa fa-hotel\"><\/i>\r\n    <div class=\"ere__lpi-content\">\r\n        <span class=\"ere__lpi-value\">4<\/span>\r\n        <span class=\"ere__lpi-label\">Schlafzimmer<\/span>\r\n    <\/div>\r\n<\/div><div class=\"ere__loop-property-info-item property-bathrooms\" data-toggle=\"tooltip\" title=\"1 Bathrooms\">\r\n    <i class=\"fa fa-bath\"><\/i>\r\n    <div class=\"ere__lpi-content\">\r\n        <span class=\"ere__lpi-value\">1<\/span>\r\n        <span class=\"ere__lpi-label\">Badezimmer<\/span>\r\n    <\/div>\r\n<\/div>\r\n    <\/div>\r\n<\/div>\r\n\n\t\t<\/div>\n\t<\/div>\n<\/div>                    <div class=\"ere-item-wrap property-item ere-property-is-featured\">\n\t<div class=\"property-inner\">\n        <div class=\"property-image\">\r\n    <img loading=\"lazy\" decoding=\"async\" width=\"330\"\r\n     height=\"180\"\r\n     src=\"https:\/\/villasyfincasmallorca.com\/wp-content\/uploads\/2019\/07\/1137-Casa-de-pueblo-en-alquiler-en-Es-Llombards-21-Copiar-330x180.jpg\"\r\n     onerror=\"this.src = 'http:\/\/villasyfincasmallorca.com\/wp-content\/uploads\/2017\/12\/1-VF-2-330x180.jpg';\"\r\n     alt=\"Renoviertes Stadthaus mit 220 m\u00b2 und gro\u00dfer Terrasse zur Miete in Es Llombards\"\r\n     title=\"Renoviertes Stadthaus mit 220 m\u00b2 und gro\u00dfer Terrasse zur Miete in Es Llombards\">\r\n\r\n<div class=\"ere__loop-property-action property-action\">\r\n    <a data-toggle=\"tooltip\"\r\n   title=\"(33) Fotos\"\r\n   data-property-id=\"24182\"\r\n   href=\"javascript:void(0)\" class=\"property-view-gallery ere__loop-property_action-item\">\r\n    <i class=\"fa fa-camera\"><\/i>\r\n<\/a>\r\n<a href=\"javascript:void(0)\" class=\"property-favorite ere__loop-property_action-item\" data-property-id=\"24182\"\r\n   data-toggle=\"tooltip\"\r\n   title=\"Zu den Favoriten hinzuf\u00fcgen\"\r\n   data-title-not-favorite=\"Zu den Favoriten hinzuf\u00fcgen\"\r\n   data-title-favorited=\"It is my favorite\"\r\n   data-icon-not-favorite=\"fa fa-star-o\"\r\n   data-icon-favorited=\"fa fa-star\">\r\n    <i class=\"fa fa-star-o\"><\/i>\r\n<\/a>\r\n<a class=\"compare-property ere__loop-property_action-item\" href=\"javascript:void(0)\"\r\n   data-property-id=\"24182\" data-toggle=\"tooltip\"\r\n   title=\"Vergleichen\">\r\n    <i class=\"fa fa-plus\"><\/i>\r\n<\/a>\r\n<\/div><div class=\"ere__loop-property-badge ere__lpb-featured-label\">\r\n            <span class=\"ere__loop-property-badge-item ere__featured\">\r\n    <span class=\"ere__lpbi-inner\">\r\n        Top    <\/span>\r\n<\/span>\r\n    <\/div>\r\n<div class=\"ere__loop-property-badge ere__lpb-status\">\r\n                    <span style=\"--ere-loop-property-badge-bg-color:,\" class=\"ere__loop-property-badge-item ere__term-status mieten\" >\r\n            <span class=\"ere__lpbi-inner\">\r\n                Mieten            <\/span>\r\n        <\/span>\r\n    <\/div>\r\n<a class=\"property-link\" href=\"https:\/\/villasyfincasmallorca.com\/de\/property\/stadthaus-zu-vermieten-in-es-llombards\/\" title=\"Renoviertes Stadthaus mit 220 m\u00b2 und gro\u00dfer Terrasse zur Miete in Es Llombards\"><\/a>\r\n<\/div>\r\n\r\n\t\t<div class=\"property-item-content\">\n\t\t\t<div class=\"property-heading\">\n                <h2 class=\"property-title\">\n    <a href=\"https:\/\/villasyfincasmallorca.com\/de\/property\/stadthaus-zu-vermieten-in-es-llombards\/\" title=\"Renoviertes Stadthaus mit 220 m\u00b2 und gro\u00dfer Terrasse zur Miete in Es Llombards\">Renoviertes Stadthaus mit 220 m\u00b2 und gro\u00dfer Terrasse zur Miete in Es Llombards<\/a>\n<\/h2>\n\t<span class=\"property-price ere__loop-property-price\">\n\t\t\t\t1.850\u20ac\t\t\t<\/span>\n\t\t\t<\/div>\n            <div class=\"property-element-inline\">\r\n    <div class=\"property-type-list\"><i class=\"fa fa-tag\"><\/i><a href=\"https:\/\/villasyfincasmallorca.com\/de\/property-type\/stadthaus\/\" rel=\"tag\">Stadthaus<\/a><\/div><div class=\"property-agent\">\r\n    <a href=\"https:\/\/villasyfincasmallorca.com\/en\/agent\/villas-y-fincas-mallorca\/\" title=\"Villas y Fincas Mallorca\">\r\n        <i class=\"fa fa-user\"><\/i>\r\n        <span>Villas y Fincas Mallorca<\/span>\r\n    <\/a>\r\n<\/div>\r\n<div class=\"property-date\">\r\n    <i class=\"fa fa-calendar\"><\/i>\r\n     56\u00a0Jahren .<\/div>\r\n<\/div>\r\n<div class=\"property-excerpt\">\r\n    <p>[vc_row][vc_column][vc_column_text css_animation=&#8220;fadeIn&#8220;]Es gibt D\u00f6rfer auf Mallorca, die wie ein gut geh\u00fctetes Geheimnis wirken. Es Llombards ist eines davon. Klein, ruhig, Teil der Gemeinde Santany\u00ed, hat dieser Ort im S\u00fcdosten der Insel seine traditionelle Steinarchitektur, seine stillen Stra\u00dfen und jene Dorfatmosph\u00e4re bewahrt, die das ganze Jahr \u00fcber erlebbar ist \u2014 nicht nur in der Hochsaison. Im [&hellip;]<\/p>\n<\/div>\r\n<div class=\"ere__loop-property-info property-info layout-1\">\r\n    <div class=\"property-info-inner\">\r\n        <div class=\"ere__loop-property-info-item property-area\" data-toggle=\"tooltip\" title=\"Bebaute Fl\u00e4che ca.\">\r\n    <i class=\"fa fa-arrows\"><\/i>\r\n    <div class=\"ere__lpi-content\">\r\n        <span class=\"ere__lpi-value\">220 m<sup>2<\/sup><\/span>\r\n        <span class=\"ere__lpi-label\">Bebaute Fl\u00e4che ca.<\/span>\r\n    <\/div>\r\n<\/div>\r\n\r\n<div class=\"ere__loop-property-info-item property-bedrooms\" data-toggle=\"tooltip\" title=\"3 Zimmer\">\r\n    <i class=\"fa fa-hotel\"><\/i>\r\n    <div class=\"ere__lpi-content\">\r\n        <span class=\"ere__lpi-value\">3<\/span>\r\n        <span class=\"ere__lpi-label\">Schlafzimmer<\/span>\r\n    <\/div>\r\n<\/div><div class=\"ere__loop-property-info-item property-bathrooms\" data-toggle=\"tooltip\" title=\"3 Badezimmer\">\r\n    <i class=\"fa fa-bath\"><\/i>\r\n    <div class=\"ere__lpi-content\">\r\n        <span class=\"ere__lpi-value\">3<\/span>\r\n        <span class=\"ere__lpi-label\">Badezimmer<\/span>\r\n    <\/div>\r\n<\/div>\r\n    <\/div>\r\n<\/div>\r\n\n\t\t<\/div>\n\t<\/div>\n<\/div>                    <div class=\"ere-item-wrap property-item ere-property-is-featured\">\n\t<div class=\"property-inner\">\n        <div class=\"property-image\">\r\n    <img loading=\"lazy\" decoding=\"async\" width=\"330\"\r\n     height=\"180\"\r\n     src=\"https:\/\/villasyfincasmallorca.com\/wp-content\/uploads\/2026\/03\/1504-Exclusivo-adosado-en-venta-con-piscina-en-una-calle-tranquila-de-Ses-Salines-16_resultado-330x180.jpg\"\r\n     onerror=\"this.src = 'http:\/\/villasyfincasmallorca.com\/wp-content\/uploads\/2017\/12\/1-VF-2-330x180.jpg';\"\r\n     alt=\"Reihenhaus mit Privatpool in Ses Salines, 146 m\u00b2\"\r\n     title=\"Reihenhaus mit Privatpool in Ses Salines, 146 m\u00b2\">\r\n\r\n<div class=\"ere__loop-property-action property-action\">\r\n    <a data-toggle=\"tooltip\"\r\n   title=\"(21) Fotos\"\r\n   data-property-id=\"62903\"\r\n   href=\"javascript:void(0)\" class=\"property-view-gallery ere__loop-property_action-item\">\r\n    <i class=\"fa fa-camera\"><\/i>\r\n<\/a>\r\n<a href=\"javascript:void(0)\" class=\"property-favorite ere__loop-property_action-item\" data-property-id=\"62903\"\r\n   data-toggle=\"tooltip\"\r\n   title=\"Zu den Favoriten hinzuf\u00fcgen\"\r\n   data-title-not-favorite=\"Zu den Favoriten hinzuf\u00fcgen\"\r\n   data-title-favorited=\"It is my favorite\"\r\n   data-icon-not-favorite=\"fa fa-star-o\"\r\n   data-icon-favorited=\"fa fa-star\">\r\n    <i class=\"fa fa-star-o\"><\/i>\r\n<\/a>\r\n<a class=\"compare-property ere__loop-property_action-item\" href=\"javascript:void(0)\"\r\n   data-property-id=\"62903\" data-toggle=\"tooltip\"\r\n   title=\"Vergleichen\">\r\n    <i class=\"fa fa-plus\"><\/i>\r\n<\/a>\r\n<\/div><div class=\"ere__loop-property-badge ere__lpb-featured-label\">\r\n            <span class=\"ere__loop-property-badge-item ere__featured\">\r\n    <span class=\"ere__lpbi-inner\">\r\n        Top    <\/span>\r\n<\/span>\r\n    <\/div>\r\n<div class=\"ere__loop-property-badge ere__lpb-status\">\r\n                    <span style=\"--ere-loop-property-badge-bg-color:,\" class=\"ere__loop-property-badge-item ere__term-status kaufen\" >\r\n            <span class=\"ere__lpbi-inner\">\r\n                Kaufen            <\/span>\r\n        <\/span>\r\n    <\/div>\r\n<a class=\"property-link\" href=\"https:\/\/villasyfincasmallorca.com\/de\/property\/exclusivo-adosado-en-venta-con-piscina-en-una-calle-tranquila-de-ses-salines\/\" title=\"Reihenhaus mit Privatpool in Ses Salines, 146 m\u00b2\"><\/a>\r\n<\/div>\r\n\r\n\t\t<div class=\"property-item-content\">\n\t\t\t<div class=\"property-heading\">\n                <h2 class=\"property-title\">\n    <a href=\"https:\/\/villasyfincasmallorca.com\/de\/property\/exclusivo-adosado-en-venta-con-piscina-en-una-calle-tranquila-de-ses-salines\/\" title=\"Reihenhaus mit Privatpool in Ses Salines, 146 m\u00b2\">Reihenhaus mit Privatpool in Ses Salines, 146 m\u00b2<\/a>\n<\/h2>\n\t<span class=\"property-price ere__loop-property-price\">\n\t\t\t\t680.000\u20ac\t\t\t<\/span>\n\t\t\t<\/div>\n            <div class=\"property-element-inline\">\r\n    <div class=\"property-type-list\"><i class=\"fa fa-tag\"><\/i><a href=\"https:\/\/villasyfincasmallorca.com\/de\/property-type\/stadthaus\/\" rel=\"tag\">Stadthaus<\/a><\/div><div class=\"property-agent\">\r\n    <a href=\"https:\/\/villasyfincasmallorca.com\/en\/agent\/villas-y-fincas-mallorca\/\" title=\"Villas y Fincas Mallorca\">\r\n        <i class=\"fa fa-user\"><\/i>\r\n        <span>Villas y Fincas Mallorca<\/span>\r\n    <\/a>\r\n<\/div>\r\n<div class=\"property-date\">\r\n    <i class=\"fa fa-calendar\"><\/i>\r\n     56\u00a0Jahren .<\/div>\r\n<\/div>\r\n<div class=\"property-excerpt\">\r\n    <p>[vc_row][vc_column][vc_column_text css_animation=&#8220;fadeIn&#8220;]Ses Salines geh\u00f6rt zu jenen Gemeinden im S\u00fcdosten Mallorcas, die ihren urspr\u00fcnglichen Charakter bewahrt haben. Kein Massentourismus, keine \u00fcberlaufenen Strandpromenaden \u2014 stattdessen traditionelle Steinarchitektur, ruhige Gassen und ein Dorfleben, das noch immer von Authentizit\u00e4t gepr\u00e4gt ist. In diesem Umfeld befindet sich ein Reihenhaus aus dem Jahr 2007 mit 146 m\u00b2 Wohnfl\u00e4che, drei Schlafzimmern, zwei [&hellip;]<\/p>\n<\/div>\r\n<div class=\"ere__loop-property-info property-info layout-1\">\r\n    <div class=\"property-info-inner\">\r\n        <div class=\"ere__loop-property-info-item property-area\" data-toggle=\"tooltip\" title=\"Bebaute Fl\u00e4che ca.\">\r\n    <i class=\"fa fa-arrows\"><\/i>\r\n    <div class=\"ere__lpi-content\">\r\n        <span class=\"ere__lpi-value\">146 m<sup>2<\/sup><\/span>\r\n        <span class=\"ere__lpi-label\">Bebaute Fl\u00e4che ca.<\/span>\r\n    <\/div>\r\n<\/div>\r\n\r\n<div class=\"ere__loop-property-info-item property-bedrooms\" data-toggle=\"tooltip\" title=\"3 Zimmer\">\r\n    <i class=\"fa fa-hotel\"><\/i>\r\n    <div class=\"ere__lpi-content\">\r\n        <span class=\"ere__lpi-value\">3<\/span>\r\n        <span class=\"ere__lpi-label\">Schlafzimmer<\/span>\r\n    <\/div>\r\n<\/div><div class=\"ere__loop-property-info-item property-bathrooms\" data-toggle=\"tooltip\" title=\"2 Badezimmer\">\r\n    <i class=\"fa fa-bath\"><\/i>\r\n    <div class=\"ere__lpi-content\">\r\n        <span class=\"ere__lpi-value\">2<\/span>\r\n        <span class=\"ere__lpi-label\">Badezimmer<\/span>\r\n    <\/div>\r\n<\/div>\r\n    <\/div>\r\n<\/div>\r\n\n\t\t<\/div>\n\t<\/div>\n<\/div>                    <div class=\"ere-item-wrap property-item ere-property-is-featured\">\n\t<div class=\"property-inner\">\n        <div class=\"property-image\">\r\n    <img loading=\"lazy\" decoding=\"async\" width=\"330\"\r\n     height=\"180\"\r\n     src=\"https:\/\/villasyfincasmallorca.com\/wp-content\/uploads\/2026\/03\/1160-Spacious-apartment-for-sale-with-terrace-and-sea-views-in-Portopetro-07-scaled-330x180.jpg\"\r\n     onerror=\"this.src = 'http:\/\/villasyfincasmallorca.com\/wp-content\/uploads\/2017\/12\/1-VF-2-330x180.jpg';\"\r\n     alt=\"Renovierte Wohnung mit Terrasse und Meerblick in Portopetro\"\r\n     title=\"Renovierte Wohnung mit Terrasse und Meerblick in Portopetro\">\r\n\r\n<div class=\"ere__loop-property-action property-action\">\r\n    <a data-toggle=\"tooltip\"\r\n   title=\"(20) Fotos\"\r\n   data-property-id=\"43209\"\r\n   href=\"javascript:void(0)\" class=\"property-view-gallery ere__loop-property_action-item\">\r\n    <i class=\"fa fa-camera\"><\/i>\r\n<\/a>\r\n<a href=\"javascript:void(0)\" class=\"property-favorite ere__loop-property_action-item\" data-property-id=\"43209\"\r\n   data-toggle=\"tooltip\"\r\n   title=\"Zu den Favoriten hinzuf\u00fcgen\"\r\n   data-title-not-favorite=\"Zu den Favoriten hinzuf\u00fcgen\"\r\n   data-title-favorited=\"It is my favorite\"\r\n   data-icon-not-favorite=\"fa fa-star-o\"\r\n   data-icon-favorited=\"fa fa-star\">\r\n    <i class=\"fa fa-star-o\"><\/i>\r\n<\/a>\r\n<a class=\"compare-property ere__loop-property_action-item\" href=\"javascript:void(0)\"\r\n   data-property-id=\"43209\" data-toggle=\"tooltip\"\r\n   title=\"Vergleichen\">\r\n    <i class=\"fa fa-plus\"><\/i>\r\n<\/a>\r\n<\/div><div class=\"ere__loop-property-badge ere__lpb-featured-label\">\r\n            <span class=\"ere__loop-property-badge-item ere__featured\">\r\n    <span class=\"ere__lpbi-inner\">\r\n        Top    <\/span>\r\n<\/span>\r\n    <\/div>\r\n<div class=\"ere__loop-property-badge ere__lpb-status\">\r\n                    <span style=\"--ere-loop-property-badge-bg-color:,\" class=\"ere__loop-property-badge-item ere__term-status kaufen\" >\r\n            <span class=\"ere__lpbi-inner\">\r\n                Kaufen            <\/span>\r\n        <\/span>\r\n    <\/div>\r\n<a class=\"property-link\" href=\"https:\/\/villasyfincasmallorca.com\/de\/property\/wohnung-zu-verkaufen-mit-meerblick-in-portopetro\/\" title=\"Renovierte Wohnung mit Terrasse und Meerblick in Portopetro\"><\/a>\r\n<\/div>\r\n\r\n\t\t<div class=\"property-item-content\">\n\t\t\t<div class=\"property-heading\">\n                <h2 class=\"property-title\">\n    <a href=\"https:\/\/villasyfincasmallorca.com\/de\/property\/wohnung-zu-verkaufen-mit-meerblick-in-portopetro\/\" title=\"Renovierte Wohnung mit Terrasse und Meerblick in Portopetro\">Renovierte Wohnung mit Terrasse und Meerblick in Portopetro<\/a>\n<\/h2>\n\t<span class=\"property-price ere__loop-property-price\">\n\t\t\t\t398.000\u20ac\t\t\t<\/span>\n\t\t\t<\/div>\n            <div class=\"property-element-inline\">\r\n    <div class=\"property-type-list\"><i class=\"fa fa-tag\"><\/i><a href=\"https:\/\/villasyfincasmallorca.com\/de\/property-type\/wohnung\/\" rel=\"tag\">Wohnung<\/a><\/div><div class=\"property-agent\">\r\n    <a href=\"https:\/\/villasyfincasmallorca.com\/agent\/villas-y-fincas-mallorca\/\" title=\"Villas y Fincas Mallorca\">\r\n        <i class=\"fa fa-user\"><\/i>\r\n        <span>Villas y Fincas Mallorca<\/span>\r\n    <\/a>\r\n<\/div>\r\n<div class=\"property-date\">\r\n    <i class=\"fa fa-calendar\"><\/i>\r\n     56\u00a0Jahren .<\/div>\r\n<\/div>\r\n<div class=\"property-excerpt\">\r\n    <p>[vc_row][vc_column][vc_column_text css_animation=&#8220;fadeIn&#8220;] Es gibt Ecken auf Mallorca, an denen die Zeit in einem anderen Rhythmus zu vergehen scheint. Portopetro ist eine davon. Dieser kleine Fischerhafen an der S\u00fcdostk\u00fcste der Insel, Teil der Gemeinde Santany\u00ed, hat seinen urspr\u00fcnglichen maritimen Charakter bewahrt, w\u00e4hrend der Rest der K\u00fcste dem touristischen Druck nachgab. Hier teilen sich die traditionellen Lla\u00fcts [&hellip;]<\/p>\n<\/div>\r\n<div class=\"ere__loop-property-info property-info layout-1\">\r\n    <div class=\"property-info-inner\">\r\n        <div class=\"ere__loop-property-info-item property-area\" data-toggle=\"tooltip\" title=\"Bebaute Fl\u00e4che ca.\">\r\n    <i class=\"fa fa-arrows\"><\/i>\r\n    <div class=\"ere__lpi-content\">\r\n        <span class=\"ere__lpi-value\">83 m<sup>2<\/sup><\/span>\r\n        <span class=\"ere__lpi-label\">Bebaute Fl\u00e4che ca.<\/span>\r\n    <\/div>\r\n<\/div>\r\n\r\n<div class=\"ere__loop-property-info-item property-bedrooms\" data-toggle=\"tooltip\" title=\"2 Zimmer\">\r\n    <i class=\"fa fa-hotel\"><\/i>\r\n    <div class=\"ere__lpi-content\">\r\n        <span class=\"ere__lpi-value\">2<\/span>\r\n        <span class=\"ere__lpi-label\">Schlafzimmer<\/span>\r\n    <\/div>\r\n<\/div><div class=\"ere__loop-property-info-item property-bathrooms\" data-toggle=\"tooltip\" title=\"1 Bathrooms\">\r\n    <i class=\"fa fa-bath\"><\/i>\r\n    <div class=\"ere__lpi-content\">\r\n        <span class=\"ere__lpi-value\">1<\/span>\r\n        <span class=\"ere__lpi-label\">Badezimmer<\/span>\r\n    <\/div>\r\n<\/div>\r\n    <\/div>\r\n<\/div>\r\n\n\t\t<\/div>\n\t<\/div>\n<\/div>                    <div class=\"ere-item-wrap property-item ere-property-is-featured\">\n\t<div class=\"property-inner\">\n        <div class=\"property-image\">\r\n    <img loading=\"lazy\" decoding=\"async\" width=\"330\"\r\n     height=\"180\"\r\n     src=\"https:\/\/villasyfincasmallorca.com\/wp-content\/uploads\/2026\/02\/1501-Town-house-for-sale-with-massive-outdoors-space-in-Ses-Salines-01-330x180.jpg\"\r\n     onerror=\"this.src = 'http:\/\/villasyfincasmallorca.com\/wp-content\/uploads\/2017\/12\/1-VF-2-330x180.jpg';\"\r\n     alt=\"Historisches Stadthaus von 1890 mit 831 m\u00b2 Grundst\u00fcck und doppeltem Zugang in Ses Salines\"\r\n     title=\"Historisches Stadthaus von 1890 mit 831 m\u00b2 Grundst\u00fcck und doppeltem Zugang in Ses Salines\">\r\n\r\n<div class=\"ere__loop-property-action property-action\">\r\n    <a data-toggle=\"tooltip\"\r\n   title=\"(23) Fotos\"\r\n   data-property-id=\"62104\"\r\n   href=\"javascript:void(0)\" class=\"property-view-gallery ere__loop-property_action-item\">\r\n    <i class=\"fa fa-camera\"><\/i>\r\n<\/a>\r\n<a href=\"javascript:void(0)\" class=\"property-favorite ere__loop-property_action-item\" data-property-id=\"62104\"\r\n   data-toggle=\"tooltip\"\r\n   title=\"Zu den Favoriten hinzuf\u00fcgen\"\r\n   data-title-not-favorite=\"Zu den Favoriten hinzuf\u00fcgen\"\r\n   data-title-favorited=\"It is my favorite\"\r\n   data-icon-not-favorite=\"fa fa-star-o\"\r\n   data-icon-favorited=\"fa fa-star\">\r\n    <i class=\"fa fa-star-o\"><\/i>\r\n<\/a>\r\n<a class=\"compare-property ere__loop-property_action-item\" href=\"javascript:void(0)\"\r\n   data-property-id=\"62104\" data-toggle=\"tooltip\"\r\n   title=\"Vergleichen\">\r\n    <i class=\"fa fa-plus\"><\/i>\r\n<\/a>\r\n<\/div><div class=\"ere__loop-property-badge ere__lpb-featured-label\">\r\n            <span class=\"ere__loop-property-badge-item ere__featured\">\r\n    <span class=\"ere__lpbi-inner\">\r\n        Top    <\/span>\r\n<\/span>\r\n    <\/div>\r\n<div class=\"ere__loop-property-badge ere__lpb-status\">\r\n                    <span style=\"--ere-loop-property-badge-bg-color:,\" class=\"ere__loop-property-badge-item ere__term-status kaufen\" >\r\n            <span class=\"ere__lpbi-inner\">\r\n                Kaufen            <\/span>\r\n        <\/span>\r\n    <\/div>\r\n<a class=\"property-link\" href=\"https:\/\/villasyfincasmallorca.com\/de\/property\/einzigartige-gelegenheit-in-ses-salines-historisches-dorfhaus-zur-renovierung-mit-riesigem-831-m%c2%b2-grundstueck-und-zugang-von-zwei-strassen\/\" title=\"Historisches Stadthaus von 1890 mit 831 m\u00b2 Grundst\u00fcck und doppeltem Zugang in Ses Salines\"><\/a>\r\n<\/div>\r\n\r\n\t\t<div class=\"property-item-content\">\n\t\t\t<div class=\"property-heading\">\n                <h2 class=\"property-title\">\n    <a href=\"https:\/\/villasyfincasmallorca.com\/de\/property\/einzigartige-gelegenheit-in-ses-salines-historisches-dorfhaus-zur-renovierung-mit-riesigem-831-m%c2%b2-grundstueck-und-zugang-von-zwei-strassen\/\" title=\"Historisches Stadthaus von 1890 mit 831 m\u00b2 Grundst\u00fcck und doppeltem Zugang in Ses Salines\">Historisches Stadthaus von 1890 mit 831 m\u00b2 Grundst\u00fcck und doppeltem Zugang in Ses Salines<\/a>\n<\/h2>\n\t<span class=\"property-price ere__loop-property-price\">\n\t\t\t\t700.000\u20ac\t\t\t<\/span>\n\t\t\t<\/div>\n            <div class=\"property-element-inline\">\r\n    <div class=\"property-type-list\"><i class=\"fa fa-tag\"><\/i><a href=\"https:\/\/villasyfincasmallorca.com\/de\/property-type\/stadthaus\/\" rel=\"tag\">Stadthaus<\/a><\/div><div class=\"property-agent\">\r\n    <a href=\"https:\/\/villasyfincasmallorca.com\/en\/agent\/villas-y-fincas-mallorca\/\" title=\"Villas y Fincas Mallorca\">\r\n        <i class=\"fa fa-user\"><\/i>\r\n        <span>Villas y Fincas Mallorca<\/span>\r\n    <\/a>\r\n<\/div>\r\n<div class=\"property-date\">\r\n    <i class=\"fa fa-calendar\"><\/i>\r\n     56\u00a0Jahren .<\/div>\r\n<\/div>\r\n<div class=\"property-excerpt\">\r\n    <p>[vc_row][vc_column][vc_column_text css_animation=&#8220;fadeIn&#8220;]Es gibt Immobilien, die nur einmal pro Generation auf den Markt kommen. Dieses historische Stadthaus zur Renovierung in Ses Salines geh\u00f6rt dazu. Im Jahr 1890 erbaut, mit 274 bereits errichteten Quadratmetern, einem st\u00e4dtischen Grundst\u00fcck von 831 Quadratmetern \u2014 eine wirklich au\u00dfergew\u00f6hnliche Fl\u00e4che im historischen Zentrum eines Dorfes im S\u00fcdosten Mallorcas \u2014 und der architektonischen [&hellip;]<\/p>\n<\/div>\r\n<div class=\"ere__loop-property-info property-info layout-1\">\r\n    <div class=\"property-info-inner\">\r\n        <div class=\"ere__loop-property-info-item property-area\" data-toggle=\"tooltip\" title=\"Bebaute Fl\u00e4che ca.\">\r\n    <i class=\"fa fa-arrows\"><\/i>\r\n    <div class=\"ere__lpi-content\">\r\n        <span class=\"ere__lpi-value\">274 m<sup>2<\/sup><\/span>\r\n        <span class=\"ere__lpi-label\">Bebaute Fl\u00e4che ca.<\/span>\r\n    <\/div>\r\n<\/div>\r\n\r\n<div class=\"ere__loop-property-info-item property-bedrooms\" data-toggle=\"tooltip\" title=\"4 Zimmer\">\r\n    <i class=\"fa fa-hotel\"><\/i>\r\n    <div class=\"ere__lpi-content\">\r\n        <span class=\"ere__lpi-value\">4<\/span>\r\n        <span class=\"ere__lpi-label\">Schlafzimmer<\/span>\r\n    <\/div>\r\n<\/div><div class=\"ere__loop-property-info-item property-bathrooms\" data-toggle=\"tooltip\" title=\"1 Bathrooms\">\r\n    <i class=\"fa fa-bath\"><\/i>\r\n    <div class=\"ere__lpi-content\">\r\n        <span class=\"ere__lpi-value\">1<\/span>\r\n        <span class=\"ere__lpi-label\">Badezimmer<\/span>\r\n    <\/div>\r\n<\/div>\r\n    <\/div>\r\n<\/div>\r\n\n\t\t<\/div>\n\t<\/div>\n<\/div>                    <div class=\"ere-item-wrap property-item ere-property-is-featured\">\n\t<div class=\"property-inner\">\n        <div class=\"property-image\">\r\n    <img loading=\"lazy\" decoding=\"async\" width=\"330\"\r\n     height=\"180\"\r\n     src=\"https:\/\/villasyfincasmallorca.com\/wp-content\/uploads\/2026\/02\/1500-Modern-town-house-to-rent-in-Santanyi-with-terrace-05_resultado-330x180.png\"\r\n     onerror=\"this.src = 'http:\/\/villasyfincasmallorca.com\/wp-content\/uploads\/2017\/12\/1-VF-2-330x180.jpg';\"\r\n     alt=\"Designer-Stadthaus zur Miete mit Garage und Aufzug nahe der Plaza Mayor von Santany\u00ed\"\r\n     title=\"Designer-Stadthaus zur Miete mit Garage und Aufzug nahe der Plaza Mayor von Santany\u00ed\">\r\n\r\n<div class=\"ere__loop-property-action property-action\">\r\n    <a data-toggle=\"tooltip\"\r\n   title=\"(11) Fotos\"\r\n   data-property-id=\"61805\"\r\n   href=\"javascript:void(0)\" class=\"property-view-gallery ere__loop-property_action-item\">\r\n    <i class=\"fa fa-camera\"><\/i>\r\n<\/a>\r\n<a href=\"javascript:void(0)\" class=\"property-favorite ere__loop-property_action-item\" data-property-id=\"61805\"\r\n   data-toggle=\"tooltip\"\r\n   title=\"Zu den Favoriten hinzuf\u00fcgen\"\r\n   data-title-not-favorite=\"Zu den Favoriten hinzuf\u00fcgen\"\r\n   data-title-favorited=\"It is my favorite\"\r\n   data-icon-not-favorite=\"fa fa-star-o\"\r\n   data-icon-favorited=\"fa fa-star\">\r\n    <i class=\"fa fa-star-o\"><\/i>\r\n<\/a>\r\n<a class=\"compare-property ere__loop-property_action-item\" href=\"javascript:void(0)\"\r\n   data-property-id=\"61805\" data-toggle=\"tooltip\"\r\n   title=\"Vergleichen\">\r\n    <i class=\"fa fa-plus\"><\/i>\r\n<\/a>\r\n<\/div><div class=\"ere__loop-property-badge ere__lpb-featured-label\">\r\n            <span class=\"ere__loop-property-badge-item ere__featured\">\r\n    <span class=\"ere__lpbi-inner\">\r\n        Top    <\/span>\r\n<\/span>\r\n    <\/div>\r\n<div class=\"ere__loop-property-badge ere__lpb-status\">\r\n                    <span style=\"--ere-loop-property-badge-bg-color:,\" class=\"ere__loop-property-badge-item ere__term-status mieten\" >\r\n            <span class=\"ere__lpbi-inner\">\r\n                Mieten            <\/span>\r\n        <\/span>\r\n    <\/div>\r\n<a class=\"property-link\" href=\"https:\/\/villasyfincasmallorca.com\/de\/property\/alquiler-de-casa-de-pueblo-de-diseno-en-santanyi-renovada-con-garaje-y-ascensor-junto-a-la-plaza-mayor\/\" title=\"Designer-Stadthaus zur Miete mit Garage und Aufzug nahe der Plaza Mayor von Santany\u00ed\"><\/a>\r\n<\/div>\r\n\r\n\t\t<div class=\"property-item-content\">\n\t\t\t<div class=\"property-heading\">\n                <h2 class=\"property-title\">\n    <a href=\"https:\/\/villasyfincasmallorca.com\/de\/property\/alquiler-de-casa-de-pueblo-de-diseno-en-santanyi-renovada-con-garaje-y-ascensor-junto-a-la-plaza-mayor\/\" title=\"Designer-Stadthaus zur Miete mit Garage und Aufzug nahe der Plaza Mayor von Santany\u00ed\">Designer-Stadthaus zur Miete mit Garage und Aufzug nahe der Plaza Mayor von Santany\u00ed<\/a>\n<\/h2>\n\t<span class=\"property-price ere__loop-property-price\">\n\t\t\t\t3.500\u20ac\t\t\t<\/span>\n\t\t\t<\/div>\n            <div class=\"property-element-inline\">\r\n    <div class=\"property-type-list\"><i class=\"fa fa-tag\"><\/i><a href=\"https:\/\/villasyfincasmallorca.com\/de\/property-type\/stadthaus\/\" rel=\"tag\">Stadthaus<\/a><\/div><div class=\"property-agent\">\r\n    <a href=\"https:\/\/villasyfincasmallorca.com\/en\/agent\/villas-y-fincas-mallorca\/\" title=\"Villas y Fincas Mallorca\">\r\n        <i class=\"fa fa-user\"><\/i>\r\n        <span>Villas y Fincas Mallorca<\/span>\r\n    <\/a>\r\n<\/div>\r\n<div class=\"property-date\">\r\n    <i class=\"fa fa-calendar\"><\/i>\r\n     56\u00a0Jahren .<\/div>\r\n<\/div>\r\n<div class=\"property-excerpt\">\r\n    <p>[vc_row][vc_column][vc_column_text css_animation=&#8220;fadeIn&#8220;]Es gibt Mietobjekte, die mehr sind als ein Zuhause \u2014 sie sind eine Aussage dar\u00fcber, wie man leben m\u00f6chte. Dieses Designer-Stadthaus zur Miete in Santany\u00ed, vollst\u00e4ndig renoviert und brandneu, geh\u00f6rt zweifellos zu dieser Kategorie. Wenige Schritte von der Plaza Mayor entfernt, im Herzen des historischen Zentrums gelegen, bietet es 190 Quadratmeter, die sich \u00fcber [&hellip;]<\/p>\n<\/div>\r\n<div class=\"ere__loop-property-info property-info layout-1\">\r\n    <div class=\"property-info-inner\">\r\n        <div class=\"ere__loop-property-info-item property-area\" data-toggle=\"tooltip\" title=\"Bebaute Fl\u00e4che ca.\">\r\n    <i class=\"fa fa-arrows\"><\/i>\r\n    <div class=\"ere__lpi-content\">\r\n        <span class=\"ere__lpi-value\">190 m<sup>2<\/sup><\/span>\r\n        <span class=\"ere__lpi-label\">Bebaute Fl\u00e4che ca.<\/span>\r\n    <\/div>\r\n<\/div>\r\n\r\n<div class=\"ere__loop-property-info-item property-bedrooms\" data-toggle=\"tooltip\" title=\"2 Zimmer\">\r\n    <i class=\"fa fa-hotel\"><\/i>\r\n    <div class=\"ere__lpi-content\">\r\n        <span class=\"ere__lpi-value\">2<\/span>\r\n        <span class=\"ere__lpi-label\">Schlafzimmer<\/span>\r\n    <\/div>\r\n<\/div><div class=\"ere__loop-property-info-item property-bathrooms\" data-toggle=\"tooltip\" title=\"2 Badezimmer\">\r\n    <i class=\"fa fa-bath\"><\/i>\r\n    <div class=\"ere__lpi-content\">\r\n        <span class=\"ere__lpi-value\">2<\/span>\r\n        <span class=\"ere__lpi-label\">Badezimmer<\/span>\r\n    <\/div>\r\n<\/div>\r\n    <\/div>\r\n<\/div>\r\n\n\t\t<\/div>\n\t<\/div>\n<\/div>                    <div class=\"ere-item-wrap property-item ere-property-is-featured\">\n\t<div class=\"property-inner\">\n        <div class=\"property-image\">\r\n    <img loading=\"lazy\" decoding=\"async\" width=\"330\"\r\n     height=\"180\"\r\n     src=\"https:\/\/villasyfincasmallorca.com\/wp-content\/uploads\/2022\/10\/1304-Posesion-historica-en-venta-en-Mallorca-10-Copiar-330x180.jpg\"\r\n     onerror=\"this.src = 'http:\/\/villasyfincasmallorca.com\/wp-content\/uploads\/2017\/12\/1-VF-2-330x180.jpg';\"\r\n     alt=\"Historisches Landgut mit Verteidigungsturm und 311 Hektar mit Meerblick bei Estellencs\"\r\n     title=\"Historisches Landgut mit Verteidigungsturm und 311 Hektar mit Meerblick bei Estellencs\">\r\n\r\n<div class=\"ere__loop-property-action property-action\">\r\n    <a data-toggle=\"tooltip\"\r\n   title=\"(24) Fotos\"\r\n   data-property-id=\"44442\"\r\n   href=\"javascript:void(0)\" class=\"property-view-gallery ere__loop-property_action-item\">\r\n    <i class=\"fa fa-camera\"><\/i>\r\n<\/a>\r\n<a href=\"javascript:void(0)\" class=\"property-favorite ere__loop-property_action-item\" data-property-id=\"44442\"\r\n   data-toggle=\"tooltip\"\r\n   title=\"Zu den Favoriten hinzuf\u00fcgen\"\r\n   data-title-not-favorite=\"Zu den Favoriten hinzuf\u00fcgen\"\r\n   data-title-favorited=\"It is my favorite\"\r\n   data-icon-not-favorite=\"fa fa-star-o\"\r\n   data-icon-favorited=\"fa fa-star\">\r\n    <i class=\"fa fa-star-o\"><\/i>\r\n<\/a>\r\n<a class=\"compare-property ere__loop-property_action-item\" href=\"javascript:void(0)\"\r\n   data-property-id=\"44442\" data-toggle=\"tooltip\"\r\n   title=\"Vergleichen\">\r\n    <i class=\"fa fa-plus\"><\/i>\r\n<\/a>\r\n<\/div><div class=\"ere__loop-property-badge ere__lpb-featured-label\">\r\n            <span class=\"ere__loop-property-badge-item ere__featured\">\r\n    <span class=\"ere__lpbi-inner\">\r\n        Top    <\/span>\r\n<\/span>\r\n    <\/div>\r\n<div class=\"ere__loop-property-badge ere__lpb-status\">\r\n                    <span style=\"--ere-loop-property-badge-bg-color:,\" class=\"ere__loop-property-badge-item ere__term-status kaufen\" >\r\n            <span class=\"ere__lpbi-inner\">\r\n                Kaufen            <\/span>\r\n        <\/span>\r\n    <\/div>\r\n<a class=\"property-link\" href=\"https:\/\/villasyfincasmallorca.com\/de\/property\/einzigartiges-finca-mit-meerblick-zu-verkaufen-in-estellencs\/\" title=\"Historisches Landgut mit Verteidigungsturm und 311 Hektar mit Meerblick bei Estellencs\"><\/a>\r\n<\/div>\r\n\r\n\t\t<div class=\"property-item-content\">\n\t\t\t<div class=\"property-heading\">\n                <h2 class=\"property-title\">\n    <a href=\"https:\/\/villasyfincasmallorca.com\/de\/property\/einzigartiges-finca-mit-meerblick-zu-verkaufen-in-estellencs\/\" title=\"Historisches Landgut mit Verteidigungsturm und 311 Hektar mit Meerblick bei Estellencs\">Historisches Landgut mit Verteidigungsturm und 311 Hektar mit Meerblick bei Estellencs<\/a>\n<\/h2>\n\t<span class=\"property-price ere__loop-property-price\">\n\t\t\t\t12.640.000\u20ac\t\t\t<\/span>\n\t\t\t<\/div>\n            <div class=\"property-element-inline\">\r\n    <div class=\"property-type-list\"><i class=\"fa fa-tag\"><\/i><a href=\"https:\/\/villasyfincasmallorca.com\/de\/property-type\/finca\/\" rel=\"tag\">Finca<\/a><\/div><div class=\"property-agent\">\r\n    <a href=\"https:\/\/villasyfincasmallorca.com\/agent\/villas-y-fincas-mallorca\/\" title=\"Villas y Fincas Mallorca\">\r\n        <i class=\"fa fa-user\"><\/i>\r\n        <span>Villas y Fincas Mallorca<\/span>\r\n    <\/a>\r\n<\/div>\r\n<div class=\"property-date\">\r\n    <i class=\"fa fa-calendar\"><\/i>\r\n     56\u00a0Jahren .<\/div>\r\n<\/div>\r\n<div class=\"property-excerpt\">\r\n    <p>[vc_row][vc_column][vc_video link=&#8220;https:\/\/www.youtube.com\/watch?v=meLcow7LdcU&#8220;][g5plus_space desktop=&#8220;35&#8243; tablet=&#8220;70&#8243; tablet_portrait=&#8220;60&#8243; mobile_landscape=&#8220;50&#8243; mobile=&#8220;40&#8243;][vc_column_text css_animation=&#8220;fadeIn&#8220;]Es gibt Immobilien \u2014 und es gibt Verm\u00e4chtnisse. Dieses historische Landgut mit Meerblick zum Verkauf in der N\u00e4he von Estellencs geh\u00f6rt unzweifelhaft zur zweiten Kategorie. Es ist kein Haus, keine Finca, nicht einmal ein gro\u00dfes l\u00e4ndliches Anwesen: Es ist eine mallorquinische Possessi\u00f3 im tiefsten Sinne des Begriffs \u2014 [&hellip;]<\/p>\n<\/div>\r\n<div class=\"ere__loop-property-info property-info layout-1\">\r\n    <div class=\"property-info-inner\">\r\n        <div class=\"ere__loop-property-info-item property-area\" data-toggle=\"tooltip\" title=\"Bebaute Fl\u00e4che ca.\">\r\n    <i class=\"fa fa-arrows\"><\/i>\r\n    <div class=\"ere__lpi-content\">\r\n        <span class=\"ere__lpi-value\">1.800 m<sup>2<\/sup><\/span>\r\n        <span class=\"ere__lpi-label\">Bebaute Fl\u00e4che ca.<\/span>\r\n    <\/div>\r\n<\/div>\r\n\r\n<div class=\"ere__loop-property-info-item property-bedrooms\" data-toggle=\"tooltip\" title=\"10 Zimmer\">\r\n    <i class=\"fa fa-hotel\"><\/i>\r\n    <div class=\"ere__lpi-content\">\r\n        <span class=\"ere__lpi-value\">10<\/span>\r\n        <span class=\"ere__lpi-label\">Schlafzimmer<\/span>\r\n    <\/div>\r\n<\/div><div class=\"ere__loop-property-info-item property-bathrooms\" data-toggle=\"tooltip\" title=\"1 Bathrooms\">\r\n    <i class=\"fa fa-bath\"><\/i>\r\n    <div class=\"ere__lpi-content\">\r\n        <span class=\"ere__lpi-value\">1<\/span>\r\n        <span class=\"ere__lpi-label\">Badezimmer<\/span>\r\n    <\/div>\r\n<\/div>\r\n    <\/div>\r\n<\/div>\r\n\n\t\t<\/div>\n\t<\/div>\n<\/div>                    <div class=\"ere-item-wrap property-item ere-property-is-featured\">\n\t<div class=\"property-inner\">\n        <div class=\"property-image\">\r\n    <img loading=\"lazy\" decoding=\"async\" width=\"330\"\r\n     height=\"180\"\r\n     src=\"https:\/\/villasyfincasmallorca.com\/wp-content\/uploads\/2020\/01\/11-1183-Villasyfincasmallorca-330x180.jpg\"\r\n     onerror=\"this.src = 'http:\/\/villasyfincasmallorca.com\/wp-content\/uploads\/2017\/12\/1-VF-2-330x180.jpg';\"\r\n     alt=\"Unm\u00f6blierte 3-Zimmer-Wohnung zur Miete mit Aufzug im Zentrum von Campos\"\r\n     title=\"Unm\u00f6blierte 3-Zimmer-Wohnung zur Miete mit Aufzug im Zentrum von Campos\">\r\n\r\n<div class=\"ere__loop-property-action property-action\">\r\n    <a data-toggle=\"tooltip\"\r\n   title=\"(24) Fotos\"\r\n   data-property-id=\"61395\"\r\n   href=\"javascript:void(0)\" class=\"property-view-gallery ere__loop-property_action-item\">\r\n    <i class=\"fa fa-camera\"><\/i>\r\n<\/a>\r\n<a href=\"javascript:void(0)\" class=\"property-favorite ere__loop-property_action-item\" data-property-id=\"61395\"\r\n   data-toggle=\"tooltip\"\r\n   title=\"Zu den Favoriten hinzuf\u00fcgen\"\r\n   data-title-not-favorite=\"Zu den Favoriten hinzuf\u00fcgen\"\r\n   data-title-favorited=\"It is my favorite\"\r\n   data-icon-not-favorite=\"fa fa-star-o\"\r\n   data-icon-favorited=\"fa fa-star\">\r\n    <i class=\"fa fa-star-o\"><\/i>\r\n<\/a>\r\n<a class=\"compare-property ere__loop-property_action-item\" href=\"javascript:void(0)\"\r\n   data-property-id=\"61395\" data-toggle=\"tooltip\"\r\n   title=\"Vergleichen\">\r\n    <i class=\"fa fa-plus\"><\/i>\r\n<\/a>\r\n<\/div><div class=\"ere__loop-property-badge ere__lpb-featured-label\">\r\n            <span class=\"ere__loop-property-badge-item ere__featured\">\r\n    <span class=\"ere__lpbi-inner\">\r\n        Top    <\/span>\r\n<\/span>\r\n    <\/div>\r\n<div class=\"ere__loop-property-badge ere__lpb-status\">\r\n                    <span style=\"--ere-loop-property-badge-bg-color:,\" class=\"ere__loop-property-badge-item ere__term-status mieten\" >\r\n            <span class=\"ere__lpbi-inner\">\r\n                Mieten            <\/span>\r\n        <\/span>\r\n    <\/div>\r\n<a class=\"property-link\" href=\"https:\/\/villasyfincasmallorca.com\/de\/property\/amplio-piso-en-alquiler-en-campos-2\/\" title=\"Unm\u00f6blierte 3-Zimmer-Wohnung zur Miete mit Aufzug im Zentrum von Campos\"><\/a>\r\n<\/div>\r\n\r\n\t\t<div class=\"property-item-content\">\n\t\t\t<div class=\"property-heading\">\n                <h2 class=\"property-title\">\n    <a href=\"https:\/\/villasyfincasmallorca.com\/de\/property\/amplio-piso-en-alquiler-en-campos-2\/\" title=\"Unm\u00f6blierte 3-Zimmer-Wohnung zur Miete mit Aufzug im Zentrum von Campos\">Unm\u00f6blierte 3-Zimmer-Wohnung zur Miete mit Aufzug im Zentrum von Campos<\/a>\n<\/h2>\n\t<span class=\"property-price ere__loop-property-price\">\n\t\t\t\t1.250\u20ac\t\t\t<\/span>\n\t\t\t<\/div>\n            <div class=\"property-element-inline\">\r\n    <div class=\"property-type-list\"><i class=\"fa fa-tag\"><\/i><a href=\"https:\/\/villasyfincasmallorca.com\/de\/property-type\/wohnung\/\" rel=\"tag\">Wohnung<\/a><\/div><div class=\"property-agent\">\r\n    <a href=\"https:\/\/villasyfincasmallorca.com\/en\/agent\/villas-y-fincas-mallorca\/\" title=\"Villas y Fincas Mallorca\">\r\n        <i class=\"fa fa-user\"><\/i>\r\n        <span>Villas y Fincas Mallorca<\/span>\r\n    <\/a>\r\n<\/div>\r\n<div class=\"property-date\">\r\n    <i class=\"fa fa-calendar\"><\/i>\r\n     56\u00a0Jahren .<\/div>\r\n<\/div>\r\n<div class=\"property-excerpt\">\r\n    <p>[vc_row][vc_column][vc_column_text css_animation=&#8220;fadeIn&#8220;]Eine unm\u00f6blierte Drei-Zimmer-Wohnung zur Miete in Campos zu finden, die in gutem Zustand und bezugsfertig ist, ist auf dem aktuellen Markt im S\u00fcdosten Mallorcas eine echte Gelegenheit. Diese Wohnung im ersten Stock von 100 Quadratmetern bietet genau das: drei Schlafzimmer, zwei vollst\u00e4ndige Badezimmer, eine separate ausgestattete K\u00fcche, einen Au\u00dfenbalkon, einen Aufzug im Geb\u00e4ude, Parkettb\u00f6den, [&hellip;]<\/p>\n<\/div>\r\n<div class=\"ere__loop-property-info property-info layout-1\">\r\n    <div class=\"property-info-inner\">\r\n        <div class=\"ere__loop-property-info-item property-area\" data-toggle=\"tooltip\" title=\"Bebaute Fl\u00e4che ca.\">\r\n    <i class=\"fa fa-arrows\"><\/i>\r\n    <div class=\"ere__lpi-content\">\r\n        <span class=\"ere__lpi-value\">100 m<sup>2<\/sup><\/span>\r\n        <span class=\"ere__lpi-label\">Bebaute Fl\u00e4che ca.<\/span>\r\n    <\/div>\r\n<\/div>\r\n\r\n<div class=\"ere__loop-property-info-item property-bedrooms\" data-toggle=\"tooltip\" title=\"3 Zimmer\">\r\n    <i class=\"fa fa-hotel\"><\/i>\r\n    <div class=\"ere__lpi-content\">\r\n        <span class=\"ere__lpi-value\">3<\/span>\r\n        <span class=\"ere__lpi-label\">Schlafzimmer<\/span>\r\n    <\/div>\r\n<\/div><div class=\"ere__loop-property-info-item property-bathrooms\" data-toggle=\"tooltip\" title=\"2 Badezimmer\">\r\n    <i class=\"fa fa-bath\"><\/i>\r\n    <div class=\"ere__lpi-content\">\r\n        <span class=\"ere__lpi-value\">2<\/span>\r\n        <span class=\"ere__lpi-label\">Badezimmer<\/span>\r\n    <\/div>\r\n<\/div>\r\n    <\/div>\r\n<\/div>\r\n\n\t\t<\/div>\n\t<\/div>\n<\/div>                    <div class=\"ere-item-wrap property-item ere-property-is-featured\">\n\t<div class=\"property-inner\">\n        <div class=\"property-image\">\r\n    <img loading=\"lazy\" decoding=\"async\" width=\"330\"\r\n     height=\"180\"\r\n     src=\"https:\/\/villasyfincasmallorca.com\/wp-content\/uploads\/2025\/01\/1456-Country-house-for-sale-in-Ses-Salines-11-330x180.png\"\r\n     onerror=\"this.src = 'http:\/\/villasyfincasmallorca.com\/wp-content\/uploads\/2017\/12\/1-VF-2-330x180.jpg';\"\r\n     alt=\"Unfertiges Landhaus mit 20.900 m\u00b2 Grundst\u00fcck nahe Ses Salines\"\r\n     title=\"Unfertiges Landhaus mit 20.900 m\u00b2 Grundst\u00fcck nahe Ses Salines\">\r\n\r\n<div class=\"ere__loop-property-action property-action\">\r\n    <a data-toggle=\"tooltip\"\r\n   title=\"(12) Fotos\"\r\n   data-property-id=\"57349\"\r\n   href=\"javascript:void(0)\" class=\"property-view-gallery ere__loop-property_action-item\">\r\n    <i class=\"fa fa-camera\"><\/i>\r\n<\/a>\r\n<a href=\"javascript:void(0)\" class=\"property-favorite ere__loop-property_action-item\" data-property-id=\"57349\"\r\n   data-toggle=\"tooltip\"\r\n   title=\"Zu den Favoriten hinzuf\u00fcgen\"\r\n   data-title-not-favorite=\"Zu den Favoriten hinzuf\u00fcgen\"\r\n   data-title-favorited=\"It is my favorite\"\r\n   data-icon-not-favorite=\"fa fa-star-o\"\r\n   data-icon-favorited=\"fa fa-star\">\r\n    <i class=\"fa fa-star-o\"><\/i>\r\n<\/a>\r\n<a class=\"compare-property ere__loop-property_action-item\" href=\"javascript:void(0)\"\r\n   data-property-id=\"57349\" data-toggle=\"tooltip\"\r\n   title=\"Vergleichen\">\r\n    <i class=\"fa fa-plus\"><\/i>\r\n<\/a>\r\n<\/div><div class=\"ere__loop-property-badge ere__lpb-featured-label\">\r\n            <span class=\"ere__loop-property-badge-item ere__featured\">\r\n    <span class=\"ere__lpbi-inner\">\r\n        Top    <\/span>\r\n<\/span>\r\n    <\/div>\r\n<div class=\"ere__loop-property-badge ere__lpb-status\">\r\n                    <span style=\"--ere-loop-property-badge-bg-color:,\" class=\"ere__loop-property-badge-item ere__term-status kaufen\" >\r\n            <span class=\"ere__lpbi-inner\">\r\n                Kaufen            <\/span>\r\n        <\/span>\r\n    <\/div>\r\n<a class=\"property-link\" href=\"https:\/\/villasyfincasmallorca.com\/de\/property\/finca-zu-verkaufen-in-der-naehe-von-santanyi-und-ses-salines\/\" title=\"Unfertiges Landhaus mit 20.900 m\u00b2 Grundst\u00fcck nahe Ses Salines\"><\/a>\r\n<\/div>\r\n\r\n\t\t<div class=\"property-item-content\">\n\t\t\t<div class=\"property-heading\">\n                <h2 class=\"property-title\">\n    <a href=\"https:\/\/villasyfincasmallorca.com\/de\/property\/finca-zu-verkaufen-in-der-naehe-von-santanyi-und-ses-salines\/\" title=\"Unfertiges Landhaus mit 20.900 m\u00b2 Grundst\u00fcck nahe Ses Salines\">Unfertiges Landhaus mit 20.900 m\u00b2 Grundst\u00fcck nahe Ses Salines<\/a>\n<\/h2>\n\t<span class=\"property-price ere__loop-property-price\">\n\t\t\t\t870.000\u20ac\t\t\t<\/span>\n\t\t\t<\/div>\n            <div class=\"property-element-inline\">\r\n    <div class=\"property-type-list\"><i class=\"fa fa-tag\"><\/i><a href=\"https:\/\/villasyfincasmallorca.com\/de\/property-type\/finca\/\" rel=\"tag\">Finca<\/a>, <a href=\"https:\/\/villasyfincasmallorca.com\/de\/property-type\/villa-de\/\" rel=\"tag\">Villa<\/a><\/div><div class=\"property-agent\">\r\n    <a href=\"https:\/\/villasyfincasmallorca.com\/agent\/villas-y-fincas-mallorca\/\" title=\"Villas y Fincas Mallorca\">\r\n        <i class=\"fa fa-user\"><\/i>\r\n        <span>Villas y Fincas Mallorca<\/span>\r\n    <\/a>\r\n<\/div>\r\n<div class=\"property-date\">\r\n    <i class=\"fa fa-calendar\"><\/i>\r\n     56\u00a0Jahren .<\/div>\r\n<\/div>\r\n<div class=\"property-excerpt\">\r\n    <p>[vc_row][vc_column][vc_column_text css_animation=&#8220;fadeIn&#8220;] Manche Immobilien kauft man f\u00fcr das, was sie sind; andere f\u00fcr das, was sie werden k\u00f6nnen. Dieses Landhaus zum Verkauf nahe Ses Salines geh\u00f6rt eindeutig zur zweiten Gruppe: ein unfertiges Haus mit 180 Quadratmetern auf zwei Etagen, gelegen auf einem l\u00e4ndlichen Grundst\u00fcck von mehr als 20.900 Quadratmetern in einer der begehrtesten Lagen im [&hellip;]<\/p>\n<\/div>\r\n<div class=\"ere__loop-property-info property-info layout-1\">\r\n    <div class=\"property-info-inner\">\r\n        <div class=\"ere__loop-property-info-item property-area\" data-toggle=\"tooltip\" title=\"Bebaute Fl\u00e4che ca.\">\r\n    <i class=\"fa fa-arrows\"><\/i>\r\n    <div class=\"ere__lpi-content\">\r\n        <span class=\"ere__lpi-value\">180 m<sup>2<\/sup><\/span>\r\n        <span class=\"ere__lpi-label\">Bebaute Fl\u00e4che ca.<\/span>\r\n    <\/div>\r\n<\/div>\r\n\r\n<div class=\"ere__loop-property-info-item property-bedrooms\" data-toggle=\"tooltip\" title=\"3 Zimmer\">\r\n    <i class=\"fa fa-hotel\"><\/i>\r\n    <div class=\"ere__lpi-content\">\r\n        <span class=\"ere__lpi-value\">3<\/span>\r\n        <span class=\"ere__lpi-label\">Schlafzimmer<\/span>\r\n    <\/div>\r\n<\/div><div class=\"ere__loop-property-info-item property-bathrooms\" data-toggle=\"tooltip\" title=\"3 Badezimmer\">\r\n    <i class=\"fa fa-bath\"><\/i>\r\n    <div class=\"ere__lpi-content\">\r\n        <span class=\"ere__lpi-value\">3<\/span>\r\n        <span class=\"ere__lpi-label\">Badezimmer<\/span>\r\n    <\/div>\r\n<\/div>\r\n    <\/div>\r\n<\/div>\r\n\n\t\t<\/div>\n\t<\/div>\n<\/div>                    <div class=\"ere-item-wrap property-item ere-property-is-featured\">\n\t<div class=\"property-inner\">\n        <div class=\"property-image\">\r\n    <img loading=\"lazy\" decoding=\"async\" width=\"330\"\r\n     height=\"180\"\r\n     src=\"https:\/\/villasyfincasmallorca.com\/wp-content\/uploads\/2025\/12\/IMG_001_AEREA_POST_resultado-330x180.jpg\"\r\n     onerror=\"this.src = 'http:\/\/villasyfincasmallorca.com\/wp-content\/uploads\/2017\/12\/1-VF-2-330x180.jpg';\"\r\n     alt=\"L\u00e4ndliches Grundst\u00fcck 14.700 m\u00b2 mit Projekt und Stromversorgung neben Ses Salines\"\r\n     title=\"L\u00e4ndliches Grundst\u00fcck 14.700 m\u00b2 mit Projekt und Stromversorgung neben Ses Salines\">\r\n\r\n<div class=\"ere__loop-property-action property-action\">\r\n    <a data-toggle=\"tooltip\"\r\n   title=\"(18) Fotos\"\r\n   data-property-id=\"61249\"\r\n   href=\"javascript:void(0)\" class=\"property-view-gallery ere__loop-property_action-item\">\r\n    <i class=\"fa fa-camera\"><\/i>\r\n<\/a>\r\n<a href=\"javascript:void(0)\" class=\"property-favorite ere__loop-property_action-item\" data-property-id=\"61249\"\r\n   data-toggle=\"tooltip\"\r\n   title=\"Zu den Favoriten hinzuf\u00fcgen\"\r\n   data-title-not-favorite=\"Zu den Favoriten hinzuf\u00fcgen\"\r\n   data-title-favorited=\"It is my favorite\"\r\n   data-icon-not-favorite=\"fa fa-star-o\"\r\n   data-icon-favorited=\"fa fa-star\">\r\n    <i class=\"fa fa-star-o\"><\/i>\r\n<\/a>\r\n<a class=\"compare-property ere__loop-property_action-item\" href=\"javascript:void(0)\"\r\n   data-property-id=\"61249\" data-toggle=\"tooltip\"\r\n   title=\"Vergleichen\">\r\n    <i class=\"fa fa-plus\"><\/i>\r\n<\/a>\r\n<\/div><div class=\"ere__loop-property-badge ere__lpb-featured-label\">\r\n            <span class=\"ere__loop-property-badge-item ere__featured\">\r\n    <span class=\"ere__lpbi-inner\">\r\n        Top    <\/span>\r\n<\/span>\r\n    <\/div>\r\n<div class=\"ere__loop-property-badge ere__lpb-status\">\r\n                    <span style=\"--ere-loop-property-badge-bg-color:,\" class=\"ere__loop-property-badge-item ere__term-status kaufen\" >\r\n            <span class=\"ere__lpbi-inner\">\r\n                Kaufen            <\/span>\r\n        <\/span>\r\n    <\/div>\r\n<a class=\"property-link\" href=\"https:\/\/villasyfincasmallorca.com\/de\/property\/rustikales-grundstueck-zum-verkauf-mit-projekt-und-strom-nahe-ses-salines-in-campos\/\" title=\"L\u00e4ndliches Grundst\u00fcck 14.700 m\u00b2 mit Projekt und Stromversorgung neben Ses Salines\"><\/a>\r\n<\/div>\r\n\r\n\t\t<div class=\"property-item-content\">\n\t\t\t<div class=\"property-heading\">\n                <h2 class=\"property-title\">\n    <a href=\"https:\/\/villasyfincasmallorca.com\/de\/property\/rustikales-grundstueck-zum-verkauf-mit-projekt-und-strom-nahe-ses-salines-in-campos\/\" title=\"L\u00e4ndliches Grundst\u00fcck 14.700 m\u00b2 mit Projekt und Stromversorgung neben Ses Salines\">L\u00e4ndliches Grundst\u00fcck 14.700 m\u00b2 mit Projekt und Stromversorgung neben Ses Salines<\/a>\n<\/h2>\n\t<span class=\"property-price ere__loop-property-price\">\n\t\t\t\t650.000\u20ac\t\t\t<\/span>\n\t\t\t<\/div>\n            <div class=\"property-element-inline\">\r\n    <div class=\"property-type-list\"><i class=\"fa fa-tag\"><\/i><a href=\"https:\/\/villasyfincasmallorca.com\/de\/property-type\/grundstucke\/\" rel=\"tag\">Grundst\u00fccke<\/a><\/div><div class=\"property-agent\">\r\n    <a href=\"https:\/\/villasyfincasmallorca.com\/en\/agent\/villas-y-fincas-mallorca\/\" title=\"Villas y Fincas Mallorca\">\r\n        <i class=\"fa fa-user\"><\/i>\r\n        <span>Villas y Fincas Mallorca<\/span>\r\n    <\/a>\r\n<\/div>\r\n<div class=\"property-date\">\r\n    <i class=\"fa fa-calendar\"><\/i>\r\n     56\u00a0Jahren .<\/div>\r\n<\/div>\r\n<div class=\"property-excerpt\">\r\n    <p>[vc_row][vc_column][vc_column_text css_animation=&#8220;fadeIn&#8220;]Ein l\u00e4ndliches Grundst\u00fcck zum Verkauf im S\u00fcdosten Mallorcas mit drei kombinierten Vorteilen zu finden \u2014 eine gro\u00dfz\u00fcgige Fl\u00e4che, ein bereits entwickeltes Architekturprojekt und verf\u00fcgbare Stromversorgung \u2014 ist auf dem heutigen Markt nicht allt\u00e4glich. Dieses l\u00e4ndliche Grundst\u00fcck von etwa 14.700 Quadratmetern, gelegen in der Gemeinde Campos, direkt neben Ses Salines, bietet genau diese Kombination. Eine [&hellip;]<\/p>\n<\/div>\r\n<div class=\"ere__loop-property-info property-info layout-1\">\r\n    <div class=\"property-info-inner\">\r\n            <\/div>\r\n<\/div>\r\n\n\t\t<\/div>\n\t<\/div>\n<\/div>                    <div class=\"ere-item-wrap property-item ere-property-is-featured\">\n\t<div class=\"property-inner\">\n        <div class=\"property-image\">\r\n    <img loading=\"lazy\" decoding=\"async\" width=\"330\"\r\n     height=\"180\"\r\n     src=\"https:\/\/villasyfincasmallorca.com\/wp-content\/uploads\/2025\/11\/01_4-330x180.jpg\"\r\n     onerror=\"this.src = 'http:\/\/villasyfincasmallorca.com\/wp-content\/uploads\/2017\/12\/1-VF-2-330x180.jpg';\"\r\n     alt=\"Neugebautes Stadthaus mit Pool und Dachterrasse in Ses Salines\"\r\n     title=\"Neugebautes Stadthaus mit Pool und Dachterrasse in Ses Salines\">\r\n\r\n<div class=\"ere__loop-property-action property-action\">\r\n    <a data-toggle=\"tooltip\"\r\n   title=\"(8) Fotos\"\r\n   data-property-id=\"61151\"\r\n   href=\"javascript:void(0)\" class=\"property-view-gallery ere__loop-property_action-item\">\r\n    <i class=\"fa fa-camera\"><\/i>\r\n<\/a>\r\n<a href=\"javascript:void(0)\" class=\"property-favorite ere__loop-property_action-item\" data-property-id=\"61151\"\r\n   data-toggle=\"tooltip\"\r\n   title=\"Zu den Favoriten hinzuf\u00fcgen\"\r\n   data-title-not-favorite=\"Zu den Favoriten hinzuf\u00fcgen\"\r\n   data-title-favorited=\"It is my favorite\"\r\n   data-icon-not-favorite=\"fa fa-star-o\"\r\n   data-icon-favorited=\"fa fa-star\">\r\n    <i class=\"fa fa-star-o\"><\/i>\r\n<\/a>\r\n<a class=\"compare-property ere__loop-property_action-item\" href=\"javascript:void(0)\"\r\n   data-property-id=\"61151\" data-toggle=\"tooltip\"\r\n   title=\"Vergleichen\">\r\n    <i class=\"fa fa-plus\"><\/i>\r\n<\/a>\r\n<\/div><div class=\"ere__loop-property-badge ere__lpb-featured-label\">\r\n            <span class=\"ere__loop-property-badge-item ere__featured\">\r\n    <span class=\"ere__lpbi-inner\">\r\n        Top    <\/span>\r\n<\/span>\r\n    <\/div>\r\n<div class=\"ere__loop-property-badge ere__lpb-status\">\r\n                    <span style=\"--ere-loop-property-badge-bg-color:,\" class=\"ere__loop-property-badge-item ere__term-status kaufen\" >\r\n            <span class=\"ere__lpbi-inner\">\r\n                Kaufen            <\/span>\r\n        <\/span>\r\n    <\/div>\r\n<a class=\"property-link\" href=\"https:\/\/villasyfincasmallorca.com\/de\/property\/neubau-stadthaus-mit-patio-pool-und-dachterrasse-in-ses-salines\/\" title=\"Neugebautes Stadthaus mit Pool und Dachterrasse in Ses Salines\"><\/a>\r\n<\/div>\r\n\r\n\t\t<div class=\"property-item-content\">\n\t\t\t<div class=\"property-heading\">\n                <h2 class=\"property-title\">\n    <a href=\"https:\/\/villasyfincasmallorca.com\/de\/property\/neubau-stadthaus-mit-patio-pool-und-dachterrasse-in-ses-salines\/\" title=\"Neugebautes Stadthaus mit Pool und Dachterrasse in Ses Salines\">Neugebautes Stadthaus mit Pool und Dachterrasse in Ses Salines<\/a>\n<\/h2>\n\t<span class=\"property-price ere__loop-property-price\">\n\t\t\t\t1.190.000\u20ac\t\t\t<\/span>\n\t\t\t<\/div>\n            <div class=\"property-element-inline\">\r\n    <div class=\"property-type-list\"><i class=\"fa fa-tag\"><\/i><a href=\"https:\/\/villasyfincasmallorca.com\/de\/property-type\/stadthaus\/\" rel=\"tag\">Stadthaus<\/a><\/div><div class=\"property-agent\">\r\n    <a href=\"https:\/\/villasyfincasmallorca.com\/en\/agent\/villas-y-fincas-mallorca\/\" title=\"Villas y Fincas Mallorca\">\r\n        <i class=\"fa fa-user\"><\/i>\r\n        <span>Villas y Fincas Mallorca<\/span>\r\n    <\/a>\r\n<\/div>\r\n<div class=\"property-date\">\r\n    <i class=\"fa fa-calendar\"><\/i>\r\n     56\u00a0Jahren .<\/div>\r\n<\/div>\r\n<div class=\"property-excerpt\">\r\n    <p>[vc_row][vc_column][vc_column_text css_animation=&#8220;fadeIn&#8220;]Manche Immobilien versteht man bereits beim \u00dcberschreiten der Schwelle. Dieses neugebaute Stadthaus in Ses Salines geh\u00f6rt dazu. Im Herzen des Dorfes gelegen \u2014 in einem der authentischsten und besterhaltenen Orte im S\u00fcdosten Mallorcas \u2014 wurde es von Grund auf f\u00fcr all jene konzipiert, die ein nagelneues Zuhause ohne Kompromisse beziehen m\u00f6chten: zeitgen\u00f6ssische Architektur, hochwertige [&hellip;]<\/p>\n<\/div>\r\n<div class=\"ere__loop-property-info property-info layout-1\">\r\n    <div class=\"property-info-inner\">\r\n        <div class=\"ere__loop-property-info-item property-area\" data-toggle=\"tooltip\" title=\"Bebaute Fl\u00e4che ca.\">\r\n    <i class=\"fa fa-arrows\"><\/i>\r\n    <div class=\"ere__lpi-content\">\r\n        <span class=\"ere__lpi-value\">134 m<sup>2<\/sup><\/span>\r\n        <span class=\"ere__lpi-label\">Bebaute Fl\u00e4che ca.<\/span>\r\n    <\/div>\r\n<\/div>\r\n\r\n<div class=\"ere__loop-property-info-item property-bedrooms\" data-toggle=\"tooltip\" title=\"2 Zimmer\">\r\n    <i class=\"fa fa-hotel\"><\/i>\r\n    <div class=\"ere__lpi-content\">\r\n        <span class=\"ere__lpi-value\">2<\/span>\r\n        <span class=\"ere__lpi-label\">Schlafzimmer<\/span>\r\n    <\/div>\r\n<\/div><div class=\"ere__loop-property-info-item property-bathrooms\" data-toggle=\"tooltip\" title=\"2 Badezimmer\">\r\n    <i class=\"fa fa-bath\"><\/i>\r\n    <div class=\"ere__lpi-content\">\r\n        <span class=\"ere__lpi-value\">2<\/span>\r\n        <span class=\"ere__lpi-label\">Badezimmer<\/span>\r\n    <\/div>\r\n<\/div>\r\n    <\/div>\r\n<\/div>\r\n\n\t\t<\/div>\n\t<\/div>\n<\/div>                    <div class=\"ere-item-wrap property-item ere-property-is-featured\">\n\t<div class=\"property-inner\">\n        <div class=\"property-image\">\r\n    <img loading=\"lazy\" decoding=\"async\" width=\"330\"\r\n     height=\"180\"\r\n     src=\"https:\/\/villasyfincasmallorca.com\/wp-content\/uploads\/2025\/07\/01-FACHADA-scaled-330x180.jpg\"\r\n     onerror=\"this.src = 'http:\/\/villasyfincasmallorca.com\/wp-content\/uploads\/2017\/12\/1-VF-2-330x180.jpg';\"\r\n     alt=\"Neubau-Stadthaus in Ses Salines mit Garten, Pool und Garage\"\r\n     title=\"Neubau-Stadthaus in Ses Salines mit Garten, Pool und Garage\">\r\n\r\n<div class=\"ere__loop-property-action property-action\">\r\n    <a data-toggle=\"tooltip\"\r\n   title=\"(8) Fotos\"\r\n   data-property-id=\"60214\"\r\n   href=\"javascript:void(0)\" class=\"property-view-gallery ere__loop-property_action-item\">\r\n    <i class=\"fa fa-camera\"><\/i>\r\n<\/a>\r\n<a href=\"javascript:void(0)\" class=\"property-favorite ere__loop-property_action-item\" data-property-id=\"60214\"\r\n   data-toggle=\"tooltip\"\r\n   title=\"Zu den Favoriten hinzuf\u00fcgen\"\r\n   data-title-not-favorite=\"Zu den Favoriten hinzuf\u00fcgen\"\r\n   data-title-favorited=\"It is my favorite\"\r\n   data-icon-not-favorite=\"fa fa-star-o\"\r\n   data-icon-favorited=\"fa fa-star\">\r\n    <i class=\"fa fa-star-o\"><\/i>\r\n<\/a>\r\n<a class=\"compare-property ere__loop-property_action-item\" href=\"javascript:void(0)\"\r\n   data-property-id=\"60214\" data-toggle=\"tooltip\"\r\n   title=\"Vergleichen\">\r\n    <i class=\"fa fa-plus\"><\/i>\r\n<\/a>\r\n<\/div><div class=\"ere__loop-property-badge ere__lpb-featured-label\">\r\n            <span class=\"ere__loop-property-badge-item ere__featured\">\r\n    <span class=\"ere__lpbi-inner\">\r\n        Top    <\/span>\r\n<\/span>\r\n    <\/div>\r\n<div class=\"ere__loop-property-badge ere__lpb-status\">\r\n                    <span style=\"--ere-loop-property-badge-bg-color:,\" class=\"ere__loop-property-badge-item ere__term-status kaufen\" >\r\n            <span class=\"ere__lpbi-inner\">\r\n                Kaufen            <\/span>\r\n        <\/span>\r\n    <\/div>\r\n<a class=\"property-link\" href=\"https:\/\/villasyfincasmallorca.com\/de\/property\/neubau-stadthaus-in-ses-salines-mit-garten-pool-und-garage\/\" title=\"Neubau-Stadthaus in Ses Salines mit Garten, Pool und Garage\"><\/a>\r\n<\/div>\r\n\r\n\t\t<div class=\"property-item-content\">\n\t\t\t<div class=\"property-heading\">\n                <h2 class=\"property-title\">\n    <a href=\"https:\/\/villasyfincasmallorca.com\/de\/property\/neubau-stadthaus-in-ses-salines-mit-garten-pool-und-garage\/\" title=\"Neubau-Stadthaus in Ses Salines mit Garten, Pool und Garage\">Neubau-Stadthaus in Ses Salines mit Garten, Pool und Garage<\/a>\n<\/h2>\n\t<span class=\"property-price ere__loop-property-price\">\n\t\t\t\t725.000\u20ac\t\t\t<\/span>\n\t\t\t<\/div>\n            <div class=\"property-element-inline\">\r\n    <div class=\"property-type-list\"><i class=\"fa fa-tag\"><\/i><a href=\"https:\/\/villasyfincasmallorca.com\/de\/property-type\/stadthaus\/\" rel=\"tag\">Stadthaus<\/a><\/div><div class=\"property-agent\">\r\n    <a href=\"https:\/\/villasyfincasmallorca.com\/agent\/villas-y-fincas-mallorca\/\" title=\"Villas y Fincas Mallorca\">\r\n        <i class=\"fa fa-user\"><\/i>\r\n        <span>Villas y Fincas Mallorca<\/span>\r\n    <\/a>\r\n<\/div>\r\n<div class=\"property-date\">\r\n    <i class=\"fa fa-calendar\"><\/i>\r\n     56\u00a0Jahren .<\/div>\r\n<\/div>\r\n<div class=\"property-excerpt\">\r\n    <p>[vc_row][vc_column][vc_column_text css_animation=&#8220;fadeIn&#8220;]Ein neu gebautes Stadthaus in Ses Salines zu finden, das privaten Garten, Pool und Garage in sich vereint, bezugsfertig ist und dabei im S\u00fcdosten Mallorcas liegt \u2014 das ist eine Kombination, die sich selten gleichzeitig ergibt. Dieses Haus bietet genau das: 145 Quadratmeter zeitgen\u00f6ssischer Bauweise auf einem 170-Quadratmeter-Grundst\u00fcck, drei Doppelschlafzimmer, zwei vollst\u00e4ndige B\u00e4der und [&hellip;]<\/p>\n<\/div>\r\n<div class=\"ere__loop-property-info property-info layout-1\">\r\n    <div class=\"property-info-inner\">\r\n        <div class=\"ere__loop-property-info-item property-area\" data-toggle=\"tooltip\" title=\"Bebaute Fl\u00e4che ca.\">\r\n    <i class=\"fa fa-arrows\"><\/i>\r\n    <div class=\"ere__lpi-content\">\r\n        <span class=\"ere__lpi-value\">145 m<sup>2<\/sup><\/span>\r\n        <span class=\"ere__lpi-label\">Bebaute Fl\u00e4che ca.<\/span>\r\n    <\/div>\r\n<\/div>\r\n\r\n<div class=\"ere__loop-property-info-item property-bedrooms\" data-toggle=\"tooltip\" title=\"3 Zimmer\">\r\n    <i class=\"fa fa-hotel\"><\/i>\r\n    <div class=\"ere__lpi-content\">\r\n        <span class=\"ere__lpi-value\">3<\/span>\r\n        <span class=\"ere__lpi-label\">Schlafzimmer<\/span>\r\n    <\/div>\r\n<\/div><div class=\"ere__loop-property-info-item property-bathrooms\" data-toggle=\"tooltip\" title=\"2 Badezimmer\">\r\n    <i class=\"fa fa-bath\"><\/i>\r\n    <div class=\"ere__lpi-content\">\r\n        <span class=\"ere__lpi-value\">2<\/span>\r\n        <span class=\"ere__lpi-label\">Badezimmer<\/span>\r\n    <\/div>\r\n<\/div>\r\n    <\/div>\r\n<\/div>\r\n\n\t\t<\/div>\n\t<\/div>\n<\/div>                    <div class=\"ere-item-wrap property-item ere-property-is-featured\">\n\t<div class=\"property-inner\">\n        <div class=\"property-image\">\r\n    <img loading=\"lazy\" decoding=\"async\" width=\"330\"\r\n     height=\"180\"\r\n     src=\"https:\/\/villasyfincasmallorca.com\/wp-content\/uploads\/2025\/07\/Beautiful-Country-Estate-in-Cala-San-Vicenc-Pollenca-for-sale-02-330x180.jpg\"\r\n     onerror=\"this.src = 'http:\/\/villasyfincasmallorca.com\/wp-content\/uploads\/2017\/12\/1-VF-2-330x180.jpg';\"\r\n     alt=\"Ca&#8217;n Martorellet: historische Possessi\u00f3 aus dem 13. Jh. mit 244 Hektar in Pollen\u00e7a\"\r\n     title=\"Ca&#8217;n Martorellet: historische Possessi\u00f3 aus dem 13. Jh. mit 244 Hektar in Pollen\u00e7a\">\r\n\r\n<div class=\"ere__loop-property-action property-action\">\r\n    <a data-toggle=\"tooltip\"\r\n   title=\"(23) Fotos\"\r\n   data-property-id=\"60182\"\r\n   href=\"javascript:void(0)\" class=\"property-view-gallery ere__loop-property_action-item\">\r\n    <i class=\"fa fa-camera\"><\/i>\r\n<\/a>\r\n<a href=\"javascript:void(0)\" class=\"property-favorite ere__loop-property_action-item\" data-property-id=\"60182\"\r\n   data-toggle=\"tooltip\"\r\n   title=\"Zu den Favoriten hinzuf\u00fcgen\"\r\n   data-title-not-favorite=\"Zu den Favoriten hinzuf\u00fcgen\"\r\n   data-title-favorited=\"It is my favorite\"\r\n   data-icon-not-favorite=\"fa fa-star-o\"\r\n   data-icon-favorited=\"fa fa-star\">\r\n    <i class=\"fa fa-star-o\"><\/i>\r\n<\/a>\r\n<a class=\"compare-property ere__loop-property_action-item\" href=\"javascript:void(0)\"\r\n   data-property-id=\"60182\" data-toggle=\"tooltip\"\r\n   title=\"Vergleichen\">\r\n    <i class=\"fa fa-plus\"><\/i>\r\n<\/a>\r\n<\/div><div class=\"ere__loop-property-badge ere__lpb-featured-label\">\r\n            <span class=\"ere__loop-property-badge-item ere__featured\">\r\n    <span class=\"ere__lpbi-inner\">\r\n        Top    <\/span>\r\n<\/span>\r\n    <\/div>\r\n<div class=\"ere__loop-property-badge ere__lpb-status\">\r\n                    <span style=\"--ere-loop-property-badge-bg-color:,\" class=\"ere__loop-property-badge-item ere__term-status kaufen\" >\r\n            <span class=\"ere__lpbi-inner\">\r\n                Kaufen            <\/span>\r\n        <\/span>\r\n    <\/div>\r\n<a class=\"property-link\" href=\"https:\/\/villasyfincasmallorca.com\/de\/property\/historisches-anwesen-in-pollenca-zur-renovierung-mit-ueber-830-m%c2%b2-bebauter-flaeche-und-einzigartigem-potenzial\/\" title=\"Ca&#8217;n Martorellet: historische Possessi\u00f3 aus dem 13. Jh. mit 244 Hektar in Pollen\u00e7a\"><\/a>\r\n<\/div>\r\n\r\n\t\t<div class=\"property-item-content\">\n\t\t\t<div class=\"property-heading\">\n                <h2 class=\"property-title\">\n    <a href=\"https:\/\/villasyfincasmallorca.com\/de\/property\/historisches-anwesen-in-pollenca-zur-renovierung-mit-ueber-830-m%c2%b2-bebauter-flaeche-und-einzigartigem-potenzial\/\" title=\"Ca&#8217;n Martorellet: historische Possessi\u00f3 aus dem 13. Jh. mit 244 Hektar in Pollen\u00e7a\">Ca&#8217;n Martorellet: historische Possessi\u00f3 aus dem 13. Jh. mit 244 Hektar in Pollen\u00e7a<\/a>\n<\/h2>\n\t<span class=\"property-price ere__loop-property-price\">\n\t\t\t\t6.500.000\u20ac\t\t\t<\/span>\n\t\t\t<\/div>\n            <div class=\"property-element-inline\">\r\n    <div class=\"property-type-list\"><i class=\"fa fa-tag\"><\/i><a href=\"https:\/\/villasyfincasmallorca.com\/de\/property-type\/finca\/\" rel=\"tag\">Finca<\/a><\/div><div class=\"property-agent\">\r\n    <a href=\"https:\/\/villasyfincasmallorca.com\/agent\/villas-y-fincas-mallorca\/\" title=\"Villas y Fincas Mallorca\">\r\n        <i class=\"fa fa-user\"><\/i>\r\n        <span>Villas y Fincas Mallorca<\/span>\r\n    <\/a>\r\n<\/div>\r\n<div class=\"property-date\">\r\n    <i class=\"fa fa-calendar\"><\/i>\r\n     56\u00a0Jahren .<\/div>\r\n<\/div>\r\n<div class=\"property-excerpt\">\r\n    <p>[vc_row][vc_column][vc_column_text css_animation=&#8220;fadeIn&#8220;]Es gibt Immobilien, und es gibt Verm\u00e4chtnisse. Diese historische Possessi\u00f3 mit mehr als 800 Jahren dokumentierter Geschichte zum Verkauf im Vall de Sant Vicen\u00e7, neben Pollen\u00e7a, geh\u00f6rt zweifelsohne zur zweiten Kategorie. Es ist kein Haus, kein Landgut, nicht einmal eine gro\u00dfe l\u00e4ndliche Immobilie: Es ist Ca&#8217;n Martorellet, ein mallorquinisches herrschaftliches Landgut im tiefsten Sinne [&hellip;]<\/p>\n<\/div>\r\n<div class=\"ere__loop-property-info property-info layout-1\">\r\n    <div class=\"property-info-inner\">\r\n        <div class=\"ere__loop-property-info-item property-area\" data-toggle=\"tooltip\" title=\"Bebaute Fl\u00e4che ca.\">\r\n    <i class=\"fa fa-arrows\"><\/i>\r\n    <div class=\"ere__lpi-content\">\r\n        <span class=\"ere__lpi-value\">831 m<sup>2<\/sup><\/span>\r\n        <span class=\"ere__lpi-label\">Bebaute Fl\u00e4che ca.<\/span>\r\n    <\/div>\r\n<\/div>\r\n\r\n<div class=\"ere__loop-property-info-item property-bedrooms\" data-toggle=\"tooltip\" title=\"9 Zimmer\">\r\n    <i class=\"fa fa-hotel\"><\/i>\r\n    <div class=\"ere__lpi-content\">\r\n        <span class=\"ere__lpi-value\">9<\/span>\r\n        <span class=\"ere__lpi-label\">Schlafzimmer<\/span>\r\n    <\/div>\r\n<\/div><div class=\"ere__loop-property-info-item property-bathrooms\" data-toggle=\"tooltip\" title=\"6 Badezimmer\">\r\n    <i class=\"fa fa-bath\"><\/i>\r\n    <div class=\"ere__lpi-content\">\r\n        <span class=\"ere__lpi-value\">6<\/span>\r\n        <span class=\"ere__lpi-label\">Badezimmer<\/span>\r\n    <\/div>\r\n<\/div>\r\n    <\/div>\r\n<\/div>\r\n\n\t\t<\/div>\n\t<\/div>\n<\/div>                    <div class=\"ere-item-wrap property-item ere-property-is-featured\">\n\t<div class=\"property-inner\">\n        <div class=\"property-image\">\r\n    <img loading=\"lazy\" decoding=\"async\" width=\"330\"\r\n     height=\"180\"\r\n     src=\"https:\/\/villasyfincasmallorca.com\/wp-content\/uploads\/2025\/07\/2-330x180.png\"\r\n     onerror=\"this.src = 'http:\/\/villasyfincasmallorca.com\/wp-content\/uploads\/2017\/12\/1-VF-2-330x180.jpg';\"\r\n     alt=\"Stadthaus mit 215 m\u00b2, zwei Grundbucheintr\u00e4gen und doppeltem Zugang in Ses Salines\"\r\n     title=\"Stadthaus mit 215 m\u00b2, zwei Grundbucheintr\u00e4gen und doppeltem Zugang in Ses Salines\">\r\n\r\n<div class=\"ere__loop-property-action property-action\">\r\n    <a data-toggle=\"tooltip\"\r\n   title=\"(31) Fotos\"\r\n   data-property-id=\"59817\"\r\n   href=\"javascript:void(0)\" class=\"property-view-gallery ere__loop-property_action-item\">\r\n    <i class=\"fa fa-camera\"><\/i>\r\n<\/a>\r\n<a href=\"javascript:void(0)\" class=\"property-favorite ere__loop-property_action-item\" data-property-id=\"59817\"\r\n   data-toggle=\"tooltip\"\r\n   title=\"Zu den Favoriten hinzuf\u00fcgen\"\r\n   data-title-not-favorite=\"Zu den Favoriten hinzuf\u00fcgen\"\r\n   data-title-favorited=\"It is my favorite\"\r\n   data-icon-not-favorite=\"fa fa-star-o\"\r\n   data-icon-favorited=\"fa fa-star\">\r\n    <i class=\"fa fa-star-o\"><\/i>\r\n<\/a>\r\n<a class=\"compare-property ere__loop-property_action-item\" href=\"javascript:void(0)\"\r\n   data-property-id=\"59817\" data-toggle=\"tooltip\"\r\n   title=\"Vergleichen\">\r\n    <i class=\"fa fa-plus\"><\/i>\r\n<\/a>\r\n<\/div><div class=\"ere__loop-property-badge ere__lpb-featured-label\">\r\n            <span class=\"ere__loop-property-badge-item ere__featured\">\r\n    <span class=\"ere__lpbi-inner\">\r\n        Top    <\/span>\r\n<\/span>\r\n    <\/div>\r\n<div class=\"ere__loop-property-badge ere__lpb-status\">\r\n                    <span style=\"--ere-loop-property-badge-bg-color:,\" class=\"ere__loop-property-badge-item ere__term-status kaufen\" >\r\n            <span class=\"ere__lpbi-inner\">\r\n                Kaufen            <\/span>\r\n        <\/span>\r\n    <\/div>\r\n<a class=\"property-link\" href=\"https:\/\/villasyfincasmallorca.com\/de\/property\/vielseitiges-dorfhaus-mit-zwei-etagen-und-terrasse-im-zentrum-von-ses-salines-zu-verkaufen\/\" title=\"Stadthaus mit 215 m\u00b2, zwei Grundbucheintr\u00e4gen und doppeltem Zugang in Ses Salines\"><\/a>\r\n<\/div>\r\n\r\n\t\t<div class=\"property-item-content\">\n\t\t\t<div class=\"property-heading\">\n                <h2 class=\"property-title\">\n    <a href=\"https:\/\/villasyfincasmallorca.com\/de\/property\/vielseitiges-dorfhaus-mit-zwei-etagen-und-terrasse-im-zentrum-von-ses-salines-zu-verkaufen\/\" title=\"Stadthaus mit 215 m\u00b2, zwei Grundbucheintr\u00e4gen und doppeltem Zugang in Ses Salines\">Stadthaus mit 215 m\u00b2, zwei Grundbucheintr\u00e4gen und doppeltem Zugang in Ses Salines<\/a>\n<\/h2>\n\t<span class=\"property-price ere__loop-property-price\">\n\t\t\t\t475.000\u20ac\t\t\t<\/span>\n\t\t\t<\/div>\n            <div class=\"property-element-inline\">\r\n    <div class=\"property-type-list\"><i class=\"fa fa-tag\"><\/i><a href=\"https:\/\/villasyfincasmallorca.com\/de\/property-type\/stadthaus\/\" rel=\"tag\">Stadthaus<\/a><\/div><div class=\"property-agent\">\r\n    <a href=\"https:\/\/villasyfincasmallorca.com\/agent\/villas-y-fincas-mallorca\/\" title=\"Villas y Fincas Mallorca\">\r\n        <i class=\"fa fa-user\"><\/i>\r\n        <span>Villas y Fincas Mallorca<\/span>\r\n    <\/a>\r\n<\/div>\r\n<div class=\"property-date\">\r\n    <i class=\"fa fa-calendar\"><\/i>\r\n     56\u00a0Jahren .<\/div>\r\n<\/div>\r\n<div class=\"property-excerpt\">\r\n    <p>[vc_row][vc_column][vc_column_text css_animation=&#8220;fadeIn&#8220;]Es gibt konventionelle Immobilien und es gibt Immobilien mit echter Nutzungsflexibilit\u00e4t. Dieses Stadthaus zum Verkauf in Ses Salines geh\u00f6rt eindeutig zur zweiten Kategorie: 215 Quadratmeter Wohnfl\u00e4che verteilt auf zwei Etagen, drei Schlafzimmer, zwei Badezimmer, Klimaanlage, Heizung, private hintere Terrasse und ein au\u00dfergew\u00f6hnliches architektonisches Merkmal, das den Unterschied ausmacht \u2014 die Immobilie besteht aus **zwei [&hellip;]<\/p>\n<\/div>\r\n<div class=\"ere__loop-property-info property-info layout-1\">\r\n    <div class=\"property-info-inner\">\r\n        <div class=\"ere__loop-property-info-item property-area\" data-toggle=\"tooltip\" title=\"Bebaute Fl\u00e4che ca.\">\r\n    <i class=\"fa fa-arrows\"><\/i>\r\n    <div class=\"ere__lpi-content\">\r\n        <span class=\"ere__lpi-value\">215 m<sup>2<\/sup><\/span>\r\n        <span class=\"ere__lpi-label\">Bebaute Fl\u00e4che ca.<\/span>\r\n    <\/div>\r\n<\/div>\r\n\r\n<div class=\"ere__loop-property-info-item property-bedrooms\" data-toggle=\"tooltip\" title=\"3 Zimmer\">\r\n    <i class=\"fa fa-hotel\"><\/i>\r\n    <div class=\"ere__lpi-content\">\r\n        <span class=\"ere__lpi-value\">3<\/span>\r\n        <span class=\"ere__lpi-label\">Schlafzimmer<\/span>\r\n    <\/div>\r\n<\/div><div class=\"ere__loop-property-info-item property-bathrooms\" data-toggle=\"tooltip\" title=\"2 Badezimmer\">\r\n    <i class=\"fa fa-bath\"><\/i>\r\n    <div class=\"ere__lpi-content\">\r\n        <span class=\"ere__lpi-value\">2<\/span>\r\n        <span class=\"ere__lpi-label\">Badezimmer<\/span>\r\n    <\/div>\r\n<\/div>\r\n    <\/div>\r\n<\/div>\r\n\n\t\t<\/div>\n\t<\/div>\n<\/div>                    <div class=\"ere-item-wrap property-item ere-property-is-featured\">\n\t<div class=\"property-inner\">\n        <div class=\"property-image\">\r\n    <img loading=\"lazy\" decoding=\"async\" width=\"330\"\r\n     height=\"180\"\r\n     src=\"https:\/\/villasyfincasmallorca.com\/wp-content\/uploads\/2025\/06\/New-built-villa-for-sale-with-swimming-in-Sa-Rapita-01-330x180.jpg\"\r\n     onerror=\"this.src = 'http:\/\/villasyfincasmallorca.com\/wp-content\/uploads\/2017\/12\/1-VF-2-330x180.jpg';\"\r\n     alt=\"Neubau-Chalet 2025 in Sa R\u00e1pita \u2013 ebenerdige Villa mit 3 Suiten, Pool und Garten\"\r\n     title=\"Neubau-Chalet 2025 in Sa R\u00e1pita \u2013 ebenerdige Villa mit 3 Suiten, Pool und Garten\">\r\n\r\n<div class=\"ere__loop-property-action property-action\">\r\n    <a data-toggle=\"tooltip\"\r\n   title=\"(35) Fotos\"\r\n   data-property-id=\"59348\"\r\n   href=\"javascript:void(0)\" class=\"property-view-gallery ere__loop-property_action-item\">\r\n    <i class=\"fa fa-camera\"><\/i>\r\n<\/a>\r\n<a href=\"javascript:void(0)\" class=\"property-favorite ere__loop-property_action-item\" data-property-id=\"59348\"\r\n   data-toggle=\"tooltip\"\r\n   title=\"Zu den Favoriten hinzuf\u00fcgen\"\r\n   data-title-not-favorite=\"Zu den Favoriten hinzuf\u00fcgen\"\r\n   data-title-favorited=\"It is my favorite\"\r\n   data-icon-not-favorite=\"fa fa-star-o\"\r\n   data-icon-favorited=\"fa fa-star\">\r\n    <i class=\"fa fa-star-o\"><\/i>\r\n<\/a>\r\n<a class=\"compare-property ere__loop-property_action-item\" href=\"javascript:void(0)\"\r\n   data-property-id=\"59348\" data-toggle=\"tooltip\"\r\n   title=\"Vergleichen\">\r\n    <i class=\"fa fa-plus\"><\/i>\r\n<\/a>\r\n<\/div><div class=\"ere__loop-property-badge ere__lpb-featured-label\">\r\n            <span class=\"ere__loop-property-badge-item ere__featured\">\r\n    <span class=\"ere__lpbi-inner\">\r\n        Top    <\/span>\r\n<\/span>\r\n    <\/div>\r\n<div class=\"ere__loop-property-badge ere__lpb-status\">\r\n                    <span style=\"--ere-loop-property-badge-bg-color:,\" class=\"ere__loop-property-badge-item ere__term-status kaufen\" >\r\n            <span class=\"ere__lpbi-inner\">\r\n                Kaufen            <\/span>\r\n        <\/span>\r\n    <\/div>\r\n<a class=\"property-link\" href=\"https:\/\/villasyfincasmallorca.com\/de\/property\/neubauvilla-mit-pool-und-garten-in-sa-rapita-zu-verkaufen\/\" title=\"Neubau-Chalet 2025 in Sa R\u00e1pita \u2013 ebenerdige Villa mit 3 Suiten, Pool und Garten\"><\/a>\r\n<\/div>\r\n\r\n\t\t<div class=\"property-item-content\">\n\t\t\t<div class=\"property-heading\">\n                <h2 class=\"property-title\">\n    <a href=\"https:\/\/villasyfincasmallorca.com\/de\/property\/neubauvilla-mit-pool-und-garten-in-sa-rapita-zu-verkaufen\/\" title=\"Neubau-Chalet 2025 in Sa R\u00e1pita \u2013 ebenerdige Villa mit 3 Suiten, Pool und Garten\">Neubau-Chalet 2025 in Sa R\u00e1pita \u2013 ebenerdige Villa mit 3 Suiten, Pool und Garten<\/a>\n<\/h2>\n\t<span class=\"property-price ere__loop-property-price\">\n\t\t\t\t1.099.000\u20ac\t\t\t<\/span>\n\t\t\t<\/div>\n            <div class=\"property-element-inline\">\r\n    <div class=\"property-type-list\"><i class=\"fa fa-tag\"><\/i><a href=\"https:\/\/villasyfincasmallorca.com\/de\/property-type\/villa-de\/\" rel=\"tag\">Villa<\/a><\/div><div class=\"property-agent\">\r\n    <a href=\"https:\/\/villasyfincasmallorca.com\/agent\/villas-y-fincas-mallorca\/\" title=\"Villas y Fincas Mallorca\">\r\n        <i class=\"fa fa-user\"><\/i>\r\n        <span>Villas y Fincas Mallorca<\/span>\r\n    <\/a>\r\n<\/div>\r\n<div class=\"property-date\">\r\n    <i class=\"fa fa-calendar\"><\/i>\r\n     56\u00a0Jahren .<\/div>\r\n<\/div>\r\n<div class=\"property-excerpt\">\r\n    <p>[vc_row][vc_column][vc_column_text css_animation=&#8220;fadeIn&#8220;] Es gibt Immobilien, die mit einer Kombination von Faktoren auf den Markt kommen, die man selten findet: frisch fertiggestellter Neubau, ebenerdige Raumaufteilung ohne Treppen, drei Schlafzimmer als vollst\u00e4ndige Suiten, ein Pool der wirklich zum Schwimmen gebaut wurde, pflegeleichter Garten und eine ruhige Lage mitten in Sa R\u00e1pita. Diese Villa zum Verkauf in Sa [&hellip;]<\/p>\n<\/div>\r\n<div class=\"ere__loop-property-info property-info layout-1\">\r\n    <div class=\"property-info-inner\">\r\n        <div class=\"ere__loop-property-info-item property-area\" data-toggle=\"tooltip\" title=\"Bebaute Fl\u00e4che ca.\">\r\n    <i class=\"fa fa-arrows\"><\/i>\r\n    <div class=\"ere__lpi-content\">\r\n        <span class=\"ere__lpi-value\">176 m<sup>2<\/sup><\/span>\r\n        <span class=\"ere__lpi-label\">Bebaute Fl\u00e4che ca.<\/span>\r\n    <\/div>\r\n<\/div>\r\n\r\n<div class=\"ere__loop-property-info-item property-bedrooms\" data-toggle=\"tooltip\" title=\"3 Zimmer\">\r\n    <i class=\"fa fa-hotel\"><\/i>\r\n    <div class=\"ere__lpi-content\">\r\n        <span class=\"ere__lpi-value\">3<\/span>\r\n        <span class=\"ere__lpi-label\">Schlafzimmer<\/span>\r\n    <\/div>\r\n<\/div><div class=\"ere__loop-property-info-item property-bathrooms\" data-toggle=\"tooltip\" title=\"3 Badezimmer\">\r\n    <i class=\"fa fa-bath\"><\/i>\r\n    <div class=\"ere__lpi-content\">\r\n        <span class=\"ere__lpi-value\">3<\/span>\r\n        <span class=\"ere__lpi-label\">Badezimmer<\/span>\r\n    <\/div>\r\n<\/div>\r\n    <\/div>\r\n<\/div>\r\n\n\t\t<\/div>\n\t<\/div>\n<\/div>                    <div class=\"ere-item-wrap property-item ere-property-is-featured\">\n\t<div class=\"property-inner\">\n        <div class=\"property-image\">\r\n    <img loading=\"lazy\" decoding=\"async\" width=\"330\"\r\n     height=\"180\"\r\n     src=\"https:\/\/villasyfincasmallorca.com\/wp-content\/uploads\/2025\/06\/LWP3777-330x180.jpg\"\r\n     onerror=\"this.src = 'http:\/\/villasyfincasmallorca.com\/wp-content\/uploads\/2017\/12\/1-VF-2-330x180.jpg';\"\r\n     alt=\"Ebenerdiges Dorfhaus in Ses Salines mit Garten und Terrasse\"\r\n     title=\"Ebenerdiges Dorfhaus in Ses Salines mit Garten und Terrasse\">\r\n\r\n<div class=\"ere__loop-property-action property-action\">\r\n    <a data-toggle=\"tooltip\"\r\n   title=\"(19) Fotos\"\r\n   data-property-id=\"59233\"\r\n   href=\"javascript:void(0)\" class=\"property-view-gallery ere__loop-property_action-item\">\r\n    <i class=\"fa fa-camera\"><\/i>\r\n<\/a>\r\n<a href=\"javascript:void(0)\" class=\"property-favorite ere__loop-property_action-item\" data-property-id=\"59233\"\r\n   data-toggle=\"tooltip\"\r\n   title=\"Zu den Favoriten hinzuf\u00fcgen\"\r\n   data-title-not-favorite=\"Zu den Favoriten hinzuf\u00fcgen\"\r\n   data-title-favorited=\"It is my favorite\"\r\n   data-icon-not-favorite=\"fa fa-star-o\"\r\n   data-icon-favorited=\"fa fa-star\">\r\n    <i class=\"fa fa-star-o\"><\/i>\r\n<\/a>\r\n<a class=\"compare-property ere__loop-property_action-item\" href=\"javascript:void(0)\"\r\n   data-property-id=\"59233\" data-toggle=\"tooltip\"\r\n   title=\"Vergleichen\">\r\n    <i class=\"fa fa-plus\"><\/i>\r\n<\/a>\r\n<\/div><div class=\"ere__loop-property-badge ere__lpb-featured-label\">\r\n            <span class=\"ere__loop-property-badge-item ere__featured\">\r\n    <span class=\"ere__lpbi-inner\">\r\n        Top    <\/span>\r\n<\/span>\r\n    <\/div>\r\n<div class=\"ere__loop-property-badge ere__lpb-status\">\r\n                    <span style=\"--ere-loop-property-badge-bg-color:,\" class=\"ere__loop-property-badge-item ere__term-status kaufen\" >\r\n            <span class=\"ere__lpbi-inner\">\r\n                Kaufen            <\/span>\r\n        <\/span>\r\n    <\/div>\r\n<a class=\"property-link\" href=\"https:\/\/villasyfincasmallorca.com\/de\/property\/casa-de-pueblo-reformada-en-venta-en-ses-salines-con-terraza-patio-y-todo-en-una-sola-planta\/\" title=\"Ebenerdiges Dorfhaus in Ses Salines mit Garten und Terrasse\"><\/a>\r\n<\/div>\r\n\r\n\t\t<div class=\"property-item-content\">\n\t\t\t<div class=\"property-heading\">\n                <h2 class=\"property-title\">\n    <a href=\"https:\/\/villasyfincasmallorca.com\/de\/property\/casa-de-pueblo-reformada-en-venta-en-ses-salines-con-terraza-patio-y-todo-en-una-sola-planta\/\" title=\"Ebenerdiges Dorfhaus in Ses Salines mit Garten und Terrasse\">Ebenerdiges Dorfhaus in Ses Salines mit Garten und Terrasse<\/a>\n<\/h2>\n\t<span class=\"property-price ere__loop-property-price\">\n\t\t\t\t630.000\u20ac\t\t\t<\/span>\n\t\t\t<\/div>\n            <div class=\"property-element-inline\">\r\n    <div class=\"property-type-list\"><i class=\"fa fa-tag\"><\/i><a href=\"https:\/\/villasyfincasmallorca.com\/de\/property-type\/stadthaus\/\" rel=\"tag\">Stadthaus<\/a><\/div><div class=\"property-agent\">\r\n    <a href=\"https:\/\/villasyfincasmallorca.com\/agent\/villas-y-fincas-mallorca\/\" title=\"Villas y Fincas Mallorca\">\r\n        <i class=\"fa fa-user\"><\/i>\r\n        <span>Villas y Fincas Mallorca<\/span>\r\n    <\/a>\r\n<\/div>\r\n<div class=\"property-date\">\r\n    <i class=\"fa fa-calendar\"><\/i>\r\n     56\u00a0Jahren .<\/div>\r\n<\/div>\r\n<div class=\"property-excerpt\">\r\n    <p>[vc_row][vc_column][vc_column_text css_animation=&#8220;fadeIn&#8220;]Ses Salines geh\u00f6rt zu den begehrtesten D\u00f6rfern im S\u00fcden Mallorcas \u2014 und Immobilien wie diese zeigen schnell, warum. Dieses vollst\u00e4ndig renovierte, ebenerdige Dorfhaus liegt im Herzen des Ortes, auf einem 287 m\u00b2 gro\u00dfen Grundst\u00fcck, und verbindet traditionellen mallorquinischen Charakter mit zeitgem\u00e4\u00dfem Wohnkomfort auf einer einzigen Ebene. 105 m\u00b2 Wohnfl\u00e4che, zwei Schlafzimmer, ein Badezimmer, ein [&hellip;]<\/p>\n<\/div>\r\n<div class=\"ere__loop-property-info property-info layout-1\">\r\n    <div class=\"property-info-inner\">\r\n        <div class=\"ere__loop-property-info-item property-area\" data-toggle=\"tooltip\" title=\"Bebaute Fl\u00e4che ca.\">\r\n    <i class=\"fa fa-arrows\"><\/i>\r\n    <div class=\"ere__lpi-content\">\r\n        <span class=\"ere__lpi-value\">105 m<sup>2<\/sup><\/span>\r\n        <span class=\"ere__lpi-label\">Bebaute Fl\u00e4che ca.<\/span>\r\n    <\/div>\r\n<\/div>\r\n\r\n<div class=\"ere__loop-property-info-item property-bedrooms\" data-toggle=\"tooltip\" title=\"2 Zimmer\">\r\n    <i class=\"fa fa-hotel\"><\/i>\r\n    <div class=\"ere__lpi-content\">\r\n        <span class=\"ere__lpi-value\">2<\/span>\r\n        <span class=\"ere__lpi-label\">Schlafzimmer<\/span>\r\n    <\/div>\r\n<\/div><div class=\"ere__loop-property-info-item property-bathrooms\" data-toggle=\"tooltip\" title=\"1 Bathrooms\">\r\n    <i class=\"fa fa-bath\"><\/i>\r\n    <div class=\"ere__lpi-content\">\r\n        <span class=\"ere__lpi-value\">1<\/span>\r\n        <span class=\"ere__lpi-label\">Badezimmer<\/span>\r\n    <\/div>\r\n<\/div>\r\n    <\/div>\r\n<\/div>\r\n\n\t\t<\/div>\n\t<\/div>\n<\/div>                    <div class=\"ere-item-wrap property-item ere-property-is-featured\">\n\t<div class=\"property-inner\">\n        <div class=\"property-image\">\r\n    <img loading=\"lazy\" decoding=\"async\" width=\"330\"\r\n     height=\"180\"\r\n     src=\"https:\/\/villasyfincasmallorca.com\/wp-content\/uploads\/2025\/04\/LWP3248-Editar-330x180.jpg\"\r\n     onerror=\"this.src = 'http:\/\/villasyfincasmallorca.com\/wp-content\/uploads\/2017\/12\/1-VF-2-330x180.jpg';\"\r\n     alt=\"Stadthaus zur Miete in Ses Salines \u2013 4 Schlafzimmer, Terrasse\"\r\n     title=\"Stadthaus zur Miete in Ses Salines \u2013 4 Schlafzimmer, Terrasse\">\r\n\r\n<div class=\"ere__loop-property-action property-action\">\r\n    <a data-toggle=\"tooltip\"\r\n   title=\"(25) Fotos\"\r\n   data-property-id=\"58526\"\r\n   href=\"javascript:void(0)\" class=\"property-view-gallery ere__loop-property_action-item\">\r\n    <i class=\"fa fa-camera\"><\/i>\r\n<\/a>\r\n<a href=\"javascript:void(0)\" class=\"property-favorite ere__loop-property_action-item\" data-property-id=\"58526\"\r\n   data-toggle=\"tooltip\"\r\n   title=\"Zu den Favoriten hinzuf\u00fcgen\"\r\n   data-title-not-favorite=\"Zu den Favoriten hinzuf\u00fcgen\"\r\n   data-title-favorited=\"It is my favorite\"\r\n   data-icon-not-favorite=\"fa fa-star-o\"\r\n   data-icon-favorited=\"fa fa-star\">\r\n    <i class=\"fa fa-star-o\"><\/i>\r\n<\/a>\r\n<a class=\"compare-property ere__loop-property_action-item\" href=\"javascript:void(0)\"\r\n   data-property-id=\"58526\" data-toggle=\"tooltip\"\r\n   title=\"Vergleichen\">\r\n    <i class=\"fa fa-plus\"><\/i>\r\n<\/a>\r\n<\/div><div class=\"ere__loop-property-badge ere__lpb-featured-label\">\r\n            <span class=\"ere__loop-property-badge-item ere__featured\">\r\n    <span class=\"ere__lpbi-inner\">\r\n        Top    <\/span>\r\n<\/span>\r\n    <\/div>\r\n<div class=\"ere__loop-property-badge ere__lpb-status\">\r\n                    <span style=\"--ere-loop-property-badge-bg-color:,\" class=\"ere__loop-property-badge-item ere__term-status mieten\" >\r\n            <span class=\"ere__lpbi-inner\">\r\n                Mieten            <\/span>\r\n        <\/span>\r\n    <\/div>\r\n<a class=\"property-link\" href=\"https:\/\/villasyfincasmallorca.com\/de\/property\/stadthaus-zur-miete-in-ses-salines-grosszuegige-raeume-und-privilegierte-lage\/\" title=\"Stadthaus zur Miete in Ses Salines \u2013 4 Schlafzimmer, Terrasse\"><\/a>\r\n<\/div>\r\n\r\n\t\t<div class=\"property-item-content\">\n\t\t\t<div class=\"property-heading\">\n                <h2 class=\"property-title\">\n    <a href=\"https:\/\/villasyfincasmallorca.com\/de\/property\/stadthaus-zur-miete-in-ses-salines-grosszuegige-raeume-und-privilegierte-lage\/\" title=\"Stadthaus zur Miete in Ses Salines \u2013 4 Schlafzimmer, Terrasse\">Stadthaus zur Miete in Ses Salines \u2013 4 Schlafzimmer, Terrasse<\/a>\n<\/h2>\n\t<span class=\"property-price ere__loop-property-price\">\n\t\t\t\t1.300\u20ac\t\t\t<\/span>\n\t\t\t<\/div>\n            <div class=\"property-element-inline\">\r\n    <div class=\"property-type-list\"><i class=\"fa fa-tag\"><\/i><a href=\"https:\/\/villasyfincasmallorca.com\/de\/property-type\/stadthaus\/\" rel=\"tag\">Stadthaus<\/a><\/div><div class=\"property-agent\">\r\n    <a href=\"https:\/\/villasyfincasmallorca.com\/en\/agent\/villas-y-fincas-mallorca\/\" title=\"Villas y Fincas Mallorca\">\r\n        <i class=\"fa fa-user\"><\/i>\r\n        <span>Villas y Fincas Mallorca<\/span>\r\n    <\/a>\r\n<\/div>\r\n<div class=\"property-date\">\r\n    <i class=\"fa fa-calendar\"><\/i>\r\n     56\u00a0Jahren .<\/div>\r\n<\/div>\r\n<div class=\"property-excerpt\">\r\n    <p>[vc_row][vc_column][vc_column_text css_animation=&#8220;fadeIn&#8220;]Im Herzen eines der charmantesten D\u00f6rfer S\u00fcdmallorkas liegt dieses gro\u00dfz\u00fcgige Stadthaus, das authentisches mallorquinisches Wohnen mit moderner Funktionalit\u00e4t verbindet. Ses Salines, bekannt f\u00fcr seine historischen Salinen, seinen gesch\u00fctzten Naturraum und seine N\u00e4he zu einigen der sch\u00f6nsten Str\u00e4nde der Insel, bietet eine Lebensqualit\u00e4t, die in dieser Kombination auf Mallorca nur selten zu finden ist. Mit [&hellip;]<\/p>\n<\/div>\r\n<div class=\"ere__loop-property-info property-info layout-1\">\r\n    <div class=\"property-info-inner\">\r\n        <div class=\"ere__loop-property-info-item property-area\" data-toggle=\"tooltip\" title=\"Bebaute Fl\u00e4che ca.\">\r\n    <i class=\"fa fa-arrows\"><\/i>\r\n    <div class=\"ere__lpi-content\">\r\n        <span class=\"ere__lpi-value\">135 m<sup>2<\/sup><\/span>\r\n        <span class=\"ere__lpi-label\">Bebaute Fl\u00e4che ca.<\/span>\r\n    <\/div>\r\n<\/div>\r\n\r\n<div class=\"ere__loop-property-info-item property-bedrooms\" data-toggle=\"tooltip\" title=\"4 Zimmer\">\r\n    <i class=\"fa fa-hotel\"><\/i>\r\n    <div class=\"ere__lpi-content\">\r\n        <span class=\"ere__lpi-value\">4<\/span>\r\n        <span class=\"ere__lpi-label\">Schlafzimmer<\/span>\r\n    <\/div>\r\n<\/div><div class=\"ere__loop-property-info-item property-bathrooms\" data-toggle=\"tooltip\" title=\"1 Bathrooms\">\r\n    <i class=\"fa fa-bath\"><\/i>\r\n    <div class=\"ere__lpi-content\">\r\n        <span class=\"ere__lpi-value\">1<\/span>\r\n        <span class=\"ere__lpi-label\">Badezimmer<\/span>\r\n    <\/div>\r\n<\/div>\r\n    <\/div>\r\n<\/div>\r\n\n\t\t<\/div>\n\t<\/div>\n<\/div>                    <div class=\"ere-item-wrap property-item ere-property-is-featured\">\n\t<div class=\"property-inner\">\n        <div class=\"property-image\">\r\n    <img loading=\"lazy\" decoding=\"async\" width=\"330\"\r\n     height=\"180\"\r\n     src=\"https:\/\/villasyfincasmallorca.com\/wp-content\/uploads\/2025\/03\/1470-Villa-for-sale-in-Ses-Salines-with-sea-views-18-330x180.jpg\"\r\n     onerror=\"this.src = 'http:\/\/villasyfincasmallorca.com\/wp-content\/uploads\/2017\/12\/1-VF-2-330x180.jpg';\"\r\n     alt=\"Haus mit Meerblick in Ses Salines: 418 m\u00b2, 7 Schlafzimmer, Pool\"\r\n     title=\"Haus mit Meerblick in Ses Salines: 418 m\u00b2, 7 Schlafzimmer, Pool\">\r\n\r\n<div class=\"ere__loop-property-action property-action\">\r\n    <a data-toggle=\"tooltip\"\r\n   title=\"(56) Fotos\"\r\n   data-property-id=\"58318\"\r\n   href=\"javascript:void(0)\" class=\"property-view-gallery ere__loop-property_action-item\">\r\n    <i class=\"fa fa-camera\"><\/i>\r\n<\/a>\r\n<a href=\"javascript:void(0)\" class=\"property-favorite ere__loop-property_action-item\" data-property-id=\"58318\"\r\n   data-toggle=\"tooltip\"\r\n   title=\"Zu den Favoriten hinzuf\u00fcgen\"\r\n   data-title-not-favorite=\"Zu den Favoriten hinzuf\u00fcgen\"\r\n   data-title-favorited=\"It is my favorite\"\r\n   data-icon-not-favorite=\"fa fa-star-o\"\r\n   data-icon-favorited=\"fa fa-star\">\r\n    <i class=\"fa fa-star-o\"><\/i>\r\n<\/a>\r\n<a class=\"compare-property ere__loop-property_action-item\" href=\"javascript:void(0)\"\r\n   data-property-id=\"58318\" data-toggle=\"tooltip\"\r\n   title=\"Vergleichen\">\r\n    <i class=\"fa fa-plus\"><\/i>\r\n<\/a>\r\n<\/div><div class=\"ere__loop-property-badge ere__lpb-featured-label\">\r\n            <span class=\"ere__loop-property-badge-item ere__featured\">\r\n    <span class=\"ere__lpbi-inner\">\r\n        Top    <\/span>\r\n<\/span>\r\n    <\/div>\r\n<div class=\"ere__loop-property-badge ere__lpb-status\">\r\n                    <span style=\"--ere-loop-property-badge-bg-color:,\" class=\"ere__loop-property-badge-item ere__term-status kaufen\" >\r\n            <span class=\"ere__lpbi-inner\">\r\n                Kaufen            <\/span>\r\n        <\/span>\r\n    <\/div>\r\n<a class=\"property-link\" href=\"https:\/\/villasyfincasmallorca.com\/de\/property\/villa-mit-pool-und-meerblick-in-ses-salines-zu-verkaufen\/\" title=\"Haus mit Meerblick in Ses Salines: 418 m\u00b2, 7 Schlafzimmer, Pool\"><\/a>\r\n<\/div>\r\n\r\n\t\t<div class=\"property-item-content\">\n\t\t\t<div class=\"property-heading\">\n                <h2 class=\"property-title\">\n    <a href=\"https:\/\/villasyfincasmallorca.com\/de\/property\/villa-mit-pool-und-meerblick-in-ses-salines-zu-verkaufen\/\" title=\"Haus mit Meerblick in Ses Salines: 418 m\u00b2, 7 Schlafzimmer, Pool\">Haus mit Meerblick in Ses Salines: 418 m\u00b2, 7 Schlafzimmer, Pool<\/a>\n<\/h2>\n\t<span class=\"property-price ere__loop-property-price\">\n\t\t\t\t2.750.000\u20ac\t\t\t<\/span>\n\t\t\t<\/div>\n            <div class=\"property-element-inline\">\r\n    <div class=\"property-type-list\"><i class=\"fa fa-tag\"><\/i><a href=\"https:\/\/villasyfincasmallorca.com\/de\/property-type\/stadthaus\/\" rel=\"tag\">Stadthaus<\/a>, <a href=\"https:\/\/villasyfincasmallorca.com\/de\/property-type\/villa-de\/\" rel=\"tag\">Villa<\/a><\/div><div class=\"property-agent\">\r\n    <a href=\"https:\/\/villasyfincasmallorca.com\/agent\/villas-y-fincas-mallorca\/\" title=\"Villas y Fincas Mallorca\">\r\n        <i class=\"fa fa-user\"><\/i>\r\n        <span>Villas y Fincas Mallorca<\/span>\r\n    <\/a>\r\n<\/div>\r\n<div class=\"property-date\">\r\n    <i class=\"fa fa-calendar\"><\/i>\r\n     56\u00a0Jahren .<\/div>\r\n<\/div>\r\n<div class=\"property-excerpt\">\r\n    <p>[vc_row][vc_column][vc_column_text css_animation=&#8220;fadeIn&#8220;]Manche Immobilien brauchen keine gro\u00dfen Worte \u2014 sie sprechen f\u00fcr sich. Dieses Haus in Ses Salines geh\u00f6rt dazu. Erbaut im Jahr 1976 auf einem Grundst\u00fcck von 1.924 Quadratmetern, mit einer Wohnfl\u00e4che von 418 Quadratmetern, sieben Schlafzimmern, vier B\u00e4dern, privatem Pool und unverstelltem Meerblick aus mehreren R\u00e4umen, verk\u00f6rpert es eine Solidit\u00e4t und Gro\u00dfz\u00fcgigkeit, die im [&hellip;]<\/p>\n<\/div>\r\n<div class=\"ere__loop-property-info property-info layout-1\">\r\n    <div class=\"property-info-inner\">\r\n        <div class=\"ere__loop-property-info-item property-area\" data-toggle=\"tooltip\" title=\"Bebaute Fl\u00e4che ca.\">\r\n    <i class=\"fa fa-arrows\"><\/i>\r\n    <div class=\"ere__lpi-content\">\r\n        <span class=\"ere__lpi-value\">418 m<sup>2<\/sup><\/span>\r\n        <span class=\"ere__lpi-label\">Bebaute Fl\u00e4che ca.<\/span>\r\n    <\/div>\r\n<\/div>\r\n\r\n<div class=\"ere__loop-property-info-item property-bedrooms\" data-toggle=\"tooltip\" title=\"7 Zimmer\">\r\n    <i class=\"fa fa-hotel\"><\/i>\r\n    <div class=\"ere__lpi-content\">\r\n        <span class=\"ere__lpi-value\">7<\/span>\r\n        <span class=\"ere__lpi-label\">Schlafzimmer<\/span>\r\n    <\/div>\r\n<\/div><div class=\"ere__loop-property-info-item property-bathrooms\" data-toggle=\"tooltip\" title=\"4 Badezimmer\">\r\n    <i class=\"fa fa-bath\"><\/i>\r\n    <div class=\"ere__lpi-content\">\r\n        <span class=\"ere__lpi-value\">4<\/span>\r\n        <span class=\"ere__lpi-label\">Badezimmer<\/span>\r\n    <\/div>\r\n<\/div>\r\n    <\/div>\r\n<\/div>\r\n\n\t\t<\/div>\n\t<\/div>\n<\/div>                    <div class=\"ere-item-wrap property-item ere-property-is-featured\">\n\t<div class=\"property-inner\">\n        <div class=\"property-image\">\r\n    <img loading=\"lazy\" decoding=\"async\" width=\"330\"\r\n     height=\"180\"\r\n     src=\"https:\/\/villasyfincasmallorca.com\/wp-content\/uploads\/2025\/03\/LWP3995-330x180.jpg\"\r\n     onerror=\"this.src = 'http:\/\/villasyfincasmallorca.com\/wp-content\/uploads\/2017\/12\/1-VF-2-330x180.jpg';\"\r\n     alt=\"Neubau-Erdgeschoss in Colonia de Sant Jordi mit Pool und Garage\"\r\n     title=\"Neubau-Erdgeschoss in Colonia de Sant Jordi mit Pool und Garage\">\r\n\r\n<div class=\"ere__loop-property-action property-action\">\r\n    <a data-toggle=\"tooltip\"\r\n   title=\"(23) Fotos\"\r\n   data-property-id=\"58268\"\r\n   href=\"javascript:void(0)\" class=\"property-view-gallery ere__loop-property_action-item\">\r\n    <i class=\"fa fa-camera\"><\/i>\r\n<\/a>\r\n<a href=\"javascript:void(0)\" class=\"property-favorite ere__loop-property_action-item\" data-property-id=\"58268\"\r\n   data-toggle=\"tooltip\"\r\n   title=\"Zu den Favoriten hinzuf\u00fcgen\"\r\n   data-title-not-favorite=\"Zu den Favoriten hinzuf\u00fcgen\"\r\n   data-title-favorited=\"It is my favorite\"\r\n   data-icon-not-favorite=\"fa fa-star-o\"\r\n   data-icon-favorited=\"fa fa-star\">\r\n    <i class=\"fa fa-star-o\"><\/i>\r\n<\/a>\r\n<a class=\"compare-property ere__loop-property_action-item\" href=\"javascript:void(0)\"\r\n   data-property-id=\"58268\" data-toggle=\"tooltip\"\r\n   title=\"Vergleichen\">\r\n    <i class=\"fa fa-plus\"><\/i>\r\n<\/a>\r\n<\/div><div class=\"ere__loop-property-badge ere__lpb-featured-label\">\r\n            <span class=\"ere__loop-property-badge-item ere__featured\">\r\n    <span class=\"ere__lpbi-inner\">\r\n        Top    <\/span>\r\n<\/span>\r\n    <\/div>\r\n<div class=\"ere__loop-property-badge ere__lpb-status\">\r\n                    <span style=\"--ere-loop-property-badge-bg-color:,\" class=\"ere__loop-property-badge-item ere__term-status kaufen\" >\r\n            <span class=\"ere__lpbi-inner\">\r\n                Kaufen            <\/span>\r\n        <\/span>\r\n    <\/div>\r\n<a class=\"property-link\" href=\"https:\/\/villasyfincasmallorca.com\/de\/property\/erdgeschoss-haus-zum-verkauf-in-colonia-de-sant-jordi-mit-privatem-garten-und-pool\/\" title=\"Neubau-Erdgeschoss in Colonia de Sant Jordi mit Pool und Garage\"><\/a>\r\n<\/div>\r\n\r\n\t\t<div class=\"property-item-content\">\n\t\t\t<div class=\"property-heading\">\n                <h2 class=\"property-title\">\n    <a href=\"https:\/\/villasyfincasmallorca.com\/de\/property\/erdgeschoss-haus-zum-verkauf-in-colonia-de-sant-jordi-mit-privatem-garten-und-pool\/\" title=\"Neubau-Erdgeschoss in Colonia de Sant Jordi mit Pool und Garage\">Neubau-Erdgeschoss in Colonia de Sant Jordi mit Pool und Garage<\/a>\n<\/h2>\n\t<span class=\"property-price ere__loop-property-price\">\n\t\t\t\t700.000\u20ac\t\t\t<\/span>\n\t\t\t<\/div>\n            <div class=\"property-element-inline\">\r\n    <div class=\"property-type-list\"><i class=\"fa fa-tag\"><\/i><a href=\"https:\/\/villasyfincasmallorca.com\/de\/property-type\/stadthaus\/\" rel=\"tag\">Stadthaus<\/a><\/div><div class=\"property-agent\">\r\n    <a href=\"https:\/\/villasyfincasmallorca.com\/agent\/villas-y-fincas-mallorca\/\" title=\"Villas y Fincas Mallorca\">\r\n        <i class=\"fa fa-user\"><\/i>\r\n        <span>Villas y Fincas Mallorca<\/span>\r\n    <\/a>\r\n<\/div>\r\n<div class=\"property-date\">\r\n    <i class=\"fa fa-calendar\"><\/i>\r\n     56\u00a0Jahren .<\/div>\r\n<\/div>\r\n<div class=\"property-excerpt\">\r\n    <p>[vc_row][vc_column][vc_column_text css_animation=&#8220;fadeIn&#8220;]Im S\u00fcden Mallorcas, in einer der authentischsten K\u00fcstengemeinden der Insel, befindet sich diese 2024 fertiggestellte Erdgeschosswohnung in Colonia de Sant Jordi \u2014 ein Objekt, das keine Kompromisse macht. Wer heute auf dem mallorquinischen Immobilienmarkt einen bezugsfertigen Neubau mit privatem Pool, Garage und vollst\u00e4ndiger Ausstattung sucht, wird nur selten f\u00fcndig. Diese Immobilie bietet genau das: [&hellip;]<\/p>\n<\/div>\r\n<div class=\"ere__loop-property-info property-info layout-1\">\r\n    <div class=\"property-info-inner\">\r\n        <div class=\"ere__loop-property-info-item property-area\" data-toggle=\"tooltip\" title=\"Bebaute Fl\u00e4che ca.\">\r\n    <i class=\"fa fa-arrows\"><\/i>\r\n    <div class=\"ere__lpi-content\">\r\n        <span class=\"ere__lpi-value\">175 m<sup>2<\/sup><\/span>\r\n        <span class=\"ere__lpi-label\">Bebaute Fl\u00e4che ca.<\/span>\r\n    <\/div>\r\n<\/div>\r\n\r\n<div class=\"ere__loop-property-info-item property-bedrooms\" data-toggle=\"tooltip\" title=\"3 Zimmer\">\r\n    <i class=\"fa fa-hotel\"><\/i>\r\n    <div class=\"ere__lpi-content\">\r\n        <span class=\"ere__lpi-value\">3<\/span>\r\n        <span class=\"ere__lpi-label\">Schlafzimmer<\/span>\r\n    <\/div>\r\n<\/div><div class=\"ere__loop-property-info-item property-bathrooms\" data-toggle=\"tooltip\" title=\"2 Badezimmer\">\r\n    <i class=\"fa fa-bath\"><\/i>\r\n    <div class=\"ere__lpi-content\">\r\n        <span class=\"ere__lpi-value\">2<\/span>\r\n        <span class=\"ere__lpi-label\">Badezimmer<\/span>\r\n    <\/div>\r\n<\/div>\r\n    <\/div>\r\n<\/div>\r\n\n\t\t<\/div>\n\t<\/div>\n<\/div>                    <div class=\"ere-item-wrap property-item ere-property-is-featured\">\n\t<div class=\"property-inner\">\n        <div class=\"property-image\">\r\n    <img loading=\"lazy\" decoding=\"async\" width=\"330\"\r\n     height=\"180\"\r\n     src=\"https:\/\/villasyfincasmallorca.com\/wp-content\/uploads\/2025\/03\/LWP3142-330x180.jpg\"\r\n     onerror=\"this.src = 'http:\/\/villasyfincasmallorca.com\/wp-content\/uploads\/2017\/12\/1-VF-2-330x180.jpg';\"\r\n     alt=\"Landhaus in Sineu mit Pool und 5.400 m\u00b2 Grundst\u00fcck\"\r\n     title=\"Landhaus in Sineu mit Pool und 5.400 m\u00b2 Grundst\u00fcck\">\r\n\r\n<div class=\"ere__loop-property-action property-action\">\r\n    <a data-toggle=\"tooltip\"\r\n   title=\"(45) Fotos\"\r\n   data-property-id=\"57976\"\r\n   href=\"javascript:void(0)\" class=\"property-view-gallery ere__loop-property_action-item\">\r\n    <i class=\"fa fa-camera\"><\/i>\r\n<\/a>\r\n<a href=\"javascript:void(0)\" class=\"property-favorite ere__loop-property_action-item\" data-property-id=\"57976\"\r\n   data-toggle=\"tooltip\"\r\n   title=\"Zu den Favoriten hinzuf\u00fcgen\"\r\n   data-title-not-favorite=\"Zu den Favoriten hinzuf\u00fcgen\"\r\n   data-title-favorited=\"It is my favorite\"\r\n   data-icon-not-favorite=\"fa fa-star-o\"\r\n   data-icon-favorited=\"fa fa-star\">\r\n    <i class=\"fa fa-star-o\"><\/i>\r\n<\/a>\r\n<a class=\"compare-property ere__loop-property_action-item\" href=\"javascript:void(0)\"\r\n   data-property-id=\"57976\" data-toggle=\"tooltip\"\r\n   title=\"Vergleichen\">\r\n    <i class=\"fa fa-plus\"><\/i>\r\n<\/a>\r\n<\/div><div class=\"ere__loop-property-badge ere__lpb-featured-label\">\r\n            <span class=\"ere__loop-property-badge-item ere__featured\">\r\n    <span class=\"ere__lpbi-inner\">\r\n        Top    <\/span>\r\n<\/span>\r\n    <\/div>\r\n<div class=\"ere__loop-property-badge ere__lpb-status\">\r\n                    <span style=\"--ere-loop-property-badge-bg-color:,\" class=\"ere__loop-property-badge-item ere__term-status kaufen\" >\r\n            <span class=\"ere__lpbi-inner\">\r\n                Kaufen            <\/span>\r\n        <\/span>\r\n    <\/div>\r\n<a class=\"property-link\" href=\"https:\/\/villasyfincasmallorca.com\/de\/property\/finca-zum-verkauf-in-sineu-mit-pool\/\" title=\"Landhaus in Sineu mit Pool und 5.400 m\u00b2 Grundst\u00fcck\"><\/a>\r\n<\/div>\r\n\r\n\t\t<div class=\"property-item-content\">\n\t\t\t<div class=\"property-heading\">\n                <h2 class=\"property-title\">\n    <a href=\"https:\/\/villasyfincasmallorca.com\/de\/property\/finca-zum-verkauf-in-sineu-mit-pool\/\" title=\"Landhaus in Sineu mit Pool und 5.400 m\u00b2 Grundst\u00fcck\">Landhaus in Sineu mit Pool und 5.400 m\u00b2 Grundst\u00fcck<\/a>\n<\/h2>\n\t<span class=\"property-price ere__loop-property-price\">\n\t\t\t\t650.000\u20ac\t\t\t<\/span>\n\t\t\t<\/div>\n            <div class=\"property-element-inline\">\r\n    <div class=\"property-type-list\"><i class=\"fa fa-tag\"><\/i><a href=\"https:\/\/villasyfincasmallorca.com\/de\/property-type\/finca\/\" rel=\"tag\">Finca<\/a>, <a href=\"https:\/\/villasyfincasmallorca.com\/de\/property-type\/villa-de\/\" rel=\"tag\">Villa<\/a><\/div><div class=\"property-agent\">\r\n    <a href=\"https:\/\/villasyfincasmallorca.com\/agent\/villas-y-fincas-mallorca\/\" title=\"Villas y Fincas Mallorca\">\r\n        <i class=\"fa fa-user\"><\/i>\r\n        <span>Villas y Fincas Mallorca<\/span>\r\n    <\/a>\r\n<\/div>\r\n<div class=\"property-date\">\r\n    <i class=\"fa fa-calendar\"><\/i>\r\n     56\u00a0Jahren .<\/div>\r\n<\/div>\r\n<div class=\"property-excerpt\">\r\n    <p>[vc_row][vc_column][vc_column_text css_animation=&#8220;fadeIn&#8220;]Sineu geh\u00f6rt zu jenen Orten auf Mallorca, die Kenner der Insel kaum verraten m\u00f6chten. Das mittelalterliche Dorf liegt im exakten geografischen Mittelpunkt Mallorcas und hat seinen urspr\u00fcnglichen Charakter bis heute bewahrt: gepflasterte Gassen aus Naturstein, die m\u00e4chtige Kirche Nuestra Se\u00f1ora de los \u00c1ngeles \u00fcber dem Dorfplatz, ein w\u00f6chentlicher Markt von ethnologisch anerkannter Bedeutung und [&hellip;]<\/p>\n<\/div>\r\n<div class=\"ere__loop-property-info property-info layout-1\">\r\n    <div class=\"property-info-inner\">\r\n        <div class=\"ere__loop-property-info-item property-area\" data-toggle=\"tooltip\" title=\"Bebaute Fl\u00e4che ca.\">\r\n    <i class=\"fa fa-arrows\"><\/i>\r\n    <div class=\"ere__lpi-content\">\r\n        <span class=\"ere__lpi-value\">304 m<sup>2<\/sup><\/span>\r\n        <span class=\"ere__lpi-label\">Bebaute Fl\u00e4che ca.<\/span>\r\n    <\/div>\r\n<\/div>\r\n\r\n<div class=\"ere__loop-property-info-item property-bedrooms\" data-toggle=\"tooltip\" title=\"4 Zimmer\">\r\n    <i class=\"fa fa-hotel\"><\/i>\r\n    <div class=\"ere__lpi-content\">\r\n        <span class=\"ere__lpi-value\">4<\/span>\r\n        <span class=\"ere__lpi-label\">Schlafzimmer<\/span>\r\n    <\/div>\r\n<\/div><div class=\"ere__loop-property-info-item property-bathrooms\" data-toggle=\"tooltip\" title=\"2 Badezimmer\">\r\n    <i class=\"fa fa-bath\"><\/i>\r\n    <div class=\"ere__lpi-content\">\r\n        <span class=\"ere__lpi-value\">2<\/span>\r\n        <span class=\"ere__lpi-label\">Badezimmer<\/span>\r\n    <\/div>\r\n<\/div>\r\n    <\/div>\r\n<\/div>\r\n\n\t\t<\/div>\n\t<\/div>\n<\/div>                    <div class=\"ere-item-wrap property-item ere-property-is-featured\">\n\t<div class=\"property-inner\">\n        <div class=\"property-image\">\r\n    <img loading=\"lazy\" decoding=\"async\" width=\"330\"\r\n     height=\"180\"\r\n     src=\"https:\/\/villasyfincasmallorca.com\/wp-content\/uploads\/2018\/07\/11-972-Villasyfincasmallorca-330x180.jpg\"\r\n     onerror=\"this.src = 'http:\/\/villasyfincasmallorca.com\/wp-content\/uploads\/2017\/12\/1-VF-2-330x180.jpg';\"\r\n     alt=\"Jahrhundertealtes Landgut bei Palma \u2014 1.144 m\u00b2, 14 ha und 6 historische Geb\u00e4ude\"\r\n     title=\"Jahrhundertealtes Landgut bei Palma \u2014 1.144 m\u00b2, 14 ha und 6 historische Geb\u00e4ude\">\r\n\r\n<div class=\"ere__loop-property-action property-action\">\r\n    <a data-toggle=\"tooltip\"\r\n   title=\"(15) Fotos\"\r\n   data-property-id=\"12951\"\r\n   href=\"javascript:void(0)\" class=\"property-view-gallery ere__loop-property_action-item\">\r\n    <i class=\"fa fa-camera\"><\/i>\r\n<\/a>\r\n<a href=\"javascript:void(0)\" class=\"property-favorite ere__loop-property_action-item\" data-property-id=\"12951\"\r\n   data-toggle=\"tooltip\"\r\n   title=\"Zu den Favoriten hinzuf\u00fcgen\"\r\n   data-title-not-favorite=\"Zu den Favoriten hinzuf\u00fcgen\"\r\n   data-title-favorited=\"It is my favorite\"\r\n   data-icon-not-favorite=\"fa fa-star-o\"\r\n   data-icon-favorited=\"fa fa-star\">\r\n    <i class=\"fa fa-star-o\"><\/i>\r\n<\/a>\r\n<a class=\"compare-property ere__loop-property_action-item\" href=\"javascript:void(0)\"\r\n   data-property-id=\"12951\" data-toggle=\"tooltip\"\r\n   title=\"Vergleichen\">\r\n    <i class=\"fa fa-plus\"><\/i>\r\n<\/a>\r\n<\/div><div class=\"ere__loop-property-badge ere__lpb-featured-label\">\r\n            <span class=\"ere__loop-property-badge-item ere__featured\">\r\n    <span class=\"ere__lpbi-inner\">\r\n        Top    <\/span>\r\n<\/span>\r\n    <\/div>\r\n<div class=\"ere__loop-property-badge ere__lpb-status\">\r\n                    <span style=\"--ere-loop-property-badge-bg-color:,\" class=\"ere__loop-property-badge-item ere__term-status kaufen\" >\r\n            <span class=\"ere__lpbi-inner\">\r\n                Kaufen            <\/span>\r\n        <\/span>\r\n    <\/div>\r\n<a class=\"property-link\" href=\"https:\/\/villasyfincasmallorca.com\/de\/property\/finca-zu-verkaufen-in-der-naehe-von-palma-de-mallorca\/\" title=\"Jahrhundertealtes Landgut bei Palma \u2014 1.144 m\u00b2, 14 ha und 6 historische Geb\u00e4ude\"><\/a>\r\n<\/div>\r\n\r\n\t\t<div class=\"property-item-content\">\n\t\t\t<div class=\"property-heading\">\n                <h2 class=\"property-title\">\n    <a href=\"https:\/\/villasyfincasmallorca.com\/de\/property\/finca-zu-verkaufen-in-der-naehe-von-palma-de-mallorca\/\" title=\"Jahrhundertealtes Landgut bei Palma \u2014 1.144 m\u00b2, 14 ha und 6 historische Geb\u00e4ude\">Jahrhundertealtes Landgut bei Palma \u2014 1.144 m\u00b2, 14 ha und 6 historische Geb\u00e4ude<\/a>\n<\/h2>\n\t<span class=\"property-price ere__loop-property-price\">\n\t\t\t\t2.500.000\u20ac\t\t\t<\/span>\n\t\t\t<\/div>\n            <div class=\"property-element-inline\">\r\n    <div class=\"property-type-list\"><i class=\"fa fa-tag\"><\/i><a href=\"https:\/\/villasyfincasmallorca.com\/de\/property-type\/finca\/\" rel=\"tag\">Finca<\/a>, <a href=\"https:\/\/villasyfincasmallorca.com\/de\/property-type\/villa-de\/\" rel=\"tag\">Villa<\/a><\/div><div class=\"property-agent\">\r\n    <a href=\"https:\/\/villasyfincasmallorca.com\/agent\/villas-y-fincas-mallorca\/\" title=\"Villas y Fincas Mallorca\">\r\n        <i class=\"fa fa-user\"><\/i>\r\n        <span>Villas y Fincas Mallorca<\/span>\r\n    <\/a>\r\n<\/div>\r\n<div class=\"property-date\">\r\n    <i class=\"fa fa-calendar\"><\/i>\r\n     56\u00a0Jahren .<\/div>\r\n<\/div>\r\n<div class=\"property-excerpt\">\r\n    <p>[vc_row][vc_column][vc_column_text css_animation=&#8220;fadeIn&#8220;]Manche Immobilien liegen in der N\u00e4he von Palma \u2014 und manche scheinen einer anderen Welt anzugeh\u00f6ren, und sind dennoch weniger als zehn Minuten vom Stadtzentrum entfernt. Dieses jahrhundertealte mallorquinische Landgut zum Verkauf bei Palma de Mallorca geh\u00f6rt eindeutig zur zweiten Kategorie. Es ist kein gew\u00f6hnliches Landhaus, kein konventionelles Renovierungsprojekt: Es ist ein lebendiges historisches [&hellip;]<\/p>\n<\/div>\r\n<div class=\"ere__loop-property-info property-info layout-1\">\r\n    <div class=\"property-info-inner\">\r\n        <div class=\"ere__loop-property-info-item property-area\" data-toggle=\"tooltip\" title=\"Bebaute Fl\u00e4che ca.\">\r\n    <i class=\"fa fa-arrows\"><\/i>\r\n    <div class=\"ere__lpi-content\">\r\n        <span class=\"ere__lpi-value\">1.144 m<sup>2<\/sup><\/span>\r\n        <span class=\"ere__lpi-label\">Bebaute Fl\u00e4che ca.<\/span>\r\n    <\/div>\r\n<\/div>\r\n\r\n<div class=\"ere__loop-property-info-item property-bedrooms\" data-toggle=\"tooltip\" title=\"8 Zimmer\">\r\n    <i class=\"fa fa-hotel\"><\/i>\r\n    <div class=\"ere__lpi-content\">\r\n        <span class=\"ere__lpi-value\">8<\/span>\r\n        <span class=\"ere__lpi-label\">Schlafzimmer<\/span>\r\n    <\/div>\r\n<\/div><div class=\"ere__loop-property-info-item property-bathrooms\" data-toggle=\"tooltip\" title=\"3 Badezimmer\">\r\n    <i class=\"fa fa-bath\"><\/i>\r\n    <div class=\"ere__lpi-content\">\r\n        <span class=\"ere__lpi-value\">3<\/span>\r\n        <span class=\"ere__lpi-label\">Badezimmer<\/span>\r\n    <\/div>\r\n<\/div>\r\n    <\/div>\r\n<\/div>\r\n\n\t\t<\/div>\n\t<\/div>\n<\/div>                    <div class=\"ere-item-wrap property-item ere-property-is-featured\">\n\t<div class=\"property-inner\">\n        <div class=\"property-image\">\r\n    <img loading=\"lazy\" decoding=\"async\" width=\"330\"\r\n     height=\"180\"\r\n     src=\"https:\/\/villasyfincasmallorca.com\/wp-content\/uploads\/2025\/02\/LWP2916-330x180.jpg\"\r\n     onerror=\"this.src = 'http:\/\/villasyfincasmallorca.com\/wp-content\/uploads\/2017\/12\/1-VF-2-330x180.jpg';\"\r\n     alt=\"Rustikale Finca in Colonia de Sant Jordi \u2014 131 m\u00b2, 14.500 m\u00b2, nahe Es Trenc\"\r\n     title=\"Rustikale Finca in Colonia de Sant Jordi \u2014 131 m\u00b2, 14.500 m\u00b2, nahe Es Trenc\">\r\n\r\n<div class=\"ere__loop-property-action property-action\">\r\n    <a data-toggle=\"tooltip\"\r\n   title=\"(32) Fotos\"\r\n   data-property-id=\"57476\"\r\n   href=\"javascript:void(0)\" class=\"property-view-gallery ere__loop-property_action-item\">\r\n    <i class=\"fa fa-camera\"><\/i>\r\n<\/a>\r\n<a href=\"javascript:void(0)\" class=\"property-favorite ere__loop-property_action-item\" data-property-id=\"57476\"\r\n   data-toggle=\"tooltip\"\r\n   title=\"Zu den Favoriten hinzuf\u00fcgen\"\r\n   data-title-not-favorite=\"Zu den Favoriten hinzuf\u00fcgen\"\r\n   data-title-favorited=\"It is my favorite\"\r\n   data-icon-not-favorite=\"fa fa-star-o\"\r\n   data-icon-favorited=\"fa fa-star\">\r\n    <i class=\"fa fa-star-o\"><\/i>\r\n<\/a>\r\n<a class=\"compare-property ere__loop-property_action-item\" href=\"javascript:void(0)\"\r\n   data-property-id=\"57476\" data-toggle=\"tooltip\"\r\n   title=\"Vergleichen\">\r\n    <i class=\"fa fa-plus\"><\/i>\r\n<\/a>\r\n<\/div><div class=\"ere__loop-property-badge ere__lpb-featured-label\">\r\n            <span class=\"ere__loop-property-badge-item ere__featured\">\r\n    <span class=\"ere__lpbi-inner\">\r\n        Top    <\/span>\r\n<\/span>\r\n    <\/div>\r\n<div class=\"ere__loop-property-badge ere__lpb-status\">\r\n                    <span style=\"--ere-loop-property-badge-bg-color:,\" class=\"ere__loop-property-badge-item ere__term-status kaufen\" >\r\n            <span class=\"ere__lpbi-inner\">\r\n                Kaufen            <\/span>\r\n        <\/span>\r\n    <\/div>\r\n<a class=\"property-link\" href=\"https:\/\/villasyfincasmallorca.com\/de\/property\/rustikale-finca-zum-verkauf-in-colonia-de-sant-jordi-nahe-dem-strand-und-ses-salines\/\" title=\"Rustikale Finca in Colonia de Sant Jordi \u2014 131 m\u00b2, 14.500 m\u00b2, nahe Es Trenc\"><\/a>\r\n<\/div>\r\n\r\n\t\t<div class=\"property-item-content\">\n\t\t\t<div class=\"property-heading\">\n                <h2 class=\"property-title\">\n    <a href=\"https:\/\/villasyfincasmallorca.com\/de\/property\/rustikale-finca-zum-verkauf-in-colonia-de-sant-jordi-nahe-dem-strand-und-ses-salines\/\" title=\"Rustikale Finca in Colonia de Sant Jordi \u2014 131 m\u00b2, 14.500 m\u00b2, nahe Es Trenc\">Rustikale Finca in Colonia de Sant Jordi \u2014 131 m\u00b2, 14.500 m\u00b2, nahe Es Trenc<\/a>\n<\/h2>\n\t<span class=\"property-price ere__loop-property-price\">\n\t\t\t\t790.000\u20ac\t\t\t<\/span>\n\t\t\t<\/div>\n            <div class=\"property-element-inline\">\r\n    <div class=\"property-type-list\"><i class=\"fa fa-tag\"><\/i><a href=\"https:\/\/villasyfincasmallorca.com\/de\/property-type\/finca\/\" rel=\"tag\">Finca<\/a>, <a href=\"https:\/\/villasyfincasmallorca.com\/de\/property-type\/villa-de\/\" rel=\"tag\">Villa<\/a><\/div><div class=\"property-agent\">\r\n    <a href=\"https:\/\/villasyfincasmallorca.com\/agent\/villas-y-fincas-mallorca\/\" title=\"Villas y Fincas Mallorca\">\r\n        <i class=\"fa fa-user\"><\/i>\r\n        <span>Villas y Fincas Mallorca<\/span>\r\n    <\/a>\r\n<\/div>\r\n<div class=\"property-date\">\r\n    <i class=\"fa fa-calendar\"><\/i>\r\n     56\u00a0Jahren .<\/div>\r\n<\/div>\r\n<div class=\"property-excerpt\">\r\n    <p>[vc_row][vc_column][vc_column_text css_animation=&#8220;fadeIn&#8220;]Eine rustikale Finca im S\u00fcdosten Mallorcas mit 14.500 Quadratmetern Grundst\u00fcck, f\u00fcnf Minuten von Ses Salines und weniger als zehn von Es Trenc entfernt, unter einer Million Euro zu finden, ist keine Selbstverst\u00e4ndlichkeit. Dieses Anwesen bietet genau diese Kombination: ein 131 Quadratmeter gro\u00dfes, ebenerdiges Landhaus mit Garage, Abstellraum, einem zus\u00e4tzlichen Raum im Obergeschoss mit Dachterrasse [&hellip;]<\/p>\n<\/div>\r\n<div class=\"ere__loop-property-info property-info layout-1\">\r\n    <div class=\"property-info-inner\">\r\n        <div class=\"ere__loop-property-info-item property-area\" data-toggle=\"tooltip\" title=\"Bebaute Fl\u00e4che ca.\">\r\n    <i class=\"fa fa-arrows\"><\/i>\r\n    <div class=\"ere__lpi-content\">\r\n        <span class=\"ere__lpi-value\">131 m<sup>2<\/sup><\/span>\r\n        <span class=\"ere__lpi-label\">Bebaute Fl\u00e4che ca.<\/span>\r\n    <\/div>\r\n<\/div>\r\n\r\n<div class=\"ere__loop-property-info-item property-bedrooms\" data-toggle=\"tooltip\" title=\"3 Zimmer\">\r\n    <i class=\"fa fa-hotel\"><\/i>\r\n    <div class=\"ere__lpi-content\">\r\n        <span class=\"ere__lpi-value\">3<\/span>\r\n        <span class=\"ere__lpi-label\">Schlafzimmer<\/span>\r\n    <\/div>\r\n<\/div><div class=\"ere__loop-property-info-item property-bathrooms\" data-toggle=\"tooltip\" title=\"1 Bathrooms\">\r\n    <i class=\"fa fa-bath\"><\/i>\r\n    <div class=\"ere__lpi-content\">\r\n        <span class=\"ere__lpi-value\">1<\/span>\r\n        <span class=\"ere__lpi-label\">Badezimmer<\/span>\r\n    <\/div>\r\n<\/div>\r\n    <\/div>\r\n<\/div>\r\n\n\t\t<\/div>\n\t<\/div>\n<\/div>                    <div class=\"ere-item-wrap property-item ere-property-is-featured\">\n\t<div class=\"property-inner\">\n        <div class=\"property-image\">\r\n    <img loading=\"lazy\" decoding=\"async\" width=\"330\"\r\n     height=\"180\"\r\n     src=\"https:\/\/villasyfincasmallorca.com\/wp-content\/uploads\/2024\/11\/LWP9367-Editar-330x180.jpg\"\r\n     onerror=\"this.src = 'http:\/\/villasyfincasmallorca.com\/wp-content\/uploads\/2017\/12\/1-VF-2-330x180.jpg';\"\r\n     alt=\"Stadthaus mit Pool in Ses Salines \u2014 110 m\u00b2, eine Etage, bezugsfertig\"\r\n     title=\"Stadthaus mit Pool in Ses Salines \u2014 110 m\u00b2, eine Etage, bezugsfertig\">\r\n\r\n<div class=\"ere__loop-property-action property-action\">\r\n    <a data-toggle=\"tooltip\"\r\n   title=\"(19) Fotos\"\r\n   data-property-id=\"55735\"\r\n   href=\"javascript:void(0)\" class=\"property-view-gallery ere__loop-property_action-item\">\r\n    <i class=\"fa fa-camera\"><\/i>\r\n<\/a>\r\n<a href=\"javascript:void(0)\" class=\"property-favorite ere__loop-property_action-item\" data-property-id=\"55735\"\r\n   data-toggle=\"tooltip\"\r\n   title=\"Zu den Favoriten hinzuf\u00fcgen\"\r\n   data-title-not-favorite=\"Zu den Favoriten hinzuf\u00fcgen\"\r\n   data-title-favorited=\"It is my favorite\"\r\n   data-icon-not-favorite=\"fa fa-star-o\"\r\n   data-icon-favorited=\"fa fa-star\">\r\n    <i class=\"fa fa-star-o\"><\/i>\r\n<\/a>\r\n<a class=\"compare-property ere__loop-property_action-item\" href=\"javascript:void(0)\"\r\n   data-property-id=\"55735\" data-toggle=\"tooltip\"\r\n   title=\"Vergleichen\">\r\n    <i class=\"fa fa-plus\"><\/i>\r\n<\/a>\r\n<\/div><div class=\"ere__loop-property-badge ere__lpb-featured-label\">\r\n            <span class=\"ere__loop-property-badge-item ere__featured\">\r\n    <span class=\"ere__lpbi-inner\">\r\n        Top    <\/span>\r\n<\/span>\r\n    <\/div>\r\n<div class=\"ere__loop-property-badge ere__lpb-status\">\r\n                    <span style=\"--ere-loop-property-badge-bg-color:,\" class=\"ere__loop-property-badge-item ere__term-status kaufen\" >\r\n            <span class=\"ere__lpbi-inner\">\r\n                Kaufen            <\/span>\r\n        <\/span>\r\n    <\/div>\r\n<a class=\"property-link\" href=\"https:\/\/villasyfincasmallorca.com\/de\/property\/stadthaus-zu-verkaufen-mit-pool-in-ses-salines\/\" title=\"Stadthaus mit Pool in Ses Salines \u2014 110 m\u00b2, eine Etage, bezugsfertig\"><\/a>\r\n<\/div>\r\n\r\n\t\t<div class=\"property-item-content\">\n\t\t\t<div class=\"property-heading\">\n                <h2 class=\"property-title\">\n    <a href=\"https:\/\/villasyfincasmallorca.com\/de\/property\/stadthaus-zu-verkaufen-mit-pool-in-ses-salines\/\" title=\"Stadthaus mit Pool in Ses Salines \u2014 110 m\u00b2, eine Etage, bezugsfertig\">Stadthaus mit Pool in Ses Salines \u2014 110 m\u00b2, eine Etage, bezugsfertig<\/a>\n<\/h2>\n\t<span class=\"property-price ere__loop-property-price\">\n\t\t\t\t490.000\u20ac\t\t\t<\/span>\n\t\t\t<\/div>\n            <div class=\"property-element-inline\">\r\n    <div class=\"property-type-list\"><i class=\"fa fa-tag\"><\/i><a href=\"https:\/\/villasyfincasmallorca.com\/de\/property-type\/stadthaus\/\" rel=\"tag\">Stadthaus<\/a><\/div><div class=\"property-agent\">\r\n    <a href=\"https:\/\/villasyfincasmallorca.com\/agent\/villas-y-fincas-mallorca\/\" title=\"Villas y Fincas Mallorca\">\r\n        <i class=\"fa fa-user\"><\/i>\r\n        <span>Villas y Fincas Mallorca<\/span>\r\n    <\/a>\r\n<\/div>\r\n<div class=\"property-date\">\r\n    <i class=\"fa fa-calendar\"><\/i>\r\n     56\u00a0Jahren .<\/div>\r\n<\/div>\r\n<div class=\"property-excerpt\">\r\n    <p>[vc_row][vc_column][vc_column_text css_animation=&#8220;fadeIn&#8220;]Ein Stadthaus mit privatem Pool im Herzen von Ses Salines, bezugsfertig, alles auf einer einzigen Etage. Diese Kombination erscheint selten auf dem Markt im S\u00fcdosten Mallorcas \u2014 und wenn sie erscheint, bleibt sie nicht lange. Diese Immobilie hat 110 Quadratmeter Wohnfl\u00e4che auf einem 170-Quadratmeter-Grundst\u00fcck, zwei Au\u00dfenschlafzimmer, einen offenen Wohn-Essbereich mit K\u00fcche, ein vollst\u00e4ndiges Bad, [&hellip;]<\/p>\n<\/div>\r\n<div class=\"ere__loop-property-info property-info layout-1\">\r\n    <div class=\"property-info-inner\">\r\n        <div class=\"ere__loop-property-info-item property-area\" data-toggle=\"tooltip\" title=\"Bebaute Fl\u00e4che ca.\">\r\n    <i class=\"fa fa-arrows\"><\/i>\r\n    <div class=\"ere__lpi-content\">\r\n        <span class=\"ere__lpi-value\">110 m<sup>2<\/sup><\/span>\r\n        <span class=\"ere__lpi-label\">Bebaute Fl\u00e4che ca.<\/span>\r\n    <\/div>\r\n<\/div>\r\n\r\n<div class=\"ere__loop-property-info-item property-bedrooms\" data-toggle=\"tooltip\" title=\"2 Zimmer\">\r\n    <i class=\"fa fa-hotel\"><\/i>\r\n    <div class=\"ere__lpi-content\">\r\n        <span class=\"ere__lpi-value\">2<\/span>\r\n        <span class=\"ere__lpi-label\">Schlafzimmer<\/span>\r\n    <\/div>\r\n<\/div><div class=\"ere__loop-property-info-item property-bathrooms\" data-toggle=\"tooltip\" title=\"1 Bathrooms\">\r\n    <i class=\"fa fa-bath\"><\/i>\r\n    <div class=\"ere__lpi-content\">\r\n        <span class=\"ere__lpi-value\">1<\/span>\r\n        <span class=\"ere__lpi-label\">Badezimmer<\/span>\r\n    <\/div>\r\n<\/div>\r\n    <\/div>\r\n<\/div>\r\n\n\t\t<\/div>\n\t<\/div>\n<\/div>                    <div class=\"ere-item-wrap property-item ere-property-is-featured\">\n\t<div class=\"property-inner\">\n        <div class=\"property-image\">\r\n    <img loading=\"lazy\" decoding=\"async\" width=\"330\"\r\n     height=\"180\"\r\n     src=\"https:\/\/villasyfincasmallorca.com\/wp-content\/uploads\/2025\/02\/LWP2777-330x180.jpg\"\r\n     onerror=\"this.src = 'http:\/\/villasyfincasmallorca.com\/wp-content\/uploads\/2017\/12\/1-VF-2-330x180.jpg';\"\r\n     alt=\"Haus zu verkaufen in Ses Salines\"\r\n     title=\"Haus zu verkaufen in Ses Salines\">\r\n\r\n<div class=\"ere__loop-property-action property-action\">\r\n    <a data-toggle=\"tooltip\"\r\n   title=\"(27) Fotos\"\r\n   data-property-id=\"57205\"\r\n   href=\"javascript:void(0)\" class=\"property-view-gallery ere__loop-property_action-item\">\r\n    <i class=\"fa fa-camera\"><\/i>\r\n<\/a>\r\n<a href=\"javascript:void(0)\" class=\"property-favorite ere__loop-property_action-item\" data-property-id=\"57205\"\r\n   data-toggle=\"tooltip\"\r\n   title=\"Zu den Favoriten hinzuf\u00fcgen\"\r\n   data-title-not-favorite=\"Zu den Favoriten hinzuf\u00fcgen\"\r\n   data-title-favorited=\"It is my favorite\"\r\n   data-icon-not-favorite=\"fa fa-star-o\"\r\n   data-icon-favorited=\"fa fa-star\">\r\n    <i class=\"fa fa-star-o\"><\/i>\r\n<\/a>\r\n<a class=\"compare-property ere__loop-property_action-item\" href=\"javascript:void(0)\"\r\n   data-property-id=\"57205\" data-toggle=\"tooltip\"\r\n   title=\"Vergleichen\">\r\n    <i class=\"fa fa-plus\"><\/i>\r\n<\/a>\r\n<\/div><div class=\"ere__loop-property-badge ere__lpb-featured-label\">\r\n            <span class=\"ere__loop-property-badge-item ere__featured\">\r\n    <span class=\"ere__lpbi-inner\">\r\n        Top    <\/span>\r\n<\/span>\r\n    <\/div>\r\n<div class=\"ere__loop-property-badge ere__lpb-status\">\r\n                    <span style=\"--ere-loop-property-badge-bg-color:,\" class=\"ere__loop-property-badge-item ere__term-status kaufen\" >\r\n            <span class=\"ere__lpbi-inner\">\r\n                Kaufen            <\/span>\r\n        <\/span>\r\n    <\/div>\r\n<a class=\"property-link\" href=\"https:\/\/villasyfincasmallorca.com\/de\/property\/haus-zu-verkaufen-in-ses-salines-4\/\" title=\"Haus zu verkaufen in Ses Salines\"><\/a>\r\n<\/div>\r\n\r\n\t\t<div class=\"property-item-content\">\n\t\t\t<div class=\"property-heading\">\n                <h2 class=\"property-title\">\n    <a href=\"https:\/\/villasyfincasmallorca.com\/de\/property\/haus-zu-verkaufen-in-ses-salines-4\/\" title=\"Haus zu verkaufen in Ses Salines\">Haus zu verkaufen in Ses Salines<\/a>\n<\/h2>\n\t<span class=\"property-price ere__loop-property-price\">\n\t\t\t\t585.000\u20ac\t\t\t<\/span>\n\t\t\t<\/div>\n            <div class=\"property-element-inline\">\r\n    <div class=\"property-type-list\"><i class=\"fa fa-tag\"><\/i><a href=\"https:\/\/villasyfincasmallorca.com\/de\/property-type\/stadthaus\/\" rel=\"tag\">Stadthaus<\/a><\/div><div class=\"property-agent\">\r\n    <a href=\"https:\/\/villasyfincasmallorca.com\/agent\/villas-y-fincas-mallorca\/\" title=\"Villas y Fincas Mallorca\">\r\n        <i class=\"fa fa-user\"><\/i>\r\n        <span>Villas y Fincas Mallorca<\/span>\r\n    <\/a>\r\n<\/div>\r\n<div class=\"property-date\">\r\n    <i class=\"fa fa-calendar\"><\/i>\r\n     56\u00a0Jahren .<\/div>\r\n<\/div>\r\n<div class=\"property-excerpt\">\r\n    <p>[vc_row][vc_column][vc_column_text css_animation=&#8220;fadeIn&#8220;]Ger\u00e4umige Doppelhaush\u00e4lfte zum Verkauf in Ses Salines &#8211; Traumhaftes Haus in Ses Salines Wenn Sie ein Haus zum Verkauf in Ses Salines suchen, das Modernit\u00e4t, Komfort und eine strategische Lage kombiniert, ist dieses Anwesen die ideale Wahl. Es handelt sich um eine ger\u00e4umige Doppelhaush\u00e4lfte mit einer Fl\u00e4che von 148 m\u00b2 in einer ruhigen und [&hellip;]<\/p>\n<\/div>\r\n<div class=\"ere__loop-property-info property-info layout-1\">\r\n    <div class=\"property-info-inner\">\r\n        <div class=\"ere__loop-property-info-item property-area\" data-toggle=\"tooltip\" title=\"Bebaute Fl\u00e4che ca.\">\r\n    <i class=\"fa fa-arrows\"><\/i>\r\n    <div class=\"ere__lpi-content\">\r\n        <span class=\"ere__lpi-value\">148 m<sup>2<\/sup><\/span>\r\n        <span class=\"ere__lpi-label\">Bebaute Fl\u00e4che ca.<\/span>\r\n    <\/div>\r\n<\/div>\r\n\r\n<div class=\"ere__loop-property-info-item property-bedrooms\" data-toggle=\"tooltip\" title=\"4 Zimmer\">\r\n    <i class=\"fa fa-hotel\"><\/i>\r\n    <div class=\"ere__lpi-content\">\r\n        <span class=\"ere__lpi-value\">4<\/span>\r\n        <span class=\"ere__lpi-label\">Schlafzimmer<\/span>\r\n    <\/div>\r\n<\/div><div class=\"ere__loop-property-info-item property-bathrooms\" data-toggle=\"tooltip\" title=\"2 Badezimmer\">\r\n    <i class=\"fa fa-bath\"><\/i>\r\n    <div class=\"ere__lpi-content\">\r\n        <span class=\"ere__lpi-value\">2<\/span>\r\n        <span class=\"ere__lpi-label\">Badezimmer<\/span>\r\n    <\/div>\r\n<\/div>\r\n    <\/div>\r\n<\/div>\r\n\n\t\t<\/div>\n\t<\/div>\n<\/div>                    <div class=\"ere-item-wrap property-item ere-property-is-featured\">\n\t<div class=\"property-inner\">\n        <div class=\"property-image\">\r\n    <img loading=\"lazy\" decoding=\"async\" width=\"330\"\r\n     height=\"180\"\r\n     src=\"https:\/\/villasyfincasmallorca.com\/wp-content\/uploads\/2025\/01\/LWP2702-Editar-330x180.jpg\"\r\n     onerror=\"this.src = 'http:\/\/villasyfincasmallorca.com\/wp-content\/uploads\/2017\/12\/1-VF-2-330x180.jpg';\"\r\n     alt=\"Landhaus nahe Es Trenc \u2014 356 m\u00b2, 29.000 m\u00b2, zwei unabh\u00e4ngige Etagen\"\r\n     title=\"Landhaus nahe Es Trenc \u2014 356 m\u00b2, 29.000 m\u00b2, zwei unabh\u00e4ngige Etagen\">\r\n\r\n<div class=\"ere__loop-property-action property-action\">\r\n    <a data-toggle=\"tooltip\"\r\n   title=\"(34) Fotos\"\r\n   data-property-id=\"56935\"\r\n   href=\"javascript:void(0)\" class=\"property-view-gallery ere__loop-property_action-item\">\r\n    <i class=\"fa fa-camera\"><\/i>\r\n<\/a>\r\n<a href=\"javascript:void(0)\" class=\"property-favorite ere__loop-property_action-item\" data-property-id=\"56935\"\r\n   data-toggle=\"tooltip\"\r\n   title=\"Zu den Favoriten hinzuf\u00fcgen\"\r\n   data-title-not-favorite=\"Zu den Favoriten hinzuf\u00fcgen\"\r\n   data-title-favorited=\"It is my favorite\"\r\n   data-icon-not-favorite=\"fa fa-star-o\"\r\n   data-icon-favorited=\"fa fa-star\">\r\n    <i class=\"fa fa-star-o\"><\/i>\r\n<\/a>\r\n<a class=\"compare-property ere__loop-property_action-item\" href=\"javascript:void(0)\"\r\n   data-property-id=\"56935\" data-toggle=\"tooltip\"\r\n   title=\"Vergleichen\">\r\n    <i class=\"fa fa-plus\"><\/i>\r\n<\/a>\r\n<\/div><div class=\"ere__loop-property-badge ere__lpb-featured-label\">\r\n            <span class=\"ere__loop-property-badge-item ere__featured\">\r\n    <span class=\"ere__lpbi-inner\">\r\n        Top    <\/span>\r\n<\/span>\r\n    <\/div>\r\n<div class=\"ere__loop-property-badge ere__lpb-status\">\r\n                    <span style=\"--ere-loop-property-badge-bg-color:,\" class=\"ere__loop-property-badge-item ere__term-status kaufen\" >\r\n            <span class=\"ere__lpbi-inner\">\r\n                Kaufen            <\/span>\r\n        <\/span>\r\n    <\/div>\r\n<a class=\"property-link\" href=\"https:\/\/villasyfincasmallorca.com\/de\/property\/finca-zu-verkaufen-in-der-naehe-von-es-trenc-und-ses-covetes\/\" title=\"Landhaus nahe Es Trenc \u2014 356 m\u00b2, 29.000 m\u00b2, zwei unabh\u00e4ngige Etagen\"><\/a>\r\n<\/div>\r\n\r\n\t\t<div class=\"property-item-content\">\n\t\t\t<div class=\"property-heading\">\n                <h2 class=\"property-title\">\n    <a href=\"https:\/\/villasyfincasmallorca.com\/de\/property\/finca-zu-verkaufen-in-der-naehe-von-es-trenc-und-ses-covetes\/\" title=\"Landhaus nahe Es Trenc \u2014 356 m\u00b2, 29.000 m\u00b2, zwei unabh\u00e4ngige Etagen\">Landhaus nahe Es Trenc \u2014 356 m\u00b2, 29.000 m\u00b2, zwei unabh\u00e4ngige Etagen<\/a>\n<\/h2>\n\t<span class=\"property-price ere__loop-property-price\">\n\t\t\t\t1.300.000\u20ac\t\t\t<\/span>\n\t\t\t<\/div>\n            <div class=\"property-element-inline\">\r\n    <div class=\"property-type-list\"><i class=\"fa fa-tag\"><\/i><a href=\"https:\/\/villasyfincasmallorca.com\/de\/property-type\/finca\/\" rel=\"tag\">Finca<\/a>, <a href=\"https:\/\/villasyfincasmallorca.com\/de\/property-type\/villa-de\/\" rel=\"tag\">Villa<\/a><\/div><div class=\"property-agent\">\r\n    <a href=\"https:\/\/villasyfincasmallorca.com\/agent\/villas-y-fincas-mallorca\/\" title=\"Villas y Fincas Mallorca\">\r\n        <i class=\"fa fa-user\"><\/i>\r\n        <span>Villas y Fincas Mallorca<\/span>\r\n    <\/a>\r\n<\/div>\r\n<div class=\"property-date\">\r\n    <i class=\"fa fa-calendar\"><\/i>\r\n     56\u00a0Jahren .<\/div>\r\n<\/div>\r\n<div class=\"property-excerpt\">\r\n    <p>[vc_row][vc_column][vc_column_text css_animation=&#8220;fadeIn&#8220;] Ein Landhaus mit 356 Quadratmetern Wohnfl\u00e4che auf einem 29.000-Quadratmeter-Grundst\u00fcck, acht Minuten von Es Trenc und vier von Sa R\u00e0pita entfernt. Zwei vollst\u00e4ndig unabh\u00e4ngige Etagen mit symmetrischer Aufteilung auf jeder Ebene \u2014 was diese Immobilie zu einem der wenigen Landh\u00e4user der Umgebung macht, das als gro\u00dfes Familienhaus, als zwei unabh\u00e4ngige Wohnungen oder als jede [&hellip;]<\/p>\n<\/div>\r\n<div class=\"ere__loop-property-info property-info layout-1\">\r\n    <div class=\"property-info-inner\">\r\n        <div class=\"ere__loop-property-info-item property-area\" data-toggle=\"tooltip\" title=\"Bebaute Fl\u00e4che ca.\">\r\n    <i class=\"fa fa-arrows\"><\/i>\r\n    <div class=\"ere__lpi-content\">\r\n        <span class=\"ere__lpi-value\">356 m<sup>2<\/sup><\/span>\r\n        <span class=\"ere__lpi-label\">Bebaute Fl\u00e4che ca.<\/span>\r\n    <\/div>\r\n<\/div>\r\n\r\n<div class=\"ere__loop-property-info-item property-bedrooms\" data-toggle=\"tooltip\" title=\"6 Zimmer\">\r\n    <i class=\"fa fa-hotel\"><\/i>\r\n    <div class=\"ere__lpi-content\">\r\n        <span class=\"ere__lpi-value\">6<\/span>\r\n        <span class=\"ere__lpi-label\">Schlafzimmer<\/span>\r\n    <\/div>\r\n<\/div><div class=\"ere__loop-property-info-item property-bathrooms\" data-toggle=\"tooltip\" title=\"3 Badezimmer\">\r\n    <i class=\"fa fa-bath\"><\/i>\r\n    <div class=\"ere__lpi-content\">\r\n        <span class=\"ere__lpi-value\">3<\/span>\r\n        <span class=\"ere__lpi-label\">Badezimmer<\/span>\r\n    <\/div>\r\n<\/div>\r\n    <\/div>\r\n<\/div>\r\n\n\t\t<\/div>\n\t<\/div>\n<\/div>                    <div class=\"ere-item-wrap property-item ere-property-is-featured\">\n\t<div class=\"property-inner\">\n        <div class=\"property-image\">\r\n    <img loading=\"lazy\" decoding=\"async\" width=\"330\"\r\n     height=\"180\"\r\n     src=\"https:\/\/villasyfincasmallorca.com\/wp-content\/uploads\/2024\/11\/1440-Beautifil-town-house-for-sale-in-Ses-Salines-_LWP2409-Editar-330x180.jpg\"\r\n     onerror=\"this.src = 'http:\/\/villasyfincasmallorca.com\/wp-content\/uploads\/2017\/12\/1-VF-2-330x180.jpg';\"\r\n     alt=\"Stadthaus mit Pool und Meerblick in Ses Salines \u2014 299 m\u00b2, 5 Suiten, Dachsolarium\"\r\n     title=\"Stadthaus mit Pool und Meerblick in Ses Salines \u2014 299 m\u00b2, 5 Suiten, Dachsolarium\">\r\n\r\n<div class=\"ere__loop-property-action property-action\">\r\n    <a data-toggle=\"tooltip\"\r\n   title=\"(41) Fotos\"\r\n   data-property-id=\"56020\"\r\n   href=\"javascript:void(0)\" class=\"property-view-gallery ere__loop-property_action-item\">\r\n    <i class=\"fa fa-camera\"><\/i>\r\n<\/a>\r\n<a href=\"javascript:void(0)\" class=\"property-favorite ere__loop-property_action-item\" data-property-id=\"56020\"\r\n   data-toggle=\"tooltip\"\r\n   title=\"Zu den Favoriten hinzuf\u00fcgen\"\r\n   data-title-not-favorite=\"Zu den Favoriten hinzuf\u00fcgen\"\r\n   data-title-favorited=\"It is my favorite\"\r\n   data-icon-not-favorite=\"fa fa-star-o\"\r\n   data-icon-favorited=\"fa fa-star\">\r\n    <i class=\"fa fa-star-o\"><\/i>\r\n<\/a>\r\n<a class=\"compare-property ere__loop-property_action-item\" href=\"javascript:void(0)\"\r\n   data-property-id=\"56020\" data-toggle=\"tooltip\"\r\n   title=\"Vergleichen\">\r\n    <i class=\"fa fa-plus\"><\/i>\r\n<\/a>\r\n<\/div><div class=\"ere__loop-property-badge ere__lpb-featured-label\">\r\n            <span class=\"ere__loop-property-badge-item ere__featured\">\r\n    <span class=\"ere__lpbi-inner\">\r\n        Top    <\/span>\r\n<\/span>\r\n    <\/div>\r\n<div class=\"ere__loop-property-badge ere__lpb-status\">\r\n                    <span style=\"--ere-loop-property-badge-bg-color:,\" class=\"ere__loop-property-badge-item ere__term-status kaufen\" >\r\n            <span class=\"ere__lpbi-inner\">\r\n                Kaufen            <\/span>\r\n        <\/span>\r\n    <\/div>\r\n<a class=\"property-link\" href=\"https:\/\/villasyfincasmallorca.com\/de\/property\/stadthaus-zu-verkaufen-mit-pool-und-meerblick-in-ses-salines\/\" title=\"Stadthaus mit Pool und Meerblick in Ses Salines \u2014 299 m\u00b2, 5 Suiten, Dachsolarium\"><\/a>\r\n<\/div>\r\n\r\n\t\t<div class=\"property-item-content\">\n\t\t\t<div class=\"property-heading\">\n                <h2 class=\"property-title\">\n    <a href=\"https:\/\/villasyfincasmallorca.com\/de\/property\/stadthaus-zu-verkaufen-mit-pool-und-meerblick-in-ses-salines\/\" title=\"Stadthaus mit Pool und Meerblick in Ses Salines \u2014 299 m\u00b2, 5 Suiten, Dachsolarium\">Stadthaus mit Pool und Meerblick in Ses Salines \u2014 299 m\u00b2, 5 Suiten, Dachsolarium<\/a>\n<\/h2>\n\t<span class=\"property-price ere__loop-property-price\">\n\t\t\t\t2.500.000\u20ac\t\t\t<\/span>\n\t\t\t<\/div>\n            <div class=\"property-element-inline\">\r\n    <div class=\"property-type-list\"><i class=\"fa fa-tag\"><\/i><a href=\"https:\/\/villasyfincasmallorca.com\/de\/property-type\/stadthaus\/\" rel=\"tag\">Stadthaus<\/a><\/div><div class=\"property-agent\">\r\n    <a href=\"https:\/\/villasyfincasmallorca.com\/agent\/villas-y-fincas-mallorca\/\" title=\"Villas y Fincas Mallorca\">\r\n        <i class=\"fa fa-user\"><\/i>\r\n        <span>Villas y Fincas Mallorca<\/span>\r\n    <\/a>\r\n<\/div>\r\n<div class=\"property-date\">\r\n    <i class=\"fa fa-calendar\"><\/i>\r\n     56\u00a0Jahren .<\/div>\r\n<\/div>\r\n<div class=\"property-excerpt\">\r\n    <p>[vc_row][vc_column][vc_column_text css_animation=&#8220;fadeIn&#8220;] Nur wenige Immobilien im Ortskern von Ses Salines vereinen gleichzeitig Meerblick, privaten Salzwasserpool, eine 104 Quadratmeter gro\u00dfe Dachsolariumsterrasse, einen internen Aufzug, Fu\u00dfbodenheizung im gesamten Haus und f\u00fcnf Schlafzimmer \u2014 alle mit eigenem Bad. Dieses Haus tut es \u2014 auf 299 Quadratmetern Nutzfl\u00e4che auf einem 676-Quadratmeter-Grundst\u00fcck, gebaut im Jahr 2021 nach den Ausstattungs- und [&hellip;]<\/p>\n<\/div>\r\n<div class=\"ere__loop-property-info property-info layout-1\">\r\n    <div class=\"property-info-inner\">\r\n        <div class=\"ere__loop-property-info-item property-area\" data-toggle=\"tooltip\" title=\"Bebaute Fl\u00e4che ca.\">\r\n    <i class=\"fa fa-arrows\"><\/i>\r\n    <div class=\"ere__lpi-content\">\r\n        <span class=\"ere__lpi-value\">299 m<sup>2<\/sup><\/span>\r\n        <span class=\"ere__lpi-label\">Bebaute Fl\u00e4che ca.<\/span>\r\n    <\/div>\r\n<\/div>\r\n\r\n<div class=\"ere__loop-property-info-item property-bedrooms\" data-toggle=\"tooltip\" title=\"5 Zimmer\">\r\n    <i class=\"fa fa-hotel\"><\/i>\r\n    <div class=\"ere__lpi-content\">\r\n        <span class=\"ere__lpi-value\">5<\/span>\r\n        <span class=\"ere__lpi-label\">Schlafzimmer<\/span>\r\n    <\/div>\r\n<\/div><div class=\"ere__loop-property-info-item property-bathrooms\" data-toggle=\"tooltip\" title=\"5 Badezimmer\">\r\n    <i class=\"fa fa-bath\"><\/i>\r\n    <div class=\"ere__lpi-content\">\r\n        <span class=\"ere__lpi-value\">5<\/span>\r\n        <span class=\"ere__lpi-label\">Badezimmer<\/span>\r\n    <\/div>\r\n<\/div>\r\n    <\/div>\r\n<\/div>\r\n\n\t\t<\/div>\n\t<\/div>\n<\/div>                    <div class=\"ere-item-wrap property-item ere-property-is-featured\">\n\t<div class=\"property-inner\">\n        <div class=\"property-image\">\r\n    <img loading=\"lazy\" decoding=\"async\" width=\"330\"\r\n     height=\"180\"\r\n     src=\"https:\/\/villasyfincasmallorca.com\/wp-content\/uploads\/2018\/09\/1-villasyfincasmallorca-1-330x180.jpg\"\r\n     onerror=\"this.src = 'http:\/\/villasyfincasmallorca.com\/wp-content\/uploads\/2017\/12\/1-VF-2-330x180.jpg';\"\r\n     alt=\"Chalet in Portocristo Novo mit Pool und G\u00e4steapartment \u2014 900 m von Cala Anguila\"\r\n     title=\"Chalet in Portocristo Novo mit Pool und G\u00e4steapartment \u2014 900 m von Cala Anguila\">\r\n\r\n<div class=\"ere__loop-property-action property-action\">\r\n    <a data-toggle=\"tooltip\"\r\n   title=\"(37) Fotos\"\r\n   data-property-id=\"16344\"\r\n   href=\"javascript:void(0)\" class=\"property-view-gallery ere__loop-property_action-item\">\r\n    <i class=\"fa fa-camera\"><\/i>\r\n<\/a>\r\n<a href=\"javascript:void(0)\" class=\"property-favorite ere__loop-property_action-item\" data-property-id=\"16344\"\r\n   data-toggle=\"tooltip\"\r\n   title=\"Zu den Favoriten hinzuf\u00fcgen\"\r\n   data-title-not-favorite=\"Zu den Favoriten hinzuf\u00fcgen\"\r\n   data-title-favorited=\"It is my favorite\"\r\n   data-icon-not-favorite=\"fa fa-star-o\"\r\n   data-icon-favorited=\"fa fa-star\">\r\n    <i class=\"fa fa-star-o\"><\/i>\r\n<\/a>\r\n<a class=\"compare-property ere__loop-property_action-item\" href=\"javascript:void(0)\"\r\n   data-property-id=\"16344\" data-toggle=\"tooltip\"\r\n   title=\"Vergleichen\">\r\n    <i class=\"fa fa-plus\"><\/i>\r\n<\/a>\r\n<\/div><div class=\"ere__loop-property-badge ere__lpb-featured-label\">\r\n            <span class=\"ere__loop-property-badge-item ere__featured\">\r\n    <span class=\"ere__lpbi-inner\">\r\n        Top    <\/span>\r\n<\/span>\r\n                    <span class=\"ere__loop-property-badge-item ere__term-label verkauft\">\r\n        <span class=\"ere__lpbi-inner\">\r\n            Verkauft        <\/span>\r\n    <\/span>\r\n    <\/div>\r\n<div class=\"ere__loop-property-badge ere__lpb-status\">\r\n                    <span style=\"--ere-loop-property-badge-bg-color:,\" class=\"ere__loop-property-badge-item ere__term-status kaufen\" >\r\n            <span class=\"ere__lpbi-inner\">\r\n                Kaufen            <\/span>\r\n        <\/span>\r\n    <\/div>\r\n<a class=\"property-link\" href=\"https:\/\/villasyfincasmallorca.com\/de\/property\/impecable-chalet-en-venta-en-cala-anguila\/\" title=\"Chalet in Portocristo Novo mit Pool und G\u00e4steapartment \u2014 900 m von Cala Anguila\"><\/a>\r\n<\/div>\r\n\r\n\t\t<div class=\"property-item-content\">\n\t\t\t<div class=\"property-heading\">\n                <h2 class=\"property-title\">\n    <a href=\"https:\/\/villasyfincasmallorca.com\/de\/property\/impecable-chalet-en-venta-en-cala-anguila\/\" title=\"Chalet in Portocristo Novo mit Pool und G\u00e4steapartment \u2014 900 m von Cala Anguila\">Chalet in Portocristo Novo mit Pool und G\u00e4steapartment \u2014 900 m von Cala Anguila<\/a>\n<\/h2>\n    <span class=\"property-price ere__loop-property-price\">\n\t\tPreis auf Anfrage\t<\/span>\n\t\t\t<\/div>\n            <div class=\"property-element-inline\">\r\n    <div class=\"property-type-list\"><i class=\"fa fa-tag\"><\/i><a href=\"https:\/\/villasyfincasmallorca.com\/de\/property-type\/stadthaus\/\" rel=\"tag\">Stadthaus<\/a>, <a href=\"https:\/\/villasyfincasmallorca.com\/de\/property-type\/villa-de\/\" rel=\"tag\">Villa<\/a><\/div><div class=\"property-agent\">\r\n    <a href=\"https:\/\/villasyfincasmallorca.com\/agent\/villas-y-fincas-mallorca\/\" title=\"Villas y Fincas Mallorca\">\r\n        <i class=\"fa fa-user\"><\/i>\r\n        <span>Villas y Fincas Mallorca<\/span>\r\n    <\/a>\r\n<\/div>\r\n<div class=\"property-date\">\r\n    <i class=\"fa fa-calendar\"><\/i>\r\n     56\u00a0Jahren .<\/div>\r\n<\/div>\r\n<div class=\"property-excerpt\">\r\n    <p>[vc_row][vc_column][vc_column_text css_animation=&#8220;fadeIn&#8220;]Ein einst\u00f6ckiges Haus mit privatem Garten, Pool, \u00fcberdachten Terrassen und einem vollst\u00e4ndig autonomen G\u00e4steapartment \u2014 alles 900 Meter von Cala Anguila entfernt, in der ruhigen Wohngegend Portocristo Novo. Eine Kombination von Merkmalen, die an der Ostk\u00fcste Mallorcas in einer einzigen Immobilie wirklich schwer zu finden ist. Die Immobilie erstreckt sich \u00fcber zwei Grundst\u00fccke, was [&hellip;]<\/p>\n<\/div>\r\n<div class=\"ere__loop-property-info property-info layout-1\">\r\n    <div class=\"property-info-inner\">\r\n        <div class=\"ere__loop-property-info-item property-area\" data-toggle=\"tooltip\" title=\"Bebaute Fl\u00e4che ca.\">\r\n    <i class=\"fa fa-arrows\"><\/i>\r\n    <div class=\"ere__lpi-content\">\r\n        <span class=\"ere__lpi-value\">157 m<sup>2<\/sup><\/span>\r\n        <span class=\"ere__lpi-label\">Bebaute Fl\u00e4che ca.<\/span>\r\n    <\/div>\r\n<\/div>\r\n\r\n<div class=\"ere__loop-property-info-item property-bedrooms\" data-toggle=\"tooltip\" title=\"4 Zimmer\">\r\n    <i class=\"fa fa-hotel\"><\/i>\r\n    <div class=\"ere__lpi-content\">\r\n        <span class=\"ere__lpi-value\">4<\/span>\r\n        <span class=\"ere__lpi-label\">Schlafzimmer<\/span>\r\n    <\/div>\r\n<\/div><div class=\"ere__loop-property-info-item property-bathrooms\" data-toggle=\"tooltip\" title=\"3 Badezimmer\">\r\n    <i class=\"fa fa-bath\"><\/i>\r\n    <div class=\"ere__lpi-content\">\r\n        <span class=\"ere__lpi-value\">3<\/span>\r\n        <span class=\"ere__lpi-label\">Badezimmer<\/span>\r\n    <\/div>\r\n<\/div>\r\n    <\/div>\r\n<\/div>\r\n\n\t\t<\/div>\n\t<\/div>\n<\/div>                    <div class=\"ere-item-wrap property-item ere-property-is-featured\">\n\t<div class=\"property-inner\">\n        <div class=\"property-image\">\r\n    <img loading=\"lazy\" decoding=\"async\" width=\"330\"\r\n     height=\"180\"\r\n     src=\"https:\/\/villasyfincasmallorca.com\/wp-content\/uploads\/2021\/12\/11-1239-Villasyfincasmallorca-330x180.jpg\"\r\n     onerror=\"this.src = 'http:\/\/villasyfincasmallorca.com\/wp-content\/uploads\/2017\/12\/1-VF-2-330x180.jpg';\"\r\n     alt=\"Villa mit Pool in Cala Egos \u2014 219 m\u00b2, unabh\u00e4ngiges G\u00e4stehaus, strandnah\"\r\n     title=\"Villa mit Pool in Cala Egos \u2014 219 m\u00b2, unabh\u00e4ngiges G\u00e4stehaus, strandnah\">\r\n\r\n<div class=\"ere__loop-property-action property-action\">\r\n    <a data-toggle=\"tooltip\"\r\n   title=\"(32) Fotos\"\r\n   data-property-id=\"39536\"\r\n   href=\"javascript:void(0)\" class=\"property-view-gallery ere__loop-property_action-item\">\r\n    <i class=\"fa fa-camera\"><\/i>\r\n<\/a>\r\n<a href=\"javascript:void(0)\" class=\"property-favorite ere__loop-property_action-item\" data-property-id=\"39536\"\r\n   data-toggle=\"tooltip\"\r\n   title=\"Zu den Favoriten hinzuf\u00fcgen\"\r\n   data-title-not-favorite=\"Zu den Favoriten hinzuf\u00fcgen\"\r\n   data-title-favorited=\"It is my favorite\"\r\n   data-icon-not-favorite=\"fa fa-star-o\"\r\n   data-icon-favorited=\"fa fa-star\">\r\n    <i class=\"fa fa-star-o\"><\/i>\r\n<\/a>\r\n<a class=\"compare-property ere__loop-property_action-item\" href=\"javascript:void(0)\"\r\n   data-property-id=\"39536\" data-toggle=\"tooltip\"\r\n   title=\"Vergleichen\">\r\n    <i class=\"fa fa-plus\"><\/i>\r\n<\/a>\r\n<\/div><div class=\"ere__loop-property-badge ere__lpb-featured-label\">\r\n            <span class=\"ere__loop-property-badge-item ere__featured\">\r\n    <span class=\"ere__lpbi-inner\">\r\n        Top    <\/span>\r\n<\/span>\r\n    <\/div>\r\n<div class=\"ere__loop-property-badge ere__lpb-status\">\r\n                    <span style=\"--ere-loop-property-badge-bg-color:,\" class=\"ere__loop-property-badge-item ere__term-status kaufen\" >\r\n            <span class=\"ere__lpbi-inner\">\r\n                Kaufen            <\/span>\r\n        <\/span>\r\n    <\/div>\r\n<a class=\"property-link\" href=\"https:\/\/villasyfincasmallorca.com\/de\/property\/chalet-con-piscina-junto-al-mar-en-cala-egos\/\" title=\"Villa mit Pool in Cala Egos \u2014 219 m\u00b2, unabh\u00e4ngiges G\u00e4stehaus, strandnah\"><\/a>\r\n<\/div>\r\n\r\n\t\t<div class=\"property-item-content\">\n\t\t\t<div class=\"property-heading\">\n                <h2 class=\"property-title\">\n    <a href=\"https:\/\/villasyfincasmallorca.com\/de\/property\/chalet-con-piscina-junto-al-mar-en-cala-egos\/\" title=\"Villa mit Pool in Cala Egos \u2014 219 m\u00b2, unabh\u00e4ngiges G\u00e4stehaus, strandnah\">Villa mit Pool in Cala Egos \u2014 219 m\u00b2, unabh\u00e4ngiges G\u00e4stehaus, strandnah<\/a>\n<\/h2>\n\t<span class=\"property-price ere__loop-property-price\">\n\t\t\t\t1.590.000\u20ac\t\t\t<\/span>\n\t\t\t<\/div>\n            <div class=\"property-element-inline\">\r\n    <div class=\"property-type-list\"><i class=\"fa fa-tag\"><\/i><a href=\"https:\/\/villasyfincasmallorca.com\/de\/property-type\/villa-de\/\" rel=\"tag\">Villa<\/a><\/div><div class=\"property-agent\">\r\n    <a href=\"https:\/\/villasyfincasmallorca.com\/agent\/villas-y-fincas-mallorca\/\" title=\"Villas y Fincas Mallorca\">\r\n        <i class=\"fa fa-user\"><\/i>\r\n        <span>Villas y Fincas Mallorca<\/span>\r\n    <\/a>\r\n<\/div>\r\n<div class=\"property-date\">\r\n    <i class=\"fa fa-calendar\"><\/i>\r\n     56\u00a0Jahren .<\/div>\r\n<\/div>\r\n<div class=\"property-excerpt\">\r\n    <p>[vc_row][vc_column][vc_column_text css_animation=&#8220;fadeIn&#8220;] Cala Egos ist Teil des Ortskerns von Cala d&#8217;Or, in der Gemeinde Santany\u00ed \u2014 einer der gesch\u00e4tztesten K\u00fcstenabschnitte im S\u00fcdosten Mallorcas wegen der Wasserqualit\u00e4t, der menschlichen Dimension seiner Buchten und des Dienstleistungsangebots, das der Yachthafen und die Strandpromenade in Gehdistanz bieten. Diese Villa mit 219 Quadratmetern Wohnfl\u00e4che auf einem 611-Quadratmeter-Grundst\u00fcck liegt in einer [&hellip;]<\/p>\n<\/div>\r\n<div class=\"ere__loop-property-info property-info layout-1\">\r\n    <div class=\"property-info-inner\">\r\n        <div class=\"ere__loop-property-info-item property-area\" data-toggle=\"tooltip\" title=\"Bebaute Fl\u00e4che ca.\">\r\n    <i class=\"fa fa-arrows\"><\/i>\r\n    <div class=\"ere__lpi-content\">\r\n        <span class=\"ere__lpi-value\">219 m<sup>2<\/sup><\/span>\r\n        <span class=\"ere__lpi-label\">Bebaute Fl\u00e4che ca.<\/span>\r\n    <\/div>\r\n<\/div>\r\n\r\n<div class=\"ere__loop-property-info-item property-bedrooms\" data-toggle=\"tooltip\" title=\"3 Zimmer\">\r\n    <i class=\"fa fa-hotel\"><\/i>\r\n    <div class=\"ere__lpi-content\">\r\n        <span class=\"ere__lpi-value\">3<\/span>\r\n        <span class=\"ere__lpi-label\">Schlafzimmer<\/span>\r\n    <\/div>\r\n<\/div><div class=\"ere__loop-property-info-item property-bathrooms\" data-toggle=\"tooltip\" title=\"2 Badezimmer\">\r\n    <i class=\"fa fa-bath\"><\/i>\r\n    <div class=\"ere__lpi-content\">\r\n        <span class=\"ere__lpi-value\">2<\/span>\r\n        <span class=\"ere__lpi-label\">Badezimmer<\/span>\r\n    <\/div>\r\n<\/div>\r\n    <\/div>\r\n<\/div>\r\n\n\t\t<\/div>\n\t<\/div>\n<\/div>                    <div class=\"ere-item-wrap property-item ere-property-is-featured\">\n\t<div class=\"property-inner\">\n        <div class=\"property-image\">\r\n    <img loading=\"lazy\" decoding=\"async\" width=\"330\"\r\n     height=\"180\"\r\n     src=\"https:\/\/villasyfincasmallorca.com\/wp-content\/uploads\/2022\/07\/1288-Casa-de-pueblo-en-venta-en-Campos_-7-Copiar-330x180.jpg\"\r\n     onerror=\"this.src = 'http:\/\/villasyfincasmallorca.com\/wp-content\/uploads\/2017\/12\/1-VF-2-330x180.jpg';\"\r\n     alt=\"Stadthaus mit Pool in Campos \u2014 240 m\u00b2, 5 Schlafzimmer, zwei unabh\u00e4ngige Etagen\"\r\n     title=\"Stadthaus mit Pool in Campos \u2014 240 m\u00b2, 5 Schlafzimmer, zwei unabh\u00e4ngige Etagen\">\r\n\r\n<div class=\"ere__loop-property-action property-action\">\r\n    <a data-toggle=\"tooltip\"\r\n   title=\"(39) Fotos\"\r\n   data-property-id=\"43664\"\r\n   href=\"javascript:void(0)\" class=\"property-view-gallery ere__loop-property_action-item\">\r\n    <i class=\"fa fa-camera\"><\/i>\r\n<\/a>\r\n<a href=\"javascript:void(0)\" class=\"property-favorite ere__loop-property_action-item\" data-property-id=\"43664\"\r\n   data-toggle=\"tooltip\"\r\n   title=\"Zu den Favoriten hinzuf\u00fcgen\"\r\n   data-title-not-favorite=\"Zu den Favoriten hinzuf\u00fcgen\"\r\n   data-title-favorited=\"It is my favorite\"\r\n   data-icon-not-favorite=\"fa fa-star-o\"\r\n   data-icon-favorited=\"fa fa-star\">\r\n    <i class=\"fa fa-star-o\"><\/i>\r\n<\/a>\r\n<a class=\"compare-property ere__loop-property_action-item\" href=\"javascript:void(0)\"\r\n   data-property-id=\"43664\" data-toggle=\"tooltip\"\r\n   title=\"Vergleichen\">\r\n    <i class=\"fa fa-plus\"><\/i>\r\n<\/a>\r\n<\/div><div class=\"ere__loop-property-badge ere__lpb-featured-label\">\r\n            <span class=\"ere__loop-property-badge-item ere__featured\">\r\n    <span class=\"ere__lpbi-inner\">\r\n        Top    <\/span>\r\n<\/span>\r\n    <\/div>\r\n<div class=\"ere__loop-property-badge ere__lpb-status\">\r\n                    <span style=\"--ere-loop-property-badge-bg-color:,\" class=\"ere__loop-property-badge-item ere__term-status kaufen\" >\r\n            <span class=\"ere__lpbi-inner\">\r\n                Kaufen            <\/span>\r\n        <\/span>\r\n    <\/div>\r\n<a class=\"property-link\" href=\"https:\/\/villasyfincasmallorca.com\/de\/property\/stadthaus-zu-verkaufen-mit-pool-campos\/\" title=\"Stadthaus mit Pool in Campos \u2014 240 m\u00b2, 5 Schlafzimmer, zwei unabh\u00e4ngige Etagen\"><\/a>\r\n<\/div>\r\n\r\n\t\t<div class=\"property-item-content\">\n\t\t\t<div class=\"property-heading\">\n                <h2 class=\"property-title\">\n    <a href=\"https:\/\/villasyfincasmallorca.com\/de\/property\/stadthaus-zu-verkaufen-mit-pool-campos\/\" title=\"Stadthaus mit Pool in Campos \u2014 240 m\u00b2, 5 Schlafzimmer, zwei unabh\u00e4ngige Etagen\">Stadthaus mit Pool in Campos \u2014 240 m\u00b2, 5 Schlafzimmer, zwei unabh\u00e4ngige Etagen<\/a>\n<\/h2>\n\t<span class=\"property-price ere__loop-property-price\">\n\t\t\t\t1.200.000\u20ac\t\t\t<\/span>\n\t\t\t<\/div>\n            <div class=\"property-element-inline\">\r\n    <div class=\"property-type-list\"><i class=\"fa fa-tag\"><\/i><a href=\"https:\/\/villasyfincasmallorca.com\/de\/property-type\/stadthaus\/\" rel=\"tag\">Stadthaus<\/a>, <a href=\"https:\/\/villasyfincasmallorca.com\/de\/property-type\/villa-de\/\" rel=\"tag\">Villa<\/a><\/div><div class=\"property-agent\">\r\n    <a href=\"https:\/\/villasyfincasmallorca.com\/agent\/villas-y-fincas-mallorca\/\" title=\"Villas y Fincas Mallorca\">\r\n        <i class=\"fa fa-user\"><\/i>\r\n        <span>Villas y Fincas Mallorca<\/span>\r\n    <\/a>\r\n<\/div>\r\n<div class=\"property-date\">\r\n    <i class=\"fa fa-calendar\"><\/i>\r\n     56\u00a0Jahren .<\/div>\r\n<\/div>\r\n<div class=\"property-excerpt\">\r\n    <p>[vc_row][vc_column][vc_column_text css_animation=&#8220;fadeIn&#8220;]Campos ist eines der D\u00f6rfer im S\u00fcdosten Mallorcas, das am meisten von seiner geografischen Lage profitiert: weit genug im Landesinneren, um das ganze Jahr \u00fcber echtes Dorfleben zu haben, und nah genug am Meer, damit Es Trenc, Sa R\u00e0pita und Colonia de Sant Jordi f\u00fcnfzehn Autominuten entfernt sind. Dieses k\u00fcrzlich gebaute Stadthaus mit 240 [&hellip;]<\/p>\n<\/div>\r\n<div class=\"ere__loop-property-info property-info layout-1\">\r\n    <div class=\"property-info-inner\">\r\n        <div class=\"ere__loop-property-info-item property-area\" data-toggle=\"tooltip\" title=\"Bebaute Fl\u00e4che ca.\">\r\n    <i class=\"fa fa-arrows\"><\/i>\r\n    <div class=\"ere__lpi-content\">\r\n        <span class=\"ere__lpi-value\">240 m<sup>2<\/sup><\/span>\r\n        <span class=\"ere__lpi-label\">Bebaute Fl\u00e4che ca.<\/span>\r\n    <\/div>\r\n<\/div>\r\n\r\n<div class=\"ere__loop-property-info-item property-bedrooms\" data-toggle=\"tooltip\" title=\"5 Zimmer\">\r\n    <i class=\"fa fa-hotel\"><\/i>\r\n    <div class=\"ere__lpi-content\">\r\n        <span class=\"ere__lpi-value\">5<\/span>\r\n        <span class=\"ere__lpi-label\">Schlafzimmer<\/span>\r\n    <\/div>\r\n<\/div><div class=\"ere__loop-property-info-item property-bathrooms\" data-toggle=\"tooltip\" title=\"2 Badezimmer\">\r\n    <i class=\"fa fa-bath\"><\/i>\r\n    <div class=\"ere__lpi-content\">\r\n        <span class=\"ere__lpi-value\">2<\/span>\r\n        <span class=\"ere__lpi-label\">Badezimmer<\/span>\r\n    <\/div>\r\n<\/div>\r\n    <\/div>\r\n<\/div>\r\n\n\t\t<\/div>\n\t<\/div>\n<\/div>                    <div class=\"ere-item-wrap property-item ere-property-is-featured\">\n\t<div class=\"property-inner\">\n        <div class=\"property-image\">\r\n    <img loading=\"lazy\" decoding=\"async\" width=\"330\"\r\n     height=\"180\"\r\n     src=\"https:\/\/villasyfincasmallorca.com\/wp-content\/uploads\/2024\/12\/LWP2223-330x180.jpg\"\r\n     onerror=\"this.src = 'http:\/\/villasyfincasmallorca.com\/wp-content\/uploads\/2017\/12\/1-VF-2-330x180.jpg';\"\r\n     alt=\"Neues Landhaus mit Pool zur Miete in Ses Salines, Mallorca\"\r\n     title=\"Neues Landhaus mit Pool zur Miete in Ses Salines, Mallorca\">\r\n\r\n<div class=\"ere__loop-property-action property-action\">\r\n    <a data-toggle=\"tooltip\"\r\n   title=\"(18) Fotos\"\r\n   data-property-id=\"56356\"\r\n   href=\"javascript:void(0)\" class=\"property-view-gallery ere__loop-property_action-item\">\r\n    <i class=\"fa fa-camera\"><\/i>\r\n<\/a>\r\n<a href=\"javascript:void(0)\" class=\"property-favorite ere__loop-property_action-item\" data-property-id=\"56356\"\r\n   data-toggle=\"tooltip\"\r\n   title=\"Zu den Favoriten hinzuf\u00fcgen\"\r\n   data-title-not-favorite=\"Zu den Favoriten hinzuf\u00fcgen\"\r\n   data-title-favorited=\"It is my favorite\"\r\n   data-icon-not-favorite=\"fa fa-star-o\"\r\n   data-icon-favorited=\"fa fa-star\">\r\n    <i class=\"fa fa-star-o\"><\/i>\r\n<\/a>\r\n<a class=\"compare-property ere__loop-property_action-item\" href=\"javascript:void(0)\"\r\n   data-property-id=\"56356\" data-toggle=\"tooltip\"\r\n   title=\"Vergleichen\">\r\n    <i class=\"fa fa-plus\"><\/i>\r\n<\/a>\r\n<\/div><div class=\"ere__loop-property-badge ere__lpb-featured-label\">\r\n            <span class=\"ere__loop-property-badge-item ere__featured\">\r\n    <span class=\"ere__lpbi-inner\">\r\n        Top    <\/span>\r\n<\/span>\r\n    <\/div>\r\n<div class=\"ere__loop-property-badge ere__lpb-status\">\r\n                    <span style=\"--ere-loop-property-badge-bg-color:,\" class=\"ere__loop-property-badge-item ere__term-status mieten\" >\r\n            <span class=\"ere__lpbi-inner\">\r\n                Mieten            <\/span>\r\n        <\/span>\r\n    <\/div>\r\n<a class=\"property-link\" href=\"https:\/\/villasyfincasmallorca.com\/de\/property\/finca-zu-vermieten-mit-pool-in-ses-salines-3\/\" title=\"Neues Landhaus mit Pool zur Miete in Ses Salines, Mallorca\"><\/a>\r\n<\/div>\r\n\r\n\t\t<div class=\"property-item-content\">\n\t\t\t<div class=\"property-heading\">\n                <h2 class=\"property-title\">\n    <a href=\"https:\/\/villasyfincasmallorca.com\/de\/property\/finca-zu-vermieten-mit-pool-in-ses-salines-3\/\" title=\"Neues Landhaus mit Pool zur Miete in Ses Salines, Mallorca\">Neues Landhaus mit Pool zur Miete in Ses Salines, Mallorca<\/a>\n<\/h2>\n\t<span class=\"property-price ere__loop-property-price\">\n\t\t\t\t3.000\u20ac\t\t\t<\/span>\n\t\t\t<\/div>\n            <div class=\"property-element-inline\">\r\n    <div class=\"property-type-list\"><i class=\"fa fa-tag\"><\/i><a href=\"https:\/\/villasyfincasmallorca.com\/de\/property-type\/finca\/\" rel=\"tag\">Finca<\/a>, <a href=\"https:\/\/villasyfincasmallorca.com\/de\/property-type\/villa-de\/\" rel=\"tag\">Villa<\/a><\/div><div class=\"property-agent\">\r\n    <a href=\"https:\/\/villasyfincasmallorca.com\/en\/agent\/villas-y-fincas-mallorca\/\" title=\"Villas y Fincas Mallorca\">\r\n        <i class=\"fa fa-user\"><\/i>\r\n        <span>Villas y Fincas Mallorca<\/span>\r\n    <\/a>\r\n<\/div>\r\n<div class=\"property-date\">\r\n    <i class=\"fa fa-calendar\"><\/i>\r\n     56\u00a0Jahren .<\/div>\r\n<\/div>\r\n<div class=\"property-excerpt\">\r\n    <p>[vc_row][vc_column][vc_column_text css_animation=&#8220;fadeIn&#8220;]Im S\u00fcden Mallorcas, nahe dem charmanten Ort Ses Salines, liegt dieses brandneue Landhaus \u2014 ein Mietobjekt der besonderen Art, das zeitgem\u00e4\u00dfen Wohnkomfort mit der unverwechselbaren Ruhe der mallorquinischen Landschaft verbindet. Wer auf der Suche nach Privatsph\u00e4re, Platz und gehobener Lebensqualit\u00e4t ist, findet hier eine au\u00dfergew\u00f6hnliche Gelegenheit auf dem s\u00fcdostmallorquinischen Mietmarkt. Mit 250 m\u00b2 Wohnfl\u00e4che, [&hellip;]<\/p>\n<\/div>\r\n<div class=\"ere__loop-property-info property-info layout-1\">\r\n    <div class=\"property-info-inner\">\r\n        <div class=\"ere__loop-property-info-item property-area\" data-toggle=\"tooltip\" title=\"Bebaute Fl\u00e4che ca.\">\r\n    <i class=\"fa fa-arrows\"><\/i>\r\n    <div class=\"ere__lpi-content\">\r\n        <span class=\"ere__lpi-value\">250 m<sup>2<\/sup><\/span>\r\n        <span class=\"ere__lpi-label\">Bebaute Fl\u00e4che ca.<\/span>\r\n    <\/div>\r\n<\/div>\r\n\r\n<div class=\"ere__loop-property-info-item property-bedrooms\" data-toggle=\"tooltip\" title=\"3 Zimmer\">\r\n    <i class=\"fa fa-hotel\"><\/i>\r\n    <div class=\"ere__lpi-content\">\r\n        <span class=\"ere__lpi-value\">3<\/span>\r\n        <span class=\"ere__lpi-label\">Schlafzimmer<\/span>\r\n    <\/div>\r\n<\/div><div class=\"ere__loop-property-info-item property-bathrooms\" data-toggle=\"tooltip\" title=\"2 Badezimmer\">\r\n    <i class=\"fa fa-bath\"><\/i>\r\n    <div class=\"ere__lpi-content\">\r\n        <span class=\"ere__lpi-value\">2<\/span>\r\n        <span class=\"ere__lpi-label\">Badezimmer<\/span>\r\n    <\/div>\r\n<\/div>\r\n    <\/div>\r\n<\/div>\r\n\n\t\t<\/div>\n\t<\/div>\n<\/div>                    <div class=\"ere-item-wrap property-item ere-property-is-featured\">\n\t<div class=\"property-inner\">\n        <div class=\"property-image\">\r\n    <img loading=\"lazy\" decoding=\"async\" width=\"330\"\r\n     height=\"180\"\r\n     src=\"https:\/\/villasyfincasmallorca.com\/wp-content\/uploads\/2021\/10\/5-866-Villasyfincasmallorca-330x180.jpg\"\r\n     onerror=\"this.src = 'http:\/\/villasyfincasmallorca.com\/wp-content\/uploads\/2017\/12\/1-VF-2-330x180.jpg';\"\r\n     alt=\"L\u00e4ndliches Grundst\u00fcck nahe Cala P\u00ed \u2014 136.400 m\u00b2, Gemeinde Llucmajor, 10 Min. zur K\u00fcste\"\r\n     title=\"L\u00e4ndliches Grundst\u00fcck nahe Cala P\u00ed \u2014 136.400 m\u00b2, Gemeinde Llucmajor, 10 Min. zur K\u00fcste\">\r\n\r\n<div class=\"ere__loop-property-action property-action\">\r\n    <a data-toggle=\"tooltip\"\r\n   title=\"(28) Fotos\"\r\n   data-property-id=\"39307\"\r\n   href=\"javascript:void(0)\" class=\"property-view-gallery ere__loop-property_action-item\">\r\n    <i class=\"fa fa-camera\"><\/i>\r\n<\/a>\r\n<a href=\"javascript:void(0)\" class=\"property-favorite ere__loop-property_action-item\" data-property-id=\"39307\"\r\n   data-toggle=\"tooltip\"\r\n   title=\"Zu den Favoriten hinzuf\u00fcgen\"\r\n   data-title-not-favorite=\"Zu den Favoriten hinzuf\u00fcgen\"\r\n   data-title-favorited=\"It is my favorite\"\r\n   data-icon-not-favorite=\"fa fa-star-o\"\r\n   data-icon-favorited=\"fa fa-star\">\r\n    <i class=\"fa fa-star-o\"><\/i>\r\n<\/a>\r\n<a class=\"compare-property ere__loop-property_action-item\" href=\"javascript:void(0)\"\r\n   data-property-id=\"39307\" data-toggle=\"tooltip\"\r\n   title=\"Vergleichen\">\r\n    <i class=\"fa fa-plus\"><\/i>\r\n<\/a>\r\n<\/div><div class=\"ere__loop-property-badge ere__lpb-featured-label\">\r\n            <span class=\"ere__loop-property-badge-item ere__featured\">\r\n    <span class=\"ere__lpbi-inner\">\r\n        Top    <\/span>\r\n<\/span>\r\n    <\/div>\r\n<div class=\"ere__loop-property-badge ere__lpb-status\">\r\n                    <span style=\"--ere-loop-property-badge-bg-color:,\" class=\"ere__loop-property-badge-item ere__term-status kaufen\" >\r\n            <span class=\"ere__lpbi-inner\">\r\n                Kaufen            <\/span>\r\n        <\/span>\r\n    <\/div>\r\n<a class=\"property-link\" href=\"https:\/\/villasyfincasmallorca.com\/de\/property\/terreno-edificable-junto-a-cala-pi\/\" title=\"L\u00e4ndliches Grundst\u00fcck nahe Cala P\u00ed \u2014 136.400 m\u00b2, Gemeinde Llucmajor, 10 Min. zur K\u00fcste\"><\/a>\r\n<\/div>\r\n\r\n\t\t<div class=\"property-item-content\">\n\t\t\t<div class=\"property-heading\">\n                <h2 class=\"property-title\">\n    <a href=\"https:\/\/villasyfincasmallorca.com\/de\/property\/terreno-edificable-junto-a-cala-pi\/\" title=\"L\u00e4ndliches Grundst\u00fcck nahe Cala P\u00ed \u2014 136.400 m\u00b2, Gemeinde Llucmajor, 10 Min. zur K\u00fcste\">L\u00e4ndliches Grundst\u00fcck nahe Cala P\u00ed \u2014 136.400 m\u00b2, Gemeinde Llucmajor, 10 Min. zur K\u00fcste<\/a>\n<\/h2>\n\t<span class=\"property-price ere__loop-property-price\">\n\t\t\t\t1.100.000\u20ac\t\t\t<\/span>\n\t\t\t<\/div>\n            <div class=\"property-element-inline\">\r\n    <div class=\"property-type-list\"><i class=\"fa fa-tag\"><\/i><a href=\"https:\/\/villasyfincasmallorca.com\/de\/property-type\/grundstucke\/\" rel=\"tag\">Grundst\u00fccke<\/a><\/div><div class=\"property-agent\">\r\n    <a href=\"https:\/\/villasyfincasmallorca.com\/agent\/villas-y-fincas-mallorca\/\" title=\"Villas y Fincas Mallorca\">\r\n        <i class=\"fa fa-user\"><\/i>\r\n        <span>Villas y Fincas Mallorca<\/span>\r\n    <\/a>\r\n<\/div>\r\n<div class=\"property-date\">\r\n    <i class=\"fa fa-calendar\"><\/i>\r\n     56\u00a0Jahren .<\/div>\r\n<\/div>\r\n<div class=\"property-excerpt\">\r\n    <p>[vc_row parallax=&#8220;content-moving&#8220; overlay_mode=&#8220;color&#8220; overlay_color=&#8220;rgba(0,0,0,0.6)&#8220; css=&#8220;.vc_custom_1645872185394{background-image: url(https:\/\/villasyfincasmallorca.com\/wp-content\/uploads\/2021\/12\/9-866-Villasyfincasmallorca.jpg?id=39270) !important;background-position: center;background-repeat: no-repeat !important;background-size: cover !important;}&#8220;][vc_column][g5plus_space desktop=&#8220;100&#8243; tablet=&#8220;80&#8243; tablet_portrait=&#8220;60&#8243; mobile_landscape=&#8220;50&#8243; mobile=&#8220;50&#8243;][g5plus_video link=&#8220;https:\/\/www.youtube.com\/watch?v=WkKPCL8X_-0&#8243; css=&#8220;.vc_custom_1648454576917{margin-bottom: 52px !important;background-image: url(https:\/\/villasyfincasmallorca.com\/wp-content\/uploads\/2021\/12\/14-866-Villasyfincasmallorca.jpg?id=39285) !important;}&#8220;][vc_column_text el_class=&#8220;text-center&#8220;] Video [\/vc_column_text][g5plus_space desktop=&#8220;90&#8243; tablet=&#8220;70&#8243; tablet_portrait=&#8220;50&#8243; mobile_landscape=&#8220;50&#8243; mobile=&#8220;50&#8243;][\/vc_column][\/vc_row][vc_row][vc_column][vc_column_text css_animation=&#8220;fadeIn&#8220;]\u00dcber 136.000 Quadratmeter l\u00e4ndliches Grundst\u00fcck in der Gemeinde Llucmajor, zwischen Cala P\u00ed und Vallgornera, weniger als zehn Minuten von einigen der markantesten K\u00fcstenabschnitte im [&hellip;]<\/p>\n<\/div>\r\n<div class=\"ere__loop-property-info property-info layout-1\">\r\n    <div class=\"property-info-inner\">\r\n            <\/div>\r\n<\/div>\r\n\n\t\t<\/div>\n\t<\/div>\n<\/div>                    <div class=\"ere-item-wrap property-item ere-property-is-featured\">\n\t<div class=\"property-inner\">\n        <div class=\"property-image\">\r\n    <img loading=\"lazy\" decoding=\"async\" width=\"330\"\r\n     height=\"180\"\r\n     src=\"https:\/\/villasyfincasmallorca.com\/wp-content\/uploads\/2024\/11\/LWP2135-330x180.jpg\"\r\n     onerror=\"this.src = 'http:\/\/villasyfincasmallorca.com\/wp-content\/uploads\/2017\/12\/1-VF-2-330x180.jpg';\"\r\n     alt=\"Einzigartiges Stadthaus in Porreres \u2014 sanierte historische M\u00fchle, 369 m\u00b2, gotische B\u00f6gen, Aufzug\"\r\n     title=\"Einzigartiges Stadthaus in Porreres \u2014 sanierte historische M\u00fchle, 369 m\u00b2, gotische B\u00f6gen, Aufzug\">\r\n\r\n<div class=\"ere__loop-property-action property-action\">\r\n    <a data-toggle=\"tooltip\"\r\n   title=\"(37) Fotos\"\r\n   data-property-id=\"56239\"\r\n   href=\"javascript:void(0)\" class=\"property-view-gallery ere__loop-property_action-item\">\r\n    <i class=\"fa fa-camera\"><\/i>\r\n<\/a>\r\n<a href=\"javascript:void(0)\" class=\"property-favorite ere__loop-property_action-item\" data-property-id=\"56239\"\r\n   data-toggle=\"tooltip\"\r\n   title=\"Zu den Favoriten hinzuf\u00fcgen\"\r\n   data-title-not-favorite=\"Zu den Favoriten hinzuf\u00fcgen\"\r\n   data-title-favorited=\"It is my favorite\"\r\n   data-icon-not-favorite=\"fa fa-star-o\"\r\n   data-icon-favorited=\"fa fa-star\">\r\n    <i class=\"fa fa-star-o\"><\/i>\r\n<\/a>\r\n<a class=\"compare-property ere__loop-property_action-item\" href=\"javascript:void(0)\"\r\n   data-property-id=\"56239\" data-toggle=\"tooltip\"\r\n   title=\"Vergleichen\">\r\n    <i class=\"fa fa-plus\"><\/i>\r\n<\/a>\r\n<\/div><div class=\"ere__loop-property-badge ere__lpb-featured-label\">\r\n            <span class=\"ere__loop-property-badge-item ere__featured\">\r\n    <span class=\"ere__lpbi-inner\">\r\n        Top    <\/span>\r\n<\/span>\r\n    <\/div>\r\n<div class=\"ere__loop-property-badge ere__lpb-status\">\r\n                    <span style=\"--ere-loop-property-badge-bg-color:,\" class=\"ere__loop-property-badge-item ere__term-status kaufen\" >\r\n            <span class=\"ere__lpbi-inner\">\r\n                Kaufen            <\/span>\r\n        <\/span>\r\n    <\/div>\r\n<a class=\"property-link\" href=\"https:\/\/villasyfincasmallorca.com\/de\/property\/stadthaus-zu-verkaufen-in-porreres-3\/\" title=\"Einzigartiges Stadthaus in Porreres \u2014 sanierte historische M\u00fchle, 369 m\u00b2, gotische B\u00f6gen, Aufzug\"><\/a>\r\n<\/div>\r\n\r\n\t\t<div class=\"property-item-content\">\n\t\t\t<div class=\"property-heading\">\n                <h2 class=\"property-title\">\n    <a href=\"https:\/\/villasyfincasmallorca.com\/de\/property\/stadthaus-zu-verkaufen-in-porreres-3\/\" title=\"Einzigartiges Stadthaus in Porreres \u2014 sanierte historische M\u00fchle, 369 m\u00b2, gotische B\u00f6gen, Aufzug\">Einzigartiges Stadthaus in Porreres \u2014 sanierte historische M\u00fchle, 369 m\u00b2, gotische B\u00f6gen, Aufzug<\/a>\n<\/h2>\n\t<span class=\"property-price ere__loop-property-price\">\n\t\t\t\t747.000\u20ac\t\t\t<\/span>\n\t\t\t<\/div>\n            <div class=\"property-element-inline\">\r\n    <div class=\"property-type-list\"><i class=\"fa fa-tag\"><\/i><a href=\"https:\/\/villasyfincasmallorca.com\/de\/property-type\/stadthaus\/\" rel=\"tag\">Stadthaus<\/a><\/div><div class=\"property-agent\">\r\n    <a href=\"https:\/\/villasyfincasmallorca.com\/agent\/villas-y-fincas-mallorca\/\" title=\"Villas y Fincas Mallorca\">\r\n        <i class=\"fa fa-user\"><\/i>\r\n        <span>Villas y Fincas Mallorca<\/span>\r\n    <\/a>\r\n<\/div>\r\n<div class=\"property-date\">\r\n    <i class=\"fa fa-calendar\"><\/i>\r\n     56\u00a0Jahren .<\/div>\r\n<\/div>\r\n<div class=\"property-excerpt\">\r\n    <p>[vc_row][vc_column][vc_column_text css_animation=&#8220;fadeIn&#8220;] Es gibt nur wenige Immobilien auf Mallorca, die wirklich einzigartig sind. Diese ist es. Eine historische M\u00fchle im Herzen von Porreres, sorgf\u00e4ltig saniert mit einem Ma\u00df an Sorgfalt und Liebe zum Detail, das auf jeder Etage, in jedem Bogen, in jedem Quadratmeter sp\u00fcrbar ist. Das Ergebnis ist ein Stadthaus mit 369 Nutzungsquadratmetern auf [&hellip;]<\/p>\n<\/div>\r\n<div class=\"ere__loop-property-info property-info layout-1\">\r\n    <div class=\"property-info-inner\">\r\n        <div class=\"ere__loop-property-info-item property-area\" data-toggle=\"tooltip\" title=\"Bebaute Fl\u00e4che ca.\">\r\n    <i class=\"fa fa-arrows\"><\/i>\r\n    <div class=\"ere__lpi-content\">\r\n        <span class=\"ere__lpi-value\">369 m<sup>2<\/sup><\/span>\r\n        <span class=\"ere__lpi-label\">Bebaute Fl\u00e4che ca.<\/span>\r\n    <\/div>\r\n<\/div>\r\n\r\n<div class=\"ere__loop-property-info-item property-bedrooms\" data-toggle=\"tooltip\" title=\"3 Zimmer\">\r\n    <i class=\"fa fa-hotel\"><\/i>\r\n    <div class=\"ere__lpi-content\">\r\n        <span class=\"ere__lpi-value\">3<\/span>\r\n        <span class=\"ere__lpi-label\">Schlafzimmer<\/span>\r\n    <\/div>\r\n<\/div><div class=\"ere__loop-property-info-item property-bathrooms\" data-toggle=\"tooltip\" title=\"2 Badezimmer\">\r\n    <i class=\"fa fa-bath\"><\/i>\r\n    <div class=\"ere__lpi-content\">\r\n        <span class=\"ere__lpi-value\">2<\/span>\r\n        <span class=\"ere__lpi-label\">Badezimmer<\/span>\r\n    <\/div>\r\n<\/div>\r\n    <\/div>\r\n<\/div>\r\n\n\t\t<\/div>\n\t<\/div>\n<\/div>                    <div class=\"ere-item-wrap property-item ere-property-is-featured\">\n\t<div class=\"property-inner\">\n        <div class=\"property-image\">\r\n    <img loading=\"lazy\" decoding=\"async\" width=\"330\"\r\n     height=\"180\"\r\n     src=\"https:\/\/villasyfincasmallorca.com\/wp-content\/uploads\/2024\/11\/1436-Country-house-for-sale-in-Ses-Salines-_LWP2006-330x180.jpg\"\r\n     onerror=\"this.src = 'http:\/\/villasyfincasmallorca.com\/wp-content\/uploads\/2017\/12\/1-VF-2-330x180.jpg';\"\r\n     alt=\"Finca mit M\u00fchlenpool nahe Ses Salines \u2014 331 m\u00b2, 15.100 m\u00b2, Baujahr 2017\"\r\n     title=\"Finca mit M\u00fchlenpool nahe Ses Salines \u2014 331 m\u00b2, 15.100 m\u00b2, Baujahr 2017\">\r\n\r\n<div class=\"ere__loop-property-action property-action\">\r\n    <a data-toggle=\"tooltip\"\r\n   title=\"(29) Fotos\"\r\n   data-property-id=\"55564\"\r\n   href=\"javascript:void(0)\" class=\"property-view-gallery ere__loop-property_action-item\">\r\n    <i class=\"fa fa-camera\"><\/i>\r\n<\/a>\r\n<a href=\"javascript:void(0)\" class=\"property-favorite ere__loop-property_action-item\" data-property-id=\"55564\"\r\n   data-toggle=\"tooltip\"\r\n   title=\"Zu den Favoriten hinzuf\u00fcgen\"\r\n   data-title-not-favorite=\"Zu den Favoriten hinzuf\u00fcgen\"\r\n   data-title-favorited=\"It is my favorite\"\r\n   data-icon-not-favorite=\"fa fa-star-o\"\r\n   data-icon-favorited=\"fa fa-star\">\r\n    <i class=\"fa fa-star-o\"><\/i>\r\n<\/a>\r\n<a class=\"compare-property ere__loop-property_action-item\" href=\"javascript:void(0)\"\r\n   data-property-id=\"55564\" data-toggle=\"tooltip\"\r\n   title=\"Vergleichen\">\r\n    <i class=\"fa fa-plus\"><\/i>\r\n<\/a>\r\n<\/div><div class=\"ere__loop-property-badge ere__lpb-featured-label\">\r\n            <span class=\"ere__loop-property-badge-item ere__featured\">\r\n    <span class=\"ere__lpbi-inner\">\r\n        Top    <\/span>\r\n<\/span>\r\n    <\/div>\r\n<div class=\"ere__loop-property-badge ere__lpb-status\">\r\n                    <span style=\"--ere-loop-property-badge-bg-color:,\" class=\"ere__loop-property-badge-item ere__term-status kaufen\" >\r\n            <span class=\"ere__lpbi-inner\">\r\n                Kaufen            <\/span>\r\n        <\/span>\r\n    <\/div>\r\n<a class=\"property-link\" href=\"https:\/\/villasyfincasmallorca.com\/de\/property\/finca-zu-verkaufen-mit-pool-in-ses-salines-2\/\" title=\"Finca mit M\u00fchlenpool nahe Ses Salines \u2014 331 m\u00b2, 15.100 m\u00b2, Baujahr 2017\"><\/a>\r\n<\/div>\r\n\r\n\t\t<div class=\"property-item-content\">\n\t\t\t<div class=\"property-heading\">\n                <h2 class=\"property-title\">\n    <a href=\"https:\/\/villasyfincasmallorca.com\/de\/property\/finca-zu-verkaufen-mit-pool-in-ses-salines-2\/\" title=\"Finca mit M\u00fchlenpool nahe Ses Salines \u2014 331 m\u00b2, 15.100 m\u00b2, Baujahr 2017\">Finca mit M\u00fchlenpool nahe Ses Salines \u2014 331 m\u00b2, 15.100 m\u00b2, Baujahr 2017<\/a>\n<\/h2>\n\t<span class=\"property-price ere__loop-property-price\">\n\t\t\t\t1.450.000\u20ac\t\t\t<\/span>\n\t\t\t<\/div>\n            <div class=\"property-element-inline\">\r\n    <div class=\"property-type-list\"><i class=\"fa fa-tag\"><\/i><a href=\"https:\/\/villasyfincasmallorca.com\/de\/property-type\/finca\/\" rel=\"tag\">Finca<\/a>, <a href=\"https:\/\/villasyfincasmallorca.com\/de\/property-type\/villa-de\/\" rel=\"tag\">Villa<\/a><\/div><div class=\"property-agent\">\r\n    <a href=\"https:\/\/villasyfincasmallorca.com\/agent\/villas-y-fincas-mallorca\/\" title=\"Villas y Fincas Mallorca\">\r\n        <i class=\"fa fa-user\"><\/i>\r\n        <span>Villas y Fincas Mallorca<\/span>\r\n    <\/a>\r\n<\/div>\r\n<div class=\"property-date\">\r\n    <i class=\"fa fa-calendar\"><\/i>\r\n     56\u00a0Jahren .<\/div>\r\n<\/div>\r\n<div class=\"property-excerpt\">\r\n    <p>[vc_row][vc_column][vc_column_text css_animation=&#8220;fadeIn&#8220;]Das definierende Merkmal dieser Immobilie ist eines, das es in keiner anderen Finca im S\u00fcdosten Mallorcas gibt: ein Schwimmbad, das im Inneren des Turms einer restaurierten historischen mallorquinischen Windm\u00fchle gebaut wurde. Das ist kein dekoratives Detail und kein Katalogelement \u2014 es ist das architektonische Herzst\u00fcck eines 331 Quadratmeter gro\u00dfen Landhauses, gebaut im Jahr 2017, [&hellip;]<\/p>\n<\/div>\r\n<div class=\"ere__loop-property-info property-info layout-1\">\r\n    <div class=\"property-info-inner\">\r\n        <div class=\"ere__loop-property-info-item property-area\" data-toggle=\"tooltip\" title=\"Bebaute Fl\u00e4che ca.\">\r\n    <i class=\"fa fa-arrows\"><\/i>\r\n    <div class=\"ere__lpi-content\">\r\n        <span class=\"ere__lpi-value\">331 m<sup>2<\/sup><\/span>\r\n        <span class=\"ere__lpi-label\">Bebaute Fl\u00e4che ca.<\/span>\r\n    <\/div>\r\n<\/div>\r\n\r\n<div class=\"ere__loop-property-info-item property-bedrooms\" data-toggle=\"tooltip\" title=\"3 Zimmer\">\r\n    <i class=\"fa fa-hotel\"><\/i>\r\n    <div class=\"ere__lpi-content\">\r\n        <span class=\"ere__lpi-value\">3<\/span>\r\n        <span class=\"ere__lpi-label\">Schlafzimmer<\/span>\r\n    <\/div>\r\n<\/div><div class=\"ere__loop-property-info-item property-bathrooms\" data-toggle=\"tooltip\" title=\"2 Badezimmer\">\r\n    <i class=\"fa fa-bath\"><\/i>\r\n    <div class=\"ere__lpi-content\">\r\n        <span class=\"ere__lpi-value\">2<\/span>\r\n        <span class=\"ere__lpi-label\">Badezimmer<\/span>\r\n    <\/div>\r\n<\/div>\r\n    <\/div>\r\n<\/div>\r\n\n\t\t<\/div>\n\t<\/div>\n<\/div>                    <div class=\"ere-item-wrap property-item ere-property-is-featured\">\n\t<div class=\"property-inner\">\n        <div class=\"property-image\">\r\n    <img loading=\"lazy\" decoding=\"async\" width=\"330\"\r\n     height=\"180\"\r\n     src=\"https:\/\/villasyfincasmallorca.com\/wp-content\/uploads\/2024\/11\/1434-Country-house-with-swimming-pool-in-Colonia-Sant-Jordi-07-330x180.jpg\"\r\n     onerror=\"this.src = 'http:\/\/villasyfincasmallorca.com\/wp-content\/uploads\/2017\/12\/1-VF-2-330x180.jpg';\"\r\n     alt=\"Landhaus mit Meerblick in Colonia de Sant Jordi \u2014 307 m\u00b2, 5 Schlafzimmer, Salzwasserpool 52 m\u00b2\"\r\n     title=\"Landhaus mit Meerblick in Colonia de Sant Jordi \u2014 307 m\u00b2, 5 Schlafzimmer, Salzwasserpool 52 m\u00b2\">\r\n\r\n<div class=\"ere__loop-property-action property-action\">\r\n    <a data-toggle=\"tooltip\"\r\n   title=\"(41) Fotos\"\r\n   data-property-id=\"55516\"\r\n   href=\"javascript:void(0)\" class=\"property-view-gallery ere__loop-property_action-item\">\r\n    <i class=\"fa fa-camera\"><\/i>\r\n<\/a>\r\n<a href=\"javascript:void(0)\" class=\"property-favorite ere__loop-property_action-item\" data-property-id=\"55516\"\r\n   data-toggle=\"tooltip\"\r\n   title=\"Zu den Favoriten hinzuf\u00fcgen\"\r\n   data-title-not-favorite=\"Zu den Favoriten hinzuf\u00fcgen\"\r\n   data-title-favorited=\"It is my favorite\"\r\n   data-icon-not-favorite=\"fa fa-star-o\"\r\n   data-icon-favorited=\"fa fa-star\">\r\n    <i class=\"fa fa-star-o\"><\/i>\r\n<\/a>\r\n<a class=\"compare-property ere__loop-property_action-item\" href=\"javascript:void(0)\"\r\n   data-property-id=\"55516\" data-toggle=\"tooltip\"\r\n   title=\"Vergleichen\">\r\n    <i class=\"fa fa-plus\"><\/i>\r\n<\/a>\r\n<\/div><div class=\"ere__loop-property-badge ere__lpb-featured-label\">\r\n            <span class=\"ere__loop-property-badge-item ere__featured\">\r\n    <span class=\"ere__lpbi-inner\">\r\n        Top    <\/span>\r\n<\/span>\r\n    <\/div>\r\n<div class=\"ere__loop-property-badge ere__lpb-status\">\r\n                    <span style=\"--ere-loop-property-badge-bg-color:,\" class=\"ere__loop-property-badge-item ere__term-status kaufen\" >\r\n            <span class=\"ere__lpbi-inner\">\r\n                Kaufen            <\/span>\r\n        <\/span>\r\n    <\/div>\r\n<a class=\"property-link\" href=\"https:\/\/villasyfincasmallorca.com\/de\/property\/finca-zu-verkaufen-mit-meerblick-und-pool-in-colonia-sant-jordi\/\" title=\"Landhaus mit Meerblick in Colonia de Sant Jordi \u2014 307 m\u00b2, 5 Schlafzimmer, Salzwasserpool 52 m\u00b2\"><\/a>\r\n<\/div>\r\n\r\n\t\t<div class=\"property-item-content\">\n\t\t\t<div class=\"property-heading\">\n                <h2 class=\"property-title\">\n    <a href=\"https:\/\/villasyfincasmallorca.com\/de\/property\/finca-zu-verkaufen-mit-meerblick-und-pool-in-colonia-sant-jordi\/\" title=\"Landhaus mit Meerblick in Colonia de Sant Jordi \u2014 307 m\u00b2, 5 Schlafzimmer, Salzwasserpool 52 m\u00b2\">Landhaus mit Meerblick in Colonia de Sant Jordi \u2014 307 m\u00b2, 5 Schlafzimmer, Salzwasserpool 52 m\u00b2<\/a>\n<\/h2>\n\t<span class=\"property-price ere__loop-property-price\">\n\t\t\t\t1.400.000\u20ac\t\t\t<\/span>\n\t\t\t<\/div>\n            <div class=\"property-element-inline\">\r\n    <div class=\"property-type-list\"><i class=\"fa fa-tag\"><\/i><a href=\"https:\/\/villasyfincasmallorca.com\/de\/property-type\/finca\/\" rel=\"tag\">Finca<\/a><\/div><div class=\"property-agent\">\r\n    <a href=\"https:\/\/villasyfincasmallorca.com\/agent\/villas-y-fincas-mallorca\/\" title=\"Villas y Fincas Mallorca\">\r\n        <i class=\"fa fa-user\"><\/i>\r\n        <span>Villas y Fincas Mallorca<\/span>\r\n    <\/a>\r\n<\/div>\r\n<div class=\"property-date\">\r\n    <i class=\"fa fa-calendar\"><\/i>\r\n     56\u00a0Jahren .<\/div>\r\n<\/div>\r\n<div class=\"property-excerpt\">\r\n    <p>[vc_row][vc_column][vc_column_text css_animation=&#8220;fadeIn&#8220;]Der Meerblick von diesem Landhaus in Colonia de Sant Jordi ist kein Katalogsversprechen \u2014 es sind echte Ausblicke auf das Mittelmeer und den Cabrera-Archipel von der Panoramaterrasse im Obergeschoss. Eine Immobilie mit 307 Quadratmetern Wohnfl\u00e4che auf einem 7.120-Quadratmeter-Grundst\u00fcck, mit f\u00fcnf Schlafzimmern, drei vollst\u00e4ndigen B\u00e4dern plus zwei G\u00e4stetoiletten, Doppelgarage, vollst\u00e4ndigem Keller und einem Au\u00dfenbereich, der [&hellip;]<\/p>\n<\/div>\r\n<div class=\"ere__loop-property-info property-info layout-1\">\r\n    <div class=\"property-info-inner\">\r\n        <div class=\"ere__loop-property-info-item property-area\" data-toggle=\"tooltip\" title=\"Bebaute Fl\u00e4che ca.\">\r\n    <i class=\"fa fa-arrows\"><\/i>\r\n    <div class=\"ere__lpi-content\">\r\n        <span class=\"ere__lpi-value\">307 m<sup>2<\/sup><\/span>\r\n        <span class=\"ere__lpi-label\">Bebaute Fl\u00e4che ca.<\/span>\r\n    <\/div>\r\n<\/div>\r\n\r\n<div class=\"ere__loop-property-info-item property-bedrooms\" data-toggle=\"tooltip\" title=\"5 Zimmer\">\r\n    <i class=\"fa fa-hotel\"><\/i>\r\n    <div class=\"ere__lpi-content\">\r\n        <span class=\"ere__lpi-value\">5<\/span>\r\n        <span class=\"ere__lpi-label\">Schlafzimmer<\/span>\r\n    <\/div>\r\n<\/div><div class=\"ere__loop-property-info-item property-bathrooms\" data-toggle=\"tooltip\" title=\"3 Badezimmer\">\r\n    <i class=\"fa fa-bath\"><\/i>\r\n    <div class=\"ere__lpi-content\">\r\n        <span class=\"ere__lpi-value\">3<\/span>\r\n        <span class=\"ere__lpi-label\">Badezimmer<\/span>\r\n    <\/div>\r\n<\/div>\r\n    <\/div>\r\n<\/div>\r\n\n\t\t<\/div>\n\t<\/div>\n<\/div>                    <div class=\"ere-item-wrap property-item ere-property-is-featured\">\n\t<div class=\"property-inner\">\n        <div class=\"property-image\">\r\n    <img loading=\"lazy\" decoding=\"async\" width=\"330\"\r\n     height=\"180\"\r\n     src=\"https:\/\/villasyfincasmallorca.com\/wp-content\/uploads\/2024\/10\/LWP1827-330x180.jpg\"\r\n     onerror=\"this.src = 'http:\/\/villasyfincasmallorca.com\/wp-content\/uploads\/2017\/12\/1-VF-2-330x180.jpg';\"\r\n     alt=\"Landhaus mit Pool nahe Ses Salines \u2014 226 m\u00b2, Solar, Privatbrunnen, Garage +40 m\u00b2\"\r\n     title=\"Landhaus mit Pool nahe Ses Salines \u2014 226 m\u00b2, Solar, Privatbrunnen, Garage +40 m\u00b2\">\r\n\r\n<div class=\"ere__loop-property-action property-action\">\r\n    <a data-toggle=\"tooltip\"\r\n   title=\"(45) Fotos\"\r\n   data-property-id=\"55160\"\r\n   href=\"javascript:void(0)\" class=\"property-view-gallery ere__loop-property_action-item\">\r\n    <i class=\"fa fa-camera\"><\/i>\r\n<\/a>\r\n<a href=\"javascript:void(0)\" class=\"property-favorite ere__loop-property_action-item\" data-property-id=\"55160\"\r\n   data-toggle=\"tooltip\"\r\n   title=\"Zu den Favoriten hinzuf\u00fcgen\"\r\n   data-title-not-favorite=\"Zu den Favoriten hinzuf\u00fcgen\"\r\n   data-title-favorited=\"It is my favorite\"\r\n   data-icon-not-favorite=\"fa fa-star-o\"\r\n   data-icon-favorited=\"fa fa-star\">\r\n    <i class=\"fa fa-star-o\"><\/i>\r\n<\/a>\r\n<a class=\"compare-property ere__loop-property_action-item\" href=\"javascript:void(0)\"\r\n   data-property-id=\"55160\" data-toggle=\"tooltip\"\r\n   title=\"Vergleichen\">\r\n    <i class=\"fa fa-plus\"><\/i>\r\n<\/a>\r\n<\/div><div class=\"ere__loop-property-badge ere__lpb-featured-label\">\r\n            <span class=\"ere__loop-property-badge-item ere__featured\">\r\n    <span class=\"ere__lpbi-inner\">\r\n        Top    <\/span>\r\n<\/span>\r\n    <\/div>\r\n<div class=\"ere__loop-property-badge ere__lpb-status\">\r\n                    <span style=\"--ere-loop-property-badge-bg-color:,\" class=\"ere__loop-property-badge-item ere__term-status kaufen\" >\r\n            <span class=\"ere__lpbi-inner\">\r\n                Kaufen            <\/span>\r\n        <\/span>\r\n    <\/div>\r\n<a class=\"property-link\" href=\"https:\/\/villasyfincasmallorca.com\/de\/property\/finca-zu-verkaufen-mit-pool-in-ses-salines\/\" title=\"Landhaus mit Pool nahe Ses Salines \u2014 226 m\u00b2, Solar, Privatbrunnen, Garage +40 m\u00b2\"><\/a>\r\n<\/div>\r\n\r\n\t\t<div class=\"property-item-content\">\n\t\t\t<div class=\"property-heading\">\n                <h2 class=\"property-title\">\n    <a href=\"https:\/\/villasyfincasmallorca.com\/de\/property\/finca-zu-verkaufen-mit-pool-in-ses-salines\/\" title=\"Landhaus mit Pool nahe Ses Salines \u2014 226 m\u00b2, Solar, Privatbrunnen, Garage +40 m\u00b2\">Landhaus mit Pool nahe Ses Salines \u2014 226 m\u00b2, Solar, Privatbrunnen, Garage +40 m\u00b2<\/a>\n<\/h2>\n\t<span class=\"property-price ere__loop-property-price\">\n\t\t\t\t1.200.000\u20ac\t\t\t<\/span>\n\t\t\t<\/div>\n            <div class=\"property-element-inline\">\r\n    <div class=\"property-type-list\"><i class=\"fa fa-tag\"><\/i><a href=\"https:\/\/villasyfincasmallorca.com\/de\/property-type\/finca\/\" rel=\"tag\">Finca<\/a>, <a href=\"https:\/\/villasyfincasmallorca.com\/de\/property-type\/villa-de\/\" rel=\"tag\">Villa<\/a><\/div><div class=\"property-agent\">\r\n    <a href=\"https:\/\/villasyfincasmallorca.com\/agent\/villas-y-fincas-mallorca\/\" title=\"Villas y Fincas Mallorca\">\r\n        <i class=\"fa fa-user\"><\/i>\r\n        <span>Villas y Fincas Mallorca<\/span>\r\n    <\/a>\r\n<\/div>\r\n<div class=\"property-date\">\r\n    <i class=\"fa fa-calendar\"><\/i>\r\n     56\u00a0Jahren .<\/div>\r\n<\/div>\r\n<div class=\"property-excerpt\">\r\n    <p>[vc_row][vc_column][vc_column_text css_animation=&#8220;fadeIn&#8220;]Ein zweist\u00f6ckiges Landhaus weniger als f\u00fcnf Minuten von Ses Salines entfernt, mit privatem Pool, geschlossener Garage von \u00fcber 40 Quadratmetern, Solarpanelen, eigenem Wasserbrunnen und Grillbereich. 226 Quadratmeter, gebaut im Jahr 2007, mit zwei Doppelschlafzimmern im Obergeschoss, die sich auf eine Terrasse mit Blick auf die Berge des S\u00fcdens Mallorcas \u00f6ffnen, zwei vollst\u00e4ndigen B\u00e4dern, offenem [&hellip;]<\/p>\n<\/div>\r\n<div class=\"ere__loop-property-info property-info layout-1\">\r\n    <div class=\"property-info-inner\">\r\n        <div class=\"ere__loop-property-info-item property-area\" data-toggle=\"tooltip\" title=\"Bebaute Fl\u00e4che ca.\">\r\n    <i class=\"fa fa-arrows\"><\/i>\r\n    <div class=\"ere__lpi-content\">\r\n        <span class=\"ere__lpi-value\">226 m<sup>2<\/sup><\/span>\r\n        <span class=\"ere__lpi-label\">Bebaute Fl\u00e4che ca.<\/span>\r\n    <\/div>\r\n<\/div>\r\n\r\n<div class=\"ere__loop-property-info-item property-bedrooms\" data-toggle=\"tooltip\" title=\"2 Zimmer\">\r\n    <i class=\"fa fa-hotel\"><\/i>\r\n    <div class=\"ere__lpi-content\">\r\n        <span class=\"ere__lpi-value\">2<\/span>\r\n        <span class=\"ere__lpi-label\">Schlafzimmer<\/span>\r\n    <\/div>\r\n<\/div><div class=\"ere__loop-property-info-item property-bathrooms\" data-toggle=\"tooltip\" title=\"2 Badezimmer\">\r\n    <i class=\"fa fa-bath\"><\/i>\r\n    <div class=\"ere__lpi-content\">\r\n        <span class=\"ere__lpi-value\">2<\/span>\r\n        <span class=\"ere__lpi-label\">Badezimmer<\/span>\r\n    <\/div>\r\n<\/div>\r\n    <\/div>\r\n<\/div>\r\n\n\t\t<\/div>\n\t<\/div>\n<\/div>                    <div class=\"ere-item-wrap property-item ere-property-is-featured\">\n\t<div class=\"property-inner\">\n        <div class=\"property-image\">\r\n    <img loading=\"lazy\" decoding=\"async\" width=\"330\"\r\n     height=\"180\"\r\n     src=\"https:\/\/villasyfincasmallorca.com\/wp-content\/uploads\/2024\/10\/DJI_0845-330x180.jpg\"\r\n     onerror=\"this.src = 'http:\/\/villasyfincasmallorca.com\/wp-content\/uploads\/2017\/12\/1-VF-2-330x180.jpg';\"\r\n     alt=\"L\u00e4ndliches Grundst\u00fcck nahe Ses Salines \u2014 14.200 m\u00b2, asphaltierter Zugang, Wasseranschluss\"\r\n     title=\"L\u00e4ndliches Grundst\u00fcck nahe Ses Salines \u2014 14.200 m\u00b2, asphaltierter Zugang, Wasseranschluss\">\r\n\r\n<div class=\"ere__loop-property-action property-action\">\r\n    <a data-toggle=\"tooltip\"\r\n   title=\"(9) Fotos\"\r\n   data-property-id=\"54946\"\r\n   href=\"javascript:void(0)\" class=\"property-view-gallery ere__loop-property_action-item\">\r\n    <i class=\"fa fa-camera\"><\/i>\r\n<\/a>\r\n<a href=\"javascript:void(0)\" class=\"property-favorite ere__loop-property_action-item\" data-property-id=\"54946\"\r\n   data-toggle=\"tooltip\"\r\n   title=\"Zu den Favoriten hinzuf\u00fcgen\"\r\n   data-title-not-favorite=\"Zu den Favoriten hinzuf\u00fcgen\"\r\n   data-title-favorited=\"It is my favorite\"\r\n   data-icon-not-favorite=\"fa fa-star-o\"\r\n   data-icon-favorited=\"fa fa-star\">\r\n    <i class=\"fa fa-star-o\"><\/i>\r\n<\/a>\r\n<a class=\"compare-property ere__loop-property_action-item\" href=\"javascript:void(0)\"\r\n   data-property-id=\"54946\" data-toggle=\"tooltip\"\r\n   title=\"Vergleichen\">\r\n    <i class=\"fa fa-plus\"><\/i>\r\n<\/a>\r\n<\/div><div class=\"ere__loop-property-badge ere__lpb-featured-label\">\r\n            <span class=\"ere__loop-property-badge-item ere__featured\">\r\n    <span class=\"ere__lpbi-inner\">\r\n        Top    <\/span>\r\n<\/span>\r\n                    <span class=\"ere__loop-property-badge-item ere__term-label verkauft\">\r\n        <span class=\"ere__lpbi-inner\">\r\n            Verkauft        <\/span>\r\n    <\/span>\r\n    <\/div>\r\n<div class=\"ere__loop-property-badge ere__lpb-status\">\r\n                    <span style=\"--ere-loop-property-badge-bg-color:,\" class=\"ere__loop-property-badge-item ere__term-status kaufen\" >\r\n            <span class=\"ere__lpbi-inner\">\r\n                Kaufen            <\/span>\r\n        <\/span>\r\n    <\/div>\r\n<a class=\"property-link\" href=\"https:\/\/villasyfincasmallorca.com\/de\/property\/baugrundstueck-zu-verkaufen-in-ses-salines-9\/\" title=\"L\u00e4ndliches Grundst\u00fcck nahe Ses Salines \u2014 14.200 m\u00b2, asphaltierter Zugang, Wasseranschluss\"><\/a>\r\n<\/div>\r\n\r\n\t\t<div class=\"property-item-content\">\n\t\t\t<div class=\"property-heading\">\n                <h2 class=\"property-title\">\n    <a href=\"https:\/\/villasyfincasmallorca.com\/de\/property\/baugrundstueck-zu-verkaufen-in-ses-salines-9\/\" title=\"L\u00e4ndliches Grundst\u00fcck nahe Ses Salines \u2014 14.200 m\u00b2, asphaltierter Zugang, Wasseranschluss\">L\u00e4ndliches Grundst\u00fcck nahe Ses Salines \u2014 14.200 m\u00b2, asphaltierter Zugang, Wasseranschluss<\/a>\n<\/h2>\n    <span class=\"property-price ere__loop-property-price\">\n\t\tPreis auf Anfrage\t<\/span>\n\t\t\t<\/div>\n            <div class=\"property-element-inline\">\r\n    <div class=\"property-type-list\"><i class=\"fa fa-tag\"><\/i><a href=\"https:\/\/villasyfincasmallorca.com\/de\/property-type\/grundstucke\/\" rel=\"tag\">Grundst\u00fccke<\/a><\/div><div class=\"property-agent\">\r\n    <a href=\"https:\/\/villasyfincasmallorca.com\/agent\/villas-y-fincas-mallorca\/\" title=\"Villas y Fincas Mallorca\">\r\n        <i class=\"fa fa-user\"><\/i>\r\n        <span>Villas y Fincas Mallorca<\/span>\r\n    <\/a>\r\n<\/div>\r\n<div class=\"property-date\">\r\n    <i class=\"fa fa-calendar\"><\/i>\r\n     56\u00a0Jahren .<\/div>\r\n<\/div>\r\n<div class=\"property-excerpt\">\r\n    <p>[vc_row][vc_column][vc_column_text css_animation=&#8220;fadeIn&#8220;] Ein l\u00e4ndliches Grundst\u00fcck mit 14.200 Quadratmetern, weniger als drei Minuten vom Ortskern Ses Salines entfernt, mit asphaltiertem Zugang und Anschluss an das st\u00e4dtische Wassernetz. Ein St\u00fcck l\u00e4ndliches Land mit offenen Ausblicken auf die Landschaft des S\u00fcdostens Mallorcas \u2014 das flache Land, die ockerfarbenen und gr\u00fcnen T\u00f6ne der Johannisbrot- und Pinienb\u00e4ume, der klare Horizont, [&hellip;]<\/p>\n<\/div>\r\n<div class=\"ere__loop-property-info property-info layout-1\">\r\n    <div class=\"property-info-inner\">\r\n            <\/div>\r\n<\/div>\r\n\n\t\t<\/div>\n\t<\/div>\n<\/div>                                                <\/div>\n                                <div class=\"view-all-link\">\n                <a href=\"http:\/\/villasyfincasmallorca.com\/property\"\n                   class=\"btn btn-xs btn-dark btn-classic\">Alle ansehen<\/a>\n            <\/div>\n                    <\/div>\n<\/div>\n\n[\/vc_column][\/vc_row]<\/p>\n","protected":false},"excerpt":{"rendered":"<p>[vc_row full_width=&#8220;stretch_row_content_no_spaces&#8220; css=&#8220;.vc_custom_1490608249548{background-image: url(https:\/\/villasyfincasmallorca.com\/wp-content\/uploads\/2016\/12\/bg-dark-small-full.jpg?id=742) !important;background-position: 0 0 !important;background-repeat: repeat !important;}&#8220;][vc_column][\/vc_column][\/vc_row][vc_row full_width=&#8220;stretch_row_content_no_spaces&#8220;][vc_column][g5plus_space desktop=&#8220;100&#8243; tablet=&#8220;80&#8243; tablet_portrait=&#8220;60&#8243; mobile_landscape=&#8220;50&#8243; mobile=&#8220;40&#8243;][\/vc_column][\/vc_row]<\/p>\n","protected":false},"author":1,"featured_media":0,"parent":0,"menu_order":0,"comment_status":"closed","ping_status":"closed","template":"","meta":{"_themeisle_gutenberg_block_has_review":false,"footnotes":""},"class_list":["post-13052","page","type-page","status-publish","hentry"],"_links":{"self":[{"href":"https:\/\/villasyfincasmallorca.com\/de\/wp-json\/wp\/v2\/pages\/13052","targetHints":{"allow":["GET"]}}],"collection":[{"href":"https:\/\/villasyfincasmallorca.com\/de\/wp-json\/wp\/v2\/pages"}],"about":[{"href":"https:\/\/villasyfincasmallorca.com\/de\/wp-json\/wp\/v2\/types\/page"}],"author":[{"embeddable":true,"href":"https:\/\/villasyfincasmallorca.com\/de\/wp-json\/wp\/v2\/users\/1"}],"replies":[{"embeddable":true,"href":"https:\/\/villasyfincasmallorca.com\/de\/wp-json\/wp\/v2\/comments?post=13052"}],"version-history":[{"count":2,"href":"https:\/\/villasyfincasmallorca.com\/de\/wp-json\/wp\/v2\/pages\/13052\/revisions"}],"predecessor-version":[{"id":13054,"href":"https:\/\/villasyfincasmallorca.com\/de\/wp-json\/wp\/v2\/pages\/13052\/revisions\/13054"}],"wp:attachment":[{"href":"https:\/\/villasyfincasmallorca.com\/de\/wp-json\/wp\/v2\/media?parent=13052"}],"curies":[{"name":"wp","href":"https:\/\/api.w.org\/{rel}","templated":true}]}}